{"id":5089,"date":"2026-02-20T20:49:38","date_gmt":"2026-02-20T20:49:38","guid":{"rendered":"https:\/\/prt.travelblox.eu\/?page_id=5089"},"modified":"2026-02-20T21:02:45","modified_gmt":"2026-02-20T21:02:45","slug":"ardeche","status":"publish","type":"page","link":"https:\/\/prt.travelblox.eu\/nl\/ardeche\/","title":{"rendered":"Ardeche"},"content":{"rendered":"\n<div class=\" tb-header tb-block align-center background-dark pattern-none variant-none\" id=\"header\" data-fallback-background=\"https:\/\/prt.travelblox.eu\/wp-content\/uploads\/sites\/60\/2026\/02\/drone-ardeche-2.jpg\" style=\"background-image: linear-gradient(rgba(0, 0, 0, 0.4), rgba(0, 0, 0, 0.4)), url('https:\/\/prt.travelblox.eu\/wp-content\/smush-webp\/sites\/60\/2026\/02\/drone-ardeche-2.jpg.webp'); background-position:;\" data-smush-webp-fallback=\"{&quot;bg-image&quot;:&quot; linear-gradient(rgba(0, 0, 0, 0.4), rgba(0, 0, 0, 0.4)), url(&#039;https:\\\/\\\/prt.travelblox.eu\\\/wp-content\\\/uploads\\\/sites\\\/60\\\/2026\\\/02\\\/drone-ardeche-2.jpg&#039;)&quot;}\">\n        \n    <div class=\"tb-header-foreground\">\n        <div class=\"inner-block\">\n\n            <div class=\"main-part\">\n                <div class=\"text-part\">\n                                                                                            <h1>\t<span class=\"tb-logo  \"  style=\"-webkit-mask-image: url(https:\/\/prt.travelblox.eu\/wp-content\/uploads\/sites\/60\/2025\/10\/main-white.png); mask-image: url(https:\/\/prt.travelblox.eu\/wp-content\/uploads\/sites\/60\/2025\/10\/main-white.png)\">\n\t\t<img src='https:\/\/prt.travelblox.eu\/wp-content\/smush-webp\/sites\/60\/2025\/10\/main-white.png.webp' width='699' height='755' alt='The Packraft Trail logo' srcset='https:\/\/prt.travelblox.eu\/wp-content\/smush-webp\/sites\/60\/2025\/10\/main-white.png.webp 699w, https:\/\/prt.travelblox.eu\/wp-content\/smush-webp\/sites\/60\/2025\/10\/main-white-278x300.png.webp 278w, https:\/\/prt.travelblox.eu\/wp-content\/smush-webp\/sites\/60\/2025\/10\/main-white-11x12.png.webp 11w' sizes='(max-width: 699px) 100vw, 699px' title='The Packraft Trail' loading='lazy' data-smush-webp-fallback='{&quot;src&quot;:&quot;https:\\\/\\\/prt.travelblox.eu\\\/wp-content\\\/uploads\\\/sites\\\/60\\\/2025\\\/10\\\/main-white.png&quot;,&quot;srcset&quot;:&quot;https:\\\/\\\/prt.travelblox.eu\\\/wp-content\\\/uploads\\\/sites\\\/60\\\/2025\\\/10\\\/main-white.png 699w, https:\\\/\\\/prt.travelblox.eu\\\/wp-content\\\/uploads\\\/sites\\\/60\\\/2025\\\/10\\\/main-white-278x300.png 278w, https:\\\/\\\/prt.travelblox.eu\\\/wp-content\\\/uploads\\\/sites\\\/60\\\/2025\\\/10\\\/main-white-11x12.png 11w&quot;}'>\n\t<\/span>\n<\/h1>\n                                                                                        <h2 class=\"tb-subtitle\">\t<div class=\"translation-block\"><p>Packraft avontuur in het hart van de Ard\u00e8che<\/p><\/div>\n\t<\/h2>\n                                                                                    <div class=\"tb-properties\">\n                                                            <div class=\"tb-property\">\n                                                                            <div class=\"tb-property__icon\">\n                                            \t\t\t\t<i class=\"icon fa-solid fa-calendar-days fa-fw\" aria-hidden=\"true\"><\/i>\n\t\t\t                                        <\/div>\n                                                                        <div class=\"tb-property__label\">\n                                        3 dagen                                    <\/div>\n                                <\/div>\n                                                                    <div class=\"tb-properties__divider\"><\/div>\n                                                                                            <div class=\"tb-property\">\n                                                                            <div class=\"tb-property__icon\">\n                                            \t\t\t\t<i class=\"icon fa-solid fa-tent fa-fw\" aria-hidden=\"true\"><\/i>\n\t\t\t                                        <\/div>\n                                                                        <div class=\"tb-property__label\">\n                                        Camping                                    <\/div>\n                                <\/div>\n                                                                    <div class=\"tb-properties__divider\"><\/div>\n                                                                                            <div class=\"tb-property\">\n                                                                            <div class=\"tb-property__icon\">\n                                            \t\t\t\t<i class=\"icon fa-kit fa-tb-icon-paddle fa-fw\" aria-hidden=\"true\"><\/i>\n\t\t\t                                        <\/div>\n                                                                        <div class=\"tb-property__label\">\n                                        Packraften                                    <\/div>\n                                <\/div>\n                                                                                    <\/div>\n                                                                <div class=\"tb-buttons-part\">\n                                                            \t\t<a href=\"#join\"  target=\"\" class=\"tb-button\">\n\t\t\tBoek nu!\t\t<\/a>\n\t\t                                                                                        \t\t<a href=\"#intro\"  target=\"\" class=\"tb-buttonlink\">\n\t\t\tMeer info\t\t<\/a>\n\t\t                                                    <\/div>\n                                                        <\/div>\n            <\/div>\n\n                    <\/div>\n    <\/div>\n\n    \n    \n    \n                <nav class=\"tb-header__subnav\">\n            <div class=\"inner-block\">\n                <div class=\"tb-header__pagename tb-header__pagename--visible\">\n                                            \t<span class=\"tb-logo  \"  style=\"-webkit-mask-image: url(https:\/\/prt.travelblox.eu\/wp-content\/uploads\/sites\/60\/2025\/10\/horizontal-white.png); mask-image: url(https:\/\/prt.travelblox.eu\/wp-content\/uploads\/sites\/60\/2025\/10\/horizontal-white.png)\">\n\t\t<img src='https:\/\/prt.travelblox.eu\/wp-content\/smush-webp\/sites\/60\/2025\/10\/horizontal-white.png.webp' width='689' height='268' alt='The Packraft Trail logo' srcset='https:\/\/prt.travelblox.eu\/wp-content\/smush-webp\/sites\/60\/2025\/10\/horizontal-white.png.webp 689w, https:\/\/prt.travelblox.eu\/wp-content\/smush-webp\/sites\/60\/2025\/10\/horizontal-white-300x117.png.webp 300w, https:\/\/prt.travelblox.eu\/wp-content\/smush-webp\/sites\/60\/2025\/10\/horizontal-white-18x7.png.webp 18w' sizes='(max-width: 689px) 100vw, 689px' title='The Packraft Trail' loading='lazy' data-smush-webp-fallback='{&quot;src&quot;:&quot;https:\\\/\\\/prt.travelblox.eu\\\/wp-content\\\/uploads\\\/sites\\\/60\\\/2025\\\/10\\\/horizontal-white.png&quot;,&quot;srcset&quot;:&quot;https:\\\/\\\/prt.travelblox.eu\\\/wp-content\\\/uploads\\\/sites\\\/60\\\/2025\\\/10\\\/horizontal-white.png 689w, https:\\\/\\\/prt.travelblox.eu\\\/wp-content\\\/uploads\\\/sites\\\/60\\\/2025\\\/10\\\/horizontal-white-300x117.png 300w, https:\\\/\\\/prt.travelblox.eu\\\/wp-content\\\/uploads\\\/sites\\\/60\\\/2025\\\/10\\\/horizontal-white-18x7.png 18w&quot;}'>\n\t<\/span>\n                                    <\/div>\n\n                <ul>\n                                            <li>\n                            <a href=\"#route\">Route<\/a>\n                        <\/li>\n\n                                            <li>\n                            <a href=\"#practical\">Praktisch<\/a>\n                        <\/li>\n\n                                            <li>\n                            <a href=\"#opties\">Optioneel<\/a>\n                        <\/li>\n\n                                            <li>\n                            <a href=\"#FAQ\">FAQ<\/a>\n                        <\/li>\n\n                    \n                                                <li class=\"tb-header__subnav_cta\">\n                                <a href=\"#join\" class=\"tb-button\" >Boek nu!<\/a>\n                            <\/li>\n                                    <\/ul>\n            <\/div>\n        <\/nav>\n\n    \n<\/div>\n\n\n<div class=\" tb-intro tb-block align-none background-middle pattern-none variant-none tb-collapsible-margins\" id=\"intro\">\n    <div class=\"inner-block tb-fade-in tb-fade-in--subtle\">\n\n        \n\n        <div class=\"text-part content-part\">\n            <div class=\"title-meta-inclusive\">\n                <div class=\"title-and-meta\">\n                                            <div class=\"title-part\">\n                                                            <h3>the packraft trail<\/h3>\n                                                                                                                            <h4>\t<div class=\"translation-block\">Een uniek packraft avontuur in de Gorges de l&#8217;Ard\u00e8che<\/div>\n\t<\/h4>\n                                                                                    <\/div>\n                                        <ul class=\"meta-data\">\n                                                    <li>\n                                <i class=\"fa fa-regular fa-tag\"><\/i>\n                                <span>Vanaf \u20ac139<\/span>\n                            <\/li>\n                                                                            <li>\n                                <i class=\"fa fa-regular fa-calendar\"><\/i>\n                                <span><p>juli &#8211; augustus 2026<\/p>\n<\/span>\n                            <\/li>\n                                            <\/ul>\n                <\/div>\n                                    <div class=\"inclusive \">\n                                                    <h6>highlights<\/h6>\n                                                <ul class=\"\">\n                                                            <li class=\"visible\">\n                                                                            \t\t\t\t<i class=\"icon fa-kit fa-tb-icon-paddle fa-fw\" aria-hidden=\"true\"><\/i>\n\t\t\t                                                                                                                <span>Peddel in \u00e9\u00e9n van de mooiste natuurparken van Frankrijk<\/span>\n                                                                    <\/li>\n                                                            <li class=\"visible\">\n                                                                            \t\t\t\t<i class=\"icon fa-brands fa-pagelines fa-fw\" aria-hidden=\"true\"><\/i>\n\t\t\t                                                                                                                <span>Hike langs de prachtige canyon van de Gorges de l&#8217;Ard\u00e8che<\/span>\n                                                                    <\/li>\n                                                            <li class=\"visible\">\n                                                                            \t\t\t\t<i class=\"icon fa-solid fa-water fa-fw\" aria-hidden=\"true\"><\/i>\n\t\t\t                                                                                                                <span>Plons in het verfrissende water van de rivier<\/span>\n                                                                    <\/li>\n                                                            <li class=\"visible\">\n                                                                            \t\t\t\t<i class=\"icon fa-kit fa-tb-icon-fire fa-fw\" aria-hidden=\"true\"><\/i>\n\t\t\t                                                                                                                <span>Verblijf 1 nacht op een unieke plek langs de rivier<\/span>\n                                                                    <\/li>\n                                                            <li class=\"visible\">\n                                                                            \t\t\t\t<i class=\"icon fa-regular fa-tent fa-fw\" aria-hidden=\"true\"><\/i>\n\t\t\t                                                                                                                <span>Overnacht op \u00e9\u00e9n van Europa&#8217;s mooiste campings<\/span>\n                                                                    <\/li>\n                                                    <\/ul>\n                                            <\/div>\n                            <\/div>\n\n                            <div class=\"tb-buttons desktop-only\">\n                                            <a href=\"#join\" class=\"tb-button\">\n                                                            Ontdek de data                                                    <\/a>\n                                                                <a href=\"#route\" class=\"tb-buttonlink\">\n                                                            Ontdek de route                                                    <\/a>\n                                    <\/div>\n                    <\/div>\n                                    <div class=\"image-part\">\n                    \t\t<div class=\"inner-block-full-width has-tb-carousel tb-carousel-slider\" >\n\t\t<div class=\"tb-carousel-container\">\n\t\t\t<div class=\"entries tb-cards\" data-slider-first=\"0\">\n\t\t\t\t\t\t\t<div class=\"entry\">\n\t\t\t<div class=\"tb-image-part\">\n\t\t\t\t<figure>\n\t\t\t\t\t<img src='https:\/\/prt.travelblox.eu\/wp-content\/smush-webp\/sites\/60\/2026\/01\/packraft-ardeche-2-768x785.jpg.webp' width='768' height='785' srcset='https:\/\/prt.travelblox.eu\/wp-content\/smush-webp\/sites\/60\/2026\/01\/packraft-ardeche-2-768x785.jpg.webp 768w, https:\/\/prt.travelblox.eu\/wp-content\/smush-webp\/sites\/60\/2026\/01\/packraft-ardeche-2-294x300.jpg.webp 294w, https:\/\/prt.travelblox.eu\/wp-content\/smush-webp\/sites\/60\/2026\/01\/packraft-ardeche-2-12x12.jpg.webp 12w, https:\/\/prt.travelblox.eu\/wp-content\/smush-webp\/sites\/60\/2026\/01\/packraft-ardeche-2.jpg.webp 781w' sizes=\"auto, (max-width: 768px) 100vw, 768px\" style='object-position:51% 72%' loading='lazy' decoding='async' data-smush-webp-fallback=\"{&quot;src&quot;:&quot;https:\\\/\\\/prt.travelblox.eu\\\/wp-content\\\/uploads\\\/sites\\\/60\\\/2026\\\/01\\\/packraft-ardeche-2-768x785.jpg&quot;,&quot;srcset&quot;:&quot;https:\\\/\\\/prt.travelblox.eu\\\/wp-content\\\/uploads\\\/sites\\\/60\\\/2026\\\/01\\\/packraft-ardeche-2-768x785.jpg 768w, https:\\\/\\\/prt.travelblox.eu\\\/wp-content\\\/uploads\\\/sites\\\/60\\\/2026\\\/01\\\/packraft-ardeche-2-294x300.jpg 294w, https:\\\/\\\/prt.travelblox.eu\\\/wp-content\\\/uploads\\\/sites\\\/60\\\/2026\\\/01\\\/packraft-ardeche-2-12x12.jpg 12w, https:\\\/\\\/prt.travelblox.eu\\\/wp-content\\\/uploads\\\/sites\\\/60\\\/2026\\\/01\\\/packraft-ardeche-2.jpg 781w&quot;}\">\t\t\t\t\t\t\t\t\t\t\t\t\t\t\t\t\t\t\t\t\t\t\t\t\t\t<\/figure>\n\t\t\t<\/div>\n\t\t<\/div>\n\t\t\t<div class=\"entry\">\n\t\t\t<div class=\"tb-image-part\">\n\t\t\t\t<figure>\n\t\t\t\t\t<img src='https:\/\/prt.travelblox.eu\/wp-content\/smush-webp\/sites\/60\/2026\/01\/bivouac-de-gaud-768x711.jpg.webp' width='768' height='711' srcset='https:\/\/prt.travelblox.eu\/wp-content\/smush-webp\/sites\/60\/2026\/01\/bivouac-de-gaud-768x711.jpg.webp 768w, https:\/\/prt.travelblox.eu\/wp-content\/smush-webp\/sites\/60\/2026\/01\/bivouac-de-gaud-300x278.jpg.webp 300w, https:\/\/prt.travelblox.eu\/wp-content\/smush-webp\/sites\/60\/2026\/01\/bivouac-de-gaud-13x12.jpg.webp 13w, https:\/\/prt.travelblox.eu\/wp-content\/smush-webp\/sites\/60\/2026\/01\/bivouac-de-gaud.jpg.webp 902w' sizes=\"auto, (max-width: 768px) 100vw, 768px\" loading='lazy' decoding='async' data-smush-webp-fallback=\"{&quot;src&quot;:&quot;https:\\\/\\\/prt.travelblox.eu\\\/wp-content\\\/uploads\\\/sites\\\/60\\\/2026\\\/01\\\/bivouac-de-gaud-768x711.jpg&quot;,&quot;srcset&quot;:&quot;https:\\\/\\\/prt.travelblox.eu\\\/wp-content\\\/uploads\\\/sites\\\/60\\\/2026\\\/01\\\/bivouac-de-gaud-768x711.jpg 768w, https:\\\/\\\/prt.travelblox.eu\\\/wp-content\\\/uploads\\\/sites\\\/60\\\/2026\\\/01\\\/bivouac-de-gaud-300x278.jpg 300w, https:\\\/\\\/prt.travelblox.eu\\\/wp-content\\\/uploads\\\/sites\\\/60\\\/2026\\\/01\\\/bivouac-de-gaud-13x12.jpg 13w, https:\\\/\\\/prt.travelblox.eu\\\/wp-content\\\/uploads\\\/sites\\\/60\\\/2026\\\/01\\\/bivouac-de-gaud.jpg 902w&quot;}\">\t\t\t\t\t\t\t\t\t\t\t\t\t\t\t\t\t\t\t\t\t\t\t\t\t\t<\/figure>\n\t\t\t<\/div>\n\t\t<\/div>\n\t\t\t<div class=\"entry\">\n\t\t\t<div class=\"tb-image-part\">\n\t\t\t\t<figure>\n\t\t\t\t\t<img src='https:\/\/prt.travelblox.eu\/wp-content\/smush-webp\/sites\/60\/2026\/01\/packraft-ardeche-1-768x732.jpg.webp' width='768' height='732' srcset='https:\/\/prt.travelblox.eu\/wp-content\/smush-webp\/sites\/60\/2026\/01\/packraft-ardeche-1-768x732.jpg.webp 768w, https:\/\/prt.travelblox.eu\/wp-content\/smush-webp\/sites\/60\/2026\/01\/packraft-ardeche-1-300x286.jpg.webp 300w, https:\/\/prt.travelblox.eu\/wp-content\/smush-webp\/sites\/60\/2026\/01\/packraft-ardeche-1-13x12.jpg.webp 13w, https:\/\/prt.travelblox.eu\/wp-content\/smush-webp\/sites\/60\/2026\/01\/packraft-ardeche-1.jpg.webp 815w' sizes=\"auto, (max-width: 768px) 100vw, 768px\" loading='lazy' decoding='async' data-smush-webp-fallback=\"{&quot;src&quot;:&quot;https:\\\/\\\/prt.travelblox.eu\\\/wp-content\\\/uploads\\\/sites\\\/60\\\/2026\\\/01\\\/packraft-ardeche-1-768x732.jpg&quot;,&quot;srcset&quot;:&quot;https:\\\/\\\/prt.travelblox.eu\\\/wp-content\\\/uploads\\\/sites\\\/60\\\/2026\\\/01\\\/packraft-ardeche-1-768x732.jpg 768w, https:\\\/\\\/prt.travelblox.eu\\\/wp-content\\\/uploads\\\/sites\\\/60\\\/2026\\\/01\\\/packraft-ardeche-1-300x286.jpg 300w, https:\\\/\\\/prt.travelblox.eu\\\/wp-content\\\/uploads\\\/sites\\\/60\\\/2026\\\/01\\\/packraft-ardeche-1-13x12.jpg 13w, https:\\\/\\\/prt.travelblox.eu\\\/wp-content\\\/uploads\\\/sites\\\/60\\\/2026\\\/01\\\/packraft-ardeche-1.jpg 815w&quot;}\">\t\t\t\t\t\t\t\t\t\t\t\t\t\t\t\t\t\t\t\t\t\t\t\t\t\t<\/figure>\n\t\t\t<\/div>\n\t\t<\/div>\n\t\t\t\t\t<\/div>\n\t\t\t\t<div class=\"tb-carousel-nav\">\n\t\t<div class=\"dots\">\n\t\t\t<div class=\"dot active\"><\/div>\n\t\t\t<div class=\"dot\"><\/div>\n\t\t\t<div class=\"dot\"><\/div>\n\t\t<\/div>\n\t\t<div class=\"arrows\">\n\t\t\t<div class=\"prev disabled\">\n\t\t\t\t<span><i class=\"fa fa-chevron-left\"><\/i><\/span>\n\t\t\t<\/div>\n\t\t\t<div class=\"next\">\n\t\t\t\t<span><i class=\"fa fa-chevron-right\"><\/i><\/span>\n\t\t\t<\/div>\n\t\t<\/div>\n\t<\/div>\n\t\t\t<\/div>\n\t<\/div>\n\t\t                <\/div>\n                                        <div class=\"tb-buttons mobile-only\">\n                                    <a href=\"#join\" class=\"tb-button\">\n                                                    Ontdek de data                                            <\/a>\n                                                    <a href=\"#route\" class=\"tb-buttonlink\">\n                                                    Ontdek de route                                            <\/a>\n                            <\/div>\n            <\/div>\n<\/div>\n\n\n<div class=\" tb-textimage2 tb-block align-left background-light pattern-none variant-text_first tb-collapsible-margins\" id=\"route\">\n\t<div class=\"inner-block tb-fade-in \">\n\n\t\t\n\t\t\t\t<div class=\"tb-columns\">\n\t\t\t<div class=\"tb-column\">\n\t\t\t\t<div class=\"tb-text-part\">\n\t\t\t\t\t<h2>2 dagen in het hartje van de Ard\u00e8che<\/h2>\n\t\t\t\t\t\t<div class=\"translation-block tb-wysiwyg-part\"><p>In 2 prachtige dagen verken je \u00e9\u00e9n van de mooiste nationale parken van Frankrijk. <strong>Le Parc national de l&#8217;Ard\u00e8che<\/strong>. Je wandelt langs oeroude bossen met panorama zichten over de machtige vallei en peddelt de <strong>verfrissende rivier<\/strong> af. E\u00e9n constante, elke dag heb je magnifieke uitzichten. Op dag 2 vaar je langs de oevers van de gorges de l&#8217;Ard\u00e8che en wandel je &#8217;s anderendaags terug naar \u00e9\u00e9n van de mooiste campings van Frankrijk. De <strong>Camping Milles Etoiles.&nbsp;<\/strong><\/p><\/div>\n\t\t\t\t\t\t\t\t\t\t\t<div class=\"tb-buttons-part\">\n\t\t\t\t\t\t\t\t<a href=\"#join\"  target=\"\" class=\"tb-button\">\n\t\t\tIk wil mee!\t\t<\/a>\n\t\t\t\t\t\t\t\t\t\t<a href=\"#practical\"  target=\"\" class=\"tb-buttonlink\">\n\t\t\tPraktische info\t\t<\/a>\n\t\t\t\t\t\t\t<\/div>\n\t\t\t\t<\/div>\n\t\t\t<\/div>\n\t\t\t<div class=\"tb-column\">\n\t\t\t\t\t\t\t\t\t\t\t\t\t\t\t<div class=\"tb-image-part\">\n\t\t\t\t\t\t\t<img src='https:\/\/prt.travelblox.eu\/wp-content\/smush-webp\/sites\/60\/2026\/01\/rsz_5rsz_1map_ardeche.png.webp' width='704' height='384' srcset='https:\/\/prt.travelblox.eu\/wp-content\/smush-webp\/sites\/60\/2026\/01\/rsz_5rsz_1map_ardeche.png.webp 704w, https:\/\/prt.travelblox.eu\/wp-content\/smush-webp\/sites\/60\/2026\/01\/rsz_5rsz_1map_ardeche-300x164.png.webp 300w, https:\/\/prt.travelblox.eu\/wp-content\/smush-webp\/sites\/60\/2026\/01\/rsz_5rsz_1map_ardeche-18x10.png.webp 18w' sizes=\"auto, (max-width: 704px) 100vw, 704px\" loading='lazy' decoding='async' data-smush-webp-fallback=\"{&quot;src&quot;:&quot;https:\\\/\\\/prt.travelblox.eu\\\/wp-content\\\/uploads\\\/sites\\\/60\\\/2026\\\/01\\\/rsz_5rsz_1map_ardeche.png&quot;,&quot;srcset&quot;:&quot;https:\\\/\\\/prt.travelblox.eu\\\/wp-content\\\/uploads\\\/sites\\\/60\\\/2026\\\/01\\\/rsz_5rsz_1map_ardeche.png 704w, https:\\\/\\\/prt.travelblox.eu\\\/wp-content\\\/uploads\\\/sites\\\/60\\\/2026\\\/01\\\/rsz_5rsz_1map_ardeche-300x164.png 300w, https:\\\/\\\/prt.travelblox.eu\\\/wp-content\\\/uploads\\\/sites\\\/60\\\/2026\\\/01\\\/rsz_5rsz_1map_ardeche-18x10.png 18w&quot;}\">\t\t\t\t\t\t<\/div>\n\t\t\t\t\t\t\t\t\t\t\t\t<\/div>\n\t\t<\/div>\n\t<\/div>\n<\/div>\n\n\n<div class=\" tb-gallery tb-block align-center background-light pattern-none variant-grid\" id=\"gallery\">\n\t<div class=\"tb-gallery__inner\">\n\t\t<div class=\"desktop tb-has-popup-content\">\n\t\t\t\t\t\t\t<ul class=\"tb-gallery-grid\">\n\t\t\t\t\t\t\t\t\t\t\t\t\t\t\t\t\t\t<li class=\"slide\">\n\t\t\t\t\t\t\t\t<div class=\"tb-popup-trigger\">\n\t\t\t\t\t\t\t\t\t<img src='https:\/\/prt.travelblox.eu\/wp-content\/smush-webp\/sites\/60\/2026\/01\/packraft-ardeche-3.jpg.webp' width='870' height='580' srcset='https:\/\/prt.travelblox.eu\/wp-content\/smush-webp\/sites\/60\/2026\/01\/packraft-ardeche-3.jpg.webp 870w, https:\/\/prt.travelblox.eu\/wp-content\/smush-webp\/sites\/60\/2026\/01\/packraft-ardeche-3-300x200.jpg.webp 300w, https:\/\/prt.travelblox.eu\/wp-content\/smush-webp\/sites\/60\/2026\/01\/packraft-ardeche-3-768x512.jpg.webp 768w, https:\/\/prt.travelblox.eu\/wp-content\/smush-webp\/sites\/60\/2026\/01\/packraft-ardeche-3-18x12.jpg.webp 18w' sizes=\"auto, (max-width: 870px) 100vw, 870px\" loading='lazy' decoding='async' data-smush-webp-fallback=\"{&quot;src&quot;:&quot;https:\\\/\\\/prt.travelblox.eu\\\/wp-content\\\/uploads\\\/sites\\\/60\\\/2026\\\/01\\\/packraft-ardeche-3.jpg&quot;,&quot;srcset&quot;:&quot;https:\\\/\\\/prt.travelblox.eu\\\/wp-content\\\/uploads\\\/sites\\\/60\\\/2026\\\/01\\\/packraft-ardeche-3.jpg 870w, https:\\\/\\\/prt.travelblox.eu\\\/wp-content\\\/uploads\\\/sites\\\/60\\\/2026\\\/01\\\/packraft-ardeche-3-300x200.jpg 300w, https:\\\/\\\/prt.travelblox.eu\\\/wp-content\\\/uploads\\\/sites\\\/60\\\/2026\\\/01\\\/packraft-ardeche-3-768x512.jpg 768w, https:\\\/\\\/prt.travelblox.eu\\\/wp-content\\\/uploads\\\/sites\\\/60\\\/2026\\\/01\\\/packraft-ardeche-3-18x12.jpg 18w&quot;}\">\t\t\t\t\t\t\t\t<\/div>\n\t\t\t\t\t\t\t<\/li>\n\t\t\t\t\t\t\t\t\t\t\t\t\t<li class=\"slide\">\n\t\t\t\t\t\t\t\t<div class=\"tb-popup-trigger\">\n\t\t\t\t\t\t\t\t\t<img src='https:\/\/prt.travelblox.eu\/wp-content\/smush-webp\/sites\/60\/2026\/01\/drone-view-ardeche.jpg.webp' width='928' height='664' srcset='https:\/\/prt.travelblox.eu\/wp-content\/smush-webp\/sites\/60\/2026\/01\/drone-view-ardeche.jpg.webp 928w, https:\/\/prt.travelblox.eu\/wp-content\/smush-webp\/sites\/60\/2026\/01\/drone-view-ardeche-300x215.jpg.webp 300w, https:\/\/prt.travelblox.eu\/wp-content\/smush-webp\/sites\/60\/2026\/01\/drone-view-ardeche-768x550.jpg.webp 768w, https:\/\/prt.travelblox.eu\/wp-content\/smush-webp\/sites\/60\/2026\/01\/drone-view-ardeche-18x12.jpg.webp 18w' sizes=\"auto, (max-width: 928px) 100vw, 928px\" loading='lazy' decoding='async' data-smush-webp-fallback=\"{&quot;src&quot;:&quot;https:\\\/\\\/prt.travelblox.eu\\\/wp-content\\\/uploads\\\/sites\\\/60\\\/2026\\\/01\\\/drone-view-ardeche.jpg&quot;,&quot;srcset&quot;:&quot;https:\\\/\\\/prt.travelblox.eu\\\/wp-content\\\/uploads\\\/sites\\\/60\\\/2026\\\/01\\\/drone-view-ardeche.jpg 928w, https:\\\/\\\/prt.travelblox.eu\\\/wp-content\\\/uploads\\\/sites\\\/60\\\/2026\\\/01\\\/drone-view-ardeche-300x215.jpg 300w, https:\\\/\\\/prt.travelblox.eu\\\/wp-content\\\/uploads\\\/sites\\\/60\\\/2026\\\/01\\\/drone-view-ardeche-768x550.jpg 768w, https:\\\/\\\/prt.travelblox.eu\\\/wp-content\\\/uploads\\\/sites\\\/60\\\/2026\\\/01\\\/drone-view-ardeche-18x12.jpg 18w&quot;}\">\t\t\t\t\t\t\t\t<\/div>\n\t\t\t\t\t\t\t<\/li>\n\t\t\t\t\t\t\t\t\t\t\t\t\t<li class=\"slide\">\n\t\t\t\t\t\t\t\t<div class=\"tb-popup-trigger\">\n\t\t\t\t\t\t\t\t\t<img src='https:\/\/prt.travelblox.eu\/wp-content\/smush-webp\/sites\/60\/2026\/01\/ardeche-river.jpg.webp' width='1093' height='769' srcset='https:\/\/prt.travelblox.eu\/wp-content\/smush-webp\/sites\/60\/2026\/01\/ardeche-river.jpg.webp 1093w, https:\/\/prt.travelblox.eu\/wp-content\/smush-webp\/sites\/60\/2026\/01\/ardeche-river-300x211.jpg.webp 300w, https:\/\/prt.travelblox.eu\/wp-content\/smush-webp\/sites\/60\/2026\/01\/ardeche-river-1024x720.jpg.webp 1024w, https:\/\/prt.travelblox.eu\/wp-content\/smush-webp\/sites\/60\/2026\/01\/ardeche-river-768x540.jpg.webp 768w, https:\/\/prt.travelblox.eu\/wp-content\/smush-webp\/sites\/60\/2026\/01\/ardeche-river-18x12.jpg.webp 18w' sizes=\"auto, (max-width: 1093px) 100vw, 1093px\" loading='lazy' decoding='async' data-smush-webp-fallback=\"{&quot;src&quot;:&quot;https:\\\/\\\/prt.travelblox.eu\\\/wp-content\\\/uploads\\\/sites\\\/60\\\/2026\\\/01\\\/ardeche-river.jpg&quot;,&quot;srcset&quot;:&quot;https:\\\/\\\/prt.travelblox.eu\\\/wp-content\\\/uploads\\\/sites\\\/60\\\/2026\\\/01\\\/ardeche-river.jpg 1093w, https:\\\/\\\/prt.travelblox.eu\\\/wp-content\\\/uploads\\\/sites\\\/60\\\/2026\\\/01\\\/ardeche-river-300x211.jpg 300w, https:\\\/\\\/prt.travelblox.eu\\\/wp-content\\\/uploads\\\/sites\\\/60\\\/2026\\\/01\\\/ardeche-river-1024x720.jpg 1024w, https:\\\/\\\/prt.travelblox.eu\\\/wp-content\\\/uploads\\\/sites\\\/60\\\/2026\\\/01\\\/ardeche-river-768x540.jpg 768w, https:\\\/\\\/prt.travelblox.eu\\\/wp-content\\\/uploads\\\/sites\\\/60\\\/2026\\\/01\\\/ardeche-river-18x12.jpg 18w&quot;}\">\t\t\t\t\t\t\t\t<\/div>\n\t\t\t\t\t\t\t<\/li>\n\t\t\t\t\t\t\t\t\t\t\t\t\t\t\t<\/ul>\n\t\t\t\t\t\t<div class=\"tb-popup tb-popup--open-clicked-image\">\n\t\t\t\t<div class=\"tb-gallery-popup\">\n\t\t\t\t\t<div class=\"tb-image-part\">\n\t\t\t\t\t\t\t\t<div class=\"inner-block-full-width has-tb-carousel tb-carousel-slider\" >\n\t\t<div class=\"tb-carousel-container\">\n\t\t\t<div class=\"entries tb-cards\" data-slider-first=\"2\">\n\t\t\t\t\t\t\t<div class=\"entry\">\n\t\t\t<div class=\"tb-image-part\">\n\t\t\t\t<figure>\n\t\t\t\t\t<img src='https:\/\/prt.travelblox.eu\/wp-content\/smush-webp\/sites\/60\/2026\/01\/packraft-ardeche-3.jpg.webp' width='870' height='580' srcset='https:\/\/prt.travelblox.eu\/wp-content\/smush-webp\/sites\/60\/2026\/01\/packraft-ardeche-3.jpg.webp 870w, https:\/\/prt.travelblox.eu\/wp-content\/smush-webp\/sites\/60\/2026\/01\/packraft-ardeche-3-300x200.jpg.webp 300w, https:\/\/prt.travelblox.eu\/wp-content\/smush-webp\/sites\/60\/2026\/01\/packraft-ardeche-3-768x512.jpg.webp 768w, https:\/\/prt.travelblox.eu\/wp-content\/smush-webp\/sites\/60\/2026\/01\/packraft-ardeche-3-18x12.jpg.webp 18w' sizes=\"auto, (max-width: 870px) 100vw, 870px\" loading='lazy' decoding='async' data-smush-webp-fallback=\"{&quot;src&quot;:&quot;https:\\\/\\\/prt.travelblox.eu\\\/wp-content\\\/uploads\\\/sites\\\/60\\\/2026\\\/01\\\/packraft-ardeche-3.jpg&quot;,&quot;srcset&quot;:&quot;https:\\\/\\\/prt.travelblox.eu\\\/wp-content\\\/uploads\\\/sites\\\/60\\\/2026\\\/01\\\/packraft-ardeche-3.jpg 870w, https:\\\/\\\/prt.travelblox.eu\\\/wp-content\\\/uploads\\\/sites\\\/60\\\/2026\\\/01\\\/packraft-ardeche-3-300x200.jpg 300w, https:\\\/\\\/prt.travelblox.eu\\\/wp-content\\\/uploads\\\/sites\\\/60\\\/2026\\\/01\\\/packraft-ardeche-3-768x512.jpg 768w, https:\\\/\\\/prt.travelblox.eu\\\/wp-content\\\/uploads\\\/sites\\\/60\\\/2026\\\/01\\\/packraft-ardeche-3-18x12.jpg 18w&quot;}\">\t\t\t\t\t\t\t\t\t<\/figure>\n\t\t\t<\/div>\n\t\t<\/div>\n\t\t\t<div class=\"entry\">\n\t\t\t<div class=\"tb-image-part\">\n\t\t\t\t<figure>\n\t\t\t\t\t<img src='https:\/\/prt.travelblox.eu\/wp-content\/smush-webp\/sites\/60\/2026\/01\/drone-view-ardeche.jpg.webp' width='928' height='664' srcset='https:\/\/prt.travelblox.eu\/wp-content\/smush-webp\/sites\/60\/2026\/01\/drone-view-ardeche.jpg.webp 928w, https:\/\/prt.travelblox.eu\/wp-content\/smush-webp\/sites\/60\/2026\/01\/drone-view-ardeche-300x215.jpg.webp 300w, https:\/\/prt.travelblox.eu\/wp-content\/smush-webp\/sites\/60\/2026\/01\/drone-view-ardeche-768x550.jpg.webp 768w, https:\/\/prt.travelblox.eu\/wp-content\/smush-webp\/sites\/60\/2026\/01\/drone-view-ardeche-18x12.jpg.webp 18w' sizes=\"auto, (max-width: 928px) 100vw, 928px\" loading='lazy' decoding='async' data-smush-webp-fallback=\"{&quot;src&quot;:&quot;https:\\\/\\\/prt.travelblox.eu\\\/wp-content\\\/uploads\\\/sites\\\/60\\\/2026\\\/01\\\/drone-view-ardeche.jpg&quot;,&quot;srcset&quot;:&quot;https:\\\/\\\/prt.travelblox.eu\\\/wp-content\\\/uploads\\\/sites\\\/60\\\/2026\\\/01\\\/drone-view-ardeche.jpg 928w, https:\\\/\\\/prt.travelblox.eu\\\/wp-content\\\/uploads\\\/sites\\\/60\\\/2026\\\/01\\\/drone-view-ardeche-300x215.jpg 300w, https:\\\/\\\/prt.travelblox.eu\\\/wp-content\\\/uploads\\\/sites\\\/60\\\/2026\\\/01\\\/drone-view-ardeche-768x550.jpg 768w, https:\\\/\\\/prt.travelblox.eu\\\/wp-content\\\/uploads\\\/sites\\\/60\\\/2026\\\/01\\\/drone-view-ardeche-18x12.jpg 18w&quot;}\">\t\t\t\t\t\t\t\t\t<\/figure>\n\t\t\t<\/div>\n\t\t<\/div>\n\t\t\t<div class=\"entry\">\n\t\t\t<div class=\"tb-image-part\">\n\t\t\t\t<figure>\n\t\t\t\t\t<img src='https:\/\/prt.travelblox.eu\/wp-content\/smush-webp\/sites\/60\/2026\/01\/ardeche-river.jpg.webp' width='1093' height='769' srcset='https:\/\/prt.travelblox.eu\/wp-content\/smush-webp\/sites\/60\/2026\/01\/ardeche-river.jpg.webp 1093w, https:\/\/prt.travelblox.eu\/wp-content\/smush-webp\/sites\/60\/2026\/01\/ardeche-river-300x211.jpg.webp 300w, https:\/\/prt.travelblox.eu\/wp-content\/smush-webp\/sites\/60\/2026\/01\/ardeche-river-1024x720.jpg.webp 1024w, https:\/\/prt.travelblox.eu\/wp-content\/smush-webp\/sites\/60\/2026\/01\/ardeche-river-768x540.jpg.webp 768w, https:\/\/prt.travelblox.eu\/wp-content\/smush-webp\/sites\/60\/2026\/01\/ardeche-river-18x12.jpg.webp 18w' sizes=\"auto, (max-width: 1093px) 100vw, 1093px\" loading='lazy' decoding='async' data-smush-webp-fallback=\"{&quot;src&quot;:&quot;https:\\\/\\\/prt.travelblox.eu\\\/wp-content\\\/uploads\\\/sites\\\/60\\\/2026\\\/01\\\/ardeche-river.jpg&quot;,&quot;srcset&quot;:&quot;https:\\\/\\\/prt.travelblox.eu\\\/wp-content\\\/uploads\\\/sites\\\/60\\\/2026\\\/01\\\/ardeche-river.jpg 1093w, https:\\\/\\\/prt.travelblox.eu\\\/wp-content\\\/uploads\\\/sites\\\/60\\\/2026\\\/01\\\/ardeche-river-300x211.jpg 300w, https:\\\/\\\/prt.travelblox.eu\\\/wp-content\\\/uploads\\\/sites\\\/60\\\/2026\\\/01\\\/ardeche-river-1024x720.jpg 1024w, https:\\\/\\\/prt.travelblox.eu\\\/wp-content\\\/uploads\\\/sites\\\/60\\\/2026\\\/01\\\/ardeche-river-768x540.jpg 768w, https:\\\/\\\/prt.travelblox.eu\\\/wp-content\\\/uploads\\\/sites\\\/60\\\/2026\\\/01\\\/ardeche-river-18x12.jpg 18w&quot;}\">\t\t\t\t\t\t\t\t\t<\/figure>\n\t\t\t<\/div>\n\t\t<\/div>\n\t\t\t\t\t<\/div>\n\t\t\t\t<div class=\"tb-carousel-nav\">\n\t\t<div class=\"dots\">\n\t\t\t<div class=\"dot active\"><\/div>\n\t\t\t<div class=\"dot\"><\/div>\n\t\t\t<div class=\"dot\"><\/div>\n\t\t<\/div>\n\t\t<div class=\"arrows\">\n\t\t\t<div class=\"prev disabled\">\n\t\t\t\t<span><i class=\"fa fa-chevron-left\"><\/i><\/span>\n\t\t\t<\/div>\n\t\t\t<div class=\"next\">\n\t\t\t\t<span><i class=\"fa fa-chevron-right\"><\/i><\/span>\n\t\t\t<\/div>\n\t\t<\/div>\n\t<\/div>\n\t\t\t<\/div>\n\t<\/div>\n\t\t\t\t\t\t\t<\/div>\n\t\t\t\t<\/div>\n\t\t\t<\/div>\n\t\t<\/div>\n\t\t<div class=\"mobile\">\n\t\t\t<div class=\"tb-image-part\">\n\t\t\t\t\t\t<div class=\"inner-block-full-width has-tb-carousel tb-carousel-slider\" >\n\t\t<div class=\"tb-carousel-container\">\n\t\t\t<div class=\"entries tb-cards\" data-slider-first=\"0\">\n\t\t\t\t\t\t\t<div class=\"entry\">\n\t\t\t<div class=\"tb-image-part\">\n\t\t\t\t<figure>\n\t\t\t\t\t<img src='https:\/\/prt.travelblox.eu\/wp-content\/smush-webp\/sites\/60\/2026\/01\/packraft-ardeche-3-768x512.jpg.webp' width='768' height='512' srcset='https:\/\/prt.travelblox.eu\/wp-content\/smush-webp\/sites\/60\/2026\/01\/packraft-ardeche-3-768x512.jpg.webp 768w, https:\/\/prt.travelblox.eu\/wp-content\/smush-webp\/sites\/60\/2026\/01\/packraft-ardeche-3-300x200.jpg.webp 300w, https:\/\/prt.travelblox.eu\/wp-content\/smush-webp\/sites\/60\/2026\/01\/packraft-ardeche-3-18x12.jpg.webp 18w, https:\/\/prt.travelblox.eu\/wp-content\/smush-webp\/sites\/60\/2026\/01\/packraft-ardeche-3.jpg.webp 870w' sizes=\"auto, (max-width: 768px) 100vw, 768px\" loading='lazy' decoding='async' data-smush-webp-fallback=\"{&quot;src&quot;:&quot;https:\\\/\\\/prt.travelblox.eu\\\/wp-content\\\/uploads\\\/sites\\\/60\\\/2026\\\/01\\\/packraft-ardeche-3-768x512.jpg&quot;,&quot;srcset&quot;:&quot;https:\\\/\\\/prt.travelblox.eu\\\/wp-content\\\/uploads\\\/sites\\\/60\\\/2026\\\/01\\\/packraft-ardeche-3-768x512.jpg 768w, https:\\\/\\\/prt.travelblox.eu\\\/wp-content\\\/uploads\\\/sites\\\/60\\\/2026\\\/01\\\/packraft-ardeche-3-300x200.jpg 300w, https:\\\/\\\/prt.travelblox.eu\\\/wp-content\\\/uploads\\\/sites\\\/60\\\/2026\\\/01\\\/packraft-ardeche-3-18x12.jpg 18w, https:\\\/\\\/prt.travelblox.eu\\\/wp-content\\\/uploads\\\/sites\\\/60\\\/2026\\\/01\\\/packraft-ardeche-3.jpg 870w&quot;}\">\t\t\t\t\t\t\t\t\t<\/figure>\n\t\t\t<\/div>\n\t\t<\/div>\n\t\t\t<div class=\"entry\">\n\t\t\t<div class=\"tb-image-part\">\n\t\t\t\t<figure>\n\t\t\t\t\t<img src='https:\/\/prt.travelblox.eu\/wp-content\/smush-webp\/sites\/60\/2026\/01\/drone-view-ardeche-768x550.jpg.webp' width='768' height='550' srcset='https:\/\/prt.travelblox.eu\/wp-content\/smush-webp\/sites\/60\/2026\/01\/drone-view-ardeche-768x550.jpg.webp 768w, https:\/\/prt.travelblox.eu\/wp-content\/smush-webp\/sites\/60\/2026\/01\/drone-view-ardeche-300x215.jpg.webp 300w, https:\/\/prt.travelblox.eu\/wp-content\/smush-webp\/sites\/60\/2026\/01\/drone-view-ardeche-18x12.jpg.webp 18w, https:\/\/prt.travelblox.eu\/wp-content\/smush-webp\/sites\/60\/2026\/01\/drone-view-ardeche.jpg.webp 928w' sizes=\"auto, (max-width: 768px) 100vw, 768px\" loading='lazy' decoding='async' data-smush-webp-fallback=\"{&quot;src&quot;:&quot;https:\\\/\\\/prt.travelblox.eu\\\/wp-content\\\/uploads\\\/sites\\\/60\\\/2026\\\/01\\\/drone-view-ardeche-768x550.jpg&quot;,&quot;srcset&quot;:&quot;https:\\\/\\\/prt.travelblox.eu\\\/wp-content\\\/uploads\\\/sites\\\/60\\\/2026\\\/01\\\/drone-view-ardeche-768x550.jpg 768w, https:\\\/\\\/prt.travelblox.eu\\\/wp-content\\\/uploads\\\/sites\\\/60\\\/2026\\\/01\\\/drone-view-ardeche-300x215.jpg 300w, https:\\\/\\\/prt.travelblox.eu\\\/wp-content\\\/uploads\\\/sites\\\/60\\\/2026\\\/01\\\/drone-view-ardeche-18x12.jpg 18w, https:\\\/\\\/prt.travelblox.eu\\\/wp-content\\\/uploads\\\/sites\\\/60\\\/2026\\\/01\\\/drone-view-ardeche.jpg 928w&quot;}\">\t\t\t\t\t\t\t\t\t<\/figure>\n\t\t\t<\/div>\n\t\t<\/div>\n\t\t\t<div class=\"entry\">\n\t\t\t<div class=\"tb-image-part\">\n\t\t\t\t<figure>\n\t\t\t\t\t<img src='https:\/\/prt.travelblox.eu\/wp-content\/smush-webp\/sites\/60\/2026\/01\/ardeche-river-768x540.jpg.webp' width='768' height='540' srcset='https:\/\/prt.travelblox.eu\/wp-content\/smush-webp\/sites\/60\/2026\/01\/ardeche-river-768x540.jpg.webp 768w, https:\/\/prt.travelblox.eu\/wp-content\/smush-webp\/sites\/60\/2026\/01\/ardeche-river-300x211.jpg.webp 300w, https:\/\/prt.travelblox.eu\/wp-content\/smush-webp\/sites\/60\/2026\/01\/ardeche-river-1024x720.jpg.webp 1024w, https:\/\/prt.travelblox.eu\/wp-content\/smush-webp\/sites\/60\/2026\/01\/ardeche-river-18x12.jpg.webp 18w, https:\/\/prt.travelblox.eu\/wp-content\/smush-webp\/sites\/60\/2026\/01\/ardeche-river.jpg.webp 1093w' sizes=\"auto, (max-width: 768px) 100vw, 768px\" loading='lazy' decoding='async' data-smush-webp-fallback=\"{&quot;src&quot;:&quot;https:\\\/\\\/prt.travelblox.eu\\\/wp-content\\\/uploads\\\/sites\\\/60\\\/2026\\\/01\\\/ardeche-river-768x540.jpg&quot;,&quot;srcset&quot;:&quot;https:\\\/\\\/prt.travelblox.eu\\\/wp-content\\\/uploads\\\/sites\\\/60\\\/2026\\\/01\\\/ardeche-river-768x540.jpg 768w, https:\\\/\\\/prt.travelblox.eu\\\/wp-content\\\/uploads\\\/sites\\\/60\\\/2026\\\/01\\\/ardeche-river-300x211.jpg 300w, https:\\\/\\\/prt.travelblox.eu\\\/wp-content\\\/uploads\\\/sites\\\/60\\\/2026\\\/01\\\/ardeche-river-1024x720.jpg 1024w, https:\\\/\\\/prt.travelblox.eu\\\/wp-content\\\/uploads\\\/sites\\\/60\\\/2026\\\/01\\\/ardeche-river-18x12.jpg 18w, https:\\\/\\\/prt.travelblox.eu\\\/wp-content\\\/uploads\\\/sites\\\/60\\\/2026\\\/01\\\/ardeche-river.jpg 1093w&quot;}\">\t\t\t\t\t\t\t\t\t<\/figure>\n\t\t\t<\/div>\n\t\t<\/div>\n\t\t\t\t\t<\/div>\n\t\t\t\t<div class=\"tb-carousel-nav\">\n\t\t<div class=\"dots\">\n\t\t\t<div class=\"dot active\"><\/div>\n\t\t\t<div class=\"dot\"><\/div>\n\t\t\t<div class=\"dot\"><\/div>\n\t\t<\/div>\n\t\t<div class=\"arrows\">\n\t\t\t<div class=\"prev disabled\">\n\t\t\t\t<span><i class=\"fa fa-chevron-left\"><\/i><\/span>\n\t\t\t<\/div>\n\t\t\t<div class=\"next\">\n\t\t\t\t<span><i class=\"fa fa-chevron-right\"><\/i><\/span>\n\t\t\t<\/div>\n\t\t<\/div>\n\t<\/div>\n\t\t\t<\/div>\n\t<\/div>\n\t\t\t\t\t<\/div>\n\t\t<\/div>\n\t<\/div>\n<\/div>\n\n\n\n<div class=\" tb-dayschedule tb-block align-center background-light pattern-custom variant-none tb-collapsible-margins\" id=\"dayschedule\" style=\"background-image: url(http:\/\/prt.travelblox.eu\/wp-content\/uploads\/sites\/60\/2023\/12\/Untitled-design-3.svg)\">\n\n\t<div class=\"inner-block tb-fade-in tb-fade-in--subtle\">\n\t\t<div class=\"text-part\">\n\t\t\t<h2>Het avontuur dag per dag<\/h2>\n\t\t\t\t<div class=\"translation-block\"><p>Het basecamp is \u00e9\u00e9n van de mooiste campings van Europa en gelegen in een verborgen deeltje van het nationale park waar het een stuk minder druk is dan op de andere campings.<\/p><\/div>\n\t\t\t\t\t\t\t\t\t\t\t\t\t<\/div>\n\t<\/div>\n\t\t\t<div class=\"tb-sections\">\n\t\t\t\t\t\t\t\t\t\t\t\t\t<div class=\"inner-block-full-width has-tb-carousel tb-section\" id=\"dayschedule-section-0\">\n\t\t<div class=\"tb-carousel-container\">\n\t\t\t<div class=\"entries tb-cards\" data-slider-first=\"1\">\n\t\t\t\t\t\t\t\t\t\t\t\t\t\t\t<div class=\"tb-card entry tb-popup-trigger tb-unfold-on-hover\">\n\t\t\t\t\t\t\t<div class=\"tb-image-part\">\n\t\t\t\t\t\t\t\t<div class=\"tag\">\n\t\t\t\t\t\t\t\t\t<div>Dag 1<\/div>\n\t\t\t\t\t\t\t\t<\/div>\n\n\t\t\t\t\t\t\t\t<img src='https:\/\/prt.travelblox.eu\/wp-content\/smush-webp\/sites\/60\/2026\/01\/camping-mille-etoiles-1-768x462.jpg.webp' width='768' height='462' srcset='https:\/\/prt.travelblox.eu\/wp-content\/smush-webp\/sites\/60\/2026\/01\/camping-mille-etoiles-1-768x462.jpg.webp 768w, https:\/\/prt.travelblox.eu\/wp-content\/smush-webp\/sites\/60\/2026\/01\/camping-mille-etoiles-1-300x180.jpg.webp 300w, https:\/\/prt.travelblox.eu\/wp-content\/smush-webp\/sites\/60\/2026\/01\/camping-mille-etoiles-1-1024x616.jpg.webp 1024w, https:\/\/prt.travelblox.eu\/wp-content\/smush-webp\/sites\/60\/2026\/01\/camping-mille-etoiles-1-18x12.jpg.webp 18w, https:\/\/prt.travelblox.eu\/wp-content\/smush-webp\/sites\/60\/2026\/01\/camping-mille-etoiles-1.jpg.webp 1417w' sizes=\"auto, (max-width: 768px) 100vw, 768px\" loading='lazy' decoding='async' data-smush-webp-fallback=\"{&quot;src&quot;:&quot;https:\\\/\\\/prt.travelblox.eu\\\/wp-content\\\/uploads\\\/sites\\\/60\\\/2026\\\/01\\\/camping-mille-etoiles-1-768x462.jpg&quot;,&quot;srcset&quot;:&quot;https:\\\/\\\/prt.travelblox.eu\\\/wp-content\\\/uploads\\\/sites\\\/60\\\/2026\\\/01\\\/camping-mille-etoiles-1-768x462.jpg 768w, https:\\\/\\\/prt.travelblox.eu\\\/wp-content\\\/uploads\\\/sites\\\/60\\\/2026\\\/01\\\/camping-mille-etoiles-1-300x180.jpg 300w, https:\\\/\\\/prt.travelblox.eu\\\/wp-content\\\/uploads\\\/sites\\\/60\\\/2026\\\/01\\\/camping-mille-etoiles-1-1024x616.jpg 1024w, https:\\\/\\\/prt.travelblox.eu\\\/wp-content\\\/uploads\\\/sites\\\/60\\\/2026\\\/01\\\/camping-mille-etoiles-1-18x12.jpg 18w, https:\\\/\\\/prt.travelblox.eu\\\/wp-content\\\/uploads\\\/sites\\\/60\\\/2026\\\/01\\\/camping-mille-etoiles-1.jpg 1417w&quot;}\">\t\t\t\t\t\t\t<\/div>\n\t\t\t\t\t\t\t<div class=\"tb-card-bottom-wrapper\">\n\t\t\t\t\t\t\t\t<div class=\"tb-card-bottom\">\n\n\t\t\t\t\t\t\t\t\t<span class=\"tb-card-bottom__title\">\n\t\t\t\t\t\t\t\t\t\t<span class=\"tb-card-bottom__place\">\n\t\t\t\t\t\t\t\t\t\t\tCamping Mille Etoiles\t\t\t\t\t\t\t\t\t\t\t\t\t\t\t\t\t\t\t\t\t<\/span>\n\n\t\t\t\t\t\t\t\t\t<\/span>\n\t\t\t\t\t\t\t\t\t<div class=\"tb-card-bottom__content\">\n\t\t\t\t\t\t\t\t\t\t<div>\n\t\t\t\t\t\t\t\t\t\t\t\t\t\t\t\t\t\t\t\t\t<\/div>\n\t\t\t\t\t\t\t\t\t<\/div>\n\t\t\t\t\t\t\t\t\t<div class=\"tb-card-bottom__teaser tb-unfold-on-hover__content\" data-no-translation>\n\t\t\t\t\t\t\t\t\t\t\t\t\t\t\t\t\t\t\t\t\t\t\t\t\t\t\t\t\t\tOp dag 1 start je avontuur bij camping Mille \u00c9toiles. Je trekt de ruige natuur in voor een verkennen&#8230; <span class=\"link\">Lees meer<\/span>\t\t\t\t\t\t\t\t\t<\/div>\n\t\t\t\t\t\t\t\t<\/div>\n\n\t\t\t\t\t\t\t<\/div>\n\t\t\t\t\t\t\t<dialog class=\"tb-popup tb-popup-with-padding tb-dayschedule-popup-wrapper\">\n\t\t\t\t\t\t\t\t<div class=\"tb-dayschedule-popup\">\n\t\t\t\t\t\t\t\t\t<h4>\n\t\t\t\t\t\t\t\t\t\t\t\t\t\t\t\t\t\t\t\t\t\t\t\t\t\t\t\t\t\t\t<div>\n\t\t\t\t\t\t\t\t\t\t\t\t\t\t\t\t\t\t\t\t\t\t\t\t\tCamping Mille Etoiles\t\t\t\t\t\t\t\t\t\t\t\t\t\t\t\t\t\t\t\t\t\t\t\t\t\t\t\t\t\t\t\t\t\t\t<\/div>\n\t\t\t\t\t\t\t\t\t\t\t\t\t\t\t\t\t\t\t<\/h4>\n\t\t\t\t\t\t\t\t\t<div class=\"tb-columns\">\n\t\t\t\t\t\t\t\t\t\t<div class=\"tb-column tb-column--text\">\n\t\t\t\t\t\t\t\t\t\t\t<div class=\"text-part\">\n\t\t\t\t\t\t\t\t\t\t\t\t\n\t\t\t\t\t\t\t\t\t\t\t\t\n\t\t\t\t\t\t\t\t\t\t\t\t<div>\n\t\t\t\t\t\t\t\t\t\t\t\t\t<strong>Dag 1<\/strong>\n\t\t\t\t\t\t\t\t\t\t\t\t\t\t<div class=\"translation-block\"><p>Op dag 1 start je avontuur bij camping <b data-path-to-node=\"0\" data-index-in-node=\"39\">Mille \u00c9toiles<\/b>. Je trekt de ruige natuur in voor een verkennende wandeling door de canyon en krijgt een initiatie packraften op de rivier. &#8217;s Avonds kom je tot rust op het prachtige domein van de camping en geniet je onder de sterrenhemel van de unieke sfeer in de Ard\u00e8che.<\/p>\n<p>Op deze route kun je kiezen voor een kortere lus rondom de camping of een uitgebreidere tocht waarbij je dieper de natuur van de kloof intrekt.<\/p>\n<ul data-path-to-node=\"2\">\n<li><b data-path-to-node=\"2,0,0\" data-index-in-node=\"0\">Lange route:<\/b> 14 km hiken + 3 km packraft-initiatie<\/li>\n<li><b data-path-to-node=\"2,1,0\" data-index-in-node=\"0\">Korte route:<\/b> 8 km hiken + 3 km packraft-initiatie<\/li>\n<\/ul><\/div>\n\t\t\t\t\t\t\t\t\t\t\t\t\t<\/div>\n\n\n\t\t\t\t\t\t\t\t\t\t\t<\/div>\n\t\t\t\t\t\t\t\t\t\t<\/div>\n\t\t\t\t\t\t\t\t\t\t<div class=\"tb-column tb-column--image\">\n\n\t\t\t\t\t\t\t\t\t\t\t<div class=\"tb-image-part\">\n\t\t\t\t\t\t\t\t\t\t\t\t<img src='https:\/\/prt.travelblox.eu\/wp-content\/smush-webp\/sites\/60\/2026\/01\/camping-mille-etoiles-1-1024x616.jpg.webp' width='1024' height='616' srcset='https:\/\/prt.travelblox.eu\/wp-content\/smush-webp\/sites\/60\/2026\/01\/camping-mille-etoiles-1-1024x616.jpg.webp 1024w, https:\/\/prt.travelblox.eu\/wp-content\/smush-webp\/sites\/60\/2026\/01\/camping-mille-etoiles-1-300x180.jpg.webp 300w, https:\/\/prt.travelblox.eu\/wp-content\/smush-webp\/sites\/60\/2026\/01\/camping-mille-etoiles-1-768x462.jpg.webp 768w, https:\/\/prt.travelblox.eu\/wp-content\/smush-webp\/sites\/60\/2026\/01\/camping-mille-etoiles-1-18x12.jpg.webp 18w, https:\/\/prt.travelblox.eu\/wp-content\/smush-webp\/sites\/60\/2026\/01\/camping-mille-etoiles-1.jpg.webp 1417w' sizes=\"auto, (max-width: 1024px) 100vw, 1024px\" loading='lazy' decoding='async' data-smush-webp-fallback=\"{&quot;src&quot;:&quot;https:\\\/\\\/prt.travelblox.eu\\\/wp-content\\\/uploads\\\/sites\\\/60\\\/2026\\\/01\\\/camping-mille-etoiles-1-1024x616.jpg&quot;,&quot;srcset&quot;:&quot;https:\\\/\\\/prt.travelblox.eu\\\/wp-content\\\/uploads\\\/sites\\\/60\\\/2026\\\/01\\\/camping-mille-etoiles-1-1024x616.jpg 1024w, https:\\\/\\\/prt.travelblox.eu\\\/wp-content\\\/uploads\\\/sites\\\/60\\\/2026\\\/01\\\/camping-mille-etoiles-1-300x180.jpg 300w, https:\\\/\\\/prt.travelblox.eu\\\/wp-content\\\/uploads\\\/sites\\\/60\\\/2026\\\/01\\\/camping-mille-etoiles-1-768x462.jpg 768w, https:\\\/\\\/prt.travelblox.eu\\\/wp-content\\\/uploads\\\/sites\\\/60\\\/2026\\\/01\\\/camping-mille-etoiles-1-18x12.jpg 18w, https:\\\/\\\/prt.travelblox.eu\\\/wp-content\\\/uploads\\\/sites\\\/60\\\/2026\\\/01\\\/camping-mille-etoiles-1.jpg 1417w&quot;}\">\t\t\t\t\t\t\t\t\t\t\t<\/div>\n\t\t\t\t\t\t\t\t\t\t<\/div>\n\t\t\t\t\t\t\t\t\t<\/div>\n\t\t\t\t\t\t\t\t\t\t<div class=\"tb-popup-nav\">\n\t\t<a href=\"#\" class=\"tb-buttonlink-with-icon tb-buttonlink-with-arrow icon-first tb-popup-previous\">\n\t\t\t<i class=\"icon fa fa-chevron-left\"><\/i>\n\t\t\t<span>Vorige dag<\/span>\n\t\t<\/a>\n\t\t<a href=\"#\" class=\"tb-buttonlink-with-icon tb-buttonlink-with-arrow tb-popup-next\">\n\t\t\t<span>Volgende dag<\/span>\n\t\t\t<i class=\"icon fa fa-chevron-right\"><\/i>\n\t\t<\/a>\n\t<\/div>\n\t\n\t\t\t\t\t\t\t\t<\/div>\n\t\t\t\t\t\t\t<\/dialog>\n\t\t\t\t\t\t<\/div>\n\t\t\t\t\t\t\t\t\t\t\t<div class=\"tb-card entry tb-popup-trigger tb-unfold-on-hover\">\n\t\t\t\t\t\t\t<div class=\"tb-image-part\">\n\t\t\t\t\t\t\t\t<div class=\"tag\">\n\t\t\t\t\t\t\t\t\t<div>Dag 2<\/div>\n\t\t\t\t\t\t\t\t<\/div>\n\n\t\t\t\t\t\t\t\t<img src='https:\/\/prt.travelblox.eu\/wp-content\/smush-webp\/sites\/60\/2026\/01\/bivouac-de-gaud-768x711.jpg.webp' width='768' height='711' srcset='https:\/\/prt.travelblox.eu\/wp-content\/smush-webp\/sites\/60\/2026\/01\/bivouac-de-gaud-768x711.jpg.webp 768w, https:\/\/prt.travelblox.eu\/wp-content\/smush-webp\/sites\/60\/2026\/01\/bivouac-de-gaud-300x278.jpg.webp 300w, https:\/\/prt.travelblox.eu\/wp-content\/smush-webp\/sites\/60\/2026\/01\/bivouac-de-gaud-13x12.jpg.webp 13w, https:\/\/prt.travelblox.eu\/wp-content\/smush-webp\/sites\/60\/2026\/01\/bivouac-de-gaud.jpg.webp 902w' sizes=\"auto, (max-width: 768px) 100vw, 768px\" loading='lazy' decoding='async' data-smush-webp-fallback=\"{&quot;src&quot;:&quot;https:\\\/\\\/prt.travelblox.eu\\\/wp-content\\\/uploads\\\/sites\\\/60\\\/2026\\\/01\\\/bivouac-de-gaud-768x711.jpg&quot;,&quot;srcset&quot;:&quot;https:\\\/\\\/prt.travelblox.eu\\\/wp-content\\\/uploads\\\/sites\\\/60\\\/2026\\\/01\\\/bivouac-de-gaud-768x711.jpg 768w, https:\\\/\\\/prt.travelblox.eu\\\/wp-content\\\/uploads\\\/sites\\\/60\\\/2026\\\/01\\\/bivouac-de-gaud-300x278.jpg 300w, https:\\\/\\\/prt.travelblox.eu\\\/wp-content\\\/uploads\\\/sites\\\/60\\\/2026\\\/01\\\/bivouac-de-gaud-13x12.jpg 13w, https:\\\/\\\/prt.travelblox.eu\\\/wp-content\\\/uploads\\\/sites\\\/60\\\/2026\\\/01\\\/bivouac-de-gaud.jpg 902w&quot;}\">\t\t\t\t\t\t\t<\/div>\n\t\t\t\t\t\t\t<div class=\"tb-card-bottom-wrapper\">\n\t\t\t\t\t\t\t\t<div class=\"tb-card-bottom\">\n\n\t\t\t\t\t\t\t\t\t<span class=\"tb-card-bottom__title\">\n\t\t\t\t\t\t\t\t\t\t<span class=\"tb-card-bottom__place\">\n\t\t\t\t\t\t\t\t\t\t\tMille Etoiles\t\t\t\t\t\t\t\t\t\t\t\t\t\t\t\t\t\t\t\t\t\t\t&#8211; Gournier &#8211; Mille Etoiles\t\t\t\t\t\t\t\t\t\t\t\t\t\t\t\t\t\t\t\t\t<\/span>\n\n\t\t\t\t\t\t\t\t\t<\/span>\n\t\t\t\t\t\t\t\t\t<div class=\"tb-card-bottom__content\">\n\t\t\t\t\t\t\t\t\t\t<div>\n\t\t\t\t\t\t\t\t\t\t\t\t\t\t\t\t\t\t\t\t\t<\/div>\n\t\t\t\t\t\t\t\t\t<\/div>\n\t\t\t\t\t\t\t\t\t<div class=\"tb-card-bottom__teaser tb-unfold-on-hover__content\" data-no-translation>\n\t\t\t\t\t\t\t\t\t\t\t\t\t\t\t\t\t\t\t\t\t\t\t\t\t\t\t\t\t\tVandaag trek je dieper de natuur in en hike en raft je helemaal tot aan de indrukwekkende bivouac va&#8230; <span class=\"link\">Lees meer<\/span>\t\t\t\t\t\t\t\t\t<\/div>\n\t\t\t\t\t\t\t\t<\/div>\n\n\t\t\t\t\t\t\t<\/div>\n\t\t\t\t\t\t\t<dialog class=\"tb-popup tb-popup-with-padding tb-dayschedule-popup-wrapper\">\n\t\t\t\t\t\t\t\t<div class=\"tb-dayschedule-popup\">\n\t\t\t\t\t\t\t\t\t<h4>\n\t\t\t\t\t\t\t\t\t\t\t\t\t\t\t\t\t\t\t\t\t\t\t\t\t\t\t\t\t\t\t<div>\n\t\t\t\t\t\t\t\t\t\t\t\t\t\t\t\t\t\t\t\t\t\t\t\t\tMille Etoiles\t\t\t\t\t\t\t\t\t\t\t\t\t\t\t\t\t\t\t\t\t\t\t\t\t\t\t\t\t\t\t\t\t\t\t\t\t\t\t\t\t\t\t\t\t\t\t\t\t\t\t<i class=\"icon fa-solid fa-arrow-right\"><\/i> Gournier &#8211; Mille Etoiles\t\t\t\t\t\t\t\t\t\t\t\t\t\t\t\t\t\t\t\t\t\t\t\t\t\t\t\t\t\t\t\t\t\t\t\t<\/div>\n\t\t\t\t\t\t\t\t\t\t\t\t\t\t\t\t\t\t\t<\/h4>\n\t\t\t\t\t\t\t\t\t<div class=\"tb-columns\">\n\t\t\t\t\t\t\t\t\t\t<div class=\"tb-column tb-column--text\">\n\t\t\t\t\t\t\t\t\t\t\t<div class=\"text-part\">\n\t\t\t\t\t\t\t\t\t\t\t\t\t\t\t\t\t\t\t\t\t\t\t\t\t<div class=\"tb-dayschedule-popup__icons\">\n\t\t\t\t\t\t\t\t\t\t\t\t\t\t\t\t\t\t\t\t\t\t\t\t\t\t\t\t\t\t\t\t\t\t\t\t\t\t\t\t\t\t\t\t\t<div class=\"tb-dayschedule-popup__icon\">\n\t\t\t\t\t\t\t\t\t\t\t\t\t\t\t\t\t\t\t\t\t\t\t\t\t\t\t\t\t\t\t\t\t\t<span>\n\t\t\t\t\t\t\t\t\t\t\t\t\t\t\t\t\t\t\t\t\t\t\t\t\t\t\t\t\t\t\t\t\t\t\t<\/span>\n\t\t\t\t\t\t\t\t\t\t\t\t\t\t\t\t<\/div>\n\t\t\t\t\t\t\t\t\t\t\t\t\t\t\t\t\t\t\t\t\t\t\t\t\t\t\t\t\t\t\t\t\t\t\t\t\t\t\t\t\t\t\t\t\t\t\t\t\t\t\t\t\t\t\t\t<\/div>\n\t\t\t\t\t\t\t\t\t\t\t\t\n\t\t\t\t\t\t\t\t\t\t\t\t\n\t\t\t\t\t\t\t\t\t\t\t\t<div>\n\t\t\t\t\t\t\t\t\t\t\t\t\t<strong>Dag 2<\/strong>\n\t\t\t\t\t\t\t\t\t\t\t\t\t\t<div class=\"translation-block\"><p>Vandaag trek je dieper de natuur in en hike en raft je helemaal tot aan de indrukwekkende <b data-path-to-node=\"0\" data-index-in-node=\"90\">bivouac van Gournier<\/b> Je doorkruist het ruige hart van de Gorges en wisselt wandelen en varen af, om uiteindelijk aan te meren op deze unieke plek midden in de natuur. Vanaf de Bivouac van Gournier maak je dan nog een spectaculaire wandeling terug naar de Camping Mille Etoiles waar je een welverdiende nachtrust te beurt valt.<\/p>\n<ul data-path-to-node=\"2\">\n<li><b data-path-to-node=\"2,0,0\" data-index-in-node=\"0\">Lange route:<\/b> 12 km hiken + 10 km raften<\/li>\n<li><b data-path-to-node=\"2,1,0\" data-index-in-node=\"0\">Korte route:<\/b> 7 km hiken + 7 km raften<\/li>\n<\/ul><\/div>\n\t\t\t\t\t\t\t\t\t\t\t\t\t<\/div>\n\n\n\t\t\t\t\t\t\t\t\t\t\t<\/div>\n\t\t\t\t\t\t\t\t\t\t<\/div>\n\t\t\t\t\t\t\t\t\t\t<div class=\"tb-column tb-column--image\">\n\n\t\t\t\t\t\t\t\t\t\t\t<div class=\"tb-image-part\">\n\t\t\t\t\t\t\t\t\t\t\t\t<img src='https:\/\/prt.travelblox.eu\/wp-content\/smush-webp\/sites\/60\/2026\/01\/bivouac-de-gaud.jpg.webp' width='902' height='835' srcset='https:\/\/prt.travelblox.eu\/wp-content\/smush-webp\/sites\/60\/2026\/01\/bivouac-de-gaud.jpg.webp 902w, https:\/\/prt.travelblox.eu\/wp-content\/smush-webp\/sites\/60\/2026\/01\/bivouac-de-gaud-300x278.jpg.webp 300w, https:\/\/prt.travelblox.eu\/wp-content\/smush-webp\/sites\/60\/2026\/01\/bivouac-de-gaud-768x711.jpg.webp 768w, https:\/\/prt.travelblox.eu\/wp-content\/smush-webp\/sites\/60\/2026\/01\/bivouac-de-gaud-13x12.jpg.webp 13w' sizes=\"auto, (max-width: 902px) 100vw, 902px\" loading='lazy' decoding='async' data-smush-webp-fallback=\"{&quot;src&quot;:&quot;https:\\\/\\\/prt.travelblox.eu\\\/wp-content\\\/uploads\\\/sites\\\/60\\\/2026\\\/01\\\/bivouac-de-gaud.jpg&quot;,&quot;srcset&quot;:&quot;https:\\\/\\\/prt.travelblox.eu\\\/wp-content\\\/uploads\\\/sites\\\/60\\\/2026\\\/01\\\/bivouac-de-gaud.jpg 902w, https:\\\/\\\/prt.travelblox.eu\\\/wp-content\\\/uploads\\\/sites\\\/60\\\/2026\\\/01\\\/bivouac-de-gaud-300x278.jpg 300w, https:\\\/\\\/prt.travelblox.eu\\\/wp-content\\\/uploads\\\/sites\\\/60\\\/2026\\\/01\\\/bivouac-de-gaud-768x711.jpg 768w, https:\\\/\\\/prt.travelblox.eu\\\/wp-content\\\/uploads\\\/sites\\\/60\\\/2026\\\/01\\\/bivouac-de-gaud-13x12.jpg 13w&quot;}\">\t\t\t\t\t\t\t\t\t\t\t<\/div>\n\t\t\t\t\t\t\t\t\t\t<\/div>\n\t\t\t\t\t\t\t\t\t<\/div>\n\t\t\t\t\t\t\t\t\t\t<div class=\"tb-popup-nav\">\n\t\t<a href=\"#\" class=\"tb-buttonlink-with-icon tb-buttonlink-with-arrow icon-first tb-popup-previous\">\n\t\t\t<i class=\"icon fa fa-chevron-left\"><\/i>\n\t\t\t<span>Vorige dag<\/span>\n\t\t<\/a>\n\t\t<a href=\"#\" class=\"tb-buttonlink-with-icon tb-buttonlink-with-arrow tb-popup-next\">\n\t\t\t<span>Volgende dag<\/span>\n\t\t\t<i class=\"icon fa fa-chevron-right\"><\/i>\n\t\t<\/a>\n\t<\/div>\n\t\n\t\t\t\t\t\t\t\t<\/div>\n\t\t\t\t\t\t\t<\/dialog>\n\t\t\t\t\t\t<\/div>\n\t\t\t\t\t\t\t\t\t\t\t<div class=\"tb-card entry tb-popup-trigger tb-unfold-on-hover\">\n\t\t\t\t\t\t\t<div class=\"tb-image-part\">\n\t\t\t\t\t\t\t\t<div class=\"tag\">\n\t\t\t\t\t\t\t\t\t<div>Dag 3<\/div>\n\t\t\t\t\t\t\t\t<\/div>\n\n\t\t\t\t\t\t\t\t<img src='https:\/\/prt.travelblox.eu\/wp-content\/smush-webp\/sites\/60\/2026\/02\/mille-etoiles-breakfast-Klein.jpg.webp' width='726' height='480' alt='breakfast mille etoiles' srcset='https:\/\/prt.travelblox.eu\/wp-content\/smush-webp\/sites\/60\/2026\/02\/mille-etoiles-breakfast-Klein.jpg.webp 726w, https:\/\/prt.travelblox.eu\/wp-content\/smush-webp\/sites\/60\/2026\/02\/mille-etoiles-breakfast-Klein-300x198.jpg.webp 300w, https:\/\/prt.travelblox.eu\/wp-content\/smush-webp\/sites\/60\/2026\/02\/mille-etoiles-breakfast-Klein-18x12.jpg.webp 18w' sizes=\"auto, (max-width: 726px) 100vw, 726px\" loading='lazy' decoding='async' data-smush-webp-fallback=\"{&quot;src&quot;:&quot;https:\\\/\\\/prt.travelblox.eu\\\/wp-content\\\/uploads\\\/sites\\\/60\\\/2026\\\/02\\\/mille-etoiles-breakfast-Klein.jpg&quot;,&quot;srcset&quot;:&quot;https:\\\/\\\/prt.travelblox.eu\\\/wp-content\\\/uploads\\\/sites\\\/60\\\/2026\\\/02\\\/mille-etoiles-breakfast-Klein.jpg 726w, https:\\\/\\\/prt.travelblox.eu\\\/wp-content\\\/uploads\\\/sites\\\/60\\\/2026\\\/02\\\/mille-etoiles-breakfast-Klein-300x198.jpg 300w, https:\\\/\\\/prt.travelblox.eu\\\/wp-content\\\/uploads\\\/sites\\\/60\\\/2026\\\/02\\\/mille-etoiles-breakfast-Klein-18x12.jpg 18w&quot;}\">\t\t\t\t\t\t\t<\/div>\n\t\t\t\t\t\t\t<div class=\"tb-card-bottom-wrapper\">\n\t\t\t\t\t\t\t\t<div class=\"tb-card-bottom\">\n\n\t\t\t\t\t\t\t\t\t<span class=\"tb-card-bottom__title\">\n\t\t\t\t\t\t\t\t\t\t<span class=\"tb-card-bottom__place\">\n\t\t\t\t\t\t\t\t\t\t\tMille Etoiles\t\t\t\t\t\t\t\t\t\t\t\t\t\t\t\t\t\t\t\t\t<\/span>\n\n\t\t\t\t\t\t\t\t\t<\/span>\n\t\t\t\t\t\t\t\t\t<div class=\"tb-card-bottom__content\">\n\t\t\t\t\t\t\t\t\t\t<div>\n\t\t\t\t\t\t\t\t\t\t\t\t\t\t\t\t\t\t\t\t\t<\/div>\n\t\t\t\t\t\t\t\t\t<\/div>\n\t\t\t\t\t\t\t\t\t<div class=\"tb-card-bottom__teaser tb-unfold-on-hover__content\" data-no-translation>\n\t\t\t\t\t\t\t\t\t\t\t\t\t\t\t\t\t\t\t\t\t\t\t\t\t\t\t\t\t\tOp dag 3 kun je eventueel nog genieten van een gezellig ontbijt waarna het packraft avontuur in de A&#8230; <span class=\"link\">Lees meer<\/span>\t\t\t\t\t\t\t\t\t<\/div>\n\t\t\t\t\t\t\t\t<\/div>\n\n\t\t\t\t\t\t\t<\/div>\n\t\t\t\t\t\t\t<dialog class=\"tb-popup tb-popup-with-padding tb-dayschedule-popup-wrapper\">\n\t\t\t\t\t\t\t\t<div class=\"tb-dayschedule-popup\">\n\t\t\t\t\t\t\t\t\t<h4>\n\t\t\t\t\t\t\t\t\t\t\t\t\t\t\t\t\t\t\t\t\t\t\t\t\t\t\t\t\t\t\t<div>\n\t\t\t\t\t\t\t\t\t\t\t\t\t\t\t\t\t\t\t\t\t\t\t\t\tMille Etoiles\t\t\t\t\t\t\t\t\t\t\t\t\t\t\t\t\t\t\t\t\t\t\t\t\t\t\t\t\t\t\t\t\t\t\t<\/div>\n\t\t\t\t\t\t\t\t\t\t\t\t\t\t\t\t\t\t\t<\/h4>\n\t\t\t\t\t\t\t\t\t<div class=\"tb-columns\">\n\t\t\t\t\t\t\t\t\t\t<div class=\"tb-column tb-column--text\">\n\t\t\t\t\t\t\t\t\t\t\t<div class=\"text-part\">\n\t\t\t\t\t\t\t\t\t\t\t\t\n\t\t\t\t\t\t\t\t\t\t\t\t\n\t\t\t\t\t\t\t\t\t\t\t\t<div>\n\t\t\t\t\t\t\t\t\t\t\t\t\t<strong>Dag 3<\/strong>\n\t\t\t\t\t\t\t\t\t\t\t\t\t\t<div class=\"translation-block\"><p>Op dag 3 kun je eventueel nog genieten van een gezellig ontbijt waarna het packraft avontuur in de Ard\u00e8che er op zit. In de regio zijn er nog tal van prachtige bezienswaardigheden zoals eeuwenoude grotten en historische kastelen waar de lokale rangers je met plezier meer over zullen weten vertellen.<\/p><\/div>\n\t\t\t\t\t\t\t\t\t\t\t\t\t<\/div>\n\n\n\t\t\t\t\t\t\t\t\t\t\t<\/div>\n\t\t\t\t\t\t\t\t\t\t<\/div>\n\t\t\t\t\t\t\t\t\t\t<div class=\"tb-column tb-column--image\">\n\n\t\t\t\t\t\t\t\t\t\t\t<div class=\"tb-image-part\">\n\t\t\t\t\t\t\t\t\t\t\t\t<img src='https:\/\/prt.travelblox.eu\/wp-content\/smush-webp\/sites\/60\/2026\/02\/mille-etoiles-breakfast-Klein.jpg.webp' width='726' height='480' alt='breakfast mille etoiles' srcset='https:\/\/prt.travelblox.eu\/wp-content\/smush-webp\/sites\/60\/2026\/02\/mille-etoiles-breakfast-Klein.jpg.webp 726w, https:\/\/prt.travelblox.eu\/wp-content\/smush-webp\/sites\/60\/2026\/02\/mille-etoiles-breakfast-Klein-300x198.jpg.webp 300w, https:\/\/prt.travelblox.eu\/wp-content\/smush-webp\/sites\/60\/2026\/02\/mille-etoiles-breakfast-Klein-18x12.jpg.webp 18w' sizes=\"auto, (max-width: 726px) 100vw, 726px\" loading='lazy' decoding='async' data-smush-webp-fallback=\"{&quot;src&quot;:&quot;https:\\\/\\\/prt.travelblox.eu\\\/wp-content\\\/uploads\\\/sites\\\/60\\\/2026\\\/02\\\/mille-etoiles-breakfast-Klein.jpg&quot;,&quot;srcset&quot;:&quot;https:\\\/\\\/prt.travelblox.eu\\\/wp-content\\\/uploads\\\/sites\\\/60\\\/2026\\\/02\\\/mille-etoiles-breakfast-Klein.jpg 726w, https:\\\/\\\/prt.travelblox.eu\\\/wp-content\\\/uploads\\\/sites\\\/60\\\/2026\\\/02\\\/mille-etoiles-breakfast-Klein-300x198.jpg 300w, https:\\\/\\\/prt.travelblox.eu\\\/wp-content\\\/uploads\\\/sites\\\/60\\\/2026\\\/02\\\/mille-etoiles-breakfast-Klein-18x12.jpg 18w&quot;}\">\t\t\t\t\t\t\t\t\t\t\t<\/div>\n\t\t\t\t\t\t\t\t\t\t<\/div>\n\t\t\t\t\t\t\t\t\t<\/div>\n\t\t\t\t\t\t\t\t\t\t<div class=\"tb-popup-nav\">\n\t\t<a href=\"#\" class=\"tb-buttonlink-with-icon tb-buttonlink-with-arrow icon-first tb-popup-previous\">\n\t\t\t<i class=\"icon fa fa-chevron-left\"><\/i>\n\t\t\t<span>Vorige dag<\/span>\n\t\t<\/a>\n\t\t<a href=\"#\" class=\"tb-buttonlink-with-icon tb-buttonlink-with-arrow tb-popup-next\">\n\t\t\t<span>Volgende dag<\/span>\n\t\t\t<i class=\"icon fa fa-chevron-right\"><\/i>\n\t\t<\/a>\n\t<\/div>\n\t\n\t\t\t\t\t\t\t\t<\/div>\n\t\t\t\t\t\t\t<\/dialog>\n\t\t\t\t\t\t<\/div>\n\t\t\t\t\t\t\t\t\t\t\t\t\t<\/div>\n\t\t\t\t<div class=\"tb-carousel-nav\">\n\t\t<div class=\"dots\">\n\t\t\t<div class=\"dot active\"><\/div>\n\t\t\t<div class=\"dot\"><\/div>\n\t\t\t<div class=\"dot\"><\/div>\n\t\t<\/div>\n\t\t<div class=\"arrows\">\n\t\t\t<div class=\"prev disabled\">\n\t\t\t\t<span><i class=\"fa fa-chevron-left\"><\/i><\/span>\n\t\t\t<\/div>\n\t\t\t<div class=\"next\">\n\t\t\t\t<span><i class=\"fa fa-chevron-right\"><\/i><\/span>\n\t\t\t<\/div>\n\t\t<\/div>\n\t<\/div>\n\t\t\t<\/div>\n\t<\/div>\n\t\t\t\t\t\t\t\t\t\t<\/div>\n\t\n<\/div>\n\n\n<div class=\" tb-colcompare tb-block align-center background-dark pattern-custom variant-cards tb-collapsible-margins\" id=\"colcompare\" style=\"background-image: url(http:\/\/prt.travelblox.eu\/wp-content\/smush-webp\/sites\/60\/2023\/11\/grunge-prt-background-e1701093203474.jpg.webp)\" data-smush-webp-fallback=\"{&quot;bg-image&quot;:&quot; url(http:\\\/\\\/prt.travelblox.eu\\\/wp-content\\\/uploads\\\/sites\\\/60\\\/2023\\\/11\\\/grunge-prt-background-e1701093203474.jpg)&quot;}\">\n\t<div class=\"inner-block tb-fade-in tb-fade-in--subtle\">\n\t\t<div class=\"text-part\">\n\t\t\t<h2>Wat is uniek aan deze packraft trail<\/h2>\n\t\t\t\t<div class=\"translation-block\"><\/div>\n\t\t\t<\/div>\n\t<\/div>\n\t\t\t\t<div class=\"inner-block-full-width has-tb-carousel tb-justified\" >\n\t\t<div class=\"tb-carousel-container\">\n\t\t\t<div class=\"entries tb-cards\" data-slider-first=\"1\">\n\t\t\t\t\t\t\t\t\t<div class=\"tb-card entry tb-fade-in tb-fade-in--subtle\">\n\t\t\t\t<div class=\"tb-image-part\">\n\t\t\t\t\t<img src='https:\/\/prt.travelblox.eu\/wp-content\/smush-webp\/sites\/60\/2026\/01\/2-packrafters-ardeche-BIS-768x722.jpg.webp' width='768' height='722' srcset='https:\/\/prt.travelblox.eu\/wp-content\/smush-webp\/sites\/60\/2026\/01\/2-packrafters-ardeche-BIS-768x722.jpg.webp 768w, https:\/\/prt.travelblox.eu\/wp-content\/smush-webp\/sites\/60\/2026\/01\/2-packrafters-ardeche-BIS-300x282.jpg.webp 300w, https:\/\/prt.travelblox.eu\/wp-content\/smush-webp\/sites\/60\/2026\/01\/2-packrafters-ardeche-BIS-13x12.jpg.webp 13w, https:\/\/prt.travelblox.eu\/wp-content\/smush-webp\/sites\/60\/2026\/01\/2-packrafters-ardeche-BIS.jpg.webp 839w' sizes=\"auto, (max-width: 768px) 100vw, 768px\" loading='lazy' decoding='async' data-smush-webp-fallback=\"{&quot;src&quot;:&quot;https:\\\/\\\/prt.travelblox.eu\\\/wp-content\\\/uploads\\\/sites\\\/60\\\/2026\\\/01\\\/2-packrafters-ardeche-BIS-768x722.jpg&quot;,&quot;srcset&quot;:&quot;https:\\\/\\\/prt.travelblox.eu\\\/wp-content\\\/uploads\\\/sites\\\/60\\\/2026\\\/01\\\/2-packrafters-ardeche-BIS-768x722.jpg 768w, https:\\\/\\\/prt.travelblox.eu\\\/wp-content\\\/uploads\\\/sites\\\/60\\\/2026\\\/01\\\/2-packrafters-ardeche-BIS-300x282.jpg 300w, https:\\\/\\\/prt.travelblox.eu\\\/wp-content\\\/uploads\\\/sites\\\/60\\\/2026\\\/01\\\/2-packrafters-ardeche-BIS-13x12.jpg 13w, https:\\\/\\\/prt.travelblox.eu\\\/wp-content\\\/uploads\\\/sites\\\/60\\\/2026\\\/01\\\/2-packrafters-ardeche-BIS.jpg 839w&quot;}\">\t\t\t\t<\/div>\n\t\t\t\t<div class=\"tb-card-content text-part\">\n\t\t\t\t\t\t\t\t\t\t\t<h5>\t\t\t\t<i class=\"icon fa-kit fa-tb-icon-paddle fa-fw\" aria-hidden=\"true\"><\/i>\n\t\t\t Packraften in een canyon<\/h5>\n\t\t\t\t\t\t\t\t\t\t\t\t\t\t\t\t\t<div class=\"translation-block\"><p>Waar de meeste toeristen de kloof enkel vanaf het water in een grote kano beleven, biedt een packraft je de sleutel tot beide werelden: de intieme stilte van de rivier \u00e9n de ruige pracht van de rotspaden.<\/p>\n<p>Het is een avontuur waarin je fysieke inspanning afwisselt met pure verwondering. Het ene moment bedwing je de stroming tussen de torenhoge kalksteenwanden, het volgende moment draag je je lichtgewicht bootje op je rug terwijl je via smalle geitenpaadjes naar adembenemende panorama\u2019s klimt.<\/p>\n<p>Het is niet zomaar een vakantie, maar een sportieve expeditie waarbij je de <b data-path-to-node=\"4\" data-index-in-node=\"76\">Gorges de l\u2019Ard\u00e8che<\/b> niet alleen ziet, maar echt <i data-path-to-node=\"4\" data-index-in-node=\"124\">beleeft<\/i>.<\/p><\/div>\n\t\t\t\t\t\t\t\t\t\t\t\t\t\t\t<\/div>\n\t\t\t<\/div>\n\t\t\t\t\t<div class=\"tb-card entry tb-fade-in tb-fade-in--subtle\">\n\t\t\t\t<div class=\"tb-image-part\">\n\t\t\t\t\t<img src='https:\/\/prt.travelblox.eu\/wp-content\/smush-webp\/sites\/60\/2026\/01\/mille-etoiles-bell-tents-768x533.jpg.webp' width='768' height='533' srcset='https:\/\/prt.travelblox.eu\/wp-content\/smush-webp\/sites\/60\/2026\/01\/mille-etoiles-bell-tents-768x533.jpg.webp 768w, https:\/\/prt.travelblox.eu\/wp-content\/smush-webp\/sites\/60\/2026\/01\/mille-etoiles-bell-tents-300x208.jpg.webp 300w, https:\/\/prt.travelblox.eu\/wp-content\/smush-webp\/sites\/60\/2026\/01\/mille-etoiles-bell-tents-18x12.jpg.webp 18w, https:\/\/prt.travelblox.eu\/wp-content\/smush-webp\/sites\/60\/2026\/01\/mille-etoiles-bell-tents.jpg.webp 818w' sizes=\"auto, (max-width: 768px) 100vw, 768px\" loading='lazy' decoding='async' data-smush-webp-fallback=\"{&quot;src&quot;:&quot;https:\\\/\\\/prt.travelblox.eu\\\/wp-content\\\/uploads\\\/sites\\\/60\\\/2026\\\/01\\\/mille-etoiles-bell-tents-768x533.jpg&quot;,&quot;srcset&quot;:&quot;https:\\\/\\\/prt.travelblox.eu\\\/wp-content\\\/uploads\\\/sites\\\/60\\\/2026\\\/01\\\/mille-etoiles-bell-tents-768x533.jpg 768w, https:\\\/\\\/prt.travelblox.eu\\\/wp-content\\\/uploads\\\/sites\\\/60\\\/2026\\\/01\\\/mille-etoiles-bell-tents-300x208.jpg 300w, https:\\\/\\\/prt.travelblox.eu\\\/wp-content\\\/uploads\\\/sites\\\/60\\\/2026\\\/01\\\/mille-etoiles-bell-tents-18x12.jpg 18w, https:\\\/\\\/prt.travelblox.eu\\\/wp-content\\\/uploads\\\/sites\\\/60\\\/2026\\\/01\\\/mille-etoiles-bell-tents.jpg 818w&quot;}\">\t\t\t\t<\/div>\n\t\t\t\t<div class=\"tb-card-content text-part\">\n\t\t\t\t\t\t\t\t\t\t\t<h5>\t\t\t\t<i class=\"icon fa-light fa-campground fa-fw\" aria-hidden=\"true\"><\/i>\n\t\t\t Mille Etoiles camping<\/h5>\n\t\t\t\t\t\t\t\t\t\t\t\t\t\t\t\t\t<div class=\"translation-block\"><p>Camping <b data-path-to-node=\"0\" data-index-in-node=\"8\">Mille \u00c9toiles<\/b> is veel meer dan zomaar een overnachtingsplek; het is het kloppend hart van je avontuur. Gelegen op een hoogplateau dat uitkijkt over de Gorges de l\u2019Ard\u00e8che, doet de camping haar naam eer aan. Hier slaap je niet alleen in de natuur, maar word je er echt onderdeel van.<\/p>\n<p><b data-path-to-node=\"2,0,0\" data-index-in-node=\"0\">Slapen onder de sterren:<\/b> Door de afgelegen ligging en het gebrek aan lichtvervuiling is de sterrenhemel hier ongekend helder. Het is de plek bij uitstek om na een dag hiken en raften volledig tot rust te komen met je blik op de Melkweg.<\/p>\n<p>Het is die zeldzame plek waar de luxe niet zit in gouden kranen, maar in de <b data-path-to-node=\"3\" data-index-in-node=\"76\">absolute stilte<\/b>, het waanzinnige uitzicht en het gevoel van totale vrijheid.<\/p>\n<p>.<\/p><\/div>\n\t\t\t\t\t\t\t\t\t\t\t\t\t\t\t<\/div>\n\t\t\t<\/div>\n\t\t\t\t\t<div class=\"tb-card entry tb-fade-in tb-fade-in--subtle\">\n\t\t\t\t<div class=\"tb-image-part\">\n\t\t\t\t\t<img src='https:\/\/prt.travelblox.eu\/wp-content\/smush-webp\/sites\/60\/2026\/01\/packraft-ardeche-3-768x512.jpg.webp' width='768' height='512' srcset='https:\/\/prt.travelblox.eu\/wp-content\/smush-webp\/sites\/60\/2026\/01\/packraft-ardeche-3-768x512.jpg.webp 768w, https:\/\/prt.travelblox.eu\/wp-content\/smush-webp\/sites\/60\/2026\/01\/packraft-ardeche-3-300x200.jpg.webp 300w, https:\/\/prt.travelblox.eu\/wp-content\/smush-webp\/sites\/60\/2026\/01\/packraft-ardeche-3-18x12.jpg.webp 18w, https:\/\/prt.travelblox.eu\/wp-content\/smush-webp\/sites\/60\/2026\/01\/packraft-ardeche-3.jpg.webp 870w' sizes=\"auto, (max-width: 768px) 100vw, 768px\" loading='lazy' decoding='async' data-smush-webp-fallback=\"{&quot;src&quot;:&quot;https:\\\/\\\/prt.travelblox.eu\\\/wp-content\\\/uploads\\\/sites\\\/60\\\/2026\\\/01\\\/packraft-ardeche-3-768x512.jpg&quot;,&quot;srcset&quot;:&quot;https:\\\/\\\/prt.travelblox.eu\\\/wp-content\\\/uploads\\\/sites\\\/60\\\/2026\\\/01\\\/packraft-ardeche-3-768x512.jpg 768w, https:\\\/\\\/prt.travelblox.eu\\\/wp-content\\\/uploads\\\/sites\\\/60\\\/2026\\\/01\\\/packraft-ardeche-3-300x200.jpg 300w, https:\\\/\\\/prt.travelblox.eu\\\/wp-content\\\/uploads\\\/sites\\\/60\\\/2026\\\/01\\\/packraft-ardeche-3-18x12.jpg 18w, https:\\\/\\\/prt.travelblox.eu\\\/wp-content\\\/uploads\\\/sites\\\/60\\\/2026\\\/01\\\/packraft-ardeche-3.jpg 870w&quot;}\">\t\t\t\t<\/div>\n\t\t\t\t<div class=\"tb-card-content text-part\">\n\t\t\t\t\t\t\t\t\t\t\t<h5>\t\t\t\t<i class=\"icon fa-solid fa-person-hiking fa-fw\" aria-hidden=\"true\"><\/i>\n\t\t\t Unieke hikes<\/h5>\n\t\t\t\t\t\t\t\t\t\t\t\t\t\t\t\t\t<div class=\"translation-block\"><p>Wat de hikes rondom de Gorges de l\u2019Ard\u00e8che zo uniek maakt, is dat ze je meenemen naar een wereld die voor de gemiddelde toerist verborgen blijft. Terwijl de Ard\u00e8che soms krioelt van de toeristen loop jij te voet via de toppen van de kliffen en de diepste plooien van de canyon.<\/p>\n<p>Je wandelt over smalle richels en eeuwenoude ezelspaden die je van de oevers van de rivier naar duizelingwekkende uitzichtpunten leiden. Het ene moment sta je met je voeten in het koele water, het volgende kijk je uit over de kronkelende rivier diep onder je.<\/p>\n<p>De paden voeren je door het typische Franse landschap van kalksteen, steeneiken en wilde kruiden. De geur van zonovergoten tijm, rozemarijn en lavendel is nergens zo intens als tijdens een hike in de middagzon.<\/p><\/div>\n\t\t\t\t\t\t\t\t\t\t\t\t\t\t\t<\/div>\n\t\t\t<\/div>\n\t\t\t\t\t\t\t<\/div>\n\t\t\t\t<div class=\"tb-carousel-nav\">\n\t\t<div class=\"dots\">\n\t\t\t<div class=\"dot active\"><\/div>\n\t\t\t<div class=\"dot\"><\/div>\n\t\t\t<div class=\"dot\"><\/div>\n\t\t<\/div>\n\t\t<div class=\"arrows\">\n\t\t\t<div class=\"prev disabled\">\n\t\t\t\t<span><i class=\"fa fa-chevron-left\"><\/i><\/span>\n\t\t\t<\/div>\n\t\t\t<div class=\"next\">\n\t\t\t\t<span><i class=\"fa fa-chevron-right\"><\/i><\/span>\n\t\t\t<\/div>\n\t\t<\/div>\n\t<\/div>\n\t\t\t<\/div>\n\t<\/div>\n\t\t\t<\/div>\n\n\n\n<div class=\" tb-quoteparallax tb-block align-center background-dark pattern-none variant-text_on_image\" id=\"quoteparallax\" style=\"background-image: url('https:\/\/prt.travelblox.eu\/wp-content\/uploads\/sites\/60\/2026\/01\/pexels-sofiia-asmi-3378970-31492016-3.jpg');\">\n\t\t<div class=\"inner-block tb-fade-in tb-fade-in--subtle\">\n\t\t\t\t\t<div class=\"text-part\">\n\t\t\t\t<h2>Disconnect to reconnect<\/h2>\n\t\t\t\t\t<div class=\"translation-block\"><\/div>\n\t\t\t\t\t\t\t\t\t\t<div class=\"tb-buttons-part\">\n\t\t\t\t\t\t\t\t<a href=\"#join\"  target=\"\" class=\"tb-button\">\n\t\t\tOntdek de data\t\t<\/a>\n\t\t\t\t\t\t\t\t\t\t\t\t\t<\/div>\n\t\t\t\t\t\t\t<\/div>\n\t\t\t\t\t<\/div>\n<\/div>\n\n\n<div class=\" tb-practical tb-block align-none background-light pattern-none variant-none tb-collapsible-margins\" id=\"practical\">\n\t<div class=\"inner-block tb-fade-in\">\n\t\t<div class=\"text-part\">\n\t\t\t<h2>Praktische informatie<\/h2>\n\t\t\t\t<div class=\"translation-block\"><\/div>\n\t\t\t<\/div>\n\t<\/div>\n\t<div class=\"inner-block tb-fade-in\">\n\t\t\t\t\t<div class=\"practical-cols\">\n\t\t\t\t<div class=\"practical-nav-container\">\n\t\t\t\t\t<ul class=\"practical-nav tb-style-block\">\n\t\t\t\t\t\t\t\t\t\t\t\t\t<li><a href=\"#practical-block-0\">Wanneer?<\/a><\/li>\n\t\t\t\t\t\t\t\t\t\t\t\t\t<li><a href=\"#practical-block-1\">Prijs<\/a><\/li>\n\t\t\t\t\t\t\t\t\t\t\t\t\t<li><a href=\"#practical-block-2\">Inclusief<\/a><\/li>\n\t\t\t\t\t\t\t\t\t\t\t\t\t<li><a href=\"#practical-block-3\">Optioneel<\/a><\/li>\n\t\t\t\t\t\t\t\t\t\t\t\t\t<li><a href=\"#practical-block-4\">Kamperen<\/a><\/li>\n\t\t\t\t\t\t\t\t\t\t\t<\/ul>\n\t\t\t\t<\/div>\n\t\t\t\t<div class=\"tb-accordion tb-accordion--animation tb-accordion-mobile-only text-part\">\n\t\t\t\t\t\t\t\t\t\t\t<div class=\"details\" id=\"practical-block-0\">\n\t\t\t\t\t\t\t<div class=\"summary\">\n\t\t\t\t\t\t\t\t\t\t\t\t<i class=\"icon fa-solid fa-calendar-days tb-style-block fa-fw\" aria-hidden=\"true\"><\/i>\n\t\t\t Wanneer?\t\t\t\t\t\t\t<\/div>\n\t\t\t\t\t\t\t<div class=\"content\">\n\t\t\t\t\t\t\t\t\t<div class=\"translation-block\"><p>Het packraftseizoen in de Ard\u00e8che loopt de gehele zomervakantie van juli tot en met augustus. Wil je al eerder packraften? Boek dan je micro-avontuur in <a href=\"https:\/\/thepackrafttrail.com\/nl\/ardennen\/\" target=\"_blank\" rel=\"noopener\">de Franse Ardennen<\/a>.<\/p><\/div>\n\t\t\t\t\t\t\t\t<\/div>\n\t\t\t\t\t\t<\/div>\n\t\t\t\t\t\t\t\t\t\t\t<div class=\"details\" id=\"practical-block-1\">\n\t\t\t\t\t\t\t<div class=\"summary\">\n\t\t\t\t\t\t\t\t\t\t\t\t<i class=\"icon fa-solid fa-coins tb-style-block fa-fw\" aria-hidden=\"true\"><\/i>\n\t\t\t Prijs\t\t\t\t\t\t\t<\/div>\n\t\t\t\t\t\t\t<div class=\"content\">\n\t\t\t\t\t\t\t\t\t<div class=\"translation-block\"><p>Een 2-daags packraft avontuur begint vanaf 139 EUR per persoon.<\/p><\/div>\n\t\t\t\t\t\t\t\t<\/div>\n\t\t\t\t\t\t<\/div>\n\t\t\t\t\t\t\t\t\t\t\t<div class=\"details\" id=\"practical-block-2\">\n\t\t\t\t\t\t\t<div class=\"summary\">\n\t\t\t\t\t\t\t\t\t\t\t\t<i class=\"icon fa-solid fa-suitcase tb-style-block fa-fw\" aria-hidden=\"true\"><\/i>\n\t\t\t Inclusief\t\t\t\t\t\t\t<\/div>\n\t\t\t\t\t\t\t<div class=\"content\">\n\t\t\t\t\t\t\t\t\t<div class=\"translation-block\"><ul>\n<li>2 overnachtingen op de unieke camping 1000 Etoiles<\/li>\n<li>Een packraft per persoon, peddel, opblaaszak &amp; zwemvest<\/li>\n<li>Trekzak om het materiaal en wat persoonlijke spullen te dragen<\/li>\n<li>Instructies van onze ervaren rangers<\/li>\n<li>Kaart &amp; app met nuttige informatie<\/li>\n<\/ul><\/div>\n\t\t\t\t\t\t\t\t<\/div>\n\t\t\t\t\t\t<\/div>\n\t\t\t\t\t\t\t\t\t\t\t<div class=\"details\" id=\"practical-block-3\">\n\t\t\t\t\t\t\t<div class=\"summary\">\n\t\t\t\t\t\t\t\t\t\t\t\t<i class=\"icon fa-solid fa-plus tb-style-block fa-fw\" aria-hidden=\"true\"><\/i>\n\t\t\t Optioneel\t\t\t\t\t\t\t<\/div>\n\t\t\t\t\t\t\t<div class=\"content\">\n\t\t\t\t\t\t\t\t\t<div class=\"translation-block\"><p><a href=\"https:\/\/issuu.com\/travelbase.eu\/docs\/prt26micro_nl_foodpack?fr=sNTFmYjg2OTY3ODc\" target=\"_blank\" rel=\"noopener\">Adventure Foodpack<\/a>: \u20ac39 p.p.<\/p>\n<ul>\n<li><a href=\"https:\/\/admin.travelbase.eu\/u\/source\/MICRO\/Cancelation_policy\/NL_Flex_cancellation_policy_MICRO.pdf\" target=\"_blank\" rel=\"noopener\">Annuleringsverzekering<\/a>: \u20ac21 p.p.<\/li>\n<\/ul><\/div>\n\t\t\t\t\t\t\t\t<\/div>\n\t\t\t\t\t\t<\/div>\n\t\t\t\t\t\t\t\t\t\t\t<div class=\"details\" id=\"practical-block-4\">\n\t\t\t\t\t\t\t<div class=\"summary\">\n\t\t\t\t\t\t\t\t\t\t\t\t<i class=\"icon fa-solid fa-campground tb-style-block fa-fw\" aria-hidden=\"true\"><\/i>\n\t\t\t Kamperen\t\t\t\t\t\t\t<\/div>\n\t\t\t\t\t\t\t<div class=\"content\">\n\t\t\t\t\t\t\t\t\t<div class=\"translation-block\"><p>In het pakket zitten 2 overnachtingen op Camping 1000 Etoiles waar je ook je auto kunt parkeren.<\/p>\n<p>Het basecamp ligt i<strong>n het hart van het nationaal park<\/strong> en is het <strong>begin- en eindpunt<\/strong> voor je avontuur. Er zijn goeie sanitaire voorzieningen (toiletten en douches).<\/p>\n<p>&nbsp;<\/p><\/div>\n\t\t\t\t\t\t\t\t<\/div>\n\t\t\t\t\t\t<\/div>\n\t\t\t\t\t\t\t\t\t<\/div>\n\t\t\t<\/div>\n\t\t\t<\/div>\n<\/div>\n\n\n\n\n\n<div class=\" tb-highlights tb-block align-center background-light pattern-custom variant-none tb-collapsible-margins\" id=\"opties\" style=\"background-image: url(http:\/\/prt.travelblox.eu\/wp-content\/uploads\/sites\/60\/2023\/12\/Untitled-design-3.svg)\">\n\t<div class=\"inner-block tb-fade-in tb-fade-in--subtle\">\n\t\t<div class=\"text-part\">\n\t\t\t<h2>Extra opties<\/h2>\n\t\t\t\t<div class=\"translation-block\"><\/div>\n\t\t\t\t\t<div class=\"section-toggler \">\n\t\t<div class=\"section-toggler__inner\">\n\t\t\t<div class=\"section-toggler__toggles-wrapper\">\n\t\t\t\t<div class=\"section-toggler__toggles\">\n\t\t\t\t\t\t\t\t\t\t\t<input type=\"radio\" name=\"opties-section\" value=\"opties-section-0\" id=\"opties-section-0-label\" checked class=\"\" \/>\n\t\t\t\t\t\t<label for=\"opties-section-0-label\" data-target-id=\"opties-section-0\" class=\"\">\n\t\t\t\t\t\t\tOpties\t\t\t\t\t\t\t\t\t\t\t\t\t<\/label>\n\t\t\t\t\t\t\t\t\t\t\t<input type=\"radio\" name=\"opties-section\" value=\"opties-section-1\" id=\"opties-section-1-label\"  class=\"\" \/>\n\t\t\t\t\t\t<label for=\"opties-section-1-label\" data-target-id=\"opties-section-1\" class=\"\">\n\t\t\t\t\t\t\tVerzekeringen\t\t\t\t\t\t\t\t\t\t\t\t\t<\/label>\n\t\t\t\t\t\t\t\t\t<\/div>\n\t\t\t<\/div>\n\t\t<\/div>\n\t<\/div>\n\t\t\t<\/div>\n\t<\/div>\n\t\t\t<div class=\"tb-sections tb-fade-in tb-fade-in--subtle\">\n\t\t\t\t\t\t\t\t\t\t\t\t\t<div class=\"inner-block-full-width has-tb-carousel tb-section\" id=\"opties-section-0\">\n\t\t<div class=\"tb-carousel-container\">\n\t\t\t<div class=\"entries tb-cards\" data-slider-first=\"1\">\n\t\t\t\t\t\t\t\t\t\t\t\t\t\t\t<div class=\"tb-card entry tb-popup-trigger desktop-only-popup\">\n\t\t\t\t\t\t\t<div class=\"tb-image-part desktop\">\n\t\t\t\t\t\t\t\t<img src='https:\/\/prt.travelblox.eu\/wp-content\/smush-webp\/sites\/60\/2023\/12\/DSC05089-scaled.jpg.webp' width='1365' height='2048' srcset='https:\/\/prt.travelblox.eu\/wp-content\/smush-webp\/sites\/60\/2023\/12\/DSC05089-scaled.jpg.webp 1365w, https:\/\/prt.travelblox.eu\/wp-content\/smush-webp\/sites\/60\/2023\/12\/DSC05089-200x300.jpg.webp 200w, https:\/\/prt.travelblox.eu\/wp-content\/smush-webp\/sites\/60\/2023\/12\/DSC05089-683x1024.jpg.webp 683w, https:\/\/prt.travelblox.eu\/wp-content\/smush-webp\/sites\/60\/2023\/12\/DSC05089-768x1152.jpg.webp 768w, https:\/\/prt.travelblox.eu\/wp-content\/smush-webp\/sites\/60\/2023\/12\/DSC05089-1024x1536.jpg.webp 1024w, https:\/\/prt.travelblox.eu\/wp-content\/smush-webp\/sites\/60\/2023\/12\/DSC05089-8x12.jpg.webp 8w' sizes=\"auto, (max-width: 1365px) 100vw, 1365px\" loading='lazy' decoding='async' data-smush-webp-fallback=\"{&quot;src&quot;:&quot;https:\\\/\\\/prt.travelblox.eu\\\/wp-content\\\/uploads\\\/sites\\\/60\\\/2023\\\/12\\\/DSC05089-scaled.jpg&quot;,&quot;srcset&quot;:&quot;https:\\\/\\\/prt.travelblox.eu\\\/wp-content\\\/uploads\\\/sites\\\/60\\\/2023\\\/12\\\/DSC05089-scaled.jpg 1365w, https:\\\/\\\/prt.travelblox.eu\\\/wp-content\\\/uploads\\\/sites\\\/60\\\/2023\\\/12\\\/DSC05089-200x300.jpg 200w, https:\\\/\\\/prt.travelblox.eu\\\/wp-content\\\/uploads\\\/sites\\\/60\\\/2023\\\/12\\\/DSC05089-683x1024.jpg 683w, https:\\\/\\\/prt.travelblox.eu\\\/wp-content\\\/uploads\\\/sites\\\/60\\\/2023\\\/12\\\/DSC05089-768x1152.jpg 768w, https:\\\/\\\/prt.travelblox.eu\\\/wp-content\\\/uploads\\\/sites\\\/60\\\/2023\\\/12\\\/DSC05089-1024x1536.jpg 1024w, https:\\\/\\\/prt.travelblox.eu\\\/wp-content\\\/uploads\\\/sites\\\/60\\\/2023\\\/12\\\/DSC05089-8x12.jpg 8w&quot;}\">\t\t\t\t\t\t\t\t\t\t\t\t\t\t\t\t\t\t\t\t\t\t\t\t\t<div class=\"price tiny-body-font desktop translation-block\"><p>\u20ac39<\/p><\/div>\t\t\t\t\t\t\t<\/div>\n\t\t\t\t\t\t\t<div class=\"tb-image-part mobile\">\n\t\t\t\t\t\t\t\t<img src='https:\/\/prt.travelblox.eu\/wp-content\/smush-webp\/sites\/60\/2023\/12\/DSC05089-768x1152.jpg.webp' width='768' height='1152' srcset='https:\/\/prt.travelblox.eu\/wp-content\/smush-webp\/sites\/60\/2023\/12\/DSC05089-768x1152.jpg.webp 768w, https:\/\/prt.travelblox.eu\/wp-content\/smush-webp\/sites\/60\/2023\/12\/DSC05089-200x300.jpg.webp 200w, https:\/\/prt.travelblox.eu\/wp-content\/smush-webp\/sites\/60\/2023\/12\/DSC05089-683x1024.jpg.webp 683w, https:\/\/prt.travelblox.eu\/wp-content\/smush-webp\/sites\/60\/2023\/12\/DSC05089-1024x1536.jpg.webp 1024w, https:\/\/prt.travelblox.eu\/wp-content\/smush-webp\/sites\/60\/2023\/12\/DSC05089-scaled.jpg.webp 1365w, https:\/\/prt.travelblox.eu\/wp-content\/smush-webp\/sites\/60\/2023\/12\/DSC05089-8x12.jpg.webp 8w' sizes=\"auto, (max-width: 768px) 100vw, 768px\" loading='lazy' decoding='async' data-smush-webp-fallback=\"{&quot;src&quot;:&quot;https:\\\/\\\/prt.travelblox.eu\\\/wp-content\\\/uploads\\\/sites\\\/60\\\/2023\\\/12\\\/DSC05089-768x1152.jpg&quot;,&quot;srcset&quot;:&quot;https:\\\/\\\/prt.travelblox.eu\\\/wp-content\\\/uploads\\\/sites\\\/60\\\/2023\\\/12\\\/DSC05089-768x1152.jpg 768w, https:\\\/\\\/prt.travelblox.eu\\\/wp-content\\\/uploads\\\/sites\\\/60\\\/2023\\\/12\\\/DSC05089-200x300.jpg 200w, https:\\\/\\\/prt.travelblox.eu\\\/wp-content\\\/uploads\\\/sites\\\/60\\\/2023\\\/12\\\/DSC05089-683x1024.jpg 683w, https:\\\/\\\/prt.travelblox.eu\\\/wp-content\\\/uploads\\\/sites\\\/60\\\/2023\\\/12\\\/DSC05089-1024x1536.jpg 1024w, https:\\\/\\\/prt.travelblox.eu\\\/wp-content\\\/uploads\\\/sites\\\/60\\\/2023\\\/12\\\/DSC05089-scaled.jpg 1365w, https:\\\/\\\/prt.travelblox.eu\\\/wp-content\\\/uploads\\\/sites\\\/60\\\/2023\\\/12\\\/DSC05089-8x12.jpg 8w&quot;}\">\t\t\t\t\t\t\t\t\t\t\t\t\t\t\t<\/div>\n\t\t\t\t\t\t\t<div class=\"tb-card-content\">\n\t\t\t\t\t\t\t\t<h5>\n\t\t\t\t\t\t\t\t\t\t\t\t\t<i class=\"icon fa-solid fa-utensils fa-fw\" aria-hidden=\"true\"><\/i>\n\t\t\t\t\t\t\t\t\t\t\t\t<span>Adventure foodpack<\/span>\n\t\t\t\t\t\t\t\t<\/h5>\n\t\t\t\t\t\t\t\t\t\t\t\t\t\t\t\t\t<div class=\"price tiny-body-font mobile\"><p>\u20ac39<\/p><\/div>\t\t\t\t\t\t\t\t<div class=\"content readmore-content content--clamped\">\t<div class=\"translation-block\"><p>Het adventure foodpack bevat alles wat je nodig hebt voor het 2-daagse avontuur! Het bestaat uit:<\/p>\n<ul>\n<li>3 gevriesdroogde adventure food maaltijden<\/li>\n<li>Vers ontbijt<\/li>\n<li>Graanrepen voor overdag<\/li>\n<li>Kookset<\/li>\n<\/ul>\n<p>Je kan het menu <a href=\"https:\/\/issuu.com\/travelbase.eu\/docs\/prt26micro_nl_foodpack?fr=sNTFmYjg2OTY3ODc\" target=\"_blank\" rel=\"noopener\">hier<\/a> nakijken.<\/p><\/div>\n\t<\/div>\n\t\t\t\t\t\t\t\t\t\t\t\t\t\t\t\t<div class=\"readmore link js-readmore\">\n\t\t\t\t\t\t\t\t\t<span><i class=\"fa-solid fa-circle-plus\"><\/i><u>Lees meer<\/u><\/span>\n\t\t\t\t\t\t\t\t\t<span><i class=\"fa-solid fa-circle-minus\"><\/i><u>Lees minder<\/u><\/span>\n\t\t\t\t\t\t\t\t<\/div>\n\t\t\t\t\t\t\t\t\t\t\t\t\t\t\t\t<dialog class=\"tb-popup\">\n\t\t\t\t\t\t\t\t\t<div class=\"tb-highlights-popup\">\n\t\t\t\t\t\t\t\t\t\t<div class=\"tb-image-part\">\n\t\t\t\t\t\t\t\t\t\t\t<img src='https:\/\/prt.travelblox.eu\/wp-content\/smush-webp\/sites\/60\/2023\/12\/DSC05089-768x1152.jpg.webp' width='768' height='1152' srcset='https:\/\/prt.travelblox.eu\/wp-content\/smush-webp\/sites\/60\/2023\/12\/DSC05089-768x1152.jpg.webp 768w, https:\/\/prt.travelblox.eu\/wp-content\/smush-webp\/sites\/60\/2023\/12\/DSC05089-200x300.jpg.webp 200w, https:\/\/prt.travelblox.eu\/wp-content\/smush-webp\/sites\/60\/2023\/12\/DSC05089-683x1024.jpg.webp 683w, https:\/\/prt.travelblox.eu\/wp-content\/smush-webp\/sites\/60\/2023\/12\/DSC05089-1024x1536.jpg.webp 1024w, https:\/\/prt.travelblox.eu\/wp-content\/smush-webp\/sites\/60\/2023\/12\/DSC05089-scaled.jpg.webp 1365w, https:\/\/prt.travelblox.eu\/wp-content\/smush-webp\/sites\/60\/2023\/12\/DSC05089-8x12.jpg.webp 8w' sizes=\"auto, (max-width: 768px) 100vw, 768px\" loading='lazy' decoding='async' data-smush-webp-fallback=\"{&quot;src&quot;:&quot;https:\\\/\\\/prt.travelblox.eu\\\/wp-content\\\/uploads\\\/sites\\\/60\\\/2023\\\/12\\\/DSC05089-768x1152.jpg&quot;,&quot;srcset&quot;:&quot;https:\\\/\\\/prt.travelblox.eu\\\/wp-content\\\/uploads\\\/sites\\\/60\\\/2023\\\/12\\\/DSC05089-768x1152.jpg 768w, https:\\\/\\\/prt.travelblox.eu\\\/wp-content\\\/uploads\\\/sites\\\/60\\\/2023\\\/12\\\/DSC05089-200x300.jpg 200w, https:\\\/\\\/prt.travelblox.eu\\\/wp-content\\\/uploads\\\/sites\\\/60\\\/2023\\\/12\\\/DSC05089-683x1024.jpg 683w, https:\\\/\\\/prt.travelblox.eu\\\/wp-content\\\/uploads\\\/sites\\\/60\\\/2023\\\/12\\\/DSC05089-1024x1536.jpg 1024w, https:\\\/\\\/prt.travelblox.eu\\\/wp-content\\\/uploads\\\/sites\\\/60\\\/2023\\\/12\\\/DSC05089-scaled.jpg 1365w, https:\\\/\\\/prt.travelblox.eu\\\/wp-content\\\/uploads\\\/sites\\\/60\\\/2023\\\/12\\\/DSC05089-8x12.jpg 8w&quot;}\">\t\t\t\t\t\t\t\t\t\t<\/div>\n\t\t\t\t\t\t\t\t\t\t<div class=\"tb-popup-content\">\n\t\t\t\t\t\t\t\t\t\t\t<h3>Adventure foodpack<\/h3>\n\t\t\t\t\t\t\t\t\t\t\t<div class=\"content\">\t<div class=\"translation-block\"><p>Het adventure foodpack bevat alles wat je nodig hebt voor het 2-daagse avontuur! Het bestaat uit:<\/p>\n<ul>\n<li>3 gevriesdroogde adventure food maaltijden<\/li>\n<li>Vers ontbijt<\/li>\n<li>Graanrepen voor overdag<\/li>\n<li>Kookset<\/li>\n<\/ul>\n<p>Je kan het menu <a href=\"https:\/\/issuu.com\/travelbase.eu\/docs\/prt26micro_nl_foodpack?fr=sNTFmYjg2OTY3ODc\" target=\"_blank\" rel=\"noopener\">hier<\/a> nakijken.<\/p><\/div>\n\t<\/div>\n\t\t\t\t\t\t\t\t\t\t<\/div>\n\t\t\t\t\t\t\t\t\t<\/div>\n\t\t\t\t\t\t\t\t<\/dialog>\n\t\t\t\t\t\t\t<\/div>\n\t\t\t\t\t\t<\/div>\n\t\t\t\t\t\t\t\t\t\t\t<div class=\"tb-card entry tb-popup-trigger desktop-only-popup\">\n\t\t\t\t\t\t\t<div class=\"tb-image-part desktop\">\n\t\t\t\t\t\t\t\t<img src='https:\/\/prt.travelblox.eu\/wp-content\/smush-webp\/sites\/60\/2026\/02\/mille-etoiles-bell-tents.jpg.webp' width='818' height='568' srcset='https:\/\/prt.travelblox.eu\/wp-content\/smush-webp\/sites\/60\/2026\/02\/mille-etoiles-bell-tents.jpg.webp 818w, https:\/\/prt.travelblox.eu\/wp-content\/smush-webp\/sites\/60\/2026\/02\/mille-etoiles-bell-tents-300x208.jpg.webp 300w, https:\/\/prt.travelblox.eu\/wp-content\/smush-webp\/sites\/60\/2026\/02\/mille-etoiles-bell-tents-768x533.jpg.webp 768w, https:\/\/prt.travelblox.eu\/wp-content\/smush-webp\/sites\/60\/2026\/02\/mille-etoiles-bell-tents-18x12.jpg.webp 18w' sizes=\"auto, (max-width: 818px) 100vw, 818px\" loading='lazy' decoding='async' data-smush-webp-fallback=\"{&quot;src&quot;:&quot;https:\\\/\\\/prt.travelblox.eu\\\/wp-content\\\/uploads\\\/sites\\\/60\\\/2026\\\/02\\\/mille-etoiles-bell-tents.jpg&quot;,&quot;srcset&quot;:&quot;https:\\\/\\\/prt.travelblox.eu\\\/wp-content\\\/uploads\\\/sites\\\/60\\\/2026\\\/02\\\/mille-etoiles-bell-tents.jpg 818w, https:\\\/\\\/prt.travelblox.eu\\\/wp-content\\\/uploads\\\/sites\\\/60\\\/2026\\\/02\\\/mille-etoiles-bell-tents-300x208.jpg 300w, https:\\\/\\\/prt.travelblox.eu\\\/wp-content\\\/uploads\\\/sites\\\/60\\\/2026\\\/02\\\/mille-etoiles-bell-tents-768x533.jpg 768w, https:\\\/\\\/prt.travelblox.eu\\\/wp-content\\\/uploads\\\/sites\\\/60\\\/2026\\\/02\\\/mille-etoiles-bell-tents-18x12.jpg 18w&quot;}\">\t\t\t\t\t\t\t\t\t\t\t\t\t\t\t\t\t\t\t\t\t\t\t\t\t<div class=\"price tiny-body-font desktop translation-block\"><p>Inbegrepen voor Early Birds<\/p><\/div>\t\t\t\t\t\t\t<\/div>\n\t\t\t\t\t\t\t<div class=\"tb-image-part mobile\">\n\t\t\t\t\t\t\t\t<img src='https:\/\/prt.travelblox.eu\/wp-content\/smush-webp\/sites\/60\/2026\/02\/mille-etoiles-bell-tents-768x533.jpg.webp' width='768' height='533' srcset='https:\/\/prt.travelblox.eu\/wp-content\/smush-webp\/sites\/60\/2026\/02\/mille-etoiles-bell-tents-768x533.jpg.webp 768w, https:\/\/prt.travelblox.eu\/wp-content\/smush-webp\/sites\/60\/2026\/02\/mille-etoiles-bell-tents-300x208.jpg.webp 300w, https:\/\/prt.travelblox.eu\/wp-content\/smush-webp\/sites\/60\/2026\/02\/mille-etoiles-bell-tents-18x12.jpg.webp 18w, https:\/\/prt.travelblox.eu\/wp-content\/smush-webp\/sites\/60\/2026\/02\/mille-etoiles-bell-tents.jpg.webp 818w' sizes=\"auto, (max-width: 768px) 100vw, 768px\" loading='lazy' decoding='async' data-smush-webp-fallback=\"{&quot;src&quot;:&quot;https:\\\/\\\/prt.travelblox.eu\\\/wp-content\\\/uploads\\\/sites\\\/60\\\/2026\\\/02\\\/mille-etoiles-bell-tents-768x533.jpg&quot;,&quot;srcset&quot;:&quot;https:\\\/\\\/prt.travelblox.eu\\\/wp-content\\\/uploads\\\/sites\\\/60\\\/2026\\\/02\\\/mille-etoiles-bell-tents-768x533.jpg 768w, https:\\\/\\\/prt.travelblox.eu\\\/wp-content\\\/uploads\\\/sites\\\/60\\\/2026\\\/02\\\/mille-etoiles-bell-tents-300x208.jpg 300w, https:\\\/\\\/prt.travelblox.eu\\\/wp-content\\\/uploads\\\/sites\\\/60\\\/2026\\\/02\\\/mille-etoiles-bell-tents-18x12.jpg 18w, https:\\\/\\\/prt.travelblox.eu\\\/wp-content\\\/uploads\\\/sites\\\/60\\\/2026\\\/02\\\/mille-etoiles-bell-tents.jpg 818w&quot;}\">\t\t\t\t\t\t\t\t\t\t\t\t\t\t\t<\/div>\n\t\t\t\t\t\t\t<div class=\"tb-card-content\">\n\t\t\t\t\t\t\t\t<h5>\n\t\t\t\t\t\t\t\t\t\t\t\t\t<i class=\"icon fa-solid fa-campground fa-fw\" aria-hidden=\"true\"><\/i>\n\t\t\t\t\t\t\t\t\t\t\t\t<span>Kampeermateriaal<\/span>\n\t\t\t\t\t\t\t\t<\/h5>\n\t\t\t\t\t\t\t\t\t\t\t\t\t\t\t\t\t<div class=\"price tiny-body-font mobile\"><p>Inbegrepen voor Early Birds<\/p><\/div>\t\t\t\t\t\t\t\t<div class=\"content readmore-content content--clamped\">\t<div class=\"translation-block\"><p>Voor de Early Birds is zowel de tipi op het basecamp inbegrepen als de tent, matje en slaapzak op de bivouac langs de rivier.<\/p><\/div>\n\t<\/div>\n\t\t\t\t\t\t\t\t\t\t\t\t\t\t\t\t<div class=\"readmore link js-readmore\">\n\t\t\t\t\t\t\t\t\t<span><i class=\"fa-solid fa-circle-plus\"><\/i><u>Lees meer<\/u><\/span>\n\t\t\t\t\t\t\t\t\t<span><i class=\"fa-solid fa-circle-minus\"><\/i><u>Lees minder<\/u><\/span>\n\t\t\t\t\t\t\t\t<\/div>\n\t\t\t\t\t\t\t\t\t\t\t\t\t\t\t\t<dialog class=\"tb-popup\">\n\t\t\t\t\t\t\t\t\t<div class=\"tb-highlights-popup\">\n\t\t\t\t\t\t\t\t\t\t<div class=\"tb-image-part\">\n\t\t\t\t\t\t\t\t\t\t\t<img src='https:\/\/prt.travelblox.eu\/wp-content\/smush-webp\/sites\/60\/2026\/02\/mille-etoiles-bell-tents-768x533.jpg.webp' width='768' height='533' srcset='https:\/\/prt.travelblox.eu\/wp-content\/smush-webp\/sites\/60\/2026\/02\/mille-etoiles-bell-tents-768x533.jpg.webp 768w, https:\/\/prt.travelblox.eu\/wp-content\/smush-webp\/sites\/60\/2026\/02\/mille-etoiles-bell-tents-300x208.jpg.webp 300w, https:\/\/prt.travelblox.eu\/wp-content\/smush-webp\/sites\/60\/2026\/02\/mille-etoiles-bell-tents-18x12.jpg.webp 18w, https:\/\/prt.travelblox.eu\/wp-content\/smush-webp\/sites\/60\/2026\/02\/mille-etoiles-bell-tents.jpg.webp 818w' sizes=\"auto, (max-width: 768px) 100vw, 768px\" loading='lazy' decoding='async' data-smush-webp-fallback=\"{&quot;src&quot;:&quot;https:\\\/\\\/prt.travelblox.eu\\\/wp-content\\\/uploads\\\/sites\\\/60\\\/2026\\\/02\\\/mille-etoiles-bell-tents-768x533.jpg&quot;,&quot;srcset&quot;:&quot;https:\\\/\\\/prt.travelblox.eu\\\/wp-content\\\/uploads\\\/sites\\\/60\\\/2026\\\/02\\\/mille-etoiles-bell-tents-768x533.jpg 768w, https:\\\/\\\/prt.travelblox.eu\\\/wp-content\\\/uploads\\\/sites\\\/60\\\/2026\\\/02\\\/mille-etoiles-bell-tents-300x208.jpg 300w, https:\\\/\\\/prt.travelblox.eu\\\/wp-content\\\/uploads\\\/sites\\\/60\\\/2026\\\/02\\\/mille-etoiles-bell-tents-18x12.jpg 18w, https:\\\/\\\/prt.travelblox.eu\\\/wp-content\\\/uploads\\\/sites\\\/60\\\/2026\\\/02\\\/mille-etoiles-bell-tents.jpg 818w&quot;}\">\t\t\t\t\t\t\t\t\t\t<\/div>\n\t\t\t\t\t\t\t\t\t\t<div class=\"tb-popup-content\">\n\t\t\t\t\t\t\t\t\t\t\t<h3>Kampeermateriaal<\/h3>\n\t\t\t\t\t\t\t\t\t\t\t<div class=\"content\">\t<div class=\"translation-block\"><p>Voor de Early Birds is zowel de tipi op het basecamp inbegrepen als de tent, matje en slaapzak op de bivouac langs de rivier.<\/p><\/div>\n\t<\/div>\n\t\t\t\t\t\t\t\t\t\t<\/div>\n\t\t\t\t\t\t\t\t\t<\/div>\n\t\t\t\t\t\t\t\t<\/dialog>\n\t\t\t\t\t\t\t<\/div>\n\t\t\t\t\t\t<\/div>\n\t\t\t\t\t\t\t\t\t\t\t\t\t<\/div>\n\t\t\t\t<div class=\"tb-carousel-nav\">\n\t\t<div class=\"dots\">\n\t\t\t<div class=\"dot active\"><\/div>\n\t\t\t<div class=\"dot\"><\/div>\n\t\t\t<div class=\"dot\"><\/div>\n\t\t<\/div>\n\t\t<div class=\"arrows\">\n\t\t\t<div class=\"prev disabled\">\n\t\t\t\t<span><i class=\"fa fa-chevron-left\"><\/i><\/span>\n\t\t\t<\/div>\n\t\t\t<div class=\"next\">\n\t\t\t\t<span><i class=\"fa fa-chevron-right\"><\/i><\/span>\n\t\t\t<\/div>\n\t\t<\/div>\n\t<\/div>\n\t\t\t<\/div>\n\t<\/div>\n\t\t\t\t\t\t\t\t\t\t\t\t\t\t\t\t\t\t<div class=\"inner-block-full-width has-tb-carousel tb-section\" id=\"opties-section-1\"style=\"display:none;\">\n\t\t<div class=\"tb-carousel-container\">\n\t\t\t<div class=\"entries tb-cards\" data-slider-first=\"1\">\n\t\t\t\t\t\t\t\t\t\t\t\t\t\t\t<div class=\"tb-card entry tb-popup-trigger desktop-only-popup\">\n\t\t\t\t\t\t\t<div class=\"tb-image-part desktop\">\n\t\t\t\t\t\t\t\t<img src='https:\/\/prt.travelblox.eu\/wp-content\/smush-webp\/sites\/60\/2025\/01\/PRT23_PieterMermans_LR-127-e1761303275737.jpg.webp' width='1082' height='840' srcset='https:\/\/prt.travelblox.eu\/wp-content\/smush-webp\/sites\/60\/2025\/01\/PRT23_PieterMermans_LR-127-e1761303275737.jpg.webp 1082w, https:\/\/prt.travelblox.eu\/wp-content\/smush-webp\/sites\/60\/2025\/01\/PRT23_PieterMermans_LR-127-e1761303275737-300x233.jpg.webp 300w, https:\/\/prt.travelblox.eu\/wp-content\/smush-webp\/sites\/60\/2025\/01\/PRT23_PieterMermans_LR-127-e1761303275737-1024x795.jpg.webp 1024w, https:\/\/prt.travelblox.eu\/wp-content\/smush-webp\/sites\/60\/2025\/01\/PRT23_PieterMermans_LR-127-e1761303275737-768x596.jpg.webp 768w, https:\/\/prt.travelblox.eu\/wp-content\/smush-webp\/sites\/60\/2025\/01\/PRT23_PieterMermans_LR-127-e1761303275737-15x12.jpg.webp 15w' sizes=\"auto, (max-width: 1082px) 100vw, 1082px\" loading='lazy' decoding='async' data-smush-webp-fallback=\"{&quot;src&quot;:&quot;https:\\\/\\\/prt.travelblox.eu\\\/wp-content\\\/uploads\\\/sites\\\/60\\\/2025\\\/01\\\/PRT23_PieterMermans_LR-127-e1761303275737.jpg&quot;,&quot;srcset&quot;:&quot;https:\\\/\\\/prt.travelblox.eu\\\/wp-content\\\/uploads\\\/sites\\\/60\\\/2025\\\/01\\\/PRT23_PieterMermans_LR-127-e1761303275737.jpg 1082w, https:\\\/\\\/prt.travelblox.eu\\\/wp-content\\\/uploads\\\/sites\\\/60\\\/2025\\\/01\\\/PRT23_PieterMermans_LR-127-e1761303275737-300x233.jpg 300w, https:\\\/\\\/prt.travelblox.eu\\\/wp-content\\\/uploads\\\/sites\\\/60\\\/2025\\\/01\\\/PRT23_PieterMermans_LR-127-e1761303275737-1024x795.jpg 1024w, https:\\\/\\\/prt.travelblox.eu\\\/wp-content\\\/uploads\\\/sites\\\/60\\\/2025\\\/01\\\/PRT23_PieterMermans_LR-127-e1761303275737-768x596.jpg 768w, https:\\\/\\\/prt.travelblox.eu\\\/wp-content\\\/uploads\\\/sites\\\/60\\\/2025\\\/01\\\/PRT23_PieterMermans_LR-127-e1761303275737-15x12.jpg 15w&quot;}\">\t\t\t\t\t\t\t\t\t\t\t\t\t\t\t\t\t\t\t\t\t\t\t\t\t<div class=\"price tiny-body-font desktop translation-block\"><p>\u20ac21<\/p><\/div>\t\t\t\t\t\t\t<\/div>\n\t\t\t\t\t\t\t<div class=\"tb-image-part mobile\">\n\t\t\t\t\t\t\t\t<img src='https:\/\/prt.travelblox.eu\/wp-content\/smush-webp\/sites\/60\/2025\/01\/PRT23_PieterMermans_LR-127-e1761303275737-768x596.jpg.webp' width='768' height='596' srcset='https:\/\/prt.travelblox.eu\/wp-content\/smush-webp\/sites\/60\/2025\/01\/PRT23_PieterMermans_LR-127-e1761303275737-768x596.jpg.webp 768w, https:\/\/prt.travelblox.eu\/wp-content\/smush-webp\/sites\/60\/2025\/01\/PRT23_PieterMermans_LR-127-e1761303275737-300x233.jpg.webp 300w, https:\/\/prt.travelblox.eu\/wp-content\/smush-webp\/sites\/60\/2025\/01\/PRT23_PieterMermans_LR-127-e1761303275737-1024x795.jpg.webp 1024w, https:\/\/prt.travelblox.eu\/wp-content\/smush-webp\/sites\/60\/2025\/01\/PRT23_PieterMermans_LR-127-e1761303275737-15x12.jpg.webp 15w, https:\/\/prt.travelblox.eu\/wp-content\/smush-webp\/sites\/60\/2025\/01\/PRT23_PieterMermans_LR-127-e1761303275737.jpg.webp 1082w' sizes=\"auto, (max-width: 768px) 100vw, 768px\" loading='lazy' decoding='async' data-smush-webp-fallback=\"{&quot;src&quot;:&quot;https:\\\/\\\/prt.travelblox.eu\\\/wp-content\\\/uploads\\\/sites\\\/60\\\/2025\\\/01\\\/PRT23_PieterMermans_LR-127-e1761303275737-768x596.jpg&quot;,&quot;srcset&quot;:&quot;https:\\\/\\\/prt.travelblox.eu\\\/wp-content\\\/uploads\\\/sites\\\/60\\\/2025\\\/01\\\/PRT23_PieterMermans_LR-127-e1761303275737-768x596.jpg 768w, https:\\\/\\\/prt.travelblox.eu\\\/wp-content\\\/uploads\\\/sites\\\/60\\\/2025\\\/01\\\/PRT23_PieterMermans_LR-127-e1761303275737-300x233.jpg 300w, https:\\\/\\\/prt.travelblox.eu\\\/wp-content\\\/uploads\\\/sites\\\/60\\\/2025\\\/01\\\/PRT23_PieterMermans_LR-127-e1761303275737-1024x795.jpg 1024w, https:\\\/\\\/prt.travelblox.eu\\\/wp-content\\\/uploads\\\/sites\\\/60\\\/2025\\\/01\\\/PRT23_PieterMermans_LR-127-e1761303275737-15x12.jpg 15w, https:\\\/\\\/prt.travelblox.eu\\\/wp-content\\\/uploads\\\/sites\\\/60\\\/2025\\\/01\\\/PRT23_PieterMermans_LR-127-e1761303275737.jpg 1082w&quot;}\">\t\t\t\t\t\t\t\t\t\t\t\t\t\t\t<\/div>\n\t\t\t\t\t\t\t<div class=\"tb-card-content\">\n\t\t\t\t\t\t\t\t<h5>\n\t\t\t\t\t\t\t\t\t\t\t\t\t\t\t\t\t\t<span>annuleringsverzekering<\/span>\n\t\t\t\t\t\t\t\t<\/h5>\n\t\t\t\t\t\t\t\t\t\t\t\t\t\t\t\t\t<div class=\"price tiny-body-font mobile\"><p>\u20ac21<\/p><\/div>\t\t\t\t\t\t\t\t<div class=\"content readmore-content content--clamped\">\t<div class=\"translation-block\"><p>Je kan onze annuleringsvoorwaarden <a href=\"https:\/\/admin.travelbase.eu\/u\/source\/MICRO\/Cancelation_policy\/NL_Flex_cancellation_policy_MICRO.pdf\" target=\"_blank\" rel=\"noopener\">hier<\/a> nalezen.<\/p><\/div>\n\t<\/div>\n\t\t\t\t\t\t\t\t\t\t\t\t\t\t\t\t<div class=\"readmore link js-readmore\">\n\t\t\t\t\t\t\t\t\t<span><i class=\"fa-solid fa-circle-plus\"><\/i><u>Lees meer<\/u><\/span>\n\t\t\t\t\t\t\t\t\t<span><i class=\"fa-solid fa-circle-minus\"><\/i><u>Lees minder<\/u><\/span>\n\t\t\t\t\t\t\t\t<\/div>\n\t\t\t\t\t\t\t\t\t\t\t\t\t\t\t\t<dialog class=\"tb-popup\">\n\t\t\t\t\t\t\t\t\t<div class=\"tb-highlights-popup\">\n\t\t\t\t\t\t\t\t\t\t<div class=\"tb-image-part\">\n\t\t\t\t\t\t\t\t\t\t\t<img src='https:\/\/prt.travelblox.eu\/wp-content\/smush-webp\/sites\/60\/2025\/01\/PRT23_PieterMermans_LR-127-e1761303275737-768x596.jpg.webp' width='768' height='596' srcset='https:\/\/prt.travelblox.eu\/wp-content\/smush-webp\/sites\/60\/2025\/01\/PRT23_PieterMermans_LR-127-e1761303275737-768x596.jpg.webp 768w, https:\/\/prt.travelblox.eu\/wp-content\/smush-webp\/sites\/60\/2025\/01\/PRT23_PieterMermans_LR-127-e1761303275737-300x233.jpg.webp 300w, https:\/\/prt.travelblox.eu\/wp-content\/smush-webp\/sites\/60\/2025\/01\/PRT23_PieterMermans_LR-127-e1761303275737-1024x795.jpg.webp 1024w, https:\/\/prt.travelblox.eu\/wp-content\/smush-webp\/sites\/60\/2025\/01\/PRT23_PieterMermans_LR-127-e1761303275737-15x12.jpg.webp 15w, https:\/\/prt.travelblox.eu\/wp-content\/smush-webp\/sites\/60\/2025\/01\/PRT23_PieterMermans_LR-127-e1761303275737.jpg.webp 1082w' sizes=\"auto, (max-width: 768px) 100vw, 768px\" loading='lazy' decoding='async' data-smush-webp-fallback=\"{&quot;src&quot;:&quot;https:\\\/\\\/prt.travelblox.eu\\\/wp-content\\\/uploads\\\/sites\\\/60\\\/2025\\\/01\\\/PRT23_PieterMermans_LR-127-e1761303275737-768x596.jpg&quot;,&quot;srcset&quot;:&quot;https:\\\/\\\/prt.travelblox.eu\\\/wp-content\\\/uploads\\\/sites\\\/60\\\/2025\\\/01\\\/PRT23_PieterMermans_LR-127-e1761303275737-768x596.jpg 768w, https:\\\/\\\/prt.travelblox.eu\\\/wp-content\\\/uploads\\\/sites\\\/60\\\/2025\\\/01\\\/PRT23_PieterMermans_LR-127-e1761303275737-300x233.jpg 300w, https:\\\/\\\/prt.travelblox.eu\\\/wp-content\\\/uploads\\\/sites\\\/60\\\/2025\\\/01\\\/PRT23_PieterMermans_LR-127-e1761303275737-1024x795.jpg 1024w, https:\\\/\\\/prt.travelblox.eu\\\/wp-content\\\/uploads\\\/sites\\\/60\\\/2025\\\/01\\\/PRT23_PieterMermans_LR-127-e1761303275737-15x12.jpg 15w, https:\\\/\\\/prt.travelblox.eu\\\/wp-content\\\/uploads\\\/sites\\\/60\\\/2025\\\/01\\\/PRT23_PieterMermans_LR-127-e1761303275737.jpg 1082w&quot;}\">\t\t\t\t\t\t\t\t\t\t<\/div>\n\t\t\t\t\t\t\t\t\t\t<div class=\"tb-popup-content\">\n\t\t\t\t\t\t\t\t\t\t\t<h3>annuleringsverzekering<\/h3>\n\t\t\t\t\t\t\t\t\t\t\t<div class=\"content\">\t<div class=\"translation-block\"><p>Je kan onze annuleringsvoorwaarden <a href=\"https:\/\/admin.travelbase.eu\/u\/source\/MICRO\/Cancelation_policy\/NL_Flex_cancellation_policy_MICRO.pdf\" target=\"_blank\" rel=\"noopener\">hier<\/a> nalezen.<\/p><\/div>\n\t<\/div>\n\t\t\t\t\t\t\t\t\t\t<\/div>\n\t\t\t\t\t\t\t\t\t<\/div>\n\t\t\t\t\t\t\t\t<\/dialog>\n\t\t\t\t\t\t\t<\/div>\n\t\t\t\t\t\t<\/div>\n\t\t\t\t\t\t\t\t\t\t\t\t\t<\/div>\n\t\t\t\t<div class=\"tb-carousel-nav\">\n\t\t<div class=\"dots\">\n\t\t\t<div class=\"dot active\"><\/div>\n\t\t\t<div class=\"dot\"><\/div>\n\t\t\t<div class=\"dot\"><\/div>\n\t\t<\/div>\n\t\t<div class=\"arrows\">\n\t\t\t<div class=\"prev disabled\">\n\t\t\t\t<span><i class=\"fa fa-chevron-left\"><\/i><\/span>\n\t\t\t<\/div>\n\t\t\t<div class=\"next\">\n\t\t\t\t<span><i class=\"fa fa-chevron-right\"><\/i><\/span>\n\t\t\t<\/div>\n\t\t<\/div>\n\t<\/div>\n\t\t\t<\/div>\n\t<\/div>\n\t\t\t\t\t\t\t\t\t\t<\/div>\n\t\t<\/div>\n\n\n    <div class=\" tb-calendarv2 tb-block align-center background-light pattern-none variant-none tb-collapsible-margins\" id=\"join\" data-field-packages='[{&quot;package_id&quot;:&quot;PRT-BB&quot;,&quot;prereg_url&quot;:&quot;&quot;,&quot;package_summary_content&quot;:&quot;Om je inschrijving te bevestigen, betaal je binnen de 5 dagen een voorschot van 50% van de totaalprijs.&quot;,&quot;package_summary_inclusive&quot;:[{&quot;sub_remark&quot;:&quot;Packraft per persoon, 4-delige peddel, een opblaaszak, een reddingsvest&quot;,&quot;rowid&quot;:&quot;685ad88250d00&quot;},{&quot;sub_remark&quot;:&quot;Rugzak waarin je je uitrusting en enkele persoonlijke spullen kunt meenemen&quot;,&quot;rowid&quot;:&quot;685ad88250d1e&quot;},{&quot;sub_remark&quot;:&quot;Instructies van onze rangers en assistentie indien nodig&quot;,&quot;rowid&quot;:&quot;685ad88250d3a&quot;},{&quot;sub_remark&quot;:&quot;Papieren kaart en begeleidingsapp met handige informatie&quot;,&quot;rowid&quot;:&quot;685ad88250d57&quot;},{&quot;sub_remark&quot;:&quot; Een nacht kamperen op onze basecamp + ontbijt&quot;,&quot;rowid&quot;:&quot;685ad88250d72&quot;}],&quot;rowid&quot;:&quot;685ad88250d8a&quot;}]' data-package-ids='[\"PRT-BB\"]' data-brands='[{&quot;type&quot;:&quot;brands&quot;,&quot;id&quot;:&quot;65&quot;,&quot;attributes&quot;:{&quot;name&quot;:&quot;The Packraft Trail&quot;,&quot;translatableName&quot;:{&quot;de&quot;:&quot;Der Packraft Trail&quot;,&quot;en&quot;:&quot;The Packraft Trail&quot;,&quot;fr&quot;:&quot;Le Packraft Trail&quot;,&quot;nl&quot;:&quot;The Packraft Trail&quot;}}}]' data-language='nl' data-allow-collapse-consecutive-sold-out-items='1' data-show-prereg-items='1' data-show-participants='0' data-show-departure-hours='0' data-no-participants-title=\"Nog geen deelnemers\" data-no-participants-text=\"De deelnemers van deze reis zijn nog niet bekend.\" data-sold-out-cta=\"\" data-default-group-size=\"\" data-show-months-toggle=\"1\" data-show-waiting-list-buttons=\"1\" data-show-price-toggle=\"1\" data-show-quote-request=\"1\" data-sort-filter-options-by-az-order='0' data-launch-unfiltered='0' data-merge-duplicate-filters='0'>\n        <div class=\"inner-block tb-fade-in tb-fade-in--subtle\">\n            <div class=\"text-part tb-fade-in tb-fade-in--subtle\">\n                                    <h2>Plan je Packraft Trail<\/h2>\n                                                    \t<div class=\"translation-block\"><p>Wil jij in 2026 packraften in de Biesbosch? Claim nu jouw raft!<\/p><\/div>\n\t                                                    <div class=\"tb-buttons-part\">\n                                                                            \t\t<a href=\"https:\/\/booking.travelbase.eu\/prt26-bb\/book\"  target=\"\" class=\"tb-button\">\n\t\t\tBoek nu!\t\t<\/a>\n\t\t                                                                                                                                        <a href=\"https:\/\/booking.travelbase.eu\/prt26-bb\/offer\" class=\"tb-buttonlink tb-quote-request\" target=\"_blank\"><span>Vraag een offerte aan<\/span><\/a>\n                                                                                                                                                        <\/div>\n                            <\/div>\n\n            \n            \n<div class=\"tb-skeleton tb-skeleton--calendar-v2 tb-skeleton--inactive\">\n    <!-- <div class=\"section-toggler section-toggler--small tb-skeleton__border tb-skeleton__disabled\">\n        <div class=\"section-toggler__inner\">\n            <div class=\"section-toggler__toggle-wrapper\">\n                <div class=\"section-toggler__toggles\">\n                    <input type=\"radio\" name=\"2025\" checked>\n                    <label class=\"tb-skeleton__background tb-skeleton__border\" for=\"\"><span class=\"tb-skeleton__bone\"><span class=\"tb-skeleton__invisible-text\">2025<\/span><\/span><\/label>\n                    <input type=\"radio\" name=\"2026\">\n                    <label class=\"tb-skeleton__border\" for=\"\"><span class=\"tb-skeleton__bone\"><span class=\"tb-skeleton__invisible-text\">2026<\/span><\/span><\/label>\n                <\/div>\n            <\/div>\n        <\/div>\n    <\/div> -->\n    <div class=\"tb-calendar-v2__year\" id=\"year-section-0\">\n        <div class=\"tb-block\">\n            <div class=\"section-toggler section-toggler--fake section-toggler--blocks tb-skeleton__border tb-skeleton__disabled\">\n                <div class=\"section-toggler__inner\">\n                    <div class=\"section-toggler__toggle-wrapper\">\n                        <div class=\"section-toggler__toggles\">\n                            <input type=\"radio\" name=\"Jan\" checked>\n                            <label class=\"tb-skeleton__background tb-skeleton__border\" for=\"\"><span class=\"tb-skeleton__bone\"><span class=\"tb-skeleton__invisible-text\">Jan<\/span><\/span><\/label>\n                            <input type=\"radio\" name=\"Feb\">\n                            <label class=\"tb-skeleton__border\" for=\"\"><span class=\"tb-skeleton__bone\"><span class=\"tb-skeleton__invisible-text\">Feb<\/span><\/span><\/label>\n                            <input type=\"radio\" name=\"Mar\">\n                            <label class=\"tb-skeleton__border\" for=\"\"><span class=\"tb-skeleton__bone\"><span class=\"tb-skeleton__invisible-text\">Mar<\/span><\/span><\/label>\n                            <input type=\"radio\" name=\"Apr\">\n                            <label class=\"tb-skeleton__border\" for=\"\"><span class=\"tb-skeleton__bone\"><span class=\"tb-skeleton__invisible-text\">Apr<\/span><\/span><\/label>\n                            <input type=\"radio\" name=\"May\">\n                            <label class=\"tb-skeleton__border\" for=\"\"><span class=\"tb-skeleton__bone\"><span class=\"tb-skeleton__invisible-text\">May<\/span><\/span><\/label>\n                        <\/div>\n                    <\/div>\n                <\/div>\n            <\/div>\n            <div class=\"tb-calendar-v2__month\" id=\"year-0-month-section-0\">\n                <ul class=\" tb-calendar-v2__departures\">\n                                            <li class=\"tb-calendar-v2__departure tb-calendar-v2-departure tb-skeleton__border\" data-availability=\"free\">\n                            <div class=\"tb-calendar-v2-departure__essential\">\n                                <div class=\"tb-calendar-v2-departure__first-part\">\n                                    <div class=\"tb-calendar-v2-departure__destination desktop-only\">\n                                        <span class=\"tb-skeleton__bone\"><span class=\"tb-skeleton__invisible-text\"><strong>Example trip<\/strong><\/span><\/span>\n                                    <\/div>\n                                    <div class=\"tb-calendar-v2-departure__dates\">\n                                        <div class=\"tb-calendar-v2-departure__startdate \">\n                                            <span class=\"tb-skeleton__bone\"><span class=\"tb-skeleton__invisible-text\">Monday<\/span><\/span>\n                                            <span class=\"tb-skeleton__bone\"><span class=\"tb-skeleton__invisible-text\"><strong>20 Jan 2025<\/strong><\/span><\/span>\n                                        <\/div>\n                                        <span class=\"tb-skeleton__bone\"><span class=\"tb-skeleton__invisible-text\"><i class=\"fa-solid fa-arrow-right\"><\/i><\/span><\/span>\n                                        <div class=\"tb-calendar-v2-departure__enddate\">\n                                            <span class=\"tb-skeleton__bone\"><span class=\"tb-skeleton__invisible-text\">Sunday<\/span><\/span>\n                                            <span class=\"tb-skeleton__bone\"><span class=\"tb-skeleton__invisible-text\"><strong>26 Jan 2025<\/strong><\/span><\/span>\n                                        <\/div>\n                                    <\/div>\n                                    <div class=\"tb-calendar-v2-departure__divider desktop-only tb-skeleton__bone\"><\/div>\n                                    <div class=\"tb-calendar-v2-departure__availability desktop-only\" data-availability=\"free\"><strong>\n                                            <span class=\"tb-skeleton__bone\"><span class=\"tb-skeleton__invisible-text\">Beschikbaar<\/span><\/span>\n                                        <\/strong><\/div>\n                                    <div class=\"tb-calendar-v2-departure__spots desktop-only\">\n                                        <span class=\"tb-skeleton__bone\"><span class=\"tb-skeleton__invisible-text\">\n                                                                                             <\/span><\/span>\n                                    <\/div>\n                                <\/div>\n                                <div class=\"tb-calendar-v2-departure__last-part\">\n                                    <div class=\"tb-calendar-v2-departure__price\"><span class=\"tb-skeleton__bone\"><span class=\"tb-skeleton__invisible-text\"><strong>\u20ac 1450<\/strong><\/span><\/span><\/div>\n                                    <div class=\"tb-calendar-v2-departure__availability mobile-only\" data-availability=\"free\">\n                                        <strong>\n                                            <span class=\"tb-skeleton__bone\"><span class=\"tb-skeleton__invisible-text\">Beschikbaar<\/span><\/span>\n                                        <\/strong>\n                                    <\/div>\n                                    <div class=\"tb-calendar-v2-departure__expand-button tb-skeleton__disabled desktop-only\" disabled>\n                                        <span class=\"tb-skeleton__bone\"><span class=\"tb-skeleton__invisible-text\"><i class=\"fa-solid fa-chevron-down\"><\/i><\/span><\/span>\n                                    <\/div>\n                                <\/div>\n                            <\/div>\n                            <div class=\"tb-calendar-v2-departure__divider mobile-only tb-skeleton__bone\"><\/div>\n                            <div class=\"tb-calendar-v2-departure__expand-button mobile-only tb-skeleton__disabled\" disabled>\n                                <span class=\"tb-skeleton__bone\"><span class=\"tb-skeleton__invisible-text\"><span class=\"more-info\">Meer info<\/span> <span class=\"less-info\">Minder info<\/span> <i class=\"fa-solid fa-chevron-down\"><\/i><\/span><\/span>\n                            <\/div>\n                        <\/li>\n                                            <li class=\"tb-calendar-v2__departure tb-calendar-v2-departure tb-skeleton__border\" data-availability=\"free\">\n                            <div class=\"tb-calendar-v2-departure__essential\">\n                                <div class=\"tb-calendar-v2-departure__first-part\">\n                                    <div class=\"tb-calendar-v2-departure__destination desktop-only\">\n                                        <span class=\"tb-skeleton__bone\"><span class=\"tb-skeleton__invisible-text\"><strong>Example trip<\/strong><\/span><\/span>\n                                    <\/div>\n                                    <div class=\"tb-calendar-v2-departure__dates\">\n                                        <div class=\"tb-calendar-v2-departure__startdate \">\n                                            <span class=\"tb-skeleton__bone\"><span class=\"tb-skeleton__invisible-text\">Monday<\/span><\/span>\n                                            <span class=\"tb-skeleton__bone\"><span class=\"tb-skeleton__invisible-text\"><strong>20 Jan 2025<\/strong><\/span><\/span>\n                                        <\/div>\n                                        <span class=\"tb-skeleton__bone\"><span class=\"tb-skeleton__invisible-text\"><i class=\"fa-solid fa-arrow-right\"><\/i><\/span><\/span>\n                                        <div class=\"tb-calendar-v2-departure__enddate\">\n                                            <span class=\"tb-skeleton__bone\"><span class=\"tb-skeleton__invisible-text\">Sunday<\/span><\/span>\n                                            <span class=\"tb-skeleton__bone\"><span class=\"tb-skeleton__invisible-text\"><strong>26 Jan 2025<\/strong><\/span><\/span>\n                                        <\/div>\n                                    <\/div>\n                                    <div class=\"tb-calendar-v2-departure__divider desktop-only tb-skeleton__bone\"><\/div>\n                                    <div class=\"tb-calendar-v2-departure__availability desktop-only\" data-availability=\"free\"><strong>\n                                            <span class=\"tb-skeleton__bone\"><span class=\"tb-skeleton__invisible-text\">Beschikbaar<\/span><\/span>\n                                        <\/strong><\/div>\n                                    <div class=\"tb-calendar-v2-departure__spots desktop-only\">\n                                        <span class=\"tb-skeleton__bone\"><span class=\"tb-skeleton__invisible-text\">\n                                                                                             <\/span><\/span>\n                                    <\/div>\n                                <\/div>\n                                <div class=\"tb-calendar-v2-departure__last-part\">\n                                    <div class=\"tb-calendar-v2-departure__price\"><span class=\"tb-skeleton__bone\"><span class=\"tb-skeleton__invisible-text\"><strong>\u20ac 1450<\/strong><\/span><\/span><\/div>\n                                    <div class=\"tb-calendar-v2-departure__availability mobile-only\" data-availability=\"free\">\n                                        <strong>\n                                            <span class=\"tb-skeleton__bone\"><span class=\"tb-skeleton__invisible-text\">Beschikbaar<\/span><\/span>\n                                        <\/strong>\n                                    <\/div>\n                                    <div class=\"tb-calendar-v2-departure__expand-button tb-skeleton__disabled desktop-only\" disabled>\n                                        <span class=\"tb-skeleton__bone\"><span class=\"tb-skeleton__invisible-text\"><i class=\"fa-solid fa-chevron-down\"><\/i><\/span><\/span>\n                                    <\/div>\n                                <\/div>\n                            <\/div>\n                            <div class=\"tb-calendar-v2-departure__divider mobile-only tb-skeleton__bone\"><\/div>\n                            <div class=\"tb-calendar-v2-departure__expand-button mobile-only tb-skeleton__disabled\" disabled>\n                                <span class=\"tb-skeleton__bone\"><span class=\"tb-skeleton__invisible-text\"><span class=\"more-info\">Meer info<\/span> <span class=\"less-info\">Minder info<\/span> <i class=\"fa-solid fa-chevron-down\"><\/i><\/span><\/span>\n                            <\/div>\n                        <\/li>\n                                            <li class=\"tb-calendar-v2__departure tb-calendar-v2-departure tb-skeleton__border\" data-availability=\"free\">\n                            <div class=\"tb-calendar-v2-departure__essential\">\n                                <div class=\"tb-calendar-v2-departure__first-part\">\n                                    <div class=\"tb-calendar-v2-departure__destination desktop-only\">\n                                        <span class=\"tb-skeleton__bone\"><span class=\"tb-skeleton__invisible-text\"><strong>Example trip<\/strong><\/span><\/span>\n                                    <\/div>\n                                    <div class=\"tb-calendar-v2-departure__dates\">\n                                        <div class=\"tb-calendar-v2-departure__startdate \">\n                                            <span class=\"tb-skeleton__bone\"><span class=\"tb-skeleton__invisible-text\">Monday<\/span><\/span>\n                                            <span class=\"tb-skeleton__bone\"><span class=\"tb-skeleton__invisible-text\"><strong>20 Jan 2025<\/strong><\/span><\/span>\n                                        <\/div>\n                                        <span class=\"tb-skeleton__bone\"><span class=\"tb-skeleton__invisible-text\"><i class=\"fa-solid fa-arrow-right\"><\/i><\/span><\/span>\n                                        <div class=\"tb-calendar-v2-departure__enddate\">\n                                            <span class=\"tb-skeleton__bone\"><span class=\"tb-skeleton__invisible-text\">Sunday<\/span><\/span>\n                                            <span class=\"tb-skeleton__bone\"><span class=\"tb-skeleton__invisible-text\"><strong>26 Jan 2025<\/strong><\/span><\/span>\n                                        <\/div>\n                                    <\/div>\n                                    <div class=\"tb-calendar-v2-departure__divider desktop-only tb-skeleton__bone\"><\/div>\n                                    <div class=\"tb-calendar-v2-departure__availability desktop-only\" data-availability=\"free\"><strong>\n                                            <span class=\"tb-skeleton__bone\"><span class=\"tb-skeleton__invisible-text\">Beschikbaar<\/span><\/span>\n                                        <\/strong><\/div>\n                                    <div class=\"tb-calendar-v2-departure__spots desktop-only\">\n                                        <span class=\"tb-skeleton__bone\"><span class=\"tb-skeleton__invisible-text\">\n                                                                                             <\/span><\/span>\n                                    <\/div>\n                                <\/div>\n                                <div class=\"tb-calendar-v2-departure__last-part\">\n                                    <div class=\"tb-calendar-v2-departure__price\"><span class=\"tb-skeleton__bone\"><span class=\"tb-skeleton__invisible-text\"><strong>\u20ac 1450<\/strong><\/span><\/span><\/div>\n                                    <div class=\"tb-calendar-v2-departure__availability mobile-only\" data-availability=\"free\">\n                                        <strong>\n                                            <span class=\"tb-skeleton__bone\"><span class=\"tb-skeleton__invisible-text\">Beschikbaar<\/span><\/span>\n                                        <\/strong>\n                                    <\/div>\n                                    <div class=\"tb-calendar-v2-departure__expand-button tb-skeleton__disabled desktop-only\" disabled>\n                                        <span class=\"tb-skeleton__bone\"><span class=\"tb-skeleton__invisible-text\"><i class=\"fa-solid fa-chevron-down\"><\/i><\/span><\/span>\n                                    <\/div>\n                                <\/div>\n                            <\/div>\n                            <div class=\"tb-calendar-v2-departure__divider mobile-only tb-skeleton__bone\"><\/div>\n                            <div class=\"tb-calendar-v2-departure__expand-button mobile-only tb-skeleton__disabled\" disabled>\n                                <span class=\"tb-skeleton__bone\"><span class=\"tb-skeleton__invisible-text\"><span class=\"more-info\">Meer info<\/span> <span class=\"less-info\">Minder info<\/span> <i class=\"fa-solid fa-chevron-down\"><\/i><\/span><\/span>\n                            <\/div>\n                        <\/li>\n                                            <li class=\"tb-calendar-v2__departure tb-calendar-v2-departure tb-skeleton__border\" data-availability=\"free\">\n                            <div class=\"tb-calendar-v2-departure__essential\">\n                                <div class=\"tb-calendar-v2-departure__first-part\">\n                                    <div class=\"tb-calendar-v2-departure__destination desktop-only\">\n                                        <span class=\"tb-skeleton__bone\"><span class=\"tb-skeleton__invisible-text\"><strong>Example trip<\/strong><\/span><\/span>\n                                    <\/div>\n                                    <div class=\"tb-calendar-v2-departure__dates\">\n                                        <div class=\"tb-calendar-v2-departure__startdate \">\n                                            <span class=\"tb-skeleton__bone\"><span class=\"tb-skeleton__invisible-text\">Monday<\/span><\/span>\n                                            <span class=\"tb-skeleton__bone\"><span class=\"tb-skeleton__invisible-text\"><strong>20 Jan 2025<\/strong><\/span><\/span>\n                                        <\/div>\n                                        <span class=\"tb-skeleton__bone\"><span class=\"tb-skeleton__invisible-text\"><i class=\"fa-solid fa-arrow-right\"><\/i><\/span><\/span>\n                                        <div class=\"tb-calendar-v2-departure__enddate\">\n                                            <span class=\"tb-skeleton__bone\"><span class=\"tb-skeleton__invisible-text\">Sunday<\/span><\/span>\n                                            <span class=\"tb-skeleton__bone\"><span class=\"tb-skeleton__invisible-text\"><strong>26 Jan 2025<\/strong><\/span><\/span>\n                                        <\/div>\n                                    <\/div>\n                                    <div class=\"tb-calendar-v2-departure__divider desktop-only tb-skeleton__bone\"><\/div>\n                                    <div class=\"tb-calendar-v2-departure__availability desktop-only\" data-availability=\"free\"><strong>\n                                            <span class=\"tb-skeleton__bone\"><span class=\"tb-skeleton__invisible-text\">Beschikbaar<\/span><\/span>\n                                        <\/strong><\/div>\n                                    <div class=\"tb-calendar-v2-departure__spots desktop-only\">\n                                        <span class=\"tb-skeleton__bone\"><span class=\"tb-skeleton__invisible-text\">\n                                                                                             <\/span><\/span>\n                                    <\/div>\n                                <\/div>\n                                <div class=\"tb-calendar-v2-departure__last-part\">\n                                    <div class=\"tb-calendar-v2-departure__price\"><span class=\"tb-skeleton__bone\"><span class=\"tb-skeleton__invisible-text\"><strong>\u20ac 1450<\/strong><\/span><\/span><\/div>\n                                    <div class=\"tb-calendar-v2-departure__availability mobile-only\" data-availability=\"free\">\n                                        <strong>\n                                            <span class=\"tb-skeleton__bone\"><span class=\"tb-skeleton__invisible-text\">Beschikbaar<\/span><\/span>\n                                        <\/strong>\n                                    <\/div>\n                                    <div class=\"tb-calendar-v2-departure__expand-button tb-skeleton__disabled desktop-only\" disabled>\n                                        <span class=\"tb-skeleton__bone\"><span class=\"tb-skeleton__invisible-text\"><i class=\"fa-solid fa-chevron-down\"><\/i><\/span><\/span>\n                                    <\/div>\n                                <\/div>\n                            <\/div>\n                            <div class=\"tb-calendar-v2-departure__divider mobile-only tb-skeleton__bone\"><\/div>\n                            <div class=\"tb-calendar-v2-departure__expand-button mobile-only tb-skeleton__disabled\" disabled>\n                                <span class=\"tb-skeleton__bone\"><span class=\"tb-skeleton__invisible-text\"><span class=\"more-info\">Meer info<\/span> <span class=\"less-info\">Minder info<\/span> <i class=\"fa-solid fa-chevron-down\"><\/i><\/span><\/span>\n                            <\/div>\n                        <\/li>\n                                            <li class=\"tb-calendar-v2__departure tb-calendar-v2-departure tb-skeleton__border\" data-availability=\"free\">\n                            <div class=\"tb-calendar-v2-departure__essential\">\n                                <div class=\"tb-calendar-v2-departure__first-part\">\n                                    <div class=\"tb-calendar-v2-departure__destination desktop-only\">\n                                        <span class=\"tb-skeleton__bone\"><span class=\"tb-skeleton__invisible-text\"><strong>Example trip<\/strong><\/span><\/span>\n                                    <\/div>\n                                    <div class=\"tb-calendar-v2-departure__dates\">\n                                        <div class=\"tb-calendar-v2-departure__startdate \">\n                                            <span class=\"tb-skeleton__bone\"><span class=\"tb-skeleton__invisible-text\">Monday<\/span><\/span>\n                                            <span class=\"tb-skeleton__bone\"><span class=\"tb-skeleton__invisible-text\"><strong>20 Jan 2025<\/strong><\/span><\/span>\n                                        <\/div>\n                                        <span class=\"tb-skeleton__bone\"><span class=\"tb-skeleton__invisible-text\"><i class=\"fa-solid fa-arrow-right\"><\/i><\/span><\/span>\n                                        <div class=\"tb-calendar-v2-departure__enddate\">\n                                            <span class=\"tb-skeleton__bone\"><span class=\"tb-skeleton__invisible-text\">Sunday<\/span><\/span>\n                                            <span class=\"tb-skeleton__bone\"><span class=\"tb-skeleton__invisible-text\"><strong>26 Jan 2025<\/strong><\/span><\/span>\n                                        <\/div>\n                                    <\/div>\n                                    <div class=\"tb-calendar-v2-departure__divider desktop-only tb-skeleton__bone\"><\/div>\n                                    <div class=\"tb-calendar-v2-departure__availability desktop-only\" data-availability=\"free\"><strong>\n                                            <span class=\"tb-skeleton__bone\"><span class=\"tb-skeleton__invisible-text\">Beschikbaar<\/span><\/span>\n                                        <\/strong><\/div>\n                                    <div class=\"tb-calendar-v2-departure__spots desktop-only\">\n                                        <span class=\"tb-skeleton__bone\"><span class=\"tb-skeleton__invisible-text\">\n                                                                                             <\/span><\/span>\n                                    <\/div>\n                                <\/div>\n                                <div class=\"tb-calendar-v2-departure__last-part\">\n                                    <div class=\"tb-calendar-v2-departure__price\"><span class=\"tb-skeleton__bone\"><span class=\"tb-skeleton__invisible-text\"><strong>\u20ac 1450<\/strong><\/span><\/span><\/div>\n                                    <div class=\"tb-calendar-v2-departure__availability mobile-only\" data-availability=\"free\">\n                                        <strong>\n                                            <span class=\"tb-skeleton__bone\"><span class=\"tb-skeleton__invisible-text\">Beschikbaar<\/span><\/span>\n                                        <\/strong>\n                                    <\/div>\n                                    <div class=\"tb-calendar-v2-departure__expand-button tb-skeleton__disabled desktop-only\" disabled>\n                                        <span class=\"tb-skeleton__bone\"><span class=\"tb-skeleton__invisible-text\"><i class=\"fa-solid fa-chevron-down\"><\/i><\/span><\/span>\n                                    <\/div>\n                                <\/div>\n                            <\/div>\n                            <div class=\"tb-calendar-v2-departure__divider mobile-only tb-skeleton__bone\"><\/div>\n                            <div class=\"tb-calendar-v2-departure__expand-button mobile-only tb-skeleton__disabled\" disabled>\n                                <span class=\"tb-skeleton__bone\"><span class=\"tb-skeleton__invisible-text\"><span class=\"more-info\">Meer info<\/span> <span class=\"less-info\">Minder info<\/span> <i class=\"fa-solid fa-chevron-down\"><\/i><\/span><\/span>\n                            <\/div>\n                        <\/li>\n                                            <li class=\"tb-calendar-v2__departure tb-calendar-v2-departure tb-skeleton__border\" data-availability=\"free\">\n                            <div class=\"tb-calendar-v2-departure__essential\">\n                                <div class=\"tb-calendar-v2-departure__first-part\">\n                                    <div class=\"tb-calendar-v2-departure__destination desktop-only\">\n                                        <span class=\"tb-skeleton__bone\"><span class=\"tb-skeleton__invisible-text\"><strong>Example trip<\/strong><\/span><\/span>\n                                    <\/div>\n                                    <div class=\"tb-calendar-v2-departure__dates\">\n                                        <div class=\"tb-calendar-v2-departure__startdate \">\n                                            <span class=\"tb-skeleton__bone\"><span class=\"tb-skeleton__invisible-text\">Monday<\/span><\/span>\n                                            <span class=\"tb-skeleton__bone\"><span class=\"tb-skeleton__invisible-text\"><strong>20 Jan 2025<\/strong><\/span><\/span>\n                                        <\/div>\n                                        <span class=\"tb-skeleton__bone\"><span class=\"tb-skeleton__invisible-text\"><i class=\"fa-solid fa-arrow-right\"><\/i><\/span><\/span>\n                                        <div class=\"tb-calendar-v2-departure__enddate\">\n                                            <span class=\"tb-skeleton__bone\"><span class=\"tb-skeleton__invisible-text\">Sunday<\/span><\/span>\n                                            <span class=\"tb-skeleton__bone\"><span class=\"tb-skeleton__invisible-text\"><strong>26 Jan 2025<\/strong><\/span><\/span>\n                                        <\/div>\n                                    <\/div>\n                                    <div class=\"tb-calendar-v2-departure__divider desktop-only tb-skeleton__bone\"><\/div>\n                                    <div class=\"tb-calendar-v2-departure__availability desktop-only\" data-availability=\"free\"><strong>\n                                            <span class=\"tb-skeleton__bone\"><span class=\"tb-skeleton__invisible-text\">Beschikbaar<\/span><\/span>\n                                        <\/strong><\/div>\n                                    <div class=\"tb-calendar-v2-departure__spots desktop-only\">\n                                        <span class=\"tb-skeleton__bone\"><span class=\"tb-skeleton__invisible-text\">\n                                                                                             <\/span><\/span>\n                                    <\/div>\n                                <\/div>\n                                <div class=\"tb-calendar-v2-departure__last-part\">\n                                    <div class=\"tb-calendar-v2-departure__price\"><span class=\"tb-skeleton__bone\"><span class=\"tb-skeleton__invisible-text\"><strong>\u20ac 1450<\/strong><\/span><\/span><\/div>\n                                    <div class=\"tb-calendar-v2-departure__availability mobile-only\" data-availability=\"free\">\n                                        <strong>\n                                            <span class=\"tb-skeleton__bone\"><span class=\"tb-skeleton__invisible-text\">Beschikbaar<\/span><\/span>\n                                        <\/strong>\n                                    <\/div>\n                                    <div class=\"tb-calendar-v2-departure__expand-button tb-skeleton__disabled desktop-only\" disabled>\n                                        <span class=\"tb-skeleton__bone\"><span class=\"tb-skeleton__invisible-text\"><i class=\"fa-solid fa-chevron-down\"><\/i><\/span><\/span>\n                                    <\/div>\n                                <\/div>\n                            <\/div>\n                            <div class=\"tb-calendar-v2-departure__divider mobile-only tb-skeleton__bone\"><\/div>\n                            <div class=\"tb-calendar-v2-departure__expand-button mobile-only tb-skeleton__disabled\" disabled>\n                                <span class=\"tb-skeleton__bone\"><span class=\"tb-skeleton__invisible-text\"><span class=\"more-info\">Meer info<\/span> <span class=\"less-info\">Minder info<\/span> <i class=\"fa-solid fa-chevron-down\"><\/i><\/span><\/span>\n                            <\/div>\n                        <\/li>\n                                    <\/ul>\n            <\/div>\n        <\/div>\n    <\/div>\n<\/div>            <div class=\"tb-calendar-v2 tb-sections\" data-calendar-data=\"{&quot;brands&quot;:[{&quot;type&quot;:&quot;brands&quot;,&quot;id&quot;:&quot;65&quot;,&quot;attributes&quot;:{&quot;name&quot;:&quot;The Packraft Trail&quot;,&quot;translatableName&quot;:{&quot;de&quot;:&quot;Der Packraft Trail&quot;,&quot;en&quot;:&quot;The Packraft Trail&quot;,&quot;fr&quot;:&quot;Le Packraft Trail&quot;,&quot;nl&quot;:&quot;The Packraft Trail&quot;}}}],&quot;packages&quot;:[{&quot;type&quot;:&quot;packages&quot;,&quot;id&quot;:&quot;PRT-BB&quot;,&quot;attributes&quot;:{&quot;name&quot;:&quot;The Packraft Trail - Nationaal Park De Biesbosch&quot;,&quot;destinationName&quot;:&quot;Biesbosch&quot;,&quot;destinationCountry&quot;:&quot;NL&quot;,&quot;destinationTitle&quot;:{&quot;nl&quot;:&quot;Biesbosch&quot;,&quot;en&quot;:&quot;Biesbosch&quot;,&quot;fr&quot;:&quot;Biesbosch&quot;,&quot;de&quot;:&quot;Biesbosch&quot;},&quot;status&quot;:&quot;active&quot;,&quot;sortOrder&quot;:null,&quot;updatedAt&quot;:&quot;2026-08-31T13:29:22.000000Z&quot;},&quot;relationships&quot;:{&quot;brand&quot;:{&quot;data&quot;:{&quot;type&quot;:&quot;brands&quot;,&quot;id&quot;:&quot;65&quot;}}}}],&quot;departures&quot;:[{&quot;type&quot;:&quot;departures&quot;,&quot;id&quot;:&quot;t11103&quot;,&quot;attributes&quot;:{&quot;name&quot;:&quot;PRT26-BB-W36-THU-1D&quot;,&quot;start&quot;:&quot;2026-09-03T10:00:00.000000Z&quot;,&quot;end&quot;:&quot;2026-09-04T12:00:00.000000Z&quot;,&quot;cheapestPrice&quot;:119,&quot;languages&quot;:[],&quot;availableSpots&quot;:17,&quot;bookedSpots&quot;:23,&quot;fakeLabel&quot;:&quot;last stock&quot;,&quot;availabilityLabel&quot;:&quot;last spots&quot;,&quot;promoLabel&quot;:null,&quot;status&quot;:&quot;active&quot;,&quot;calendarToggles&quot;:null,&quot;bookable&quot;:true,&quot;bookingUrl&quot;:&quot;https:\\\/\\\/booking.travelbase.eu\\\/prt26-bb\\\/book?trip=11103&quot;,&quot;packageId&quot;:&quot;PRT-BB&quot;}},{&quot;type&quot;:&quot;departures&quot;,&quot;id&quot;:&quot;t11071&quot;,&quot;attributes&quot;:{&quot;name&quot;:&quot;PRT26-BB-W36-SAT-1D&quot;,&quot;start&quot;:&quot;2026-09-05T10:00:00.000000Z&quot;,&quot;end&quot;:&quot;2026-09-06T12:00:00.000000Z&quot;,&quot;cheapestPrice&quot;:179,&quot;languages&quot;:[],&quot;availableSpots&quot;:1,&quot;bookedSpots&quot;:39,&quot;fakeLabel&quot;:&quot;last stock&quot;,&quot;availabilityLabel&quot;:&quot;last spots&quot;,&quot;promoLabel&quot;:null,&quot;status&quot;:&quot;active&quot;,&quot;calendarToggles&quot;:null,&quot;bookable&quot;:true,&quot;bookingUrl&quot;:&quot;https:\\\/\\\/booking.travelbase.eu\\\/prt26-bb\\\/book?trip=11071&quot;,&quot;packageId&quot;:&quot;PRT-BB&quot;}},{&quot;type&quot;:&quot;departures&quot;,&quot;id&quot;:&quot;t11088&quot;,&quot;attributes&quot;:{&quot;name&quot;:&quot;PRT26-BB-W37-TUE-1D&quot;,&quot;start&quot;:&quot;2026-09-08T10:00:00.000000Z&quot;,&quot;end&quot;:&quot;2026-09-09T12:00:00.000000Z&quot;,&quot;cheapestPrice&quot;:119,&quot;languages&quot;:[],&quot;availableSpots&quot;:5,&quot;bookedSpots&quot;:23,&quot;fakeLabel&quot;:&quot;&quot;,&quot;availabilityLabel&quot;:&quot;&quot;,&quot;promoLabel&quot;:null,&quot;status&quot;:&quot;active&quot;,&quot;calendarToggles&quot;:null,&quot;bookable&quot;:true,&quot;bookingUrl&quot;:&quot;https:\\\/\\\/booking.travelbase.eu\\\/prt26-bb\\\/book?trip=11088&quot;,&quot;packageId&quot;:&quot;PRT-BB&quot;}},{&quot;type&quot;:&quot;departures&quot;,&quot;id&quot;:&quot;t11104&quot;,&quot;attributes&quot;:{&quot;name&quot;:&quot;PRT26-BB-W37-THU-1D&quot;,&quot;start&quot;:&quot;2026-09-10T10:00:00.000000Z&quot;,&quot;end&quot;:&quot;2026-09-11T12:00:00.000000Z&quot;,&quot;cheapestPrice&quot;:119,&quot;languages&quot;:[],&quot;availableSpots&quot;:11,&quot;bookedSpots&quot;:29,&quot;fakeLabel&quot;:&quot;last stock&quot;,&quot;availabilityLabel&quot;:&quot;last spots&quot;,&quot;promoLabel&quot;:null,&quot;status&quot;:&quot;active&quot;,&quot;calendarToggles&quot;:null,&quot;bookable&quot;:true,&quot;bookingUrl&quot;:&quot;https:\\\/\\\/booking.travelbase.eu\\\/prt26-bb\\\/book?trip=11104&quot;,&quot;packageId&quot;:&quot;PRT-BB&quot;}},{&quot;type&quot;:&quot;departures&quot;,&quot;id&quot;:&quot;t11072&quot;,&quot;attributes&quot;:{&quot;name&quot;:&quot;PRT26-BB-W37-SAT-1D&quot;,&quot;start&quot;:&quot;2026-09-12T10:00:00.000000Z&quot;,&quot;end&quot;:&quot;2026-09-13T12:00:00.000000Z&quot;,&quot;cheapestPrice&quot;:169,&quot;languages&quot;:[],&quot;availableSpots&quot;:-12,&quot;bookedSpots&quot;:40,&quot;fakeLabel&quot;:&quot;sold out&quot;,&quot;availabilityLabel&quot;:&quot;sold out&quot;,&quot;promoLabel&quot;:null,&quot;status&quot;:&quot;active&quot;,&quot;calendarToggles&quot;:null,&quot;bookable&quot;:false,&quot;bookingUrl&quot;:&quot;https:\\\/\\\/booking.travelbase.eu\\\/prt26-bb\\\/book?trip=11072&quot;,&quot;packageId&quot;:&quot;PRT-BB&quot;}},{&quot;type&quot;:&quot;departures&quot;,&quot;id&quot;:&quot;t11089&quot;,&quot;attributes&quot;:{&quot;name&quot;:&quot;PRT26-BB-W38-TUE-1D&quot;,&quot;start&quot;:&quot;2026-09-15T10:00:00.000000Z&quot;,&quot;end&quot;:&quot;2026-09-16T12:00:00.000000Z&quot;,&quot;cheapestPrice&quot;:119,&quot;languages&quot;:[],&quot;availableSpots&quot;:30,&quot;bookedSpots&quot;:10,&quot;fakeLabel&quot;:&quot;last stock&quot;,&quot;availabilityLabel&quot;:&quot;last spots&quot;,&quot;promoLabel&quot;:null,&quot;status&quot;:&quot;active&quot;,&quot;calendarToggles&quot;:null,&quot;bookable&quot;:true,&quot;bookingUrl&quot;:&quot;https:\\\/\\\/booking.travelbase.eu\\\/prt26-bb\\\/book?trip=11089&quot;,&quot;packageId&quot;:&quot;PRT-BB&quot;}},{&quot;type&quot;:&quot;departures&quot;,&quot;id&quot;:&quot;t11105&quot;,&quot;attributes&quot;:{&quot;name&quot;:&quot;PRT26-BB-W38-THU-1D&quot;,&quot;start&quot;:&quot;2026-09-17T10:00:00.000000Z&quot;,&quot;end&quot;:&quot;2026-09-18T12:00:00.000000Z&quot;,&quot;cheapestPrice&quot;:119,&quot;languages&quot;:[],&quot;availableSpots&quot;:35,&quot;bookedSpots&quot;:5,&quot;fakeLabel&quot;:&quot;&quot;,&quot;availabilityLabel&quot;:&quot;&quot;,&quot;promoLabel&quot;:null,&quot;status&quot;:&quot;active&quot;,&quot;calendarToggles&quot;:null,&quot;bookable&quot;:true,&quot;bookingUrl&quot;:&quot;https:\\\/\\\/booking.travelbase.eu\\\/prt26-bb\\\/book?trip=11105&quot;,&quot;packageId&quot;:&quot;PRT-BB&quot;}},{&quot;type&quot;:&quot;departures&quot;,&quot;id&quot;:&quot;t11073&quot;,&quot;attributes&quot;:{&quot;name&quot;:&quot;PRT26-BB-W38-SAT-1D&quot;,&quot;start&quot;:&quot;2026-09-19T10:00:00.000000Z&quot;,&quot;end&quot;:&quot;2026-09-20T12:00:00.000000Z&quot;,&quot;cheapestPrice&quot;:179,&quot;languages&quot;:[],&quot;availableSpots&quot;:1,&quot;bookedSpots&quot;:11,&quot;fakeLabel&quot;:&quot;last stock&quot;,&quot;availabilityLabel&quot;:&quot;last spots&quot;,&quot;promoLabel&quot;:null,&quot;status&quot;:&quot;active&quot;,&quot;calendarToggles&quot;:null,&quot;bookable&quot;:true,&quot;bookingUrl&quot;:&quot;https:\\\/\\\/booking.travelbase.eu\\\/prt26-bb\\\/book?trip=11073&quot;,&quot;packageId&quot;:&quot;PRT-BB&quot;}},{&quot;type&quot;:&quot;departures&quot;,&quot;id&quot;:&quot;t11090&quot;,&quot;attributes&quot;:{&quot;name&quot;:&quot;PRT26-BB-W39-TUE-1D&quot;,&quot;start&quot;:&quot;2026-09-22T10:00:00.000000Z&quot;,&quot;end&quot;:&quot;2026-09-23T12:00:00.000000Z&quot;,&quot;cheapestPrice&quot;:119,&quot;languages&quot;:[],&quot;availableSpots&quot;:32,&quot;bookedSpots&quot;:8,&quot;fakeLabel&quot;:&quot;&quot;,&quot;availabilityLabel&quot;:&quot;&quot;,&quot;promoLabel&quot;:null,&quot;status&quot;:&quot;active&quot;,&quot;calendarToggles&quot;:null,&quot;bookable&quot;:true,&quot;bookingUrl&quot;:&quot;https:\\\/\\\/booking.travelbase.eu\\\/prt26-bb\\\/book?trip=11090&quot;,&quot;packageId&quot;:&quot;PRT-BB&quot;}},{&quot;type&quot;:&quot;departures&quot;,&quot;id&quot;:&quot;t11106&quot;,&quot;attributes&quot;:{&quot;name&quot;:&quot;PRT26-BB-W39-THU-1D&quot;,&quot;start&quot;:&quot;2026-09-24T10:00:00.000000Z&quot;,&quot;end&quot;:&quot;2026-09-25T12:00:00.000000Z&quot;,&quot;cheapestPrice&quot;:119,&quot;languages&quot;:[],&quot;availableSpots&quot;:31,&quot;bookedSpots&quot;:9,&quot;fakeLabel&quot;:&quot;&quot;,&quot;availabilityLabel&quot;:&quot;&quot;,&quot;promoLabel&quot;:null,&quot;status&quot;:&quot;active&quot;,&quot;calendarToggles&quot;:null,&quot;bookable&quot;:true,&quot;bookingUrl&quot;:&quot;https:\\\/\\\/booking.travelbase.eu\\\/prt26-bb\\\/book?trip=11106&quot;,&quot;packageId&quot;:&quot;PRT-BB&quot;}},{&quot;type&quot;:&quot;departures&quot;,&quot;id&quot;:&quot;t11074&quot;,&quot;attributes&quot;:{&quot;name&quot;:&quot;PRT26-BB-W39-SAT-1D&quot;,&quot;start&quot;:&quot;2026-09-26T10:00:00.000000Z&quot;,&quot;end&quot;:&quot;2026-09-27T12:00:00.000000Z&quot;,&quot;cheapestPrice&quot;:169,&quot;languages&quot;:[],&quot;availableSpots&quot;:8,&quot;bookedSpots&quot;:32,&quot;fakeLabel&quot;:&quot;sold out&quot;,&quot;availabilityLabel&quot;:&quot;sold out&quot;,&quot;promoLabel&quot;:null,&quot;status&quot;:&quot;active&quot;,&quot;calendarToggles&quot;:null,&quot;bookable&quot;:false,&quot;bookingUrl&quot;:&quot;https:\\\/\\\/booking.travelbase.eu\\\/prt26-bb\\\/book?trip=11074&quot;,&quot;packageId&quot;:&quot;PRT-BB&quot;}}]}\" data-summary-content=\"\" data-summary-inclusive='[]'><\/div>\n        <\/div>\n    <\/div>\n\n\n\n<div class=\" tb-faq tb-block align-center background-dark pattern-none variant-none tb-collapsible-margins\" id=\"FAQ\">\n\t<div class=\"inner-block tb-fade-in tb-fade-in--subtle\">\n\t\t<div class=\"text-part\">\n\t\t\t<h2>VEELGESTELDE VRAGEN<\/h2>\n\t\t\t\t<div class=\"translation-block\"><\/div>\n\t\t\t<\/div>\n\t<\/div>\n\t<div class=\"inner-block\">\n\n\t\t\t\t\t<div\n\t\t\t\tclass=\"faq-list tb-accordion tb-accordion--animation two-col\"\n\t\t\t\tdata-limited=\"1\" data-initial-count=\"6\" >\n\t\t\t\t\t\t\t\t\t<details class=\"details\">\n\t\t\t\t\t\t<summary class=\"summary\">\n\t\t\t\t\t\t\t<div>Voor wie is deze reis?\t\t\t<\/div>\n\t\t\t<\/summary>\n\t\t\t<div class=\"content text-part\" >\n\t\t\t\t\t<div class=\"translation-block\"><p>De meeste van onze reizigers zijn tussen de 20 en 40 jaar oud, maar natuurlijk zijn alle volwassenen welkom. De gemiddelde leeftijd van The Packraft Trail is 31 jaar. Reis je&nbsp;<strong>met je partner of vriendengroep<\/strong>, of liever als&nbsp;<strong>soloreiziger<\/strong>&nbsp;op avontuur? Dan is deze trip perfect voor jou.<\/p>\n<p>Gezinnen met kinderen zijn ook welkom, maar er zijn geen kortingen voor minderjarigen.<\/p><\/div>\n\t\t\t\t<\/div>\n\t\t\t<\/details>\n\t\t\t\t\t\t\t<details class=\"details\">\n\t\t\t\t\t\t<summary class=\"summary\">\n\t\t\t\t\t\t\t<div>Hoe sportief moet ik zijn?\t\t\t<\/div>\n\t\t\t<\/summary>\n\t\t\t<div class=\"content text-part\" >\n\t\t\t\t\t<div class=\"translation-block\"><p>Het is een packraft-initiatie, we mikken daarom op een breed publiek: iedereen met een&nbsp;<strong>gezonde basisconditie<\/strong> kan het sportieve niveau aan. Er is ook voldoende tijd om uit te rusten en te genieten van het uitzicht tijdens de trail.<\/p><\/div>\n\t\t\t\t<\/div>\n\t\t\t<\/details>\n\t\t\t\t\t\t\t<details class=\"details\">\n\t\t\t\t\t\t<summary class=\"summary\">\n\t\t\t\t\t\t\t<div>Hoe blaas ik de raft op?\t\t\t<\/div>\n\t\t\t<\/summary>\n\t\t\t<div class=\"content text-part\" >\n\t\t\t\t\t<div class=\"translation-block\"><p>Je krijgt op Packraft Trail een Raft Inflation Bag mee die je opblaast zoals een lazybag. Zes keer lucht scheppen en in je raft persen en de raft is opgeblazen! Met de juiste techniek duurt dit <strong>5 minuutjes<\/strong>.<\/p><\/div>\n\t\t\t\t<\/div>\n\t\t\t<\/details>\n\t\t\t\t\t\t\t<details class=\"details\">\n\t\t\t\t\t\t<summary class=\"summary\">\n\t\t\t\t\t\t\t<div>Is The Packraft Trail een groepsreis\t\t\t<\/div>\n\t\t\t<\/summary>\n\t\t\t<div class=\"content text-part\" >\n\t\t\t\t\t<div class=\"translation-block\"><p>Het packraft-parcours is in de eerste plaats een micro-avontuur waar je samen met je reisgenoten van kunt genieten. Je vaart op eigen tempo en het pad is lang genoeg zodat iedereen er in alle rust van kan genieten!<\/p>\n<p>Wil je dit avontuur met een groep beleven? Als bedrijfsactiviteit, <strong>teambuilding<\/strong>, sportdag of met de jeugdbeweging bijvoorbeeld? Stuur ons gerust een mailtje voor een gepersonaliseerde <strong>offerte<\/strong> via info@thepackrafttrail.com<\/p><\/div>\n\t\t\t\t<\/div>\n\t\t\t<\/details>\n\t\t\t\t\t\t\t<details class=\"details\">\n\t\t\t\t\t\t<summary class=\"summary\">\n\t\t\t\t\t\t\t<div>Wat is het begin- en eindpunt?\t\t\t<\/div>\n\t\t\t<\/summary>\n\t\t\t<div class=\"content text-part\" >\n\t\t\t\t\t<div class=\"translation-block\"><p>The Packraft Trail begint en eindigt in het hart van de Biesbosch op camping <strong>De Witboom in Werkendam,<\/strong> waar je ook overnacht tussen de 2 wandeldagen. De briefing op <strong>dag 1<\/strong> start <strong>om 9u<\/strong>, maar je bent al welkom op basecamp vanaf 8u30.<\/p><\/div>\n\t\t\t\t<\/div>\n\t\t\t<\/details>\n\t\t\t\t\t\t\t<details class=\"details\">\n\t\t\t\t\t\t<summary class=\"summary\">\n\t\t\t\t\t\t\t<div>Hoe kom ik op het basecamp?\t\t\t<\/div>\n\t\t\t<\/summary>\n\t\t\t<div class=\"content text-part\" >\n\t\t\t\t\t<div class=\"translation-block\"><p>Het basecamp is het makkelijkst te bereiken met de <strong>wagen<\/strong>. Je kan er gratis parkeren gedurende de tweedaagse.<\/p>\n<p>Wie met het <strong>openbaar vervoer<\/strong> komt, moet de trein nemen naar <strong>Gorinchem<\/strong>. Daar neem je buslijn 120 naar <strong>Werkendam<\/strong>, waar je overstapt op buslijn 620 richting Dordrecht. Vraag de buschauffeur om uit te stappen aan de <strong>Witboomkil<\/strong>. Vanaf hier is het 0,5km lopen naar het basecamp (camping De Witboom).<\/p><\/div>\n\t\t\t\t<\/div>\n\t\t\t<\/details>\n\t\t\t\t\t\t\t<details class=\"details\">\n\t\t\t\t\t\t<summary class=\"summary\">\n\t\t\t\t\t\t\t<div>Wat breng ik allemaal mee?\t\t\t<\/div>\n\t\t\t<\/summary>\n\t\t\t<div class=\"content text-part\" >\n\t\t\t\t\t<div class=\"translation-block\"><p>Raadpleeg de paklijst <a href=\"https:\/\/issuu.com\/travelbase.eu\/docs\/prt26micro_nl_paklijst?fr=sZjlkODg2OTY3ODc\" target=\"_blank\" rel=\"noopener\">hier<\/a>.<\/p><\/div>\n\t\t\t\t<\/div>\n\t\t\t<\/details>\n\t\t\t\t\t\t\t<details class=\"details\">\n\t\t\t\t\t\t<summary class=\"summary\">\n\t\t\t\t\t\t\t<div>Hoeveel personen kunnen in een packraft?\t\t\t<\/div>\n\t\t\t<\/summary>\n\t\t\t<div class=\"content text-part\" >\n\t\t\t\t\t<div class=\"translation-block\"><p>Onze packrafts zijn ontworpen voor \u00e9\u00e9n persoon. We hebben een paar grotere packrafts die geschikt kunnen zijn voor mensen die met hun hond komen of voor een kind, maar het aantal is beperkt.<\/p><\/div>\n\t\t\t\t<\/div>\n\t\t\t<\/details>\n\t\t\t\t\t\t\t<details class=\"details\">\n\t\t\t\t\t\t<summary class=\"summary\">\n\t\t\t\t\t\t\t<div>Kan ik ook packraften tijdens de lente?\t\t\t<\/div>\n\t\t\t<\/summary>\n\t\t\t<div class=\"content text-part\" >\n\t\t\t\t\t<div class=\"translation-block\"><p>The Packraft Trail in de Biesbosch gaat door van <strong>juni tot september<\/strong>. Tijdens het voorjaar (april tot juni) kan je ook in de Franse Ardennen packraften.<\/p><\/div>\n\t\t\t\t<\/div>\n\t\t\t<\/details>\n\t\t\t\t\t\t\t<details class=\"details\">\n\t\t\t\t\t\t<summary class=\"summary\">\n\t\t\t\t\t\t\t<div>Hoe zwaar is m&#8217;n rugzak?\t\t\t<\/div>\n\t\t\t<\/summary>\n\t\t\t<div class=\"content text-part\" >\n\t\t\t\t\t<div class=\"translation-block\"><p>Om je hike zo aangenaam mogelijk te laten verlopen, draag je enkel een <strong>60-70l trekrugzak<\/strong> (inclusief) met daarin je packraftmateriaal (<strong>3kg<\/strong>), je kookset met Adventure Food (optioneel) en kledij voor tijdens je wandeling.<\/p>\n<p>Tip: Reis licht! Het is maar een tweedaagse activiteit, dus laat de dingen die je niet nodig hebt, zoals frigoboxen, thuis.<\/p><\/div>\n\t\t\t\t<\/div>\n\t\t\t<\/details>\n\t\t\t\t\t\t\t<details class=\"details\">\n\t\t\t\t\t\t<summary class=\"summary\">\n\t\t\t\t\t\t\t<div>Kan ik mijn hond meenemen?\t\t\t<\/div>\n\t\t\t<\/summary>\n\t\t\t<div class=\"content text-part\" >\n\t\t\t\t\t<div class=\"translation-block\"><p>Absoluut! Ja, <strong>honden zijn welkom<\/strong>! We hebben zelfs een aantal grotere packrafts waar een hond voorin kan. Je kunt dit per e-mail aanvragen of aangeven tijdens het boeken.<\/p><\/div>\n\t\t\t\t<\/div>\n\t\t\t<\/details>\n\t\t\t<\/div>\n\t\t\t<div class=\"faq-loadmore-wrap\">\n\t\t\t<button type=\"button\" class=\"faq-loadmore\" data-state=\"closed\" aria-expanded=\"false\">\n\t\t\t\t<span class=\"faq-loadmore__label-more\">Laad meer FAQ&#8217;s<\/span>\n\t\t\t\t<span class=\"faq-loadmore__label-less\">Laad minder FAQ&#8217;s<\/span>\n\t\t\t\t<svg class=\"faq-loadmore__icon\" viewBox=\"0 0 12 8\" aria-hidden=\"true\">\n\t\t\t\t\t<path d=\"M1 1.5l5 5 5-5\" fill=\"none\" stroke=\"currentColor\" stroke-width=\"1.6\" stroke-linecap=\"round\" stroke-linejoin=\"round\" \/>\n\t\t\t\t<\/svg>\n\t\t\t<\/button>\n\t\t<\/div>\n\t<\/div>\n<\/div>\n\n<div class=\" tb-similartrips tb-block align-center background-light pattern-none variant-none tb-collapsible-margins\" id=\"similartrips\">\n\t\t\t<div class=\"inner-block tb-fade-in tb-fade-in--subtle\">\n\t\t\t<div class=\"text-part\">\n\t\t\t\t\t\t\t\t\t<h2>Andere avonturiers bekeken ook:<\/h2>\n\t\t\t\t\t\t\t\t\t\t\t<\/div>\n\t\t<\/div>\n\t\t\t<div class=\"inner-block-full-width has-tb-carousel \" >\n\t\t<div class=\"tb-carousel-container\">\n\t\t\t<div class=\"entries tb-cards\" data-slider-first=\"1\">\n\t\t\t\t\t\t\t\t\t<a href=\"https:\/\/packraftslovenia.com\/nl\/\"  target=\"\" class=\"tb-card entry\">\n\t\t\t\t<div class=\"tb-image-part\">\n\t\t\t\t\t\t\t\t\t\t\t<img src='https:\/\/prt.travelblox.eu\/wp-content\/uploads\/sites\/60\/2023\/12\/DSC09494-e1701870381955.webp' width='682' height='846' srcset='https:\/\/prt.travelblox.eu\/wp-content\/uploads\/sites\/60\/2023\/12\/DSC09494-e1701870381955.webp 682w, https:\/\/prt.travelblox.eu\/wp-content\/uploads\/sites\/60\/2023\/12\/DSC09494-e1701870381955-242x300.webp 242w, https:\/\/prt.travelblox.eu\/wp-content\/uploads\/sites\/60\/2023\/12\/DSC09494-e1701870381955-10x12.webp 10w' sizes=\"auto, (max-width: 682px) 100vw, 682px\" loading='lazy' decoding='async'>\t\t\t\t\t\t\t\t\t\t\t\t\t\t\t\t\t\t\t\t\t\t\t\t<\/div>\n\t\t\t\t<div class=\"tb-card-content\">\n\t\t\t\t\t<h4>\n\t\t\t\t\t\t<span>The Packraft Trail<\/span>\n\t\t\t\t\t\t\t\t\t\t\t<\/h4>\n\t\t\t\t\t\t\t\t\t\t\t<div class=\"line\">\n\t\t\t\t\t\t\t\t\t\t\t\t\t\t\t<span class=\"location tb-text-with-icon icon-first\">\n\t\t\t\t\t\t\t\t\t<i class=\"icon fa fa-map-marker\"><\/i>\n\t\t\t\t\t\t\t\t\t<span>Balkan<\/span>\n\t\t\t\t\t\t\t\t<\/span>\n\t\t\t\t\t\t\t\t\t\t\t\t\t\t\t\t\t\t\t\t\t\t<span class=\"duration tb-text-with-icon icon-first\">\n\t\t\t\t\t\t\t\t\t<i class=\"icon fa fa-clock\"><\/i>\n\t\t\t\t\t\t\t\t\t<span>8 dagen<\/span>\n\t\t\t\t\t\t\t\t<\/span>\n\t\t\t\t\t\t\t\t\t\t\t\t\t\t\t\t\t\t\t\t<\/div>\n\t\t\t\t\t\t\t\t\t\t\t\t\t\t\t\t\t\t\t<\/div>\n\t\t\t<\/a>\n\t\t\t\t\t<a href=\"https:\/\/thekayaktrip.com\/nl\/\"  target=\"\" class=\"tb-card entry\">\n\t\t\t\t<div class=\"tb-image-part\">\n\t\t\t\t\t\t\t\t\t\t\t<img src='https:\/\/prt.travelblox.eu\/wp-content\/smush-webp\/sites\/60\/2023\/12\/TKT23_MICHIELANNAERT_LR_v2-4-1024x837-1-768x628.jpg.webp' width='768' height='628' srcset='https:\/\/prt.travelblox.eu\/wp-content\/smush-webp\/sites\/60\/2023\/12\/TKT23_MICHIELANNAERT_LR_v2-4-1024x837-1-768x628.jpg.webp 768w, https:\/\/prt.travelblox.eu\/wp-content\/smush-webp\/sites\/60\/2023\/12\/TKT23_MICHIELANNAERT_LR_v2-4-1024x837-1-300x245.jpg.webp 300w, https:\/\/prt.travelblox.eu\/wp-content\/smush-webp\/sites\/60\/2023\/12\/TKT23_MICHIELANNAERT_LR_v2-4-1024x837-1-15x12.jpg.webp 15w, https:\/\/prt.travelblox.eu\/wp-content\/smush-webp\/sites\/60\/2023\/12\/TKT23_MICHIELANNAERT_LR_v2-4-1024x837-1.jpg.webp 1024w' sizes=\"auto, (max-width: 768px) 100vw, 768px\" loading='lazy' decoding='async' data-smush-webp-fallback=\"{&quot;src&quot;:&quot;https:\\\/\\\/prt.travelblox.eu\\\/wp-content\\\/uploads\\\/sites\\\/60\\\/2023\\\/12\\\/TKT23_MICHIELANNAERT_LR_v2-4-1024x837-1-768x628.jpg&quot;,&quot;srcset&quot;:&quot;https:\\\/\\\/prt.travelblox.eu\\\/wp-content\\\/uploads\\\/sites\\\/60\\\/2023\\\/12\\\/TKT23_MICHIELANNAERT_LR_v2-4-1024x837-1-768x628.jpg 768w, https:\\\/\\\/prt.travelblox.eu\\\/wp-content\\\/uploads\\\/sites\\\/60\\\/2023\\\/12\\\/TKT23_MICHIELANNAERT_LR_v2-4-1024x837-1-300x245.jpg 300w, https:\\\/\\\/prt.travelblox.eu\\\/wp-content\\\/uploads\\\/sites\\\/60\\\/2023\\\/12\\\/TKT23_MICHIELANNAERT_LR_v2-4-1024x837-1-15x12.jpg 15w, https:\\\/\\\/prt.travelblox.eu\\\/wp-content\\\/uploads\\\/sites\\\/60\\\/2023\\\/12\\\/TKT23_MICHIELANNAERT_LR_v2-4-1024x837-1.jpg 1024w&quot;}\">\t\t\t\t\t\t\t\t\t\t\t\t\t\t\t\t\t\t\t\t\t\t\t\t<\/div>\n\t\t\t\t<div class=\"tb-card-content\">\n\t\t\t\t\t<h4>\n\t\t\t\t\t\t<span>The Kayak Trip<\/span>\n\t\t\t\t\t\t\t\t\t\t\t<\/h4>\n\t\t\t\t\t\t\t\t\t\t\t<div class=\"line\">\n\t\t\t\t\t\t\t\t\t\t\t\t\t\t\t<span class=\"location tb-text-with-icon icon-first\">\n\t\t\t\t\t\t\t\t\t<i class=\"icon fa fa-map-marker\"><\/i>\n\t\t\t\t\t\t\t\t\t<span>Noorwegen<\/span>\n\t\t\t\t\t\t\t\t<\/span>\n\t\t\t\t\t\t\t\t\t\t\t\t\t\t\t\t\t\t\t\t\t\t<span class=\"duration tb-text-with-icon icon-first\">\n\t\t\t\t\t\t\t\t\t<i class=\"icon fa fa-clock\"><\/i>\n\t\t\t\t\t\t\t\t\t<span>8 dagen<\/span>\n\t\t\t\t\t\t\t\t<\/span>\n\t\t\t\t\t\t\t\t\t\t\t\t\t\t\t\t\t\t\t\t<\/div>\n\t\t\t\t\t\t\t\t\t\t\t\t\t\t\t\t\t\t\t<\/div>\n\t\t\t<\/a>\n\t\t\t\t\t<a href=\"https:\/\/thecanoetrip.com\/nl\/\"  target=\"\" class=\"tb-card entry\">\n\t\t\t\t<div class=\"tb-image-part\">\n\t\t\t\t\t\t\t\t\t\t\t<img src='https:\/\/prt.travelblox.eu\/wp-content\/smush-webp\/sites\/60\/2023\/12\/3J0A8450-1024x683-1-768x512.jpg.webp' width='768' height='512' srcset='https:\/\/prt.travelblox.eu\/wp-content\/smush-webp\/sites\/60\/2023\/12\/3J0A8450-1024x683-1-768x512.jpg.webp 768w, https:\/\/prt.travelblox.eu\/wp-content\/smush-webp\/sites\/60\/2023\/12\/3J0A8450-1024x683-1-300x200.jpg.webp 300w, https:\/\/prt.travelblox.eu\/wp-content\/smush-webp\/sites\/60\/2023\/12\/3J0A8450-1024x683-1-18x12.jpg.webp 18w, https:\/\/prt.travelblox.eu\/wp-content\/smush-webp\/sites\/60\/2023\/12\/3J0A8450-1024x683-1.jpg.webp 1024w' sizes=\"auto, (max-width: 768px) 100vw, 768px\" loading='lazy' decoding='async' data-smush-webp-fallback=\"{&quot;src&quot;:&quot;https:\\\/\\\/prt.travelblox.eu\\\/wp-content\\\/uploads\\\/sites\\\/60\\\/2023\\\/12\\\/3J0A8450-1024x683-1-768x512.jpg&quot;,&quot;srcset&quot;:&quot;https:\\\/\\\/prt.travelblox.eu\\\/wp-content\\\/uploads\\\/sites\\\/60\\\/2023\\\/12\\\/3J0A8450-1024x683-1-768x512.jpg 768w, https:\\\/\\\/prt.travelblox.eu\\\/wp-content\\\/uploads\\\/sites\\\/60\\\/2023\\\/12\\\/3J0A8450-1024x683-1-300x200.jpg 300w, https:\\\/\\\/prt.travelblox.eu\\\/wp-content\\\/uploads\\\/sites\\\/60\\\/2023\\\/12\\\/3J0A8450-1024x683-1-18x12.jpg 18w, https:\\\/\\\/prt.travelblox.eu\\\/wp-content\\\/uploads\\\/sites\\\/60\\\/2023\\\/12\\\/3J0A8450-1024x683-1.jpg 1024w&quot;}\">\t\t\t\t\t\t\t\t\t\t\t\t\t\t\t\t\t\t\t\t\t\t\t\t<\/div>\n\t\t\t\t<div class=\"tb-card-content\">\n\t\t\t\t\t<h4>\n\t\t\t\t\t\t<span>The Canoe Trip<\/span>\n\t\t\t\t\t\t\t\t\t\t\t<\/h4>\n\t\t\t\t\t\t\t\t\t\t\t<div class=\"line\">\n\t\t\t\t\t\t\t\t\t\t\t\t\t\t\t<span class=\"location tb-text-with-icon icon-first\">\n\t\t\t\t\t\t\t\t\t<i class=\"icon fa fa-map-marker\"><\/i>\n\t\t\t\t\t\t\t\t\t<span>Zweden<\/span>\n\t\t\t\t\t\t\t\t<\/span>\n\t\t\t\t\t\t\t\t\t\t\t\t\t\t\t\t\t\t\t\t\t\t<span class=\"duration tb-text-with-icon icon-first\">\n\t\t\t\t\t\t\t\t\t<i class=\"icon fa fa-clock\"><\/i>\n\t\t\t\t\t\t\t\t\t<span>8 dagen<\/span>\n\t\t\t\t\t\t\t\t<\/span>\n\t\t\t\t\t\t\t\t\t\t\t\t\t\t\t\t\t\t\t\t<\/div>\n\t\t\t\t\t\t\t\t\t\t\t\t\t\t\t\t\t\t\t<\/div>\n\t\t\t<\/a>\n\t\t\t\t\t<\/div>\n\t\t\t\t<div class=\"tb-carousel-nav\">\n\t\t<div class=\"dots\">\n\t\t\t<div class=\"dot active\"><\/div>\n\t\t\t<div class=\"dot\"><\/div>\n\t\t\t<div class=\"dot\"><\/div>\n\t\t<\/div>\n\t\t<div class=\"arrows\">\n\t\t\t<div class=\"prev disabled\">\n\t\t\t\t<span><i class=\"fa fa-chevron-left\"><\/i><\/span>\n\t\t\t<\/div>\n\t\t\t<div class=\"next\">\n\t\t\t\t<span><i class=\"fa fa-chevron-right\"><\/i><\/span>\n\t\t\t<\/div>\n\t\t<\/div>\n\t<\/div>\n\t\t\t<\/div>\n\t<\/div>\n\t\t\t<\/div>","protected":false},"excerpt":{"rendered":"","protected":false},"author":48,"featured_media":1165,"parent":0,"menu_order":0,"comment_status":"closed","ping_status":"closed","template":"","meta":{"_acf_changed":false,"inline_featured_image":false,"footnotes":""},"class_list":["post-5089","page","type-page","status-publish","has-post-thumbnail","hentry"],"acf":{"page_package_ids":"","is_main_package_page":false,"additional_linked_packages":[],"feed_page_to_atlas":false},"_links":{"self":[{"href":"https:\/\/prt.travelblox.eu\/nl\/wp-json\/wp\/v2\/pages\/5089","targetHints":{"allow":["GET"]}}],"collection":[{"href":"https:\/\/prt.travelblox.eu\/nl\/wp-json\/wp\/v2\/pages"}],"about":[{"href":"https:\/\/prt.travelblox.eu\/nl\/wp-json\/wp\/v2\/types\/page"}],"author":[{"embeddable":true,"href":"https:\/\/prt.travelblox.eu\/nl\/wp-json\/wp\/v2\/users\/48"}],"replies":[{"embeddable":true,"href":"https:\/\/prt.travelblox.eu\/nl\/wp-json\/wp\/v2\/comments?post=5089"}],"version-history":[{"count":15,"href":"https:\/\/prt.travelblox.eu\/nl\/wp-json\/wp\/v2\/pages\/5089\/revisions"}],"predecessor-version":[{"id":5152,"href":"https:\/\/prt.travelblox.eu\/nl\/wp-json\/wp\/v2\/pages\/5089\/revisions\/5152"}],"wp:featuredmedia":[{"embeddable":true,"href":"https:\/\/prt.travelblox.eu\/nl\/wp-json\/wp\/v2\/media\/1165"}],"wp:attachment":[{"href":"https:\/\/prt.travelblox.eu\/nl\/wp-json\/wp\/v2\/media?parent=5089"}],"curies":[{"name":"wp","href":"https:\/\/api.w.org\/{rel}","templated":true}]}}