{"id":5089,"date":"2026-02-20T20:49:38","date_gmt":"2026-02-20T20:49:38","guid":{"rendered":"https:\/\/prt.travelblox.eu\/?page_id=5089"},"modified":"2026-02-20T21:02:45","modified_gmt":"2026-02-20T21:02:45","slug":"ardeche","status":"publish","type":"page","link":"https:\/\/prt.travelblox.eu\/fr\/ardeche\/","title":{"rendered":"Ard\u00e8che"},"content":{"rendered":"<div class=\"tb-header tb-block align-center background-dark pattern-none variant-none\" id=\"header\" data-fallback-background=\"https:\/\/prt.travelblox.eu\/wp-content\/uploads\/sites\/60\/2026\/02\/drone-ardeche-2.jpg\" style=\"background-image: linear-gradient(rgba(0, 0, 0, 0.4), rgba(0, 0, 0, 0.4)), url('https:\/\/prt.travelblox.eu\/wp-content\/smush-webp\/sites\/60\/2026\/02\/drone-ardeche-2.jpg.webp'); background-position:;\" data-smush-webp-fallback=\"{&quot;bg-image&quot;:&quot; linear-gradient(rgba(0, 0, 0, 0.4), rgba(0, 0, 0, 0.4)), url(&#039;https:\\\/\\\/prt.travelblox.eu\\\/wp-content\\\/uploads\\\/sites\\\/60\\\/2026\\\/02\\\/drone-ardeche-2.jpg&#039;)&quot;}\">\n        \n    <div class=\"tb-header-foreground\">\n        <div class=\"inner-block\">\n\n            <div class=\"main-part\">\n                <div class=\"text-part\">\n                                                                                            <h1>\t<span class=\"tb-logo\"  style=\"-webkit-mask-image: url(https:\/\/prt.travelblox.eu\/wp-content\/uploads\/sites\/60\/2025\/10\/main-white.png); mask-image: url(https:\/\/prt.travelblox.eu\/wp-content\/uploads\/sites\/60\/2025\/10\/main-white.png)\">\n\t\t<img src='https:\/\/prt.travelblox.eu\/wp-content\/smush-webp\/sites\/60\/2025\/11\/normal-white-fr-1.png.webp' width='699' height='755' alt='Le logo du Packraft Trail' srcset='https:\/\/prt.travelblox.eu\/wp-content\/smush-webp\/sites\/60\/2025\/11\/normal-white-fr-1.png.webp 718w, https:\/\/prt.travelblox.eu\/wp-content\/smush-webp\/sites\/60\/2025\/11\/normal-white-fr-1-280x300.png.webp 280w, https:\/\/prt.travelblox.eu\/wp-content\/smush-webp\/sites\/60\/2025\/11\/normal-white-fr-1-11x12.png.webp 11w' sizes='(max-width: 699px) 100vw, 699px' title='Le Packraft Trail' loading='lazy' data-smush-webp-fallback='{&quot;src&quot;:&quot;https:\\\/\\\/prt.travelblox.eu\\\/wp-content\\\/uploads\\\/sites\\\/60\\\/2025\\\/11\\\/normal-white-fr-1.png&quot;,&quot;srcset&quot;:&quot;https:\\\/\\\/prt.travelblox.eu\\\/wp-content\\\/uploads\\\/sites\\\/60\\\/2025\\\/11\\\/normal-white-fr-1.png 718w, https:\\\/\\\/prt.travelblox.eu\\\/wp-content\\\/uploads\\\/sites\\\/60\\\/2025\\\/11\\\/normal-white-fr-1-280x300.png 280w, https:\\\/\\\/prt.travelblox.eu\\\/wp-content\\\/uploads\\\/sites\\\/60\\\/2025\\\/11\\\/normal-white-fr-1-11x12.png 11w&quot;}'>\n\t<\/span>\n<\/h1>\n                                                                                        <h2 class=\"tb-subtitle\">\t<div class=\"translation-block\"><p>Aventure en packraft au c\u0153ur de l'Ard\u00e8che<\/p><\/div>\n\t<\/h2>\n                                                                                    <div class=\"tb-properties\">\n                                                            <div class=\"tb-property\">\n                                                                            <div class=\"tb-property__icon\">\n                                            \t\t\t\t<i class=\"icon fa-solid fa-calendar-days fa-fw\" aria-hidden=\"true\"><\/i>\n\t\t\t                                        <\/div>\n                                                                        <div class=\"tb-property__label\">\n                                        3 jours                                    <\/div>\n                                <\/div>\n                                                                    <div class=\"tb-properties__divider\"><\/div>\n                                                                                            <div class=\"tb-property\">\n                                                                            <div class=\"tb-property__icon\">\n                                            \t\t\t\t<i class=\"icon fa-solid fa-tent fa-fw\" aria-hidden=\"true\"><\/i>\n\t\t\t                                        <\/div>\n                                                                        <div class=\"tb-property__label\">\n                                        Camping                                    <\/div>\n                                <\/div>\n                                                                    <div class=\"tb-properties__divider\"><\/div>\n                                                                                            <div class=\"tb-property\">\n                                                                            <div class=\"tb-property__icon\">\n                                            \t\t\t\t<i class=\"icon fa-kit fa-tb-icon-paddle fa-fw\" aria-hidden=\"true\"><\/i>\n\t\t\t                                        <\/div>\n                                                                        <div class=\"tb-property__label\">\n                                        Packraft                                    <\/div>\n                                <\/div>\n                                                                                    <\/div>\n                                                                <div class=\"tb-buttons-part\">\n                                                            \t\t<a href=\"#join\"  target=\"\" class=\"tb-button\">\n\t\t\tJe m'inscris pour 2026\t\t<\/a>\n\t\t                                                                                        \t\t<a href=\"#intro\"  target=\"\" class=\"tb-buttonlink\">\n\t\t\tPlus d'informations\t\t<\/a>\n\t\t                                                    <\/div>\n                                                        <\/div>\n            <\/div>\n\n                    <\/div>\n    <\/div>\n\n    \n    \n    \n                <nav class=\"tb-header__subnav\">\n            <div class=\"inner-block\">\n                <div class=\"tb-header__pagename tb-header__pagename--visible\">\n                                            \t<span class=\"tb-logo\"  style=\"-webkit-mask-image: url(https:\/\/prt.travelblox.eu\/wp-content\/uploads\/sites\/60\/2025\/10\/horizontal-white.png); mask-image: url(https:\/\/prt.travelblox.eu\/wp-content\/uploads\/sites\/60\/2025\/10\/horizontal-white.png)\">\n\t\t<img src='https:\/\/prt.travelblox.eu\/wp-content\/smush-webp\/sites\/60\/2025\/10\/horizontal-white.png.webp' width='689' height='268' alt='Le logo du Packraft Trail' srcset='https:\/\/prt.travelblox.eu\/wp-content\/smush-webp\/sites\/60\/2025\/10\/horizontal-white.png.webp 689w, https:\/\/prt.travelblox.eu\/wp-content\/smush-webp\/sites\/60\/2025\/10\/horizontal-white-300x117.png.webp 300w, https:\/\/prt.travelblox.eu\/wp-content\/smush-webp\/sites\/60\/2025\/10\/horizontal-white-18x7.png.webp 18w' sizes='(max-width: 689px) 100vw, 689px' title='Le Packraft Trail' loading='lazy' data-smush-webp-fallback='{&quot;src&quot;:&quot;https:\\\/\\\/prt.travelblox.eu\\\/wp-content\\\/uploads\\\/sites\\\/60\\\/2025\\\/10\\\/horizontal-white.png&quot;,&quot;srcset&quot;:&quot;https:\\\/\\\/prt.travelblox.eu\\\/wp-content\\\/uploads\\\/sites\\\/60\\\/2025\\\/10\\\/horizontal-white.png 689w, https:\\\/\\\/prt.travelblox.eu\\\/wp-content\\\/uploads\\\/sites\\\/60\\\/2025\\\/10\\\/horizontal-white-300x117.png 300w, https:\\\/\\\/prt.travelblox.eu\\\/wp-content\\\/uploads\\\/sites\\\/60\\\/2025\\\/10\\\/horizontal-white-18x7.png 18w&quot;}'>\n\t<\/span>\n                                    <\/div>\n\n                <ul>\n                                            <li>\n                            <a href=\"#route\">Itin\u00e9raire<\/a>\n                        <\/li>\n\n                                            <li>\n                            <a href=\"#practical\">Pratique<\/a>\n                        <\/li>\n\n                                            <li>\n                            <a href=\"#opties\">Optionnel<\/a>\n                        <\/li>\n\n                                            <li>\n                            <a href=\"#FAQ\">FAQ<\/a>\n                        <\/li>\n\n                    \n                                                <li class=\"tb-header__subnav_cta\">\n                                <a href=\"#join\" class=\"tb-button\" >Je m'inscris pour 2026<\/a>\n                            <\/li>\n                                    <\/ul>\n            <\/div>\n        <\/nav>\n\n    \n<\/div>\n\n\n<div class=\"tb-intro tb-block align-none background-middle pattern-none variant-none tb-collapsible-margins\" id=\"intro\">\n    <div class=\"inner-block tb-fade-in tb-fade-in--subtle\">\n\n        \n\n        <div class=\"text-part content-part\">\n            <div class=\"title-meta-inclusive\">\n                <div class=\"title-and-meta\">\n                                            <div class=\"title-part\">\n                                                            <h3>le sentier en packraft<\/h3>\n                                                                                                                            <h4>\t<div class=\"translation-block\">Une aventure unique en packraft dans les Gorges de l'Ard\u00e8che<\/div>\n\t<\/h4>\n                                                                                    <\/div>\n                                        <ul class=\"meta-data\">\n                                                    <li>\n                                <i class=\"fa fa-regular fa-tag\"><\/i>\n                                <span>\u00c0 partir de 139 \u20ac<\/span>\n                            <\/li>\n                                                                            <li>\n                                <i class=\"fa fa-regular fa-calendar\"><\/i>\n                                <span><p>juillet &#8211; ao\u00fbt 2026<\/p>\n<\/span>\n                            <\/li>\n                                            <\/ul>\n                <\/div>\n                                    <div class=\"inclusive\">\n                                                    <h6>Points forts<\/h6>\n                                                <ul class=\"\">\n                                                            <li class=\"visible\">\n                                                                            \t\t\t\t<i class=\"icon fa-kit fa-tb-icon-paddle fa-fw\" aria-hidden=\"true\"><\/i>\n\t\t\t                                                                                                                <span>Fais du kayak dans l'un des plus beaux parcs naturels de France.<\/span>\n                                                                    <\/li>\n                                                            <li class=\"visible\">\n                                                                            \t\t\t\t<i class=\"icon fa-brands fa-pagelines fa-fw\" aria-hidden=\"true\"><\/i>\n\t\t\t                                                                                                                <span>Randonnez le long du magnifique canyon des Gorges de l'Ard\u00e8che.<\/span>\n                                                                    <\/li>\n                                                            <li class=\"visible\">\n                                                                            \t\t\t\t<i class=\"icon fa-solid fa-water fa-fw\" aria-hidden=\"true\"><\/i>\n\t\t\t                                                                                                                <span>Plonge dans l'eau rafra\u00eechissante de la rivi\u00e8re.<\/span>\n                                                                    <\/li>\n                                                            <li class=\"visible\">\n                                                                            \t\t\t\t<i class=\"icon fa-kit fa-tb-icon-fire fa-fw\" aria-hidden=\"true\"><\/i>\n\t\t\t                                                                                                                <span>S\u00e9journez 1 nuit dans un endroit unique le long de la rivi\u00e8re.<\/span>\n                                                                    <\/li>\n                                                            <li class=\"visible\">\n                                                                            \t\t\t\t<i class=\"icon fa-regular fa-tent fa-fw\" aria-hidden=\"true\"><\/i>\n\t\t\t                                                                                                                <span>Passe une nuit dans l'un des plus beaux campings d'Europe.<\/span>\n                                                                    <\/li>\n                                                    <\/ul>\n                                            <\/div>\n                            <\/div>\n\n                            <div class=\"tb-buttons desktop-only\">\n                                            <a href=\"#join\" class=\"tb-button\">\n                                                            D\u00e9couvrez les dates                                                    <\/a>\n                                                                <a href=\"#route\" class=\"tb-buttonlink\">\n                                                            D\u00e9couvrez l'itin\u00e9raire                                                    <\/a>\n                                    <\/div>\n                    <\/div>\n                                    <div class=\"image-part\">\n                    \t\t<div class=\"inner-block-full-width has-tb-carousel tb-carousel-slider\" >\n\t\t<div class=\"tb-carousel-container\">\n\t\t\t<div class=\"entries tb-cards\" data-slider-first=\"0\">\n\t\t\t\t\t\t\t<div class=\"entry\">\n\t\t\t<div class=\"tb-image-part\">\n\t\t\t\t<figure>\n\t\t\t\t\t<img src='https:\/\/prt.travelblox.eu\/wp-content\/smush-webp\/sites\/60\/2026\/01\/packraft-ardeche-2-768x785.jpg.webp' width='768' height='785' srcset='https:\/\/prt.travelblox.eu\/wp-content\/smush-webp\/sites\/60\/2026\/01\/packraft-ardeche-2-768x785.jpg.webp 768w, https:\/\/prt.travelblox.eu\/wp-content\/smush-webp\/sites\/60\/2026\/01\/packraft-ardeche-2-294x300.jpg.webp 294w, https:\/\/prt.travelblox.eu\/wp-content\/smush-webp\/sites\/60\/2026\/01\/packraft-ardeche-2-12x12.jpg.webp 12w, https:\/\/prt.travelblox.eu\/wp-content\/smush-webp\/sites\/60\/2026\/01\/packraft-ardeche-2.jpg.webp 781w' sizes=\"auto, (max-width: 768px) 100vw, 768px\" style='object-position:51% 72%' loading='lazy' decoding='async' data-smush-webp-fallback=\"{&quot;src&quot;:&quot;https:\\\/\\\/prt.travelblox.eu\\\/wp-content\\\/uploads\\\/sites\\\/60\\\/2026\\\/01\\\/packraft-ardeche-2-768x785.jpg&quot;,&quot;srcset&quot;:&quot;https:\\\/\\\/prt.travelblox.eu\\\/wp-content\\\/uploads\\\/sites\\\/60\\\/2026\\\/01\\\/packraft-ardeche-2-768x785.jpg 768w, https:\\\/\\\/prt.travelblox.eu\\\/wp-content\\\/uploads\\\/sites\\\/60\\\/2026\\\/01\\\/packraft-ardeche-2-294x300.jpg 294w, https:\\\/\\\/prt.travelblox.eu\\\/wp-content\\\/uploads\\\/sites\\\/60\\\/2026\\\/01\\\/packraft-ardeche-2-12x12.jpg 12w, https:\\\/\\\/prt.travelblox.eu\\\/wp-content\\\/uploads\\\/sites\\\/60\\\/2026\\\/01\\\/packraft-ardeche-2.jpg 781w&quot;}\">\t\t\t\t\t\t\t\t\t\t\t\t\t\t\t\t\t\t\t\t\t\t\t\t\t\t<\/figure>\n\t\t\t<\/div>\n\t\t<\/div>\n\t\t\t<div class=\"entry\">\n\t\t\t<div class=\"tb-image-part\">\n\t\t\t\t<figure>\n\t\t\t\t\t<img src='https:\/\/prt.travelblox.eu\/wp-content\/smush-webp\/sites\/60\/2026\/01\/bivouac-de-gaud-768x711.jpg.webp' width='768' height='711' srcset='https:\/\/prt.travelblox.eu\/wp-content\/smush-webp\/sites\/60\/2026\/01\/bivouac-de-gaud-768x711.jpg.webp 768w, https:\/\/prt.travelblox.eu\/wp-content\/smush-webp\/sites\/60\/2026\/01\/bivouac-de-gaud-300x278.jpg.webp 300w, https:\/\/prt.travelblox.eu\/wp-content\/smush-webp\/sites\/60\/2026\/01\/bivouac-de-gaud-13x12.jpg.webp 13w, https:\/\/prt.travelblox.eu\/wp-content\/smush-webp\/sites\/60\/2026\/01\/bivouac-de-gaud.jpg.webp 902w' sizes=\"auto, (max-width: 768px) 100vw, 768px\" loading='lazy' decoding='async' data-smush-webp-fallback=\"{&quot;src&quot;:&quot;https:\\\/\\\/prt.travelblox.eu\\\/wp-content\\\/uploads\\\/sites\\\/60\\\/2026\\\/01\\\/bivouac-de-gaud-768x711.jpg&quot;,&quot;srcset&quot;:&quot;https:\\\/\\\/prt.travelblox.eu\\\/wp-content\\\/uploads\\\/sites\\\/60\\\/2026\\\/01\\\/bivouac-de-gaud-768x711.jpg 768w, https:\\\/\\\/prt.travelblox.eu\\\/wp-content\\\/uploads\\\/sites\\\/60\\\/2026\\\/01\\\/bivouac-de-gaud-300x278.jpg 300w, https:\\\/\\\/prt.travelblox.eu\\\/wp-content\\\/uploads\\\/sites\\\/60\\\/2026\\\/01\\\/bivouac-de-gaud-13x12.jpg 13w, https:\\\/\\\/prt.travelblox.eu\\\/wp-content\\\/uploads\\\/sites\\\/60\\\/2026\\\/01\\\/bivouac-de-gaud.jpg 902w&quot;}\">\t\t\t\t\t\t\t\t\t\t\t\t\t\t\t\t\t\t\t\t\t\t\t\t\t\t<\/figure>\n\t\t\t<\/div>\n\t\t<\/div>\n\t\t\t<div class=\"entry\">\n\t\t\t<div class=\"tb-image-part\">\n\t\t\t\t<figure>\n\t\t\t\t\t<img src='https:\/\/prt.travelblox.eu\/wp-content\/smush-webp\/sites\/60\/2026\/01\/packraft-ardeche-1-768x732.jpg.webp' width='768' height='732' srcset='https:\/\/prt.travelblox.eu\/wp-content\/smush-webp\/sites\/60\/2026\/01\/packraft-ardeche-1-768x732.jpg.webp 768w, https:\/\/prt.travelblox.eu\/wp-content\/smush-webp\/sites\/60\/2026\/01\/packraft-ardeche-1-300x286.jpg.webp 300w, https:\/\/prt.travelblox.eu\/wp-content\/smush-webp\/sites\/60\/2026\/01\/packraft-ardeche-1-13x12.jpg.webp 13w, https:\/\/prt.travelblox.eu\/wp-content\/smush-webp\/sites\/60\/2026\/01\/packraft-ardeche-1.jpg.webp 815w' sizes=\"auto, (max-width: 768px) 100vw, 768px\" loading='lazy' decoding='async' data-smush-webp-fallback=\"{&quot;src&quot;:&quot;https:\\\/\\\/prt.travelblox.eu\\\/wp-content\\\/uploads\\\/sites\\\/60\\\/2026\\\/01\\\/packraft-ardeche-1-768x732.jpg&quot;,&quot;srcset&quot;:&quot;https:\\\/\\\/prt.travelblox.eu\\\/wp-content\\\/uploads\\\/sites\\\/60\\\/2026\\\/01\\\/packraft-ardeche-1-768x732.jpg 768w, https:\\\/\\\/prt.travelblox.eu\\\/wp-content\\\/uploads\\\/sites\\\/60\\\/2026\\\/01\\\/packraft-ardeche-1-300x286.jpg 300w, https:\\\/\\\/prt.travelblox.eu\\\/wp-content\\\/uploads\\\/sites\\\/60\\\/2026\\\/01\\\/packraft-ardeche-1-13x12.jpg 13w, https:\\\/\\\/prt.travelblox.eu\\\/wp-content\\\/uploads\\\/sites\\\/60\\\/2026\\\/01\\\/packraft-ardeche-1.jpg 815w&quot;}\">\t\t\t\t\t\t\t\t\t\t\t\t\t\t\t\t\t\t\t\t\t\t\t\t\t\t<\/figure>\n\t\t\t<\/div>\n\t\t<\/div>\n\t\t\t\t\t<\/div>\n\t\t\t\t<div class=\"tb-carousel-nav\">\n\t\t<div class=\"dots\">\n\t\t\t<div class=\"dot active\"><\/div>\n\t\t\t<div class=\"dot\"><\/div>\n\t\t\t<div class=\"dot\"><\/div>\n\t\t<\/div>\n\t\t<div class=\"arrows\">\n\t\t\t<div class=\"prev disabled\">\n\t\t\t\t<span><i class=\"fa fa-chevron-left\"><\/i><\/span>\n\t\t\t<\/div>\n\t\t\t<div class=\"next\">\n\t\t\t\t<span><i class=\"fa fa-chevron-right\"><\/i><\/span>\n\t\t\t<\/div>\n\t\t<\/div>\n\t<\/div>\n\t\t\t<\/div>\n\t<\/div>\n\t\t                <\/div>\n                                        <div class=\"tb-buttons mobile-only\">\n                                    <a href=\"#join\" class=\"tb-button\">\n                                                    D\u00e9couvrez les dates                                            <\/a>\n                                                    <a href=\"#route\" class=\"tb-buttonlink\">\n                                                    D\u00e9couvrez l'itin\u00e9raire                                            <\/a>\n                            <\/div>\n            <\/div>\n<\/div>\n\n\n<div class=\"tb-textimage2 tb-block align-left background-light pattern-none variant-text_first tb-collapsible-margins\" id=\"route\">\n\t<div class=\"inner-block tb-fade-in\">\n\n\t\t\n\t\t\t\t<div class=\"tb-columns\">\n\t\t\t<div class=\"tb-column\">\n\t\t\t\t<div class=\"tb-text-part\">\n\t\t\t\t\t<h2>2 jours au c\u0153ur de l'Ard\u00e8che<\/h2>\n\t\t\t\t\t\t<div class=\"translation-block tb-wysiwyg-part\"><p>En 2 magnifiques jours, tu exploreras l'un des plus beaux parcs nationaux de France : <strong>le Parc national de l'Ard\u00e8che<\/strong>. Tu te balades \u00e0 travers des for\u00eats anciennes avec des vues panoramiques sur la majestueuse vall\u00e9e et tu pagayes le long de la <strong>rivi\u00e8re rafra\u00eechissante<\/strong>. Une constante : chaque jour, tu auras des vues magnifiques. Le jour 2, tu navigues le long des rives des gorges de l'Ard\u00e8che et tu marches le lendemain vers l'un des plus beaux campings de France : <strong>le Camping Milles Etoiles.<\/strong><\/p><\/div>\n\t\t\t\t\t\t\t\t\t\t\t<div class=\"tb-buttons-part\">\n\t\t\t\t\t\t\t\t<a href=\"#join\"  target=\"\" class=\"tb-button\">\n\t\t\tS'inscrire\t\t<\/a>\n\t\t\t\t\t\t\t\t\t\t<a href=\"#practical\"  target=\"\" class=\"tb-buttonlink\">\n\t\t\tInformations pratiques\t\t<\/a>\n\t\t\t\t\t\t\t<\/div>\n\t\t\t\t<\/div>\n\t\t\t<\/div>\n\t\t\t<div class=\"tb-column\">\n\t\t\t\t\t\t\t\t\t\t\t\t\t\t\t<div class=\"tb-image-part\">\n\t\t\t\t\t\t\t<img src='https:\/\/prt.travelblox.eu\/wp-content\/smush-webp\/sites\/60\/2026\/01\/rsz_5rsz_1map_ardeche.png.webp' width='704' height='384' srcset='https:\/\/prt.travelblox.eu\/wp-content\/smush-webp\/sites\/60\/2026\/01\/rsz_5rsz_1map_ardeche.png.webp 704w, https:\/\/prt.travelblox.eu\/wp-content\/smush-webp\/sites\/60\/2026\/01\/rsz_5rsz_1map_ardeche-300x164.png.webp 300w, https:\/\/prt.travelblox.eu\/wp-content\/smush-webp\/sites\/60\/2026\/01\/rsz_5rsz_1map_ardeche-18x10.png.webp 18w' sizes=\"auto, (max-width: 704px) 100vw, 704px\" loading='lazy' decoding='async' data-smush-webp-fallback=\"{&quot;src&quot;:&quot;https:\\\/\\\/prt.travelblox.eu\\\/wp-content\\\/uploads\\\/sites\\\/60\\\/2026\\\/01\\\/rsz_5rsz_1map_ardeche.png&quot;,&quot;srcset&quot;:&quot;https:\\\/\\\/prt.travelblox.eu\\\/wp-content\\\/uploads\\\/sites\\\/60\\\/2026\\\/01\\\/rsz_5rsz_1map_ardeche.png 704w, https:\\\/\\\/prt.travelblox.eu\\\/wp-content\\\/uploads\\\/sites\\\/60\\\/2026\\\/01\\\/rsz_5rsz_1map_ardeche-300x164.png 300w, https:\\\/\\\/prt.travelblox.eu\\\/wp-content\\\/uploads\\\/sites\\\/60\\\/2026\\\/01\\\/rsz_5rsz_1map_ardeche-18x10.png 18w&quot;}\">\t\t\t\t\t\t<\/div>\n\t\t\t\t\t\t\t\t\t\t\t\t<\/div>\n\t\t<\/div>\n\t<\/div>\n<\/div>\n\n\n<div class=\"tb-gallery tb-block align-center background-light pattern-none variant-grid\" id=\"gallery\">\n\t<div class=\"tb-gallery__inner\">\n\t\t<div class=\"desktop tb-has-popup-content\">\n\t\t\t\t\t\t\t<ul class=\"tb-gallery-grid\">\n\t\t\t\t\t\t\t\t\t\t\t\t\t\t\t\t\t\t<li class=\"slide\">\n\t\t\t\t\t\t\t\t<div class=\"tb-popup-trigger\">\n\t\t\t\t\t\t\t\t\t<img src='https:\/\/prt.travelblox.eu\/wp-content\/smush-webp\/sites\/60\/2026\/01\/packraft-ardeche-3.jpg.webp' width='870' height='580' srcset='https:\/\/prt.travelblox.eu\/wp-content\/smush-webp\/sites\/60\/2026\/01\/packraft-ardeche-3.jpg.webp 870w, https:\/\/prt.travelblox.eu\/wp-content\/smush-webp\/sites\/60\/2026\/01\/packraft-ardeche-3-300x200.jpg.webp 300w, https:\/\/prt.travelblox.eu\/wp-content\/smush-webp\/sites\/60\/2026\/01\/packraft-ardeche-3-768x512.jpg.webp 768w, https:\/\/prt.travelblox.eu\/wp-content\/smush-webp\/sites\/60\/2026\/01\/packraft-ardeche-3-18x12.jpg.webp 18w' sizes=\"auto, (max-width: 870px) 100vw, 870px\" loading='lazy' decoding='async' data-smush-webp-fallback=\"{&quot;src&quot;:&quot;https:\\\/\\\/prt.travelblox.eu\\\/wp-content\\\/uploads\\\/sites\\\/60\\\/2026\\\/01\\\/packraft-ardeche-3.jpg&quot;,&quot;srcset&quot;:&quot;https:\\\/\\\/prt.travelblox.eu\\\/wp-content\\\/uploads\\\/sites\\\/60\\\/2026\\\/01\\\/packraft-ardeche-3.jpg 870w, https:\\\/\\\/prt.travelblox.eu\\\/wp-content\\\/uploads\\\/sites\\\/60\\\/2026\\\/01\\\/packraft-ardeche-3-300x200.jpg 300w, https:\\\/\\\/prt.travelblox.eu\\\/wp-content\\\/uploads\\\/sites\\\/60\\\/2026\\\/01\\\/packraft-ardeche-3-768x512.jpg 768w, https:\\\/\\\/prt.travelblox.eu\\\/wp-content\\\/uploads\\\/sites\\\/60\\\/2026\\\/01\\\/packraft-ardeche-3-18x12.jpg 18w&quot;}\">\t\t\t\t\t\t\t\t<\/div>\n\t\t\t\t\t\t\t<\/li>\n\t\t\t\t\t\t\t\t\t\t\t\t\t<li class=\"slide\">\n\t\t\t\t\t\t\t\t<div class=\"tb-popup-trigger\">\n\t\t\t\t\t\t\t\t\t<img src='https:\/\/prt.travelblox.eu\/wp-content\/smush-webp\/sites\/60\/2026\/01\/drone-view-ardeche.jpg.webp' width='928' height='664' srcset='https:\/\/prt.travelblox.eu\/wp-content\/smush-webp\/sites\/60\/2026\/01\/drone-view-ardeche.jpg.webp 928w, https:\/\/prt.travelblox.eu\/wp-content\/smush-webp\/sites\/60\/2026\/01\/drone-view-ardeche-300x215.jpg.webp 300w, https:\/\/prt.travelblox.eu\/wp-content\/smush-webp\/sites\/60\/2026\/01\/drone-view-ardeche-768x550.jpg.webp 768w, https:\/\/prt.travelblox.eu\/wp-content\/smush-webp\/sites\/60\/2026\/01\/drone-view-ardeche-18x12.jpg.webp 18w' sizes=\"auto, (max-width: 928px) 100vw, 928px\" loading='lazy' decoding='async' data-smush-webp-fallback=\"{&quot;src&quot;:&quot;https:\\\/\\\/prt.travelblox.eu\\\/wp-content\\\/uploads\\\/sites\\\/60\\\/2026\\\/01\\\/drone-view-ardeche.jpg&quot;,&quot;srcset&quot;:&quot;https:\\\/\\\/prt.travelblox.eu\\\/wp-content\\\/uploads\\\/sites\\\/60\\\/2026\\\/01\\\/drone-view-ardeche.jpg 928w, https:\\\/\\\/prt.travelblox.eu\\\/wp-content\\\/uploads\\\/sites\\\/60\\\/2026\\\/01\\\/drone-view-ardeche-300x215.jpg 300w, https:\\\/\\\/prt.travelblox.eu\\\/wp-content\\\/uploads\\\/sites\\\/60\\\/2026\\\/01\\\/drone-view-ardeche-768x550.jpg 768w, https:\\\/\\\/prt.travelblox.eu\\\/wp-content\\\/uploads\\\/sites\\\/60\\\/2026\\\/01\\\/drone-view-ardeche-18x12.jpg 18w&quot;}\">\t\t\t\t\t\t\t\t<\/div>\n\t\t\t\t\t\t\t<\/li>\n\t\t\t\t\t\t\t\t\t\t\t\t\t<li class=\"slide\">\n\t\t\t\t\t\t\t\t<div class=\"tb-popup-trigger\">\n\t\t\t\t\t\t\t\t\t<img src='https:\/\/prt.travelblox.eu\/wp-content\/smush-webp\/sites\/60\/2026\/01\/ardeche-river.jpg.webp' width='1093' height='769' srcset='https:\/\/prt.travelblox.eu\/wp-content\/smush-webp\/sites\/60\/2026\/01\/ardeche-river.jpg.webp 1093w, https:\/\/prt.travelblox.eu\/wp-content\/smush-webp\/sites\/60\/2026\/01\/ardeche-river-300x211.jpg.webp 300w, https:\/\/prt.travelblox.eu\/wp-content\/smush-webp\/sites\/60\/2026\/01\/ardeche-river-1024x720.jpg.webp 1024w, https:\/\/prt.travelblox.eu\/wp-content\/smush-webp\/sites\/60\/2026\/01\/ardeche-river-768x540.jpg.webp 768w, https:\/\/prt.travelblox.eu\/wp-content\/smush-webp\/sites\/60\/2026\/01\/ardeche-river-18x12.jpg.webp 18w' sizes=\"auto, (max-width: 1093px) 100vw, 1093px\" loading='lazy' decoding='async' data-smush-webp-fallback=\"{&quot;src&quot;:&quot;https:\\\/\\\/prt.travelblox.eu\\\/wp-content\\\/uploads\\\/sites\\\/60\\\/2026\\\/01\\\/ardeche-river.jpg&quot;,&quot;srcset&quot;:&quot;https:\\\/\\\/prt.travelblox.eu\\\/wp-content\\\/uploads\\\/sites\\\/60\\\/2026\\\/01\\\/ardeche-river.jpg 1093w, https:\\\/\\\/prt.travelblox.eu\\\/wp-content\\\/uploads\\\/sites\\\/60\\\/2026\\\/01\\\/ardeche-river-300x211.jpg 300w, https:\\\/\\\/prt.travelblox.eu\\\/wp-content\\\/uploads\\\/sites\\\/60\\\/2026\\\/01\\\/ardeche-river-1024x720.jpg 1024w, https:\\\/\\\/prt.travelblox.eu\\\/wp-content\\\/uploads\\\/sites\\\/60\\\/2026\\\/01\\\/ardeche-river-768x540.jpg 768w, https:\\\/\\\/prt.travelblox.eu\\\/wp-content\\\/uploads\\\/sites\\\/60\\\/2026\\\/01\\\/ardeche-river-18x12.jpg 18w&quot;}\">\t\t\t\t\t\t\t\t<\/div>\n\t\t\t\t\t\t\t<\/li>\n\t\t\t\t\t\t\t\t\t\t\t\t\t\t\t<\/ul>\n\t\t\t\t\t\t<div class=\"tb-popup tb-popup--open-clicked-image\">\n\t\t\t\t<div class=\"tb-gallery-popup\">\n\t\t\t\t\t<div class=\"tb-image-part\">\n\t\t\t\t\t\t\t\t<div class=\"inner-block-full-width has-tb-carousel tb-carousel-slider\" >\n\t\t<div class=\"tb-carousel-container\">\n\t\t\t<div class=\"entries tb-cards\" data-slider-first=\"2\">\n\t\t\t\t\t\t\t<div class=\"entry\">\n\t\t\t<div class=\"tb-image-part\">\n\t\t\t\t<figure>\n\t\t\t\t\t<img src='https:\/\/prt.travelblox.eu\/wp-content\/smush-webp\/sites\/60\/2026\/01\/packraft-ardeche-3.jpg.webp' width='870' height='580' srcset='https:\/\/prt.travelblox.eu\/wp-content\/smush-webp\/sites\/60\/2026\/01\/packraft-ardeche-3.jpg.webp 870w, https:\/\/prt.travelblox.eu\/wp-content\/smush-webp\/sites\/60\/2026\/01\/packraft-ardeche-3-300x200.jpg.webp 300w, https:\/\/prt.travelblox.eu\/wp-content\/smush-webp\/sites\/60\/2026\/01\/packraft-ardeche-3-768x512.jpg.webp 768w, https:\/\/prt.travelblox.eu\/wp-content\/smush-webp\/sites\/60\/2026\/01\/packraft-ardeche-3-18x12.jpg.webp 18w' sizes=\"auto, (max-width: 870px) 100vw, 870px\" loading='lazy' decoding='async' data-smush-webp-fallback=\"{&quot;src&quot;:&quot;https:\\\/\\\/prt.travelblox.eu\\\/wp-content\\\/uploads\\\/sites\\\/60\\\/2026\\\/01\\\/packraft-ardeche-3.jpg&quot;,&quot;srcset&quot;:&quot;https:\\\/\\\/prt.travelblox.eu\\\/wp-content\\\/uploads\\\/sites\\\/60\\\/2026\\\/01\\\/packraft-ardeche-3.jpg 870w, https:\\\/\\\/prt.travelblox.eu\\\/wp-content\\\/uploads\\\/sites\\\/60\\\/2026\\\/01\\\/packraft-ardeche-3-300x200.jpg 300w, https:\\\/\\\/prt.travelblox.eu\\\/wp-content\\\/uploads\\\/sites\\\/60\\\/2026\\\/01\\\/packraft-ardeche-3-768x512.jpg 768w, https:\\\/\\\/prt.travelblox.eu\\\/wp-content\\\/uploads\\\/sites\\\/60\\\/2026\\\/01\\\/packraft-ardeche-3-18x12.jpg 18w&quot;}\">\t\t\t\t\t\t\t\t\t<\/figure>\n\t\t\t<\/div>\n\t\t<\/div>\n\t\t\t<div class=\"entry\">\n\t\t\t<div class=\"tb-image-part\">\n\t\t\t\t<figure>\n\t\t\t\t\t<img src='https:\/\/prt.travelblox.eu\/wp-content\/smush-webp\/sites\/60\/2026\/01\/drone-view-ardeche.jpg.webp' width='928' height='664' srcset='https:\/\/prt.travelblox.eu\/wp-content\/smush-webp\/sites\/60\/2026\/01\/drone-view-ardeche.jpg.webp 928w, https:\/\/prt.travelblox.eu\/wp-content\/smush-webp\/sites\/60\/2026\/01\/drone-view-ardeche-300x215.jpg.webp 300w, https:\/\/prt.travelblox.eu\/wp-content\/smush-webp\/sites\/60\/2026\/01\/drone-view-ardeche-768x550.jpg.webp 768w, https:\/\/prt.travelblox.eu\/wp-content\/smush-webp\/sites\/60\/2026\/01\/drone-view-ardeche-18x12.jpg.webp 18w' sizes=\"auto, (max-width: 928px) 100vw, 928px\" loading='lazy' decoding='async' data-smush-webp-fallback=\"{&quot;src&quot;:&quot;https:\\\/\\\/prt.travelblox.eu\\\/wp-content\\\/uploads\\\/sites\\\/60\\\/2026\\\/01\\\/drone-view-ardeche.jpg&quot;,&quot;srcset&quot;:&quot;https:\\\/\\\/prt.travelblox.eu\\\/wp-content\\\/uploads\\\/sites\\\/60\\\/2026\\\/01\\\/drone-view-ardeche.jpg 928w, https:\\\/\\\/prt.travelblox.eu\\\/wp-content\\\/uploads\\\/sites\\\/60\\\/2026\\\/01\\\/drone-view-ardeche-300x215.jpg 300w, https:\\\/\\\/prt.travelblox.eu\\\/wp-content\\\/uploads\\\/sites\\\/60\\\/2026\\\/01\\\/drone-view-ardeche-768x550.jpg 768w, https:\\\/\\\/prt.travelblox.eu\\\/wp-content\\\/uploads\\\/sites\\\/60\\\/2026\\\/01\\\/drone-view-ardeche-18x12.jpg 18w&quot;}\">\t\t\t\t\t\t\t\t\t<\/figure>\n\t\t\t<\/div>\n\t\t<\/div>\n\t\t\t<div class=\"entry\">\n\t\t\t<div class=\"tb-image-part\">\n\t\t\t\t<figure>\n\t\t\t\t\t<img src='https:\/\/prt.travelblox.eu\/wp-content\/smush-webp\/sites\/60\/2026\/01\/ardeche-river.jpg.webp' width='1093' height='769' srcset='https:\/\/prt.travelblox.eu\/wp-content\/smush-webp\/sites\/60\/2026\/01\/ardeche-river.jpg.webp 1093w, https:\/\/prt.travelblox.eu\/wp-content\/smush-webp\/sites\/60\/2026\/01\/ardeche-river-300x211.jpg.webp 300w, https:\/\/prt.travelblox.eu\/wp-content\/smush-webp\/sites\/60\/2026\/01\/ardeche-river-1024x720.jpg.webp 1024w, https:\/\/prt.travelblox.eu\/wp-content\/smush-webp\/sites\/60\/2026\/01\/ardeche-river-768x540.jpg.webp 768w, https:\/\/prt.travelblox.eu\/wp-content\/smush-webp\/sites\/60\/2026\/01\/ardeche-river-18x12.jpg.webp 18w' sizes=\"auto, (max-width: 1093px) 100vw, 1093px\" loading='lazy' decoding='async' data-smush-webp-fallback=\"{&quot;src&quot;:&quot;https:\\\/\\\/prt.travelblox.eu\\\/wp-content\\\/uploads\\\/sites\\\/60\\\/2026\\\/01\\\/ardeche-river.jpg&quot;,&quot;srcset&quot;:&quot;https:\\\/\\\/prt.travelblox.eu\\\/wp-content\\\/uploads\\\/sites\\\/60\\\/2026\\\/01\\\/ardeche-river.jpg 1093w, https:\\\/\\\/prt.travelblox.eu\\\/wp-content\\\/uploads\\\/sites\\\/60\\\/2026\\\/01\\\/ardeche-river-300x211.jpg 300w, https:\\\/\\\/prt.travelblox.eu\\\/wp-content\\\/uploads\\\/sites\\\/60\\\/2026\\\/01\\\/ardeche-river-1024x720.jpg 1024w, https:\\\/\\\/prt.travelblox.eu\\\/wp-content\\\/uploads\\\/sites\\\/60\\\/2026\\\/01\\\/ardeche-river-768x540.jpg 768w, https:\\\/\\\/prt.travelblox.eu\\\/wp-content\\\/uploads\\\/sites\\\/60\\\/2026\\\/01\\\/ardeche-river-18x12.jpg 18w&quot;}\">\t\t\t\t\t\t\t\t\t<\/figure>\n\t\t\t<\/div>\n\t\t<\/div>\n\t\t\t\t\t<\/div>\n\t\t\t\t<div class=\"tb-carousel-nav\">\n\t\t<div class=\"dots\">\n\t\t\t<div class=\"dot active\"><\/div>\n\t\t\t<div class=\"dot\"><\/div>\n\t\t\t<div class=\"dot\"><\/div>\n\t\t<\/div>\n\t\t<div class=\"arrows\">\n\t\t\t<div class=\"prev disabled\">\n\t\t\t\t<span><i class=\"fa fa-chevron-left\"><\/i><\/span>\n\t\t\t<\/div>\n\t\t\t<div class=\"next\">\n\t\t\t\t<span><i class=\"fa fa-chevron-right\"><\/i><\/span>\n\t\t\t<\/div>\n\t\t<\/div>\n\t<\/div>\n\t\t\t<\/div>\n\t<\/div>\n\t\t\t\t\t\t\t<\/div>\n\t\t\t\t<\/div>\n\t\t\t<\/div>\n\t\t<\/div>\n\t\t<div class=\"mobile\">\n\t\t\t<div class=\"tb-image-part\">\n\t\t\t\t\t\t<div class=\"inner-block-full-width has-tb-carousel tb-carousel-slider\" >\n\t\t<div class=\"tb-carousel-container\">\n\t\t\t<div class=\"entries tb-cards\" data-slider-first=\"0\">\n\t\t\t\t\t\t\t<div class=\"entry\">\n\t\t\t<div class=\"tb-image-part\">\n\t\t\t\t<figure>\n\t\t\t\t\t<img src='https:\/\/prt.travelblox.eu\/wp-content\/smush-webp\/sites\/60\/2026\/01\/packraft-ardeche-3-768x512.jpg.webp' width='768' height='512' srcset='https:\/\/prt.travelblox.eu\/wp-content\/smush-webp\/sites\/60\/2026\/01\/packraft-ardeche-3-768x512.jpg.webp 768w, https:\/\/prt.travelblox.eu\/wp-content\/smush-webp\/sites\/60\/2026\/01\/packraft-ardeche-3-300x200.jpg.webp 300w, https:\/\/prt.travelblox.eu\/wp-content\/smush-webp\/sites\/60\/2026\/01\/packraft-ardeche-3-18x12.jpg.webp 18w, https:\/\/prt.travelblox.eu\/wp-content\/smush-webp\/sites\/60\/2026\/01\/packraft-ardeche-3.jpg.webp 870w' sizes=\"auto, (max-width: 768px) 100vw, 768px\" loading='lazy' decoding='async' data-smush-webp-fallback=\"{&quot;src&quot;:&quot;https:\\\/\\\/prt.travelblox.eu\\\/wp-content\\\/uploads\\\/sites\\\/60\\\/2026\\\/01\\\/packraft-ardeche-3-768x512.jpg&quot;,&quot;srcset&quot;:&quot;https:\\\/\\\/prt.travelblox.eu\\\/wp-content\\\/uploads\\\/sites\\\/60\\\/2026\\\/01\\\/packraft-ardeche-3-768x512.jpg 768w, https:\\\/\\\/prt.travelblox.eu\\\/wp-content\\\/uploads\\\/sites\\\/60\\\/2026\\\/01\\\/packraft-ardeche-3-300x200.jpg 300w, https:\\\/\\\/prt.travelblox.eu\\\/wp-content\\\/uploads\\\/sites\\\/60\\\/2026\\\/01\\\/packraft-ardeche-3-18x12.jpg 18w, https:\\\/\\\/prt.travelblox.eu\\\/wp-content\\\/uploads\\\/sites\\\/60\\\/2026\\\/01\\\/packraft-ardeche-3.jpg 870w&quot;}\">\t\t\t\t\t\t\t\t\t<\/figure>\n\t\t\t<\/div>\n\t\t<\/div>\n\t\t\t<div class=\"entry\">\n\t\t\t<div class=\"tb-image-part\">\n\t\t\t\t<figure>\n\t\t\t\t\t<img src='https:\/\/prt.travelblox.eu\/wp-content\/smush-webp\/sites\/60\/2026\/01\/drone-view-ardeche-768x550.jpg.webp' width='768' height='550' srcset='https:\/\/prt.travelblox.eu\/wp-content\/smush-webp\/sites\/60\/2026\/01\/drone-view-ardeche-768x550.jpg.webp 768w, https:\/\/prt.travelblox.eu\/wp-content\/smush-webp\/sites\/60\/2026\/01\/drone-view-ardeche-300x215.jpg.webp 300w, https:\/\/prt.travelblox.eu\/wp-content\/smush-webp\/sites\/60\/2026\/01\/drone-view-ardeche-18x12.jpg.webp 18w, https:\/\/prt.travelblox.eu\/wp-content\/smush-webp\/sites\/60\/2026\/01\/drone-view-ardeche.jpg.webp 928w' sizes=\"auto, (max-width: 768px) 100vw, 768px\" loading='lazy' decoding='async' data-smush-webp-fallback=\"{&quot;src&quot;:&quot;https:\\\/\\\/prt.travelblox.eu\\\/wp-content\\\/uploads\\\/sites\\\/60\\\/2026\\\/01\\\/drone-view-ardeche-768x550.jpg&quot;,&quot;srcset&quot;:&quot;https:\\\/\\\/prt.travelblox.eu\\\/wp-content\\\/uploads\\\/sites\\\/60\\\/2026\\\/01\\\/drone-view-ardeche-768x550.jpg 768w, https:\\\/\\\/prt.travelblox.eu\\\/wp-content\\\/uploads\\\/sites\\\/60\\\/2026\\\/01\\\/drone-view-ardeche-300x215.jpg 300w, https:\\\/\\\/prt.travelblox.eu\\\/wp-content\\\/uploads\\\/sites\\\/60\\\/2026\\\/01\\\/drone-view-ardeche-18x12.jpg 18w, https:\\\/\\\/prt.travelblox.eu\\\/wp-content\\\/uploads\\\/sites\\\/60\\\/2026\\\/01\\\/drone-view-ardeche.jpg 928w&quot;}\">\t\t\t\t\t\t\t\t\t<\/figure>\n\t\t\t<\/div>\n\t\t<\/div>\n\t\t\t<div class=\"entry\">\n\t\t\t<div class=\"tb-image-part\">\n\t\t\t\t<figure>\n\t\t\t\t\t<img src='https:\/\/prt.travelblox.eu\/wp-content\/smush-webp\/sites\/60\/2026\/01\/ardeche-river-768x540.jpg.webp' width='768' height='540' srcset='https:\/\/prt.travelblox.eu\/wp-content\/smush-webp\/sites\/60\/2026\/01\/ardeche-river-768x540.jpg.webp 768w, https:\/\/prt.travelblox.eu\/wp-content\/smush-webp\/sites\/60\/2026\/01\/ardeche-river-300x211.jpg.webp 300w, https:\/\/prt.travelblox.eu\/wp-content\/smush-webp\/sites\/60\/2026\/01\/ardeche-river-1024x720.jpg.webp 1024w, https:\/\/prt.travelblox.eu\/wp-content\/smush-webp\/sites\/60\/2026\/01\/ardeche-river-18x12.jpg.webp 18w, https:\/\/prt.travelblox.eu\/wp-content\/smush-webp\/sites\/60\/2026\/01\/ardeche-river.jpg.webp 1093w' sizes=\"auto, (max-width: 768px) 100vw, 768px\" loading='lazy' decoding='async' data-smush-webp-fallback=\"{&quot;src&quot;:&quot;https:\\\/\\\/prt.travelblox.eu\\\/wp-content\\\/uploads\\\/sites\\\/60\\\/2026\\\/01\\\/ardeche-river-768x540.jpg&quot;,&quot;srcset&quot;:&quot;https:\\\/\\\/prt.travelblox.eu\\\/wp-content\\\/uploads\\\/sites\\\/60\\\/2026\\\/01\\\/ardeche-river-768x540.jpg 768w, https:\\\/\\\/prt.travelblox.eu\\\/wp-content\\\/uploads\\\/sites\\\/60\\\/2026\\\/01\\\/ardeche-river-300x211.jpg 300w, https:\\\/\\\/prt.travelblox.eu\\\/wp-content\\\/uploads\\\/sites\\\/60\\\/2026\\\/01\\\/ardeche-river-1024x720.jpg 1024w, https:\\\/\\\/prt.travelblox.eu\\\/wp-content\\\/uploads\\\/sites\\\/60\\\/2026\\\/01\\\/ardeche-river-18x12.jpg 18w, https:\\\/\\\/prt.travelblox.eu\\\/wp-content\\\/uploads\\\/sites\\\/60\\\/2026\\\/01\\\/ardeche-river.jpg 1093w&quot;}\">\t\t\t\t\t\t\t\t\t<\/figure>\n\t\t\t<\/div>\n\t\t<\/div>\n\t\t\t\t\t<\/div>\n\t\t\t\t<div class=\"tb-carousel-nav\">\n\t\t<div class=\"dots\">\n\t\t\t<div class=\"dot active\"><\/div>\n\t\t\t<div class=\"dot\"><\/div>\n\t\t\t<div class=\"dot\"><\/div>\n\t\t<\/div>\n\t\t<div class=\"arrows\">\n\t\t\t<div class=\"prev disabled\">\n\t\t\t\t<span><i class=\"fa fa-chevron-left\"><\/i><\/span>\n\t\t\t<\/div>\n\t\t\t<div class=\"next\">\n\t\t\t\t<span><i class=\"fa fa-chevron-right\"><\/i><\/span>\n\t\t\t<\/div>\n\t\t<\/div>\n\t<\/div>\n\t\t\t<\/div>\n\t<\/div>\n\t\t\t\t\t<\/div>\n\t\t<\/div>\n\t<\/div>\n<\/div>\n\n\n\n<div class=\"tb-dayschedule tb-block align-center background-light pattern-custom variant-none tb-collapsible-margins\" id=\"dayschedule\" style=\"background-image: url(http:\/\/prt.travelblox.eu\/wp-content\/uploads\/sites\/60\/2023\/12\/Untitled-design-3.svg)\">\n\n\t<div class=\"inner-block tb-fade-in tb-fade-in--subtle\">\n\t\t<div class=\"text-part\">\n\t\t\t<h2>L'aventure jour apr\u00e8s jour<\/h2>\n\t\t\t\t<div class=\"translation-block\"><p>Le basecamp est l'un des plus beaux campings d'Europe et est situ\u00e9 dans un coin cach\u00e9 du parc national, o\u00f9 il y a beaucoup moins de monde que sur les autres campings.<\/p><\/div>\n\t\t\t\t\t\t\t\t\t\t\t\t\t<\/div>\n\t<\/div>\n\t\t\t<div class=\"tb-sections\">\n\t\t\t\t\t\t\t\t\t\t\t\t\t<div class=\"inner-block-full-width has-tb-carousel tb-section\" id=\"dayschedule-section-0\">\n\t\t<div class=\"tb-carousel-container\">\n\t\t\t<div class=\"entries tb-cards\" data-slider-first=\"1\">\n\t\t\t\t\t\t\t\t\t\t\t\t\t\t\t<div class=\"tb-card entry tb-popup-trigger tb-unfold-on-hover\">\n\t\t\t\t\t\t\t<div class=\"tb-image-part\">\n\t\t\t\t\t\t\t\t<div class=\"tag\">\n\t\t\t\t\t\t\t\t\t<div>Jour 1<\/div>\n\t\t\t\t\t\t\t\t<\/div>\n\n\t\t\t\t\t\t\t\t<img src='https:\/\/prt.travelblox.eu\/wp-content\/smush-webp\/sites\/60\/2026\/01\/camping-mille-etoiles-1-768x462.jpg.webp' width='768' height='462' srcset='https:\/\/prt.travelblox.eu\/wp-content\/smush-webp\/sites\/60\/2026\/01\/camping-mille-etoiles-1-768x462.jpg.webp 768w, https:\/\/prt.travelblox.eu\/wp-content\/smush-webp\/sites\/60\/2026\/01\/camping-mille-etoiles-1-300x180.jpg.webp 300w, https:\/\/prt.travelblox.eu\/wp-content\/smush-webp\/sites\/60\/2026\/01\/camping-mille-etoiles-1-1024x616.jpg.webp 1024w, https:\/\/prt.travelblox.eu\/wp-content\/smush-webp\/sites\/60\/2026\/01\/camping-mille-etoiles-1-18x12.jpg.webp 18w, https:\/\/prt.travelblox.eu\/wp-content\/smush-webp\/sites\/60\/2026\/01\/camping-mille-etoiles-1.jpg.webp 1417w' sizes=\"auto, (max-width: 768px) 100vw, 768px\" loading='lazy' decoding='async' data-smush-webp-fallback=\"{&quot;src&quot;:&quot;https:\\\/\\\/prt.travelblox.eu\\\/wp-content\\\/uploads\\\/sites\\\/60\\\/2026\\\/01\\\/camping-mille-etoiles-1-768x462.jpg&quot;,&quot;srcset&quot;:&quot;https:\\\/\\\/prt.travelblox.eu\\\/wp-content\\\/uploads\\\/sites\\\/60\\\/2026\\\/01\\\/camping-mille-etoiles-1-768x462.jpg 768w, https:\\\/\\\/prt.travelblox.eu\\\/wp-content\\\/uploads\\\/sites\\\/60\\\/2026\\\/01\\\/camping-mille-etoiles-1-300x180.jpg 300w, https:\\\/\\\/prt.travelblox.eu\\\/wp-content\\\/uploads\\\/sites\\\/60\\\/2026\\\/01\\\/camping-mille-etoiles-1-1024x616.jpg 1024w, https:\\\/\\\/prt.travelblox.eu\\\/wp-content\\\/uploads\\\/sites\\\/60\\\/2026\\\/01\\\/camping-mille-etoiles-1-18x12.jpg 18w, https:\\\/\\\/prt.travelblox.eu\\\/wp-content\\\/uploads\\\/sites\\\/60\\\/2026\\\/01\\\/camping-mille-etoiles-1.jpg 1417w&quot;}\">\t\t\t\t\t\t\t<\/div>\n\t\t\t\t\t\t\t<div class=\"tb-card-bottom-wrapper\">\n\t\t\t\t\t\t\t\t<div class=\"tb-card-bottom\">\n\n\t\t\t\t\t\t\t\t\t<span class=\"tb-card-bottom__title\">\n\t\t\t\t\t\t\t\t\t\t<span class=\"tb-card-bottom__place\">\n\t\t\t\t\t\t\t\t\t\t\tCamping Mille \u00c9toiles\t\t\t\t\t\t\t\t\t\t\t\t\t\t\t\t\t\t\t\t\t<\/span>\n\n\t\t\t\t\t\t\t\t\t<\/span>\n\t\t\t\t\t\t\t\t\t<div class=\"tb-card-bottom__content\">\n\t\t\t\t\t\t\t\t\t\t<div>\n\t\t\t\t\t\t\t\t\t\t\t\t\t\t\t\t\t\t\t\t\t<\/div>\n\t\t\t\t\t\t\t\t\t<\/div>\n\t\t\t\t\t\t\t\t\t<div class=\"tb-card-bottom__teaser tb-unfold-on-hover__content\" data-no-translation>\n\t\t\t\t\t\t\t\t\t\t\t\t\t\t\t\t\t\t\t\t\t\t\t\t\t\t\t\t\t\tLe jour 1, ton aventure commence au camping Mille \u00c9toiles. Tu te plonges dans la nature sauvage pour&#8230; <span class=\"link\">Lire la suite<\/span>\t\t\t\t\t\t\t\t\t<\/div>\n\t\t\t\t\t\t\t\t<\/div>\n\n\t\t\t\t\t\t\t<\/div>\n\t\t\t\t\t\t\t<dialog class=\"tb-popup tb-popup-with-padding tb-dayschedule-popup-wrapper\">\n\t\t\t\t\t\t\t\t<div class=\"tb-dayschedule-popup\">\n\t\t\t\t\t\t\t\t\t<h4>\n\t\t\t\t\t\t\t\t\t\t\t\t\t\t\t\t\t\t\t\t\t\t\t\t\t\t\t\t\t\t\t<div>\n\t\t\t\t\t\t\t\t\t\t\t\t\t\t\t\t\t\t\t\t\t\t\t\t\tCamping Mille \u00c9toiles\t\t\t\t\t\t\t\t\t\t\t\t\t\t\t\t\t\t\t\t\t\t\t\t\t\t\t\t\t\t\t\t\t\t\t<\/div>\n\t\t\t\t\t\t\t\t\t\t\t\t\t\t\t\t\t\t\t<\/h4>\n\t\t\t\t\t\t\t\t\t<div class=\"tb-columns\">\n\t\t\t\t\t\t\t\t\t\t<div class=\"tb-column tb-column--text\">\n\t\t\t\t\t\t\t\t\t\t\t<div class=\"text-part\">\n\t\t\t\t\t\t\t\t\t\t\t\t\n\t\t\t\t\t\t\t\t\t\t\t\t\n\t\t\t\t\t\t\t\t\t\t\t\t<div>\n\t\t\t\t\t\t\t\t\t\t\t\t\t<strong>Jour 1<\/strong>\n\t\t\t\t\t\t\t\t\t\t\t\t\t\t<div class=\"translation-block\"><p>Le jour 1, ton aventure commence au camping <b data-path-to-node=\"0\" data-index-in-node=\"39\">Mille \u00c9toiles<\/b>. Tu te plonges dans la nature sauvage pour une randonn\u00e9e exploratoire dans le canyon et tu re\u00e7ois une initiation au packraft sur la rivi\u00e8re. Le soir, tu te d\u00e9tends sur le magnifique domaine du camping et profites de l'ambiance unique sous le ciel \u00e9toil\u00e9 de l'Ard\u00e8che.<\/p>\n<p>Sur ce parcours, tu peux choisir un circuit plus court autour du camping ou une randonn\u00e9e plus longue qui t'emm\u00e8ne plus profond\u00e9ment dans la nature du canyon.<\/p>\n<ul data-path-to-node=\"2\">\n<li><b data-path-to-node=\"2,0,0\" data-index-in-node=\"0\">Long parcours :<\/b> 14 km de randonn\u00e9e + 3 km d'initiation au packraft<\/li>\n<li><b data-path-to-node=\"2,1,0\" data-index-in-node=\"0\">Court parcours :<\/b> 8 km de randonn\u00e9e + 3 km d'initiation au packraft<\/li>\n<\/ul><\/div>\n\t\t\t\t\t\t\t\t\t\t\t\t\t<\/div>\n\n\n\t\t\t\t\t\t\t\t\t\t\t<\/div>\n\t\t\t\t\t\t\t\t\t\t<\/div>\n\t\t\t\t\t\t\t\t\t\t<div class=\"tb-column tb-column--image\">\n\n\t\t\t\t\t\t\t\t\t\t\t<div class=\"tb-image-part\">\n\t\t\t\t\t\t\t\t\t\t\t\t<img src='https:\/\/prt.travelblox.eu\/wp-content\/smush-webp\/sites\/60\/2026\/01\/camping-mille-etoiles-1-1024x616.jpg.webp' width='1024' height='616' srcset='https:\/\/prt.travelblox.eu\/wp-content\/smush-webp\/sites\/60\/2026\/01\/camping-mille-etoiles-1-1024x616.jpg.webp 1024w, https:\/\/prt.travelblox.eu\/wp-content\/smush-webp\/sites\/60\/2026\/01\/camping-mille-etoiles-1-300x180.jpg.webp 300w, https:\/\/prt.travelblox.eu\/wp-content\/smush-webp\/sites\/60\/2026\/01\/camping-mille-etoiles-1-768x462.jpg.webp 768w, https:\/\/prt.travelblox.eu\/wp-content\/smush-webp\/sites\/60\/2026\/01\/camping-mille-etoiles-1-18x12.jpg.webp 18w, https:\/\/prt.travelblox.eu\/wp-content\/smush-webp\/sites\/60\/2026\/01\/camping-mille-etoiles-1.jpg.webp 1417w' sizes=\"auto, (max-width: 1024px) 100vw, 1024px\" loading='lazy' decoding='async' data-smush-webp-fallback=\"{&quot;src&quot;:&quot;https:\\\/\\\/prt.travelblox.eu\\\/wp-content\\\/uploads\\\/sites\\\/60\\\/2026\\\/01\\\/camping-mille-etoiles-1-1024x616.jpg&quot;,&quot;srcset&quot;:&quot;https:\\\/\\\/prt.travelblox.eu\\\/wp-content\\\/uploads\\\/sites\\\/60\\\/2026\\\/01\\\/camping-mille-etoiles-1-1024x616.jpg 1024w, https:\\\/\\\/prt.travelblox.eu\\\/wp-content\\\/uploads\\\/sites\\\/60\\\/2026\\\/01\\\/camping-mille-etoiles-1-300x180.jpg 300w, https:\\\/\\\/prt.travelblox.eu\\\/wp-content\\\/uploads\\\/sites\\\/60\\\/2026\\\/01\\\/camping-mille-etoiles-1-768x462.jpg 768w, https:\\\/\\\/prt.travelblox.eu\\\/wp-content\\\/uploads\\\/sites\\\/60\\\/2026\\\/01\\\/camping-mille-etoiles-1-18x12.jpg 18w, https:\\\/\\\/prt.travelblox.eu\\\/wp-content\\\/uploads\\\/sites\\\/60\\\/2026\\\/01\\\/camping-mille-etoiles-1.jpg 1417w&quot;}\">\t\t\t\t\t\t\t\t\t\t\t<\/div>\n\t\t\t\t\t\t\t\t\t\t<\/div>\n\t\t\t\t\t\t\t\t\t<\/div>\n\t\t\t\t\t\t\t\t\t\t<div class=\"tb-popup-nav\">\n\t\t<a href=\"#\" class=\"tb-buttonlink-with-icon tb-buttonlink-with-arrow icon-first tb-popup-previous\">\n\t\t\t<i class=\"icon fa fa-chevron-left\"><\/i>\n\t\t\t<span>Jour pr\u00e9c\u00e9dent<\/span>\n\t\t<\/a>\n\t\t<a href=\"#\" class=\"tb-buttonlink-with-icon tb-buttonlink-with-arrow tb-popup-next\">\n\t\t\t<span>Jour suivant<\/span>\n\t\t\t<i class=\"icon fa fa-chevron-right\"><\/i>\n\t\t<\/a>\n\t<\/div>\n\t\n\t\t\t\t\t\t\t\t<\/div>\n\t\t\t\t\t\t\t<\/dialog>\n\t\t\t\t\t\t<\/div>\n\t\t\t\t\t\t\t\t\t\t\t<div class=\"tb-card entry tb-popup-trigger tb-unfold-on-hover\">\n\t\t\t\t\t\t\t<div class=\"tb-image-part\">\n\t\t\t\t\t\t\t\t<div class=\"tag\">\n\t\t\t\t\t\t\t\t\t<div>Jour 2<\/div>\n\t\t\t\t\t\t\t\t<\/div>\n\n\t\t\t\t\t\t\t\t<img src='https:\/\/prt.travelblox.eu\/wp-content\/smush-webp\/sites\/60\/2026\/01\/bivouac-de-gaud-768x711.jpg.webp' width='768' height='711' srcset='https:\/\/prt.travelblox.eu\/wp-content\/smush-webp\/sites\/60\/2026\/01\/bivouac-de-gaud-768x711.jpg.webp 768w, https:\/\/prt.travelblox.eu\/wp-content\/smush-webp\/sites\/60\/2026\/01\/bivouac-de-gaud-300x278.jpg.webp 300w, https:\/\/prt.travelblox.eu\/wp-content\/smush-webp\/sites\/60\/2026\/01\/bivouac-de-gaud-13x12.jpg.webp 13w, https:\/\/prt.travelblox.eu\/wp-content\/smush-webp\/sites\/60\/2026\/01\/bivouac-de-gaud.jpg.webp 902w' sizes=\"auto, (max-width: 768px) 100vw, 768px\" loading='lazy' decoding='async' data-smush-webp-fallback=\"{&quot;src&quot;:&quot;https:\\\/\\\/prt.travelblox.eu\\\/wp-content\\\/uploads\\\/sites\\\/60\\\/2026\\\/01\\\/bivouac-de-gaud-768x711.jpg&quot;,&quot;srcset&quot;:&quot;https:\\\/\\\/prt.travelblox.eu\\\/wp-content\\\/uploads\\\/sites\\\/60\\\/2026\\\/01\\\/bivouac-de-gaud-768x711.jpg 768w, https:\\\/\\\/prt.travelblox.eu\\\/wp-content\\\/uploads\\\/sites\\\/60\\\/2026\\\/01\\\/bivouac-de-gaud-300x278.jpg 300w, https:\\\/\\\/prt.travelblox.eu\\\/wp-content\\\/uploads\\\/sites\\\/60\\\/2026\\\/01\\\/bivouac-de-gaud-13x12.jpg 13w, https:\\\/\\\/prt.travelblox.eu\\\/wp-content\\\/uploads\\\/sites\\\/60\\\/2026\\\/01\\\/bivouac-de-gaud.jpg 902w&quot;}\">\t\t\t\t\t\t\t<\/div>\n\t\t\t\t\t\t\t<div class=\"tb-card-bottom-wrapper\">\n\t\t\t\t\t\t\t\t<div class=\"tb-card-bottom\">\n\n\t\t\t\t\t\t\t\t\t<span class=\"tb-card-bottom__title\">\n\t\t\t\t\t\t\t\t\t\t<span class=\"tb-card-bottom__place\">\n\t\t\t\t\t\t\t\t\t\t\tMille \u00c9toiles &#8211; Gournier &#8211; Mille \u00c9toiles\t\t\t\t\t\t\t\t\t\t\t\t\t\t\t\t\t\t\t\t\t<\/span>\n\n\t\t\t\t\t\t\t\t\t<\/span>\n\t\t\t\t\t\t\t\t\t<div class=\"tb-card-bottom__content\">\n\t\t\t\t\t\t\t\t\t\t<div>\n\t\t\t\t\t\t\t\t\t\t\t\t\t\t\t\t\t\t\t\t\t<\/div>\n\t\t\t\t\t\t\t\t\t<\/div>\n\t\t\t\t\t\t\t\t\t<div class=\"tb-card-bottom__teaser tb-unfold-on-hover__content\" data-no-translation>\n\t\t\t\t\t\t\t\t\t\t\t\t\t\t\t\t\t\t\t\t\t\t\t\t\t\t\t\t\t\tAujourd&#8217;hui, tu t&#8217;enfonces plus profond\u00e9ment dans la nature et tu fais de la randonn\u00e9e et du rafting&#8230; <span class=\"link\">Lire la suite<\/span>\t\t\t\t\t\t\t\t\t<\/div>\n\t\t\t\t\t\t\t\t<\/div>\n\n\t\t\t\t\t\t\t<\/div>\n\t\t\t\t\t\t\t<dialog class=\"tb-popup tb-popup-with-padding tb-dayschedule-popup-wrapper\">\n\t\t\t\t\t\t\t\t<div class=\"tb-dayschedule-popup\">\n\t\t\t\t\t\t\t\t\t<h4>\n\t\t\t\t\t\t\t\t\t\t\t\t\t\t\t\t\t\t\t\t\t\t\t\t\t\t\t\t\t\t\t<div>\n\t\t\t\t\t\t\t\t\t\t\t\t\t\t\t\t\t\t\t\t\t\t\t\t\tMille \u00c9toiles\t\t\t\t\t\t\t\t\t\t\t\t\t\t\t\t\t\t\t\t\t\t\t\t\t\t\t\t\t\t\t\t\t\t\t\t\t\t\t\t\t\t\t\t\t\t\t\t\t\t\t<i class=\"icon fa-solid fa-arrow-right\"><\/i> Gournier &#8211; Mille \u00c9toiles\t\t\t\t\t\t\t\t\t\t\t\t\t\t\t\t\t\t\t\t\t\t\t\t\t\t\t\t\t\t\t\t\t\t\t\t<\/div>\n\t\t\t\t\t\t\t\t\t\t\t\t\t\t\t\t\t\t\t<\/h4>\n\t\t\t\t\t\t\t\t\t<div class=\"tb-columns\">\n\t\t\t\t\t\t\t\t\t\t<div class=\"tb-column tb-column--text\">\n\t\t\t\t\t\t\t\t\t\t\t<div class=\"text-part\">\n\t\t\t\t\t\t\t\t\t\t\t\t\t\t\t\t\t\t\t\t\t\t\t\t\t<div class=\"tb-dayschedule-popup__icons\">\n\t\t\t\t\t\t\t\t\t\t\t\t\t\t\t\t\t\t\t\t\t\t\t\t\t\t\t\t\t\t\t\t\t\t\t\t\t\t\t\t\t\t\t\t\t<div class=\"tb-dayschedule-popup__icon\">\n\t\t\t\t\t\t\t\t\t\t\t\t\t\t\t\t\t\t\t\t\t\t\t\t\t\t\t\t\t\t\t\t\t\t<span>\n\t\t\t\t\t\t\t\t\t\t\t\t\t\t\t\t\t\t\t\t\t\t\t\t\t\t\t\t\t\t\t\t\t\t\t<\/span>\n\t\t\t\t\t\t\t\t\t\t\t\t\t\t\t\t<\/div>\n\t\t\t\t\t\t\t\t\t\t\t\t\t\t\t\t\t\t\t\t\t\t\t\t\t\t\t\t\t\t\t\t\t\t\t\t\t\t\t\t\t\t\t\t\t\t\t\t\t\t\t\t\t\t\t\t<\/div>\n\t\t\t\t\t\t\t\t\t\t\t\t\n\t\t\t\t\t\t\t\t\t\t\t\t\n\t\t\t\t\t\t\t\t\t\t\t\t<div>\n\t\t\t\t\t\t\t\t\t\t\t\t\t<strong>Jour 2<\/strong>\n\t\t\t\t\t\t\t\t\t\t\t\t\t\t<div class=\"translation-block\"><p>Aujourd'hui, tu t'enfonces plus profond\u00e9ment dans la nature et tu fais de la randonn\u00e9e et du rafting jusqu'\u00e0 la magnifique <b data-path-to-node=\"0\" data-index-in-node=\"90\">bivouac de Gournier<\/b>. Tu traverses le c\u0153ur sauvage des Gorges et alternes entre marche et navigation, pour finalement accoster \u00e0 cet endroit unique en pleine nature. Depuis la Bivouac de Gournier, tu fais ensuite une randonn\u00e9e spectaculaire de retour au Camping Mille Etoiles o\u00f9 tu pourras profiter d'un repos bien m\u00e9rit\u00e9.<\/p>\n<ul data-path-to-node=\"2\">\n<li><b data-path-to-node=\"2,0,0\" data-index-in-node=\"0\">Longue route :<\/b> 12 km de randonn\u00e9e + 10 km de rafting<\/li>\n<li><b data-path-to-node=\"2,1,0\" data-index-in-node=\"0\">Courte route :<\/b> 7 km de randonn\u00e9e + 7 km de rafting<\/li>\n<\/ul><\/div>\n\t\t\t\t\t\t\t\t\t\t\t\t\t<\/div>\n\n\n\t\t\t\t\t\t\t\t\t\t\t<\/div>\n\t\t\t\t\t\t\t\t\t\t<\/div>\n\t\t\t\t\t\t\t\t\t\t<div class=\"tb-column tb-column--image\">\n\n\t\t\t\t\t\t\t\t\t\t\t<div class=\"tb-image-part\">\n\t\t\t\t\t\t\t\t\t\t\t\t<img src='https:\/\/prt.travelblox.eu\/wp-content\/smush-webp\/sites\/60\/2026\/01\/bivouac-de-gaud.jpg.webp' width='902' height='835' srcset='https:\/\/prt.travelblox.eu\/wp-content\/smush-webp\/sites\/60\/2026\/01\/bivouac-de-gaud.jpg.webp 902w, https:\/\/prt.travelblox.eu\/wp-content\/smush-webp\/sites\/60\/2026\/01\/bivouac-de-gaud-300x278.jpg.webp 300w, https:\/\/prt.travelblox.eu\/wp-content\/smush-webp\/sites\/60\/2026\/01\/bivouac-de-gaud-768x711.jpg.webp 768w, https:\/\/prt.travelblox.eu\/wp-content\/smush-webp\/sites\/60\/2026\/01\/bivouac-de-gaud-13x12.jpg.webp 13w' sizes=\"auto, (max-width: 902px) 100vw, 902px\" loading='lazy' decoding='async' data-smush-webp-fallback=\"{&quot;src&quot;:&quot;https:\\\/\\\/prt.travelblox.eu\\\/wp-content\\\/uploads\\\/sites\\\/60\\\/2026\\\/01\\\/bivouac-de-gaud.jpg&quot;,&quot;srcset&quot;:&quot;https:\\\/\\\/prt.travelblox.eu\\\/wp-content\\\/uploads\\\/sites\\\/60\\\/2026\\\/01\\\/bivouac-de-gaud.jpg 902w, https:\\\/\\\/prt.travelblox.eu\\\/wp-content\\\/uploads\\\/sites\\\/60\\\/2026\\\/01\\\/bivouac-de-gaud-300x278.jpg 300w, https:\\\/\\\/prt.travelblox.eu\\\/wp-content\\\/uploads\\\/sites\\\/60\\\/2026\\\/01\\\/bivouac-de-gaud-768x711.jpg 768w, https:\\\/\\\/prt.travelblox.eu\\\/wp-content\\\/uploads\\\/sites\\\/60\\\/2026\\\/01\\\/bivouac-de-gaud-13x12.jpg 13w&quot;}\">\t\t\t\t\t\t\t\t\t\t\t<\/div>\n\t\t\t\t\t\t\t\t\t\t<\/div>\n\t\t\t\t\t\t\t\t\t<\/div>\n\t\t\t\t\t\t\t\t\t\t<div class=\"tb-popup-nav\">\n\t\t<a href=\"#\" class=\"tb-buttonlink-with-icon tb-buttonlink-with-arrow icon-first tb-popup-previous\">\n\t\t\t<i class=\"icon fa fa-chevron-left\"><\/i>\n\t\t\t<span>Jour pr\u00e9c\u00e9dent<\/span>\n\t\t<\/a>\n\t\t<a href=\"#\" class=\"tb-buttonlink-with-icon tb-buttonlink-with-arrow tb-popup-next\">\n\t\t\t<span>Jour suivant<\/span>\n\t\t\t<i class=\"icon fa fa-chevron-right\"><\/i>\n\t\t<\/a>\n\t<\/div>\n\t\n\t\t\t\t\t\t\t\t<\/div>\n\t\t\t\t\t\t\t<\/dialog>\n\t\t\t\t\t\t<\/div>\n\t\t\t\t\t\t\t\t\t\t\t<div class=\"tb-card entry tb-popup-trigger tb-unfold-on-hover\">\n\t\t\t\t\t\t\t<div class=\"tb-image-part\">\n\t\t\t\t\t\t\t\t<div class=\"tag\">\n\t\t\t\t\t\t\t\t\t<div>Jour 3<\/div>\n\t\t\t\t\t\t\t\t<\/div>\n\n\t\t\t\t\t\t\t\t<img src='https:\/\/prt.travelblox.eu\/wp-content\/smush-webp\/sites\/60\/2026\/02\/mille-etoiles-breakfast-Klein.jpg.webp' width='726' height='480' alt='petit-d\u00e9jeuner mille \u00e9toiles' srcset='https:\/\/prt.travelblox.eu\/wp-content\/smush-webp\/sites\/60\/2026\/02\/mille-etoiles-breakfast-Klein.jpg.webp 726w, https:\/\/prt.travelblox.eu\/wp-content\/smush-webp\/sites\/60\/2026\/02\/mille-etoiles-breakfast-Klein-300x198.jpg.webp 300w, https:\/\/prt.travelblox.eu\/wp-content\/smush-webp\/sites\/60\/2026\/02\/mille-etoiles-breakfast-Klein-18x12.jpg.webp 18w' sizes=\"auto, (max-width: 726px) 100vw, 726px\" loading='lazy' decoding='async' data-smush-webp-fallback=\"{&quot;src&quot;:&quot;https:\\\/\\\/prt.travelblox.eu\\\/wp-content\\\/uploads\\\/sites\\\/60\\\/2026\\\/02\\\/mille-etoiles-breakfast-Klein.jpg&quot;,&quot;srcset&quot;:&quot;https:\\\/\\\/prt.travelblox.eu\\\/wp-content\\\/uploads\\\/sites\\\/60\\\/2026\\\/02\\\/mille-etoiles-breakfast-Klein.jpg 726w, https:\\\/\\\/prt.travelblox.eu\\\/wp-content\\\/uploads\\\/sites\\\/60\\\/2026\\\/02\\\/mille-etoiles-breakfast-Klein-300x198.jpg 300w, https:\\\/\\\/prt.travelblox.eu\\\/wp-content\\\/uploads\\\/sites\\\/60\\\/2026\\\/02\\\/mille-etoiles-breakfast-Klein-18x12.jpg 18w&quot;}\">\t\t\t\t\t\t\t<\/div>\n\t\t\t\t\t\t\t<div class=\"tb-card-bottom-wrapper\">\n\t\t\t\t\t\t\t\t<div class=\"tb-card-bottom\">\n\n\t\t\t\t\t\t\t\t\t<span class=\"tb-card-bottom__title\">\n\t\t\t\t\t\t\t\t\t\t<span class=\"tb-card-bottom__place\">\n\t\t\t\t\t\t\t\t\t\t\tMille \u00c9toiles\t\t\t\t\t\t\t\t\t\t\t\t\t\t\t\t\t\t\t\t\t<\/span>\n\n\t\t\t\t\t\t\t\t\t<\/span>\n\t\t\t\t\t\t\t\t\t<div class=\"tb-card-bottom__content\">\n\t\t\t\t\t\t\t\t\t\t<div>\n\t\t\t\t\t\t\t\t\t\t\t\t\t\t\t\t\t\t\t\t\t<\/div>\n\t\t\t\t\t\t\t\t\t<\/div>\n\t\t\t\t\t\t\t\t\t<div class=\"tb-card-bottom__teaser tb-unfold-on-hover__content\" data-no-translation>\n\t\t\t\t\t\t\t\t\t\t\t\t\t\t\t\t\t\t\t\t\t\t\t\t\t\t\t\t\t\tLe jour 3, tu pourras \u00e9ventuellement profiter d&#8217;un petit-d\u00e9jeuner convivial avant que l&#8217;aventure en &#8230; <span class=\"link\">Lire la suite<\/span>\t\t\t\t\t\t\t\t\t<\/div>\n\t\t\t\t\t\t\t\t<\/div>\n\n\t\t\t\t\t\t\t<\/div>\n\t\t\t\t\t\t\t<dialog class=\"tb-popup tb-popup-with-padding tb-dayschedule-popup-wrapper\">\n\t\t\t\t\t\t\t\t<div class=\"tb-dayschedule-popup\">\n\t\t\t\t\t\t\t\t\t<h4>\n\t\t\t\t\t\t\t\t\t\t\t\t\t\t\t\t\t\t\t\t\t\t\t\t\t\t\t\t\t\t\t<div>\n\t\t\t\t\t\t\t\t\t\t\t\t\t\t\t\t\t\t\t\t\t\t\t\t\tMille \u00c9toiles\t\t\t\t\t\t\t\t\t\t\t\t\t\t\t\t\t\t\t\t\t\t\t\t\t\t\t\t\t\t\t\t\t\t\t<\/div>\n\t\t\t\t\t\t\t\t\t\t\t\t\t\t\t\t\t\t\t<\/h4>\n\t\t\t\t\t\t\t\t\t<div class=\"tb-columns\">\n\t\t\t\t\t\t\t\t\t\t<div class=\"tb-column tb-column--text\">\n\t\t\t\t\t\t\t\t\t\t\t<div class=\"text-part\">\n\t\t\t\t\t\t\t\t\t\t\t\t\n\t\t\t\t\t\t\t\t\t\t\t\t\n\t\t\t\t\t\t\t\t\t\t\t\t<div>\n\t\t\t\t\t\t\t\t\t\t\t\t\t<strong>Jour 3<\/strong>\n\t\t\t\t\t\t\t\t\t\t\t\t\t\t<div class=\"translation-block\"><p>Le jour 3, tu pourras \u00e9ventuellement profiter d'un petit-d\u00e9jeuner convivial avant que l'aventure en packraft en Ard\u00e8che ne se termine. Dans la r\u00e9gion, il y a encore de nombreuses belles attractions \u00e0 d\u00e9couvrir, comme des grottes mill\u00e9naires et des ch\u00e2teaux historiques dont les rangers locaux se feront un plaisir de te parler.<\/p><\/div>\n\t\t\t\t\t\t\t\t\t\t\t\t\t<\/div>\n\n\n\t\t\t\t\t\t\t\t\t\t\t<\/div>\n\t\t\t\t\t\t\t\t\t\t<\/div>\n\t\t\t\t\t\t\t\t\t\t<div class=\"tb-column tb-column--image\">\n\n\t\t\t\t\t\t\t\t\t\t\t<div class=\"tb-image-part\">\n\t\t\t\t\t\t\t\t\t\t\t\t<img src='https:\/\/prt.travelblox.eu\/wp-content\/smush-webp\/sites\/60\/2026\/02\/mille-etoiles-breakfast-Klein.jpg.webp' width='726' height='480' alt='petit-d\u00e9jeuner mille \u00e9toiles' srcset='https:\/\/prt.travelblox.eu\/wp-content\/smush-webp\/sites\/60\/2026\/02\/mille-etoiles-breakfast-Klein.jpg.webp 726w, https:\/\/prt.travelblox.eu\/wp-content\/smush-webp\/sites\/60\/2026\/02\/mille-etoiles-breakfast-Klein-300x198.jpg.webp 300w, https:\/\/prt.travelblox.eu\/wp-content\/smush-webp\/sites\/60\/2026\/02\/mille-etoiles-breakfast-Klein-18x12.jpg.webp 18w' sizes=\"auto, (max-width: 726px) 100vw, 726px\" loading='lazy' decoding='async' data-smush-webp-fallback=\"{&quot;src&quot;:&quot;https:\\\/\\\/prt.travelblox.eu\\\/wp-content\\\/uploads\\\/sites\\\/60\\\/2026\\\/02\\\/mille-etoiles-breakfast-Klein.jpg&quot;,&quot;srcset&quot;:&quot;https:\\\/\\\/prt.travelblox.eu\\\/wp-content\\\/uploads\\\/sites\\\/60\\\/2026\\\/02\\\/mille-etoiles-breakfast-Klein.jpg 726w, https:\\\/\\\/prt.travelblox.eu\\\/wp-content\\\/uploads\\\/sites\\\/60\\\/2026\\\/02\\\/mille-etoiles-breakfast-Klein-300x198.jpg 300w, https:\\\/\\\/prt.travelblox.eu\\\/wp-content\\\/uploads\\\/sites\\\/60\\\/2026\\\/02\\\/mille-etoiles-breakfast-Klein-18x12.jpg 18w&quot;}\">\t\t\t\t\t\t\t\t\t\t\t<\/div>\n\t\t\t\t\t\t\t\t\t\t<\/div>\n\t\t\t\t\t\t\t\t\t<\/div>\n\t\t\t\t\t\t\t\t\t\t<div class=\"tb-popup-nav\">\n\t\t<a href=\"#\" class=\"tb-buttonlink-with-icon tb-buttonlink-with-arrow icon-first tb-popup-previous\">\n\t\t\t<i class=\"icon fa fa-chevron-left\"><\/i>\n\t\t\t<span>Jour pr\u00e9c\u00e9dent<\/span>\n\t\t<\/a>\n\t\t<a href=\"#\" class=\"tb-buttonlink-with-icon tb-buttonlink-with-arrow tb-popup-next\">\n\t\t\t<span>Jour suivant<\/span>\n\t\t\t<i class=\"icon fa fa-chevron-right\"><\/i>\n\t\t<\/a>\n\t<\/div>\n\t\n\t\t\t\t\t\t\t\t<\/div>\n\t\t\t\t\t\t\t<\/dialog>\n\t\t\t\t\t\t<\/div>\n\t\t\t\t\t\t\t\t\t\t\t\t\t<\/div>\n\t\t\t\t<div class=\"tb-carousel-nav\">\n\t\t<div class=\"dots\">\n\t\t\t<div class=\"dot active\"><\/div>\n\t\t\t<div class=\"dot\"><\/div>\n\t\t\t<div class=\"dot\"><\/div>\n\t\t<\/div>\n\t\t<div class=\"arrows\">\n\t\t\t<div class=\"prev disabled\">\n\t\t\t\t<span><i class=\"fa fa-chevron-left\"><\/i><\/span>\n\t\t\t<\/div>\n\t\t\t<div class=\"next\">\n\t\t\t\t<span><i class=\"fa fa-chevron-right\"><\/i><\/span>\n\t\t\t<\/div>\n\t\t<\/div>\n\t<\/div>\n\t\t\t<\/div>\n\t<\/div>\n\t\t\t\t\t\t\t\t\t\t<\/div>\n\t\n<\/div>\n\n\n<div class=\"tb-colcompare tb-block align-center background-dark pattern-custom variant-cards tb-collapsible-margins\" id=\"colcompare\" style=\"background-image: url(http:\/\/prt.travelblox.eu\/wp-content\/smush-webp\/sites\/60\/2023\/11\/grunge-prt-background-e1701093203474.jpg.webp)\" data-smush-webp-fallback=\"{&quot;bg-image&quot;:&quot; url(http:\\\/\\\/prt.travelblox.eu\\\/wp-content\\\/uploads\\\/sites\\\/60\\\/2023\\\/11\\\/grunge-prt-background-e1701093203474.jpg)&quot;}\">\n\t<div class=\"inner-block tb-fade-in tb-fade-in--subtle\">\n\t\t<div class=\"text-part\">\n\t\t\t<h2>Qu'est-ce qui rend ce parcours en packraft unique?<\/h2>\n\t\t\t\t<div class=\"translation-block\"><\/div>\n\t\t\t<\/div>\n\t<\/div>\n\t\t\t\t<div class=\"inner-block-full-width has-tb-carousel tb-justified\" >\n\t\t<div class=\"tb-carousel-container\">\n\t\t\t<div class=\"entries tb-cards\" data-slider-first=\"1\">\n\t\t\t\t\t\t\t\t\t<div class=\"tb-card entry tb-fade-in tb-fade-in--subtle\">\n\t\t\t\t<div class=\"tb-image-part\">\n\t\t\t\t\t<img src='https:\/\/prt.travelblox.eu\/wp-content\/smush-webp\/sites\/60\/2026\/01\/2-packrafters-ardeche-BIS-768x722.jpg.webp' width='768' height='722' srcset='https:\/\/prt.travelblox.eu\/wp-content\/smush-webp\/sites\/60\/2026\/01\/2-packrafters-ardeche-BIS-768x722.jpg.webp 768w, https:\/\/prt.travelblox.eu\/wp-content\/smush-webp\/sites\/60\/2026\/01\/2-packrafters-ardeche-BIS-300x282.jpg.webp 300w, https:\/\/prt.travelblox.eu\/wp-content\/smush-webp\/sites\/60\/2026\/01\/2-packrafters-ardeche-BIS-13x12.jpg.webp 13w, https:\/\/prt.travelblox.eu\/wp-content\/smush-webp\/sites\/60\/2026\/01\/2-packrafters-ardeche-BIS.jpg.webp 839w' sizes=\"auto, (max-width: 768px) 100vw, 768px\" loading='lazy' decoding='async' data-smush-webp-fallback=\"{&quot;src&quot;:&quot;https:\\\/\\\/prt.travelblox.eu\\\/wp-content\\\/uploads\\\/sites\\\/60\\\/2026\\\/01\\\/2-packrafters-ardeche-BIS-768x722.jpg&quot;,&quot;srcset&quot;:&quot;https:\\\/\\\/prt.travelblox.eu\\\/wp-content\\\/uploads\\\/sites\\\/60\\\/2026\\\/01\\\/2-packrafters-ardeche-BIS-768x722.jpg 768w, https:\\\/\\\/prt.travelblox.eu\\\/wp-content\\\/uploads\\\/sites\\\/60\\\/2026\\\/01\\\/2-packrafters-ardeche-BIS-300x282.jpg 300w, https:\\\/\\\/prt.travelblox.eu\\\/wp-content\\\/uploads\\\/sites\\\/60\\\/2026\\\/01\\\/2-packrafters-ardeche-BIS-13x12.jpg 13w, https:\\\/\\\/prt.travelblox.eu\\\/wp-content\\\/uploads\\\/sites\\\/60\\\/2026\\\/01\\\/2-packrafters-ardeche-BIS.jpg 839w&quot;}\">\t\t\t\t<\/div>\n\t\t\t\t<div class=\"tb-card-content text-part\">\n\t\t\t\t\t\t\t\t\t\t\t<h5>\t\t\t\t<i class=\"icon fa-kit fa-tb-icon-paddle fa-fw\" aria-hidden=\"true\"><\/i>\n\t\t\t Packraft dans un canyon<\/h5>\n\t\t\t\t\t\t\t\t\t\t\t\t\t\t\t\t\t<div class=\"translation-block\"><p>Alors que la plupart des touristes d\u00e9couvrent le canyon uniquement depuis l'eau dans un grand cano\u00eb, un packraft te donne la cl\u00e9 de ces deux mondes : le silence intime de la rivi\u00e8re et la beaut\u00e9 sauvage des sentiers rocheux.<\/p>\n<p>C'est une aventure o\u00f9 tu alternes entre un effort physique et une pure \u00e9merveillement. Un instant, tu domines le courant entre les falaises de calcaire vertigineuses, le moment suivant, tu portes ton petit bateau l\u00e9ger sur le dos en grimpant par des sentiers \u00e9troits vers des panoramas \u00e0 couper le souffle.<\/p>\n<p>Ce n'est pas simplement des vacances, mais une exp\u00e9dition sportive o\u00f9 tu ne te contentes pas de voir les <b data-path-to-node=\"4\" data-index-in-node=\"76\">Gorges de l\u2019Ard\u00e8che<\/b>, tu les <i data-path-to-node=\"4\" data-index-in-node=\"124\">vis vraiment<\/i>.<\/p><\/div>\n\t\t\t\t\t\t\t\t\t\t\t\t\t\t\t<\/div>\n\t\t\t<\/div>\n\t\t\t\t\t<div class=\"tb-card entry tb-fade-in tb-fade-in--subtle\">\n\t\t\t\t<div class=\"tb-image-part\">\n\t\t\t\t\t<img src='https:\/\/prt.travelblox.eu\/wp-content\/smush-webp\/sites\/60\/2026\/01\/mille-etoiles-bell-tents-768x533.jpg.webp' width='768' height='533' srcset='https:\/\/prt.travelblox.eu\/wp-content\/smush-webp\/sites\/60\/2026\/01\/mille-etoiles-bell-tents-768x533.jpg.webp 768w, https:\/\/prt.travelblox.eu\/wp-content\/smush-webp\/sites\/60\/2026\/01\/mille-etoiles-bell-tents-300x208.jpg.webp 300w, https:\/\/prt.travelblox.eu\/wp-content\/smush-webp\/sites\/60\/2026\/01\/mille-etoiles-bell-tents-18x12.jpg.webp 18w, https:\/\/prt.travelblox.eu\/wp-content\/smush-webp\/sites\/60\/2026\/01\/mille-etoiles-bell-tents.jpg.webp 818w' sizes=\"auto, (max-width: 768px) 100vw, 768px\" loading='lazy' decoding='async' data-smush-webp-fallback=\"{&quot;src&quot;:&quot;https:\\\/\\\/prt.travelblox.eu\\\/wp-content\\\/uploads\\\/sites\\\/60\\\/2026\\\/01\\\/mille-etoiles-bell-tents-768x533.jpg&quot;,&quot;srcset&quot;:&quot;https:\\\/\\\/prt.travelblox.eu\\\/wp-content\\\/uploads\\\/sites\\\/60\\\/2026\\\/01\\\/mille-etoiles-bell-tents-768x533.jpg 768w, https:\\\/\\\/prt.travelblox.eu\\\/wp-content\\\/uploads\\\/sites\\\/60\\\/2026\\\/01\\\/mille-etoiles-bell-tents-300x208.jpg 300w, https:\\\/\\\/prt.travelblox.eu\\\/wp-content\\\/uploads\\\/sites\\\/60\\\/2026\\\/01\\\/mille-etoiles-bell-tents-18x12.jpg 18w, https:\\\/\\\/prt.travelblox.eu\\\/wp-content\\\/uploads\\\/sites\\\/60\\\/2026\\\/01\\\/mille-etoiles-bell-tents.jpg 818w&quot;}\">\t\t\t\t<\/div>\n\t\t\t\t<div class=\"tb-card-content text-part\">\n\t\t\t\t\t\t\t\t\t\t\t<h5>\t\t\t\t<i class=\"icon fa-light fa-campground fa-fw\" aria-hidden=\"true\"><\/i>\n\t\t\t Mille \u00c9toiles camping<\/h5>\n\t\t\t\t\t\t\t\t\t\t\t\t\t\t\t\t\t<div class=\"translation-block\"><p>Le camping <b data-path-to-node=\"0\" data-index-in-node=\"8\">Mille \u00c9toiles<\/b> est bien plus qu'un simple endroit pour passer la nuit ; c'est le c\u0153ur battant de votre aventure. Situ\u00e9 sur un plateau surplombant les Gorges de l'Ard\u00e8che, ce camping porte bien son nom. Ici, vous ne dormez pas seulement dans la nature, vous en devenez v\u00e9ritablement partie int\u00e9grante.<\/p>\n<p><b data-path-to-node=\"2,0,0\" data-index-in-node=\"0\">Dormir sous les \u00e9toiles :<\/b> Gr\u00e2ce \u00e0 son emplacement isol\u00e9 et \u00e0 l'absence de pollution lumineuse, le ciel \u00e9toil\u00e9 ici est d'une clart\u00e9 exceptionnelle. C'est l'endroit id\u00e9al pour se d\u00e9tendre compl\u00e8tement apr\u00e8s une journ\u00e9e de randonn\u00e9e et de rafting, en admirant la Voie lact\u00e9e.<\/p>\n<p>C'est cet endroit rare o\u00f9 le luxe ne r\u00e9side pas dans des robinets en or, mais dans le <b data-path-to-node=\"3\" data-index-in-node=\"76\">silence absolu<\/b>, la vue incroyable et le sentiment de libert\u00e9 totale.<\/p>\n<p>.<\/p><\/div>\n\t\t\t\t\t\t\t\t\t\t\t\t\t\t\t<\/div>\n\t\t\t<\/div>\n\t\t\t\t\t<div class=\"tb-card entry tb-fade-in tb-fade-in--subtle\">\n\t\t\t\t<div class=\"tb-image-part\">\n\t\t\t\t\t<img src='https:\/\/prt.travelblox.eu\/wp-content\/smush-webp\/sites\/60\/2026\/01\/packraft-ardeche-3-768x512.jpg.webp' width='768' height='512' srcset='https:\/\/prt.travelblox.eu\/wp-content\/smush-webp\/sites\/60\/2026\/01\/packraft-ardeche-3-768x512.jpg.webp 768w, https:\/\/prt.travelblox.eu\/wp-content\/smush-webp\/sites\/60\/2026\/01\/packraft-ardeche-3-300x200.jpg.webp 300w, https:\/\/prt.travelblox.eu\/wp-content\/smush-webp\/sites\/60\/2026\/01\/packraft-ardeche-3-18x12.jpg.webp 18w, https:\/\/prt.travelblox.eu\/wp-content\/smush-webp\/sites\/60\/2026\/01\/packraft-ardeche-3.jpg.webp 870w' sizes=\"auto, (max-width: 768px) 100vw, 768px\" loading='lazy' decoding='async' data-smush-webp-fallback=\"{&quot;src&quot;:&quot;https:\\\/\\\/prt.travelblox.eu\\\/wp-content\\\/uploads\\\/sites\\\/60\\\/2026\\\/01\\\/packraft-ardeche-3-768x512.jpg&quot;,&quot;srcset&quot;:&quot;https:\\\/\\\/prt.travelblox.eu\\\/wp-content\\\/uploads\\\/sites\\\/60\\\/2026\\\/01\\\/packraft-ardeche-3-768x512.jpg 768w, https:\\\/\\\/prt.travelblox.eu\\\/wp-content\\\/uploads\\\/sites\\\/60\\\/2026\\\/01\\\/packraft-ardeche-3-300x200.jpg 300w, https:\\\/\\\/prt.travelblox.eu\\\/wp-content\\\/uploads\\\/sites\\\/60\\\/2026\\\/01\\\/packraft-ardeche-3-18x12.jpg 18w, https:\\\/\\\/prt.travelblox.eu\\\/wp-content\\\/uploads\\\/sites\\\/60\\\/2026\\\/01\\\/packraft-ardeche-3.jpg 870w&quot;}\">\t\t\t\t<\/div>\n\t\t\t\t<div class=\"tb-card-content text-part\">\n\t\t\t\t\t\t\t\t\t\t\t<h5>\t\t\t\t<i class=\"icon fa-solid fa-person-hiking fa-fw\" aria-hidden=\"true\"><\/i>\n\t\t\t Randonn\u00e9es uniques<\/h5>\n\t\t\t\t\t\t\t\t\t\t\t\t\t\t\t\t\t<div class=\"translation-block\"><p>Ce qui rend les randonn\u00e9es autour des Gorges de l\u2019Ard\u00e8che si uniques, c'est qu'elles vous emm\u00e8nent dans un monde qui reste cach\u00e9 pour le touriste moyen. Alors que l'Ard\u00e8che grouille parfois de touristes, vous marchez \u00e0 pied le long des sommets des falaises et des plis les plus profonds du canyon.<\/p>\n<p>Vous traversez de \u00e9troits promontoires et des sentiers de muletiers ancestraux qui vous m\u00e8nent des rives de la rivi\u00e8re \u00e0 des points de vue vertigineux. Tant\u00f4t, vous avez les pieds dans l'eau fra\u00eeche, tant\u00f4t vous admirez la rivi\u00e8re sinueuse, profond\u00e9ment en dessous de vous.<\/p>\n<p>Les sentiers vous conduisent \u00e0 travers le paysage typiquement fran\u00e7ais de calcaire, de ch\u00eanes verts et d'herbes sauvages. L'odeur du thym, du romarin et de la lavande baign\u00e9s de soleil est nulle part aussi intense que lors d'une randonn\u00e9e sous le soleil de l'apr\u00e8s-midi.<\/p><\/div>\n\t\t\t\t\t\t\t\t\t\t\t\t\t\t\t<\/div>\n\t\t\t<\/div>\n\t\t\t\t\t\t\t<\/div>\n\t\t\t\t<div class=\"tb-carousel-nav\">\n\t\t<div class=\"dots\">\n\t\t\t<div class=\"dot active\"><\/div>\n\t\t\t<div class=\"dot\"><\/div>\n\t\t\t<div class=\"dot\"><\/div>\n\t\t<\/div>\n\t\t<div class=\"arrows\">\n\t\t\t<div class=\"prev disabled\">\n\t\t\t\t<span><i class=\"fa fa-chevron-left\"><\/i><\/span>\n\t\t\t<\/div>\n\t\t\t<div class=\"next\">\n\t\t\t\t<span><i class=\"fa fa-chevron-right\"><\/i><\/span>\n\t\t\t<\/div>\n\t\t<\/div>\n\t<\/div>\n\t\t\t<\/div>\n\t<\/div>\n\t\t\t<\/div>\n\n\n\n<div class=\"tb-quoteparallax tb-block align-center background-dark pattern-none variant-text_on_image\" id=\"quoteparallax\" style=\"background-image: url('https:\/\/prt.travelblox.eu\/wp-content\/uploads\/sites\/60\/2026\/01\/pexels-sofiia-asmi-3378970-31492016-3.jpg');\">\n\t\t<div class=\"inner-block tb-fade-in tb-fade-in--subtle\">\n\t\t\t\t\t<div class=\"text-part\">\n\t\t\t\t<h2>D\u00e9connecte-toi pour te reconnecter.<\/h2>\n\t\t\t\t\t<div class=\"translation-block\"><\/div>\n\t\t\t\t\t\t\t\t\t\t<div class=\"tb-buttons-part\">\n\t\t\t\t\t\t\t\t<a href=\"#join\"  target=\"\" class=\"tb-button\">\n\t\t\tD\u00e9couvrez les dates\t\t<\/a>\n\t\t\t\t\t\t\t\t\t\t\t\t\t<\/div>\n\t\t\t\t\t\t\t<\/div>\n\t\t\t\t\t<\/div>\n<\/div>\n\n\n<div class=\"tb-practical tb-block align-none background-light pattern-none variant-none tb-collapsible-margins\" id=\"practical\">\n\t<div class=\"inner-block tb-fade-in\">\n\t\t<div class=\"text-part\">\n\t\t\t<h2>Informations pratiques<\/h2>\n\t\t\t\t<div class=\"translation-block\"><\/div>\n\t\t\t<\/div>\n\t<\/div>\n\t<div class=\"inner-block tb-fade-in\">\n\t\t\t\t\t<div class=\"practical-cols\">\n\t\t\t\t<div class=\"practical-nav-container\">\n\t\t\t\t\t<ul class=\"practical-nav tb-style-block\">\n\t\t\t\t\t\t\t\t\t\t\t\t\t<li><a href=\"#practical-block-0\">Quand ?<\/a><\/li>\n\t\t\t\t\t\t\t\t\t\t\t\t\t<li><a href=\"#practical-block-1\">Prix<\/a><\/li>\n\t\t\t\t\t\t\t\t\t\t\t\t\t<li><a href=\"#practical-block-2\">Inclus<\/a><\/li>\n\t\t\t\t\t\t\t\t\t\t\t\t\t<li><a href=\"#practical-block-3\">Optionnel<\/a><\/li>\n\t\t\t\t\t\t\t\t\t\t\t\t\t<li><a href=\"#practical-block-4\">Le camping<\/a><\/li>\n\t\t\t\t\t\t\t\t\t\t\t<\/ul>\n\t\t\t\t<\/div>\n\t\t\t\t<div class=\"tb-accordion tb-accordion--animation tb-accordion-mobile-only text-part\">\n\t\t\t\t\t\t\t\t\t\t\t<div class=\"details\" id=\"practical-block-0\">\n\t\t\t\t\t\t\t<div class=\"summary\">\n\t\t\t\t\t\t\t\t\t\t\t\t<i class=\"icon fa-solid fa-calendar-days tb-style-block fa-fw\" aria-hidden=\"true\"><\/i>\n\t\t\t Quand ?\t\t\t\t\t\t\t<\/div>\n\t\t\t\t\t\t\t<div class=\"content\">\n\t\t\t\t\t\t\t\t\t<div class=\"translation-block\"><p>La saison de packraft en Ard\u00e8che se d\u00e9roule tout au long des vacances d'\u00e9t\u00e9 de juillet \u00e0 ao\u00fbt. Tu veux faire du packraft plus t\u00f4t ? R\u00e9serve alors ton micro-aventure dans <a href=\"https:\/\/thepackrafttrail.com\/nl\/ardennen\/\" target=\"_blank\" rel=\"noopener\">les Ardennes fran\u00e7aises<\/a>.<\/p><\/div>\n\t\t\t\t\t\t\t\t<\/div>\n\t\t\t\t\t\t<\/div>\n\t\t\t\t\t\t\t\t\t\t\t<div class=\"details\" id=\"practical-block-1\">\n\t\t\t\t\t\t\t<div class=\"summary\">\n\t\t\t\t\t\t\t\t\t\t\t\t<i class=\"icon fa-solid fa-coins tb-style-block fa-fw\" aria-hidden=\"true\"><\/i>\n\t\t\t Prix\t\t\t\t\t\t\t<\/div>\n\t\t\t\t\t\t\t<div class=\"content\">\n\t\t\t\t\t\t\t\t\t<div class=\"translation-block\"><p>Une aventure de packraft de 2 jours commence \u00e0 partir de 139 EUR par personne.<\/p><\/div>\n\t\t\t\t\t\t\t\t<\/div>\n\t\t\t\t\t\t<\/div>\n\t\t\t\t\t\t\t\t\t\t\t<div class=\"details\" id=\"practical-block-2\">\n\t\t\t\t\t\t\t<div class=\"summary\">\n\t\t\t\t\t\t\t\t\t\t\t\t<i class=\"icon fa-solid fa-suitcase tb-style-block fa-fw\" aria-hidden=\"true\"><\/i>\n\t\t\t Inclus\t\t\t\t\t\t\t<\/div>\n\t\t\t\t\t\t\t<div class=\"content\">\n\t\t\t\t\t\t\t\t\t<div class=\"translation-block\"><ul>\n<li>2 nuits au camping unique 1000 \u00c9toiles<\/li>\n<li>Un packraft par personne, pagaie, sac de gonflage &amp; gilet de sauvetage<\/li>\n<li>Sac \u00e0 dos pour transporter le mat\u00e9riel et quelques effets personnels<\/li>\n<li>Instructions de nos rangers exp\u00e9riment\u00e9s<\/li>\n<li>Carte &amp; application avec des informations utiles<\/li>\n<\/ul><\/div>\n\t\t\t\t\t\t\t\t<\/div>\n\t\t\t\t\t\t<\/div>\n\t\t\t\t\t\t\t\t\t\t\t<div class=\"details\" id=\"practical-block-3\">\n\t\t\t\t\t\t\t<div class=\"summary\">\n\t\t\t\t\t\t\t\t\t\t\t\t<i class=\"icon fa-solid fa-plus tb-style-block fa-fw\" aria-hidden=\"true\"><\/i>\n\t\t\t Optionnel\t\t\t\t\t\t\t<\/div>\n\t\t\t\t\t\t\t<div class=\"content\">\n\t\t\t\t\t\t\t\t\t<div class=\"translation-block\"><p><a href=\"https:\/\/issuu.com\/travelbase.eu\/docs\/prt26micro_nl_foodpack?fr=sNTFmYjg2OTY3ODc\" target=\"_blank\" rel=\"noopener\">Pack repas aventure<\/a> : 39 \u20ac par personne.<\/p>\n<ul>\n<li><a href=\"https:\/\/admin.travelbase.eu\/u\/source\/MICRO\/Cancelation_policy\/NL_Flex_cancellation_policy_MICRO.pdf\" target=\"_blank\" rel=\"noopener\">Assurance annulation<\/a> : 21 \u20ac par personne.<\/li>\n<\/ul><\/div>\n\t\t\t\t\t\t\t\t<\/div>\n\t\t\t\t\t\t<\/div>\n\t\t\t\t\t\t\t\t\t\t\t<div class=\"details\" id=\"practical-block-4\">\n\t\t\t\t\t\t\t<div class=\"summary\">\n\t\t\t\t\t\t\t\t\t\t\t\t<i class=\"icon fa-solid fa-campground tb-style-block fa-fw\" aria-hidden=\"true\"><\/i>\n\t\t\t Le camping\t\t\t\t\t\t\t<\/div>\n\t\t\t\t\t\t\t<div class=\"content\">\n\t\t\t\t\t\t\t\t\t<div class=\"translation-block\"><p>Le forfait comprend 2 nuits au Camping 1000 \u00c9toiles o\u00f9 tu peux \u00e9galement garer ta voiture.<\/p>\n<p>Le camp de base est situ\u00e9 <strong>au c\u0153ur du parc national<\/strong> et est le <strong>point de d\u00e9part et d'arriv\u00e9e<\/strong> de ton aventure. Il y a de bonnes installations sanitaires (toilettes et douches).<\/p>\n<p>&nbsp;<\/p><\/div>\n\t\t\t\t\t\t\t\t<\/div>\n\t\t\t\t\t\t<\/div>\n\t\t\t\t\t\t\t\t\t<\/div>\n\t\t\t<\/div>\n\t\t\t<\/div>\n<\/div>\n\n\n\n\n\n<div class=\"tb-highlights tb-block align-center background-light pattern-custom variant-none tb-collapsible-margins\" id=\"opties\" style=\"background-image: url(http:\/\/prt.travelblox.eu\/wp-content\/uploads\/sites\/60\/2023\/12\/Untitled-design-3.svg)\">\n\t<div class=\"inner-block tb-fade-in tb-fade-in--subtle\">\n\t\t<div class=\"text-part\">\n\t\t\t<h2>Options suppl\u00e9mentaires<\/h2>\n\t\t\t\t<div class=\"translation-block\"><\/div>\n\t\t\t\t\t<div class=\"section-toggler\">\n\t\t<div class=\"section-toggler__inner\">\n\t\t\t<div class=\"section-toggler__toggles-wrapper\">\n\t\t\t\t<div class=\"section-toggler__toggles\">\n\t\t\t\t\t\t\t\t\t\t\t<input type=\"radio\" name=\"opties-section\" value=\"opties-section-0\" id=\"opties-section-0-label\" checked class=\"\" \/>\n\t\t\t\t\t\t<label for=\"opties-section-0-label\" data-target-id=\"opties-section-0\" class=\"\">\n\t\t\t\t\t\t\tOptions\t\t\t\t\t\t\t\t\t\t\t\t\t<\/label>\n\t\t\t\t\t\t\t\t\t\t\t<input type=\"radio\" name=\"opties-section\" value=\"opties-section-1\" id=\"opties-section-1-label\"  class=\"\" \/>\n\t\t\t\t\t\t<label for=\"opties-section-1-label\" data-target-id=\"opties-section-1\" class=\"\">\n\t\t\t\t\t\t\tAssurances\t\t\t\t\t\t\t\t\t\t\t\t\t<\/label>\n\t\t\t\t\t\t\t\t\t<\/div>\n\t\t\t<\/div>\n\t\t<\/div>\n\t<\/div>\n\t\t\t<\/div>\n\t<\/div>\n\t\t\t<div class=\"tb-sections tb-fade-in tb-fade-in--subtle\">\n\t\t\t\t\t\t\t\t\t\t\t\t\t<div class=\"inner-block-full-width has-tb-carousel tb-section\" id=\"opties-section-0\">\n\t\t<div class=\"tb-carousel-container\">\n\t\t\t<div class=\"entries tb-cards\" data-slider-first=\"1\">\n\t\t\t\t\t\t\t\t\t\t\t\t\t\t\t<div class=\"tb-card entry tb-popup-trigger desktop-only-popup\">\n\t\t\t\t\t\t\t<div class=\"tb-image-part desktop\">\n\t\t\t\t\t\t\t\t<img src='https:\/\/prt.travelblox.eu\/wp-content\/smush-webp\/sites\/60\/2023\/12\/DSC05089-scaled.jpg.webp' width='1365' height='2048' srcset='https:\/\/prt.travelblox.eu\/wp-content\/smush-webp\/sites\/60\/2023\/12\/DSC05089-scaled.jpg.webp 1365w, https:\/\/prt.travelblox.eu\/wp-content\/smush-webp\/sites\/60\/2023\/12\/DSC05089-200x300.jpg.webp 200w, https:\/\/prt.travelblox.eu\/wp-content\/smush-webp\/sites\/60\/2023\/12\/DSC05089-683x1024.jpg.webp 683w, https:\/\/prt.travelblox.eu\/wp-content\/smush-webp\/sites\/60\/2023\/12\/DSC05089-768x1152.jpg.webp 768w, https:\/\/prt.travelblox.eu\/wp-content\/smush-webp\/sites\/60\/2023\/12\/DSC05089-1024x1536.jpg.webp 1024w, https:\/\/prt.travelblox.eu\/wp-content\/smush-webp\/sites\/60\/2023\/12\/DSC05089-8x12.jpg.webp 8w' sizes=\"auto, (max-width: 1365px) 100vw, 1365px\" loading='lazy' decoding='async' data-smush-webp-fallback=\"{&quot;src&quot;:&quot;https:\\\/\\\/prt.travelblox.eu\\\/wp-content\\\/uploads\\\/sites\\\/60\\\/2023\\\/12\\\/DSC05089-scaled.jpg&quot;,&quot;srcset&quot;:&quot;https:\\\/\\\/prt.travelblox.eu\\\/wp-content\\\/uploads\\\/sites\\\/60\\\/2023\\\/12\\\/DSC05089-scaled.jpg 1365w, https:\\\/\\\/prt.travelblox.eu\\\/wp-content\\\/uploads\\\/sites\\\/60\\\/2023\\\/12\\\/DSC05089-200x300.jpg 200w, https:\\\/\\\/prt.travelblox.eu\\\/wp-content\\\/uploads\\\/sites\\\/60\\\/2023\\\/12\\\/DSC05089-683x1024.jpg 683w, https:\\\/\\\/prt.travelblox.eu\\\/wp-content\\\/uploads\\\/sites\\\/60\\\/2023\\\/12\\\/DSC05089-768x1152.jpg 768w, https:\\\/\\\/prt.travelblox.eu\\\/wp-content\\\/uploads\\\/sites\\\/60\\\/2023\\\/12\\\/DSC05089-1024x1536.jpg 1024w, https:\\\/\\\/prt.travelblox.eu\\\/wp-content\\\/uploads\\\/sites\\\/60\\\/2023\\\/12\\\/DSC05089-8x12.jpg 8w&quot;}\">\t\t\t\t\t\t\t\t\t\t\t\t\t\t\t\t\t\t\t\t\t\t\t\t\t<div class=\"price tiny-body-font desktop translation-block\"><p>39 \u20ac<\/p><\/div>\t\t\t\t\t\t\t<\/div>\n\t\t\t\t\t\t\t<div class=\"tb-image-part mobile\">\n\t\t\t\t\t\t\t\t<img src='https:\/\/prt.travelblox.eu\/wp-content\/smush-webp\/sites\/60\/2023\/12\/DSC05089-768x1152.jpg.webp' width='768' height='1152' srcset='' sizes=\"auto, (max-width: 768px) 100vw, 768px\" loading='lazy' decoding='async' data-srcset=\"\" data-smush-webp-fallback=\"{&quot;src&quot;:&quot;https:\\\/\\\/prt.travelblox.eu\\\/wp-content\\\/uploads\\\/sites\\\/60\\\/2023\\\/12\\\/DSC05089-768x1152.jpg&quot;}\">\t\t\t\t\t\t\t\t\t\t\t\t\t\t\t<\/div>\n\t\t\t\t\t\t\t<div class=\"tb-card-content\">\n\t\t\t\t\t\t\t\t<h5>\n\t\t\t\t\t\t\t\t\t\t\t\t\t<i class=\"icon fa-solid fa-utensils fa-fw\" aria-hidden=\"true\"><\/i>\n\t\t\t\t\t\t\t\t\t\t\t\t<span>Pack d'alimentation pour l'aventure<\/span>\n\t\t\t\t\t\t\t\t<\/h5>\n\t\t\t\t\t\t\t\t\t\t\t\t\t\t\t\t\t<div class=\"price tiny-body-font mobile\"><p>\u20ac39<\/p><\/div>\t\t\t\t\t\t\t\t<div class=\"content readmore-content content--clamped\">\t<div class=\"translation-block\"><p>Le pack repas aventure contient tout ce dont vous avez besoin pour cette aventure de 2 jours ! Il se compose de :<\/p><ul><li>3 repas aventure d\u00e9shydrat\u00e9s<\/li><li>Un petit d\u00e9jeuner frais<\/li><li>Des barres c\u00e9r\u00e9ali\u00e8res pour la journ\u00e9e<\/li><li>Un kit de cuisine<\/li><\/ul><p>Vous pouvez consulter le menu <a href=\"https:\/\/issuu.com\/travelbase.eu\/docs\/prt26micro_nl_foodpack?fr=sNTFmYjg2OTY3ODc\" target=\"_blank\">ici<\/a>.<\/p><\/div>\n\t<\/div>\n\t\t\t\t\t\t\t\t\t\t\t\t\t\t\t\t<div class=\"readmore link js-readmore\">\n\t\t\t\t\t\t\t\t\t<span><i class=\"fa-solid fa-circle-plus\"><\/i><u>Lire la suite<\/u><\/span>\n\t\t\t\t\t\t\t\t\t<span><i class=\"fa-solid fa-circle-minus\"><\/i><u>Lire moins<\/u><\/span>\n\t\t\t\t\t\t\t\t<\/div>\n\t\t\t\t\t\t\t\t\t\t\t\t\t\t\t\t<dialog class=\"tb-popup\">\n\t\t\t\t\t\t\t\t\t<div class=\"tb-highlights-popup\">\n\t\t\t\t\t\t\t\t\t\t<div class=\"tb-image-part\">\n\t\t\t\t\t\t\t\t\t\t\t<img src='https:\/\/prt.travelblox.eu\/wp-content\/smush-webp\/sites\/60\/2023\/12\/DSC05089-768x1152.jpg.webp' width='768' height='1152' srcset='' sizes=\"auto, (max-width: 768px) 100vw, 768px\" loading='lazy' decoding='async' data-srcset=\"\" data-smush-webp-fallback=\"{&quot;src&quot;:&quot;https:\\\/\\\/prt.travelblox.eu\\\/wp-content\\\/uploads\\\/sites\\\/60\\\/2023\\\/12\\\/DSC05089-768x1152.jpg&quot;}\">\t\t\t\t\t\t\t\t\t\t<\/div>\n\t\t\t\t\t\t\t\t\t\t<div class=\"tb-popup-content\">\n\t\t\t\t\t\t\t\t\t\t\t<h3>Pack d'alimentation pour l'aventure<\/h3>\n\t\t\t\t\t\t\t\t\t\t\t<div class=\"content\">\t<div class=\"translation-block\"><p>Le pack repas aventure contient tout ce dont vous avez besoin pour cette aventure de 2 jours ! Il se compose de :<\/p><ul><li>3 repas aventure d\u00e9shydrat\u00e9s<\/li><li>Un petit d\u00e9jeuner frais<\/li><li>Des barres c\u00e9r\u00e9ali\u00e8res pour la journ\u00e9e<\/li><li>Un kit de cuisine<\/li><\/ul><p>Vous pouvez consulter le menu <a href=\"https:\/\/issuu.com\/travelbase.eu\/docs\/prt26micro_nl_foodpack?fr=sNTFmYjg2OTY3ODc\" target=\"_blank\">ici<\/a>.<\/p><\/div>\n\t<\/div>\n\t\t\t\t\t\t\t\t\t\t<\/div>\n\t\t\t\t\t\t\t\t\t<\/div>\n\t\t\t\t\t\t\t\t<\/dialog>\n\t\t\t\t\t\t\t<\/div>\n\t\t\t\t\t\t<\/div>\n\t\t\t\t\t\t\t\t\t\t\t<div class=\"tb-card entry tb-popup-trigger desktop-only-popup\">\n\t\t\t\t\t\t\t<div class=\"tb-image-part desktop\">\n\t\t\t\t\t\t\t\t<img src='https:\/\/prt.travelblox.eu\/wp-content\/smush-webp\/sites\/60\/2026\/02\/mille-etoiles-bell-tents.jpg.webp' width='818' height='568' srcset='https:\/\/prt.travelblox.eu\/wp-content\/smush-webp\/sites\/60\/2026\/02\/mille-etoiles-bell-tents.jpg.webp 818w, https:\/\/prt.travelblox.eu\/wp-content\/smush-webp\/sites\/60\/2026\/02\/mille-etoiles-bell-tents-300x208.jpg.webp 300w, https:\/\/prt.travelblox.eu\/wp-content\/smush-webp\/sites\/60\/2026\/02\/mille-etoiles-bell-tents-768x533.jpg.webp 768w, https:\/\/prt.travelblox.eu\/wp-content\/smush-webp\/sites\/60\/2026\/02\/mille-etoiles-bell-tents-18x12.jpg.webp 18w' sizes=\"auto, (max-width: 818px) 100vw, 818px\" loading='lazy' decoding='async' data-smush-webp-fallback=\"{&quot;src&quot;:&quot;https:\\\/\\\/prt.travelblox.eu\\\/wp-content\\\/uploads\\\/sites\\\/60\\\/2026\\\/02\\\/mille-etoiles-bell-tents.jpg&quot;,&quot;srcset&quot;:&quot;https:\\\/\\\/prt.travelblox.eu\\\/wp-content\\\/uploads\\\/sites\\\/60\\\/2026\\\/02\\\/mille-etoiles-bell-tents.jpg 818w, https:\\\/\\\/prt.travelblox.eu\\\/wp-content\\\/uploads\\\/sites\\\/60\\\/2026\\\/02\\\/mille-etoiles-bell-tents-300x208.jpg 300w, https:\\\/\\\/prt.travelblox.eu\\\/wp-content\\\/uploads\\\/sites\\\/60\\\/2026\\\/02\\\/mille-etoiles-bell-tents-768x533.jpg 768w, https:\\\/\\\/prt.travelblox.eu\\\/wp-content\\\/uploads\\\/sites\\\/60\\\/2026\\\/02\\\/mille-etoiles-bell-tents-18x12.jpg 18w&quot;}\">\t\t\t\t\t\t\t\t\t\t\t\t\t\t\t\t\t\t\t\t\t\t\t\t\t<div class=\"price tiny-body-font desktop translation-block\"><p>Inclus pour les Early Birds<\/p><\/div>\t\t\t\t\t\t\t<\/div>\n\t\t\t\t\t\t\t<div class=\"tb-image-part mobile\">\n\t\t\t\t\t\t\t\t<img src='https:\/\/prt.travelblox.eu\/wp-content\/smush-webp\/sites\/60\/2026\/02\/mille-etoiles-bell-tents-768x533.jpg.webp' width='768' height='533' srcset='https:\/\/prt.travelblox.eu\/wp-content\/smush-webp\/sites\/60\/2026\/02\/mille-etoiles-bell-tents-768x533.jpg.webp 768w, https:\/\/prt.travelblox.eu\/wp-content\/smush-webp\/sites\/60\/2026\/02\/mille-etoiles-bell-tents-300x208.jpg.webp 300w, https:\/\/prt.travelblox.eu\/wp-content\/smush-webp\/sites\/60\/2026\/02\/mille-etoiles-bell-tents-18x12.jpg.webp 18w, https:\/\/prt.travelblox.eu\/wp-content\/smush-webp\/sites\/60\/2026\/02\/mille-etoiles-bell-tents.jpg.webp 818w' sizes=\"auto, (max-width: 768px) 100vw, 768px\" loading='lazy' decoding='async' data-smush-webp-fallback=\"{&quot;src&quot;:&quot;https:\\\/\\\/prt.travelblox.eu\\\/wp-content\\\/uploads\\\/sites\\\/60\\\/2026\\\/02\\\/mille-etoiles-bell-tents-768x533.jpg&quot;,&quot;srcset&quot;:&quot;https:\\\/\\\/prt.travelblox.eu\\\/wp-content\\\/uploads\\\/sites\\\/60\\\/2026\\\/02\\\/mille-etoiles-bell-tents-768x533.jpg 768w, https:\\\/\\\/prt.travelblox.eu\\\/wp-content\\\/uploads\\\/sites\\\/60\\\/2026\\\/02\\\/mille-etoiles-bell-tents-300x208.jpg 300w, https:\\\/\\\/prt.travelblox.eu\\\/wp-content\\\/uploads\\\/sites\\\/60\\\/2026\\\/02\\\/mille-etoiles-bell-tents-18x12.jpg 18w, https:\\\/\\\/prt.travelblox.eu\\\/wp-content\\\/uploads\\\/sites\\\/60\\\/2026\\\/02\\\/mille-etoiles-bell-tents.jpg 818w&quot;}\">\t\t\t\t\t\t\t\t\t\t\t\t\t\t\t<\/div>\n\t\t\t\t\t\t\t<div class=\"tb-card-content\">\n\t\t\t\t\t\t\t\t<h5>\n\t\t\t\t\t\t\t\t\t\t\t\t\t<i class=\"icon fa-solid fa-campground fa-fw\" aria-hidden=\"true\"><\/i>\n\t\t\t\t\t\t\t\t\t\t\t\t<span>Mat\u00e9riel de camping<\/span>\n\t\t\t\t\t\t\t\t<\/h5>\n\t\t\t\t\t\t\t\t\t\t\t\t\t\t\t\t\t<div class=\"price tiny-body-font mobile\"><p>Inclus pour les Early Birds<\/p><\/div>\t\t\t\t\t\t\t\t<div class=\"content readmore-content content--clamped\">\t<div class=\"translation-block\"><p>Pour les Early Birds, la tipie au camp de base ainsi que la tente, le matelas et le sac de couchage au bivouac le long de la rivi\u00e8re sont inclus.<\/p><\/div>\n\t<\/div>\n\t\t\t\t\t\t\t\t\t\t\t\t\t\t\t\t<div class=\"readmore link js-readmore\">\n\t\t\t\t\t\t\t\t\t<span><i class=\"fa-solid fa-circle-plus\"><\/i><u>Lire la suite<\/u><\/span>\n\t\t\t\t\t\t\t\t\t<span><i class=\"fa-solid fa-circle-minus\"><\/i><u>Lire moins<\/u><\/span>\n\t\t\t\t\t\t\t\t<\/div>\n\t\t\t\t\t\t\t\t\t\t\t\t\t\t\t\t<dialog class=\"tb-popup\">\n\t\t\t\t\t\t\t\t\t<div class=\"tb-highlights-popup\">\n\t\t\t\t\t\t\t\t\t\t<div class=\"tb-image-part\">\n\t\t\t\t\t\t\t\t\t\t\t<img src='https:\/\/prt.travelblox.eu\/wp-content\/smush-webp\/sites\/60\/2026\/02\/mille-etoiles-bell-tents-768x533.jpg.webp' width='768' height='533' srcset='https:\/\/prt.travelblox.eu\/wp-content\/smush-webp\/sites\/60\/2026\/02\/mille-etoiles-bell-tents-768x533.jpg.webp 768w, https:\/\/prt.travelblox.eu\/wp-content\/smush-webp\/sites\/60\/2026\/02\/mille-etoiles-bell-tents-300x208.jpg.webp 300w, https:\/\/prt.travelblox.eu\/wp-content\/smush-webp\/sites\/60\/2026\/02\/mille-etoiles-bell-tents-18x12.jpg.webp 18w, https:\/\/prt.travelblox.eu\/wp-content\/smush-webp\/sites\/60\/2026\/02\/mille-etoiles-bell-tents.jpg.webp 818w' sizes=\"auto, (max-width: 768px) 100vw, 768px\" loading='lazy' decoding='async' data-smush-webp-fallback=\"{&quot;src&quot;:&quot;https:\\\/\\\/prt.travelblox.eu\\\/wp-content\\\/uploads\\\/sites\\\/60\\\/2026\\\/02\\\/mille-etoiles-bell-tents-768x533.jpg&quot;,&quot;srcset&quot;:&quot;https:\\\/\\\/prt.travelblox.eu\\\/wp-content\\\/uploads\\\/sites\\\/60\\\/2026\\\/02\\\/mille-etoiles-bell-tents-768x533.jpg 768w, https:\\\/\\\/prt.travelblox.eu\\\/wp-content\\\/uploads\\\/sites\\\/60\\\/2026\\\/02\\\/mille-etoiles-bell-tents-300x208.jpg 300w, https:\\\/\\\/prt.travelblox.eu\\\/wp-content\\\/uploads\\\/sites\\\/60\\\/2026\\\/02\\\/mille-etoiles-bell-tents-18x12.jpg 18w, https:\\\/\\\/prt.travelblox.eu\\\/wp-content\\\/uploads\\\/sites\\\/60\\\/2026\\\/02\\\/mille-etoiles-bell-tents.jpg 818w&quot;}\">\t\t\t\t\t\t\t\t\t\t<\/div>\n\t\t\t\t\t\t\t\t\t\t<div class=\"tb-popup-content\">\n\t\t\t\t\t\t\t\t\t\t\t<h3>Mat\u00e9riel de camping<\/h3>\n\t\t\t\t\t\t\t\t\t\t\t<div class=\"content\">\t<div class=\"translation-block\"><p>Pour les Early Birds, la tipie au camp de base ainsi que la tente, le matelas et le sac de couchage au bivouac le long de la rivi\u00e8re sont inclus.<\/p><\/div>\n\t<\/div>\n\t\t\t\t\t\t\t\t\t\t<\/div>\n\t\t\t\t\t\t\t\t\t<\/div>\n\t\t\t\t\t\t\t\t<\/dialog>\n\t\t\t\t\t\t\t<\/div>\n\t\t\t\t\t\t<\/div>\n\t\t\t\t\t\t\t\t\t\t\t\t\t<\/div>\n\t\t\t\t<div class=\"tb-carousel-nav\">\n\t\t<div class=\"dots\">\n\t\t\t<div class=\"dot active\"><\/div>\n\t\t\t<div class=\"dot\"><\/div>\n\t\t\t<div class=\"dot\"><\/div>\n\t\t<\/div>\n\t\t<div class=\"arrows\">\n\t\t\t<div class=\"prev disabled\">\n\t\t\t\t<span><i class=\"fa fa-chevron-left\"><\/i><\/span>\n\t\t\t<\/div>\n\t\t\t<div class=\"next\">\n\t\t\t\t<span><i class=\"fa fa-chevron-right\"><\/i><\/span>\n\t\t\t<\/div>\n\t\t<\/div>\n\t<\/div>\n\t\t\t<\/div>\n\t<\/div>\n\t\t\t\t\t\t\t\t\t\t\t\t\t\t\t\t\t\t<div class=\"inner-block-full-width has-tb-carousel tb-section\" id=\"opties-section-1\"style=\"display:none;\">\n\t\t<div class=\"tb-carousel-container\">\n\t\t\t<div class=\"entries tb-cards\" data-slider-first=\"1\">\n\t\t\t\t\t\t\t\t\t\t\t\t\t\t\t<div class=\"tb-card entry tb-popup-trigger desktop-only-popup\">\n\t\t\t\t\t\t\t<div class=\"tb-image-part desktop\">\n\t\t\t\t\t\t\t\t<img src='https:\/\/prt.travelblox.eu\/wp-content\/smush-webp\/sites\/60\/2025\/01\/PRT23_PieterMermans_LR-127-e1761303275737.jpg.webp' width='1082' height='840' srcset='https:\/\/prt.travelblox.eu\/wp-content\/smush-webp\/sites\/60\/2025\/01\/PRT23_PieterMermans_LR-127-e1761303275737.jpg.webp 1082w, https:\/\/prt.travelblox.eu\/wp-content\/smush-webp\/sites\/60\/2025\/01\/PRT23_PieterMermans_LR-127-e1761303275737-300x233.jpg.webp 300w, https:\/\/prt.travelblox.eu\/wp-content\/smush-webp\/sites\/60\/2025\/01\/PRT23_PieterMermans_LR-127-e1761303275737-1024x795.jpg.webp 1024w, https:\/\/prt.travelblox.eu\/wp-content\/smush-webp\/sites\/60\/2025\/01\/PRT23_PieterMermans_LR-127-e1761303275737-768x596.jpg.webp 768w, https:\/\/prt.travelblox.eu\/wp-content\/smush-webp\/sites\/60\/2025\/01\/PRT23_PieterMermans_LR-127-e1761303275737-15x12.jpg.webp 15w' sizes=\"auto, (max-width: 1082px) 100vw, 1082px\" loading='lazy' decoding='async' data-smush-webp-fallback=\"{&quot;src&quot;:&quot;https:\\\/\\\/prt.travelblox.eu\\\/wp-content\\\/uploads\\\/sites\\\/60\\\/2025\\\/01\\\/PRT23_PieterMermans_LR-127-e1761303275737.jpg&quot;,&quot;srcset&quot;:&quot;https:\\\/\\\/prt.travelblox.eu\\\/wp-content\\\/uploads\\\/sites\\\/60\\\/2025\\\/01\\\/PRT23_PieterMermans_LR-127-e1761303275737.jpg 1082w, https:\\\/\\\/prt.travelblox.eu\\\/wp-content\\\/uploads\\\/sites\\\/60\\\/2025\\\/01\\\/PRT23_PieterMermans_LR-127-e1761303275737-300x233.jpg 300w, https:\\\/\\\/prt.travelblox.eu\\\/wp-content\\\/uploads\\\/sites\\\/60\\\/2025\\\/01\\\/PRT23_PieterMermans_LR-127-e1761303275737-1024x795.jpg 1024w, https:\\\/\\\/prt.travelblox.eu\\\/wp-content\\\/uploads\\\/sites\\\/60\\\/2025\\\/01\\\/PRT23_PieterMermans_LR-127-e1761303275737-768x596.jpg 768w, https:\\\/\\\/prt.travelblox.eu\\\/wp-content\\\/uploads\\\/sites\\\/60\\\/2025\\\/01\\\/PRT23_PieterMermans_LR-127-e1761303275737-15x12.jpg 15w&quot;}\">\t\t\t\t\t\t\t\t\t\t\t\t\t\t\t\t\t\t\t\t\t\t\t\t\t<div class=\"price tiny-body-font desktop translation-block\"><p>\u20ac21<\/p><\/div>\t\t\t\t\t\t\t<\/div>\n\t\t\t\t\t\t\t<div class=\"tb-image-part mobile\">\n\t\t\t\t\t\t\t\t<img src='https:\/\/prt.travelblox.eu\/wp-content\/smush-webp\/sites\/60\/2025\/01\/PRT23_PieterMermans_LR-127-e1761303275737-768x596.jpg.webp' width='768' height='596' srcset='https:\/\/prt.travelblox.eu\/wp-content\/smush-webp\/sites\/60\/2025\/01\/PRT23_PieterMermans_LR-127-e1761303275737-768x596.jpg.webp 768w, https:\/\/prt.travelblox.eu\/wp-content\/smush-webp\/sites\/60\/2025\/01\/PRT23_PieterMermans_LR-127-e1761303275737-300x233.jpg.webp 300w, https:\/\/prt.travelblox.eu\/wp-content\/smush-webp\/sites\/60\/2025\/01\/PRT23_PieterMermans_LR-127-e1761303275737-1024x795.jpg.webp 1024w, https:\/\/prt.travelblox.eu\/wp-content\/smush-webp\/sites\/60\/2025\/01\/PRT23_PieterMermans_LR-127-e1761303275737-15x12.jpg.webp 15w, https:\/\/prt.travelblox.eu\/wp-content\/smush-webp\/sites\/60\/2025\/01\/PRT23_PieterMermans_LR-127-e1761303275737.jpg.webp 1082w' sizes=\"auto, (max-width: 768px) 100vw, 768px\" loading='lazy' decoding='async' data-smush-webp-fallback=\"{&quot;src&quot;:&quot;https:\\\/\\\/prt.travelblox.eu\\\/wp-content\\\/uploads\\\/sites\\\/60\\\/2025\\\/01\\\/PRT23_PieterMermans_LR-127-e1761303275737-768x596.jpg&quot;,&quot;srcset&quot;:&quot;https:\\\/\\\/prt.travelblox.eu\\\/wp-content\\\/uploads\\\/sites\\\/60\\\/2025\\\/01\\\/PRT23_PieterMermans_LR-127-e1761303275737-768x596.jpg 768w, https:\\\/\\\/prt.travelblox.eu\\\/wp-content\\\/uploads\\\/sites\\\/60\\\/2025\\\/01\\\/PRT23_PieterMermans_LR-127-e1761303275737-300x233.jpg 300w, https:\\\/\\\/prt.travelblox.eu\\\/wp-content\\\/uploads\\\/sites\\\/60\\\/2025\\\/01\\\/PRT23_PieterMermans_LR-127-e1761303275737-1024x795.jpg 1024w, https:\\\/\\\/prt.travelblox.eu\\\/wp-content\\\/uploads\\\/sites\\\/60\\\/2025\\\/01\\\/PRT23_PieterMermans_LR-127-e1761303275737-15x12.jpg 15w, https:\\\/\\\/prt.travelblox.eu\\\/wp-content\\\/uploads\\\/sites\\\/60\\\/2025\\\/01\\\/PRT23_PieterMermans_LR-127-e1761303275737.jpg 1082w&quot;}\">\t\t\t\t\t\t\t\t\t\t\t\t\t\t\t<\/div>\n\t\t\t\t\t\t\t<div class=\"tb-card-content\">\n\t\t\t\t\t\t\t\t<h5>\n\t\t\t\t\t\t\t\t\t\t\t\t\t\t\t\t\t\t<span>assurance annulation<\/span>\n\t\t\t\t\t\t\t\t<\/h5>\n\t\t\t\t\t\t\t\t\t\t\t\t\t\t\t\t\t<div class=\"price tiny-body-font mobile\"><p>\u20ac21<\/p><\/div>\t\t\t\t\t\t\t\t<div class=\"content readmore-content content--clamped\">\t<div class=\"translation-block\"><p>Tu peux consulter nos conditions d'annulation <a href=\"https:\/\/admin.travelbase.eu\/u\/source\/MICRO\/Cancelation_policy\/NL_Flex_cancellation_policy_MICRO.pdf\" target=\"_blank\">ici<\/a>.<\/p><\/div>\n\t<\/div>\n\t\t\t\t\t\t\t\t\t\t\t\t\t\t\t\t<div class=\"readmore link js-readmore\">\n\t\t\t\t\t\t\t\t\t<span><i class=\"fa-solid fa-circle-plus\"><\/i><u>Lire la suite<\/u><\/span>\n\t\t\t\t\t\t\t\t\t<span><i class=\"fa-solid fa-circle-minus\"><\/i><u>Lire moins<\/u><\/span>\n\t\t\t\t\t\t\t\t<\/div>\n\t\t\t\t\t\t\t\t\t\t\t\t\t\t\t\t<dialog class=\"tb-popup\">\n\t\t\t\t\t\t\t\t\t<div class=\"tb-highlights-popup\">\n\t\t\t\t\t\t\t\t\t\t<div class=\"tb-image-part\">\n\t\t\t\t\t\t\t\t\t\t\t<img src='https:\/\/prt.travelblox.eu\/wp-content\/smush-webp\/sites\/60\/2025\/01\/PRT23_PieterMermans_LR-127-e1761303275737-768x596.jpg.webp' width='768' height='596' srcset='https:\/\/prt.travelblox.eu\/wp-content\/smush-webp\/sites\/60\/2025\/01\/PRT23_PieterMermans_LR-127-e1761303275737-768x596.jpg.webp 768w, https:\/\/prt.travelblox.eu\/wp-content\/smush-webp\/sites\/60\/2025\/01\/PRT23_PieterMermans_LR-127-e1761303275737-300x233.jpg.webp 300w, https:\/\/prt.travelblox.eu\/wp-content\/smush-webp\/sites\/60\/2025\/01\/PRT23_PieterMermans_LR-127-e1761303275737-1024x795.jpg.webp 1024w, https:\/\/prt.travelblox.eu\/wp-content\/smush-webp\/sites\/60\/2025\/01\/PRT23_PieterMermans_LR-127-e1761303275737-15x12.jpg.webp 15w, https:\/\/prt.travelblox.eu\/wp-content\/smush-webp\/sites\/60\/2025\/01\/PRT23_PieterMermans_LR-127-e1761303275737.jpg.webp 1082w' sizes=\"auto, (max-width: 768px) 100vw, 768px\" loading='lazy' decoding='async' data-smush-webp-fallback=\"{&quot;src&quot;:&quot;https:\\\/\\\/prt.travelblox.eu\\\/wp-content\\\/uploads\\\/sites\\\/60\\\/2025\\\/01\\\/PRT23_PieterMermans_LR-127-e1761303275737-768x596.jpg&quot;,&quot;srcset&quot;:&quot;https:\\\/\\\/prt.travelblox.eu\\\/wp-content\\\/uploads\\\/sites\\\/60\\\/2025\\\/01\\\/PRT23_PieterMermans_LR-127-e1761303275737-768x596.jpg 768w, https:\\\/\\\/prt.travelblox.eu\\\/wp-content\\\/uploads\\\/sites\\\/60\\\/2025\\\/01\\\/PRT23_PieterMermans_LR-127-e1761303275737-300x233.jpg 300w, https:\\\/\\\/prt.travelblox.eu\\\/wp-content\\\/uploads\\\/sites\\\/60\\\/2025\\\/01\\\/PRT23_PieterMermans_LR-127-e1761303275737-1024x795.jpg 1024w, https:\\\/\\\/prt.travelblox.eu\\\/wp-content\\\/uploads\\\/sites\\\/60\\\/2025\\\/01\\\/PRT23_PieterMermans_LR-127-e1761303275737-15x12.jpg 15w, https:\\\/\\\/prt.travelblox.eu\\\/wp-content\\\/uploads\\\/sites\\\/60\\\/2025\\\/01\\\/PRT23_PieterMermans_LR-127-e1761303275737.jpg 1082w&quot;}\">\t\t\t\t\t\t\t\t\t\t<\/div>\n\t\t\t\t\t\t\t\t\t\t<div class=\"tb-popup-content\">\n\t\t\t\t\t\t\t\t\t\t\t<h3>assurance annulation<\/h3>\n\t\t\t\t\t\t\t\t\t\t\t<div class=\"content\">\t<div class=\"translation-block\"><p>Tu peux consulter nos conditions d'annulation <a href=\"https:\/\/admin.travelbase.eu\/u\/source\/MICRO\/Cancelation_policy\/NL_Flex_cancellation_policy_MICRO.pdf\" target=\"_blank\">ici<\/a>.<\/p><\/div>\n\t<\/div>\n\t\t\t\t\t\t\t\t\t\t<\/div>\n\t\t\t\t\t\t\t\t\t<\/div>\n\t\t\t\t\t\t\t\t<\/dialog>\n\t\t\t\t\t\t\t<\/div>\n\t\t\t\t\t\t<\/div>\n\t\t\t\t\t\t\t\t\t\t\t\t\t<\/div>\n\t\t\t\t<div class=\"tb-carousel-nav\">\n\t\t<div class=\"dots\">\n\t\t\t<div class=\"dot active\"><\/div>\n\t\t\t<div class=\"dot\"><\/div>\n\t\t\t<div class=\"dot\"><\/div>\n\t\t<\/div>\n\t\t<div class=\"arrows\">\n\t\t\t<div class=\"prev disabled\">\n\t\t\t\t<span><i class=\"fa fa-chevron-left\"><\/i><\/span>\n\t\t\t<\/div>\n\t\t\t<div class=\"next\">\n\t\t\t\t<span><i class=\"fa fa-chevron-right\"><\/i><\/span>\n\t\t\t<\/div>\n\t\t<\/div>\n\t<\/div>\n\t\t\t<\/div>\n\t<\/div>\n\t\t\t\t\t\t\t\t\t\t<\/div>\n\t\t<\/div>\n\n\n\n\n<div class=\"tb-faq tb-block align-center background-dark pattern-none variant-none tb-collapsible-margins\" id=\"FAQ\">\n\t<div class=\"inner-block tb-fade-in tb-fade-in--subtle\">\n\t\t<div class=\"text-part\">\n\t\t\t<h2>Questions fr\u00e9quentes<\/h2>\n\t\t\t\t<div class=\"translation-block\"><\/div>\n\t\t\t<\/div>\n\t<\/div>\n\t<div class=\"inner-block\">\n\n\t\t\t\t\t<div\n\t\t\t\tclass=\"faq-list tb-accordion tb-accordion--animation two-col\"\n\t\t\t\tdata-limited=\"1\" data-initial-count=\"6\" >\n\t\t\t\t\t\t\t\t\t<details class=\"details\">\n\t\t\t\t\t\t<summary class=\"summary\">\n\t\t\t\t\t\t\t<div>\u00c0 qui s'adresse ce voyage ?\t\t\t<\/div>\n\t\t\t<\/summary>\n\t\t\t<div class=\"content text-part\" >\n\t\t\t\t\t<div class=\"translation-block\">La plupart de nos voyageurs ont entre 20 et 40 ans, mais bien s\u00fbr, tous les adultes sont les bienvenus. L'\u00e2ge moyen sur The Packraft Trail est de 31 ans. Voyagez-vous avec votre partenaire ou un groupe d'amis, ou pr\u00e9f\u00e9rez-vous partir en solo \u00e0 l'aventure? Alors ce voyage est parfait pour vous.\n\nLes familles avec enfants sont \u00e9galement les bienvenues, mais il n'y a pas de r\u00e9ductions pour les mineurs.<\/div>\n\t\t\t\t<\/div>\n\t\t\t<\/details>\n\t\t\t\t\t\t\t<details class=\"details\">\n\t\t\t\t\t\t<summary class=\"summary\">\n\t\t\t\t\t\t\t<div>Jusqu'\u00e0 quel point dois-je \u00eatre sportif ?\t\t\t<\/div>\n\t\t\t<\/summary>\n\t\t\t<div class=\"content text-part\" >\n\t\t\t\t\t<div class=\"translation-block\"><p>C'est un packraft en eaux vives, accessible \u00e0 toute personne en <strong>forme physique de base<\/strong>. Une exp\u00e9rience en packraft\/kayak est recommand\u00e9e pour certaines parties techniques de la Soca. Pour te familiariser, rejoins nos micro-aventures ! Il y a aussi du temps pour se reposer et profiter des vues.<\/p><\/div>\n\t\t\t\t<\/div>\n\t\t\t<\/details>\n\t\t\t\t\t\t\t<details class=\"details\">\n\t\t\t\t\t\t<summary class=\"summary\">\n\t\t\t\t\t\t\t<div>Comment gonfler le packraft ?\t\t\t<\/div>\n\t\t\t<\/summary>\n\t\t\t<div class=\"content text-part\" >\n\t\t\t\t\t<div class=\"translation-block\"><p>Tu recevras un grand sac de gonflage pour packraft, il se gonfle comme un \"lazybag\" et permet de transf\u00e9rer de l'air dans le raft. Il faut s'y prendre \u00e0 plusieurs reprises et le processus ne prend au total qu'une dizaine de minutes. Nos packrafts sont pr\u00e9vus pour une personne.<\/p><\/div>\n\t\t\t\t<\/div>\n\t\t\t<\/details>\n\t\t\t\t\t\t\t<details class=\"details\">\n\t\t\t\t\t\t<summary class=\"summary\">\n\t\t\t\t\t\t\t<div>Est-ce que c'est un voyage de groupe ?\t\t\t<\/div>\n\t\t\t<\/summary>\n\t\t\t<div class=\"content text-part\" >\n\t\t\t\t\t<div class=\"translation-block\"><p>Le parcours en packraft est avant tout une micro-aventure \u00e0 savourer avec vos compagnons de voyage. Vous pagayez \u00e0 votre rythme et le parcours est suffisamment long pour que chacun puisse en profiter en toute tranquillit\u00e9 !<\/p>\n<p>Vous souhaitez vivre cette aventure en groupe ? Que ce soit pour une activit\u00e9 d'entreprise, un teambuilding, une journ\u00e9e sportive ou avec un mouvement de jeunesse par exemple ? N'h\u00e9sitez pas \u00e0 nous envoyer un mail pour une offre personnalis\u00e9e \u00e0 l'adresse info@thepackrafttrail.com<\/p><\/div>\n\t\t\t\t<\/div>\n\t\t\t<\/details>\n\t\t\t\t\t\t\t<details class=\"details\">\n\t\t\t\t\t\t<summary class=\"summary\">\n\t\t\t\t\t\t\t<div>Quels sont les points de d\u00e9part et d'arriv\u00e9e ?\t\t\t<\/div>\n\t\t\t<\/summary>\n\t\t\t<div class=\"content text-part\" >\n\t\t\t\t\t<div class=\"translation-block\"><p>Le Packraft Trail commence et se termine au c\u0153ur de la Biesbosch au camping <strong>De Witboom \u00e0 Werkendam,<\/strong> o\u00f9 vous passerez \u00e9galement la nuit entre les 2 journ\u00e9es de randonn\u00e9e. Le briefing du <strong>jour 1<\/strong> commence \u00e0 <strong>9h<\/strong>, mais vous \u00eates les bienvenus au camp de base d\u00e8s 8h30.<\/p><\/div>\n\t\t\t\t<\/div>\n\t\t\t<\/details>\n\t\t\t\t\t\t\t<details class=\"details\">\n\t\t\t\t\t\t<summary class=\"summary\">\n\t\t\t\t\t\t\t<div>Comment puis-je me rendre au camp de base ?\t\t\t<\/div>\n\t\t\t<\/summary>\n\t\t\t<div class=\"content text-part\" >\n\t\t\t\t\t<div class=\"translation-block\"><p>Le camp de base est le plus facilement accessible en <strong>voiture<\/strong>. Un parking gratuit est disponible pendant les deux jours.<\/p>\n<p>Pour ceux qui viennent en <strong>transport en commun<\/strong>, il faut prendre le train jusqu'\u00e0 <strong>Gorinchem<\/strong>. De l\u00e0, prenez la ligne de bus 120 jusqu'\u00e0 <strong>Werkendam<\/strong>, o\u00f9 vous changerez pour la ligne de bus 620 en direction de Dordrecht. Demandez au chauffeur de bus de vous arr\u00eater \u00e0 <strong>Witboomkil<\/strong>. \u00c0 partir de l\u00e0, il vous reste 0,5 km \u00e0 pied pour rejoindre le camp de base (camping De Witboom).<\/p><\/div>\n\t\t\t\t<\/div>\n\t\t\t<\/details>\n\t\t\t\t\t\t\t<details class=\"details\">\n\t\t\t\t\t\t<summary class=\"summary\">\n\t\t\t\t\t\t\t<div>Que dois-je apporter ?\t\t\t<\/div>\n\t\t\t<\/summary>\n\t\t\t<div class=\"content text-part\" >\n\t\t\t\t\t<div class=\"translation-block\"><p>Consultez la liste de mat\u00e9riel <a href=\"https:\/\/issuu.com\/travelbase.eu\/docs\/prt26micro_nl_paklijst?fr=sZjlkODg2OTY3ODc\" target=\"_blank\">ici<\/a>.<\/p><\/div>\n\t\t\t\t<\/div>\n\t\t\t<\/details>\n\t\t\t\t\t\t\t<details class=\"details\">\n\t\t\t\t\t\t<summary class=\"summary\">\n\t\t\t\t\t\t\t<div>Combien de personnes peuvent tenir dans un packraft ?\t\t\t<\/div>\n\t\t\t<\/summary>\n\t\t\t<div class=\"content text-part\" >\n\t\t\t\t\t<div class=\"translation-block\"><p>Nos packrafts sont con\u00e7us pour une personne. Nous avons quelques packrafts plus grands qui peuvent convenir aux personnes venant avec leur chien ou \u00e0 un enfant, mais leur nombre est limit\u00e9.<\/p><\/div>\n\t\t\t\t<\/div>\n\t\t\t<\/details>\n\t\t\t\t\t\t\t<details class=\"details\">\n\t\t\t\t\t\t<summary class=\"summary\">\n\t\t\t\t\t\t\t<div>Est-il possible de pratiquer le packrafting pendant le printemps \u00e9galement ?\t\t\t<\/div>\n\t\t\t<\/summary>\n\t\t\t<div class=\"content text-part\" >\n\t\t\t\t\t<div class=\"translation-block\"><p>Le Packraft Trail dans les Biesbosch a lieu de <strong>juin \u00e0 septembre<\/strong>. Pendant le printemps (d'avril \u00e0 juin), vous pouvez \u00e9galement faire du packraft dans les Ardennes fran\u00e7aises.<\/p><\/div>\n\t\t\t\t<\/div>\n\t\t\t<\/details>\n\t\t\t\t\t\t\t<details class=\"details\">\n\t\t\t\t\t\t<summary class=\"summary\">\n\t\t\t\t\t\t\t<div>Quel est le poids de mon sac \u00e0 dos ?\t\t\t<\/div>\n\t\t\t<\/summary>\n\t\t\t<div class=\"content text-part\" >\n\t\t\t\t\t<div class=\"translation-block\"><p>Pour rendre votre randonn\u00e9e aussi agr\u00e9able que possible, vous ne porterez qu'un <strong>sac \u00e0 dos de trekking de 60-70 litres<\/strong> (inclus) contenant votre mat\u00e9riel de packrafting (<strong>3 kg<\/strong>), votre set de cuisine avec Adventure Food (optionnel) et vos v\u00eatements pour la randonn\u00e9e.<\/p>\n<p>Conseil : Voyagez l\u00e9ger ! Il ne s'agit que d'une activit\u00e9 de deux jours, donc laissez \u00e0 la maison les choses dont vous n'avez pas besoin, comme les glaci\u00e8res.<\/p><\/div>\n\t\t\t\t<\/div>\n\t\t\t<\/details>\n\t\t\t\t\t\t\t<details class=\"details\">\n\t\t\t\t\t\t<summary class=\"summary\">\n\t\t\t\t\t\t\t<div>Puis-je emmener mon chien avec moi ?\t\t\t<\/div>\n\t\t\t<\/summary>\n\t\t\t<div class=\"content text-part\" >\n\t\t\t\t\t<div class=\"translation-block\"><p>Bien s\u00fbr ! Oui, <strong>les chiens sont les bienvenus<\/strong> ! Nous avons m\u00eame quelques packrafts plus grands o\u00f9 un chien peut s'asseoir \u00e0 l'avant. Vous pouvez en faire la demande par e-mail ou le pr\u00e9ciser lors de la r\u00e9servation.<\/p><\/div>\n\t\t\t\t<\/div>\n\t\t\t<\/details>\n\t\t\t<\/div>\n\t\t\t<div class=\"faq-loadmore-wrap\">\n\t\t\t<button type=\"button\" class=\"faq-loadmore\" data-state=\"closed\" aria-expanded=\"false\">\n\t\t\t\t<span class=\"faq-loadmore__label-more\">Afficher plus de FAQ<\/span>\n\t\t\t\t<span class=\"faq-loadmore__label-less\">Montrer moins de FAQ<\/span>\n\t\t\t\t<svg class=\"faq-loadmore__icon\" viewbox=\"0 0 12 8\" aria-hidden=\"true\">\n\t\t\t\t\t<path d=\"M1 1.5l5 5 5-5\" fill=\"none\" stroke=\"currentColor\" stroke-width=\"1.6\" stroke-linecap=\"round\" stroke-linejoin=\"round\" \/>\n\t\t\t\t<\/svg>\n\t\t\t<\/button>\n\t\t<\/div>\n\t<\/div>\n<\/div>","protected":false},"excerpt":{"rendered":"","protected":false},"author":48,"featured_media":1165,"parent":0,"menu_order":0,"comment_status":"closed","ping_status":"closed","template":"","meta":{"_acf_changed":false,"inline_featured_image":false,"footnotes":""},"class_list":["post-5089","page","type-page","status-publish","has-post-thumbnail","hentry"],"acf":{"page_package_ids":"","is_main_package_page":false,"additional_linked_packages":[],"feed_page_to_atlas":false},"_links":{"self":[{"href":"https:\/\/prt.travelblox.eu\/fr\/wp-json\/wp\/v2\/pages\/5089","targetHints":{"allow":["GET"]}}],"collection":[{"href":"https:\/\/prt.travelblox.eu\/fr\/wp-json\/wp\/v2\/pages"}],"about":[{"href":"https:\/\/prt.travelblox.eu\/fr\/wp-json\/wp\/v2\/types\/page"}],"author":[{"embeddable":true,"href":"https:\/\/prt.travelblox.eu\/fr\/wp-json\/wp\/v2\/users\/48"}],"replies":[{"embeddable":true,"href":"https:\/\/prt.travelblox.eu\/fr\/wp-json\/wp\/v2\/comments?post=5089"}],"version-history":[{"count":15,"href":"https:\/\/prt.travelblox.eu\/fr\/wp-json\/wp\/v2\/pages\/5089\/revisions"}],"predecessor-version":[{"id":5152,"href":"https:\/\/prt.travelblox.eu\/fr\/wp-json\/wp\/v2\/pages\/5089\/revisions\/5152"}],"wp:featuredmedia":[{"embeddable":true,"href":"https:\/\/prt.travelblox.eu\/fr\/wp-json\/wp\/v2\/media\/1165"}],"wp:attachment":[{"href":"https:\/\/prt.travelblox.eu\/fr\/wp-json\/wp\/v2\/media?parent=5089"}],"curies":[{"name":"wp","href":"https:\/\/api.w.org\/{rel}","templated":true}]}}