{"id":936,"date":"2023-12-05T19:08:15","date_gmt":"2023-12-05T19:08:15","guid":{"rendered":"https:\/\/prtslov.travelblox.eu\/?page_id=936"},"modified":"2026-01-07T17:11:21","modified_gmt":"2026-01-07T17:11:21","slug":"over-ons","status":"publish","type":"page","link":"https:\/\/prt.travelblox.eu\/de\/over-ons\/","title":{"rendered":"\u00dcber uns"},"content":{"rendered":"<div class=\"tb-header tb-block align-center background-dark pattern-none variant-none\" id=\"header\" data-fallback-background=\"https:\/\/prt.travelblox.eu\/wp-content\/uploads\/sites\/60\/2023\/10\/Copy-of-Siliquini-ThePackraftTrail-Slovenie-Travelbase-230823-5827.jpg\" style=\"background-image: linear-gradient(rgba(0, 0, 0, 0.4), rgba(0, 0, 0, 0.4)), url('https:\/\/prt.travelblox.eu\/wp-content\/smush-webp\/sites\/60\/2023\/10\/Copy-of-Siliquini-ThePackraftTrail-Slovenie-Travelbase-230823-5827.jpg.webp'); background-position:;\" data-smush-webp-fallback=\"{&quot;bg-image&quot;:&quot; linear-gradient(rgba(0, 0, 0, 0.4), rgba(0, 0, 0, 0.4)), url(&#039;https:\\\/\\\/prt.travelblox.eu\\\/wp-content\\\/uploads\\\/sites\\\/60\\\/2023\\\/10\\\/Copy-of-Siliquini-ThePackraftTrail-Slovenie-Travelbase-230823-5827.jpg&#039;)&quot;}\">\n        \n    <div class=\"tb-header-foreground\">\n        <div class=\"inner-block\">\n\n            <div class=\"main-part\">\n                <div class=\"text-part\">\n                                                                                            <h1>\t<span class=\"tb-logo\"  style=\"-webkit-mask-image: url(https:\/\/prt.travelblox.eu\/wp-content\/uploads\/sites\/60\/2025\/10\/main-white.png); mask-image: url(https:\/\/prt.travelblox.eu\/wp-content\/uploads\/sites\/60\/2025\/10\/main-white.png)\">\n\t\t<img src='https:\/\/prt.travelblox.eu\/wp-content\/smush-webp\/sites\/60\/2025\/10\/main-Prt-Logo-white-de-1.png.webp' width='699' height='755' alt='Das Packraft Trail-Logo' srcset='https:\/\/prt.travelblox.eu\/wp-content\/smush-webp\/sites\/60\/2025\/10\/main-Prt-Logo-white-de-1.png.webp 718w, https:\/\/prt.travelblox.eu\/wp-content\/smush-webp\/sites\/60\/2025\/10\/main-Prt-Logo-white-de-1-276x300.png.webp 276w, https:\/\/prt.travelblox.eu\/wp-content\/smush-webp\/sites\/60\/2025\/10\/main-Prt-Logo-white-de-1-11x12.png.webp 11w' sizes='(max-width: 699px) 100vw, 699px' title='Der Packraft Trail' loading='lazy' data-smush-webp-fallback='{&quot;src&quot;:&quot;https:\\\/\\\/prt.travelblox.eu\\\/wp-content\\\/uploads\\\/sites\\\/60\\\/2025\\\/10\\\/main-Prt-Logo-white-de-1.png&quot;,&quot;srcset&quot;:&quot;https:\\\/\\\/prt.travelblox.eu\\\/wp-content\\\/uploads\\\/sites\\\/60\\\/2025\\\/10\\\/main-Prt-Logo-white-de-1.png 718w, https:\\\/\\\/prt.travelblox.eu\\\/wp-content\\\/uploads\\\/sites\\\/60\\\/2025\\\/10\\\/main-Prt-Logo-white-de-1-276x300.png 276w, https:\\\/\\\/prt.travelblox.eu\\\/wp-content\\\/uploads\\\/sites\\\/60\\\/2025\\\/10\\\/main-Prt-Logo-white-de-1-11x12.png 11w&quot;}'>\n\t<\/span>\n<\/h1>\n                                                                                        <h2 class=\"tb-subtitle\">\t<div class=\"translation-block\"><p><strong>Das Team und die Geschichte hinter der Packraft Trail<\/strong><\/p><\/div>\n\t<\/h2>\n                                                                                                                    <\/div>\n            <\/div>\n\n                    <\/div>\n    <\/div>\n\n    \t<a href=\"#\" class=\"scroll-down-button\">\n\t\t<i class=\"fa fa-arrow-down\"><\/i>\n\t<\/a>\n\t\n    \n    \n<\/div>\n\n\n<div class=\"tb-textimage2 tb-block align-left background-light pattern-none variant-text_first tb-collapsible-margins\" id=\"textimage2\">\n\t<div class=\"inner-block tb-fade-in\">\n\n\t\t\n\t\t\t\t<div class=\"tb-columns\">\n\t\t\t<div class=\"tb-column\">\n\t\t\t\t<div class=\"tb-text-part\">\n\t\t\t\t\t<h2>Ein Packraft-Abenteuer f\u00fcr alle.<\/h2>\n\t\t\t\t\t\t<div class=\"translation-block tb-wysiwyg-part\"><p>DER PACKRAFT TRAIL entstand w\u00e4hrend COVID. Die Grenzen wurden geschlossen, das Tempo verlangsamte sich und das Bed\u00fcrfnis nach Einfachheit, Natur und Freiheit wuchs gr\u00f6\u00dfer als je zuvor. Was als notgedrungenes Alternativangebot begann, entwickelte sich zu einer neuen, erfolgreichen Art des Reisens: leicht, flexibel und nah am Zuhause.<\/p><p>Mit allem in einem Rucksack bewegst du dich zu Fu\u00df und gehst aufs Wasser, sobald der Weg endet. Keine festen Routen oder Menschenmengen, sondern die Freiheit, die Natur in deinem eigenen Tempo zu entdecken. DER PACKRAFT TRAIL l\u00e4dt dich ein, langsamer zu werden und bewusst zu reisen; mit minimalen Mitteln schaffst du ein maximales Erlebnis.<\/p><p>Gemeinsam mit unserem Team und lokalen Partnern verfeinern wir st\u00e4ndig unsere Routen und Ziele und sind immer auf der Suche nach neuen Gebieten, um einzigartige Packraft-Abenteuer zu kreieren.<\/p><\/div>\n\t\t\t\t\t\t\t\t\t\t\t<div class=\"tb-buttons-part\">\n\t\t\t\t\t\t\t\t<a href=\"https:\/\/thepackrafttrail.com\/\"  target=\"\" class=\"tb-button\">\n\t\t\tEntdecke alle Packraft-Trails.\t\t<\/a>\n\t\t\t\t\t\t\t\t\t\t<a href=\"#team\"  target=\"\" class=\"tb-buttonlink\">\n\t\t\tDas Packraft-Team\t\t<\/a>\n\t\t\t\t\t\t\t<\/div>\n\t\t\t\t<\/div>\n\t\t\t<\/div>\n\t\t\t<div class=\"tb-column\">\n\t\t\t\t\t\t\t\t\t\t\t\t\t\t\t<div class=\"tb-image-part\">\n\t\t\t\t\t\t\t<img src='https:\/\/prt.travelblox.eu\/wp-content\/smush-webp\/sites\/60\/2023\/12\/349A0369-768x512.jpg.webp' width='768' height='512' srcset='https:\/\/prt.travelblox.eu\/wp-content\/smush-webp\/sites\/60\/2023\/12\/349A0369-768x512.jpg.webp 768w, https:\/\/prt.travelblox.eu\/wp-content\/smush-webp\/sites\/60\/2023\/12\/349A0369-300x200.jpg.webp 300w, https:\/\/prt.travelblox.eu\/wp-content\/smush-webp\/sites\/60\/2023\/12\/349A0369-1024x683.jpg.webp 1024w, https:\/\/prt.travelblox.eu\/wp-content\/smush-webp\/sites\/60\/2023\/12\/349A0369-1536x1024.jpg.webp 1536w, https:\/\/prt.travelblox.eu\/wp-content\/smush-webp\/sites\/60\/2023\/12\/349A0369-scaled.jpg.webp 2048w, https:\/\/prt.travelblox.eu\/wp-content\/smush-webp\/sites\/60\/2023\/12\/349A0369-18x12.jpg.webp 18w' sizes=\"auto, (max-width: 768px) 100vw, 768px\" loading='lazy' decoding='async' data-smush-webp-fallback=\"{&quot;src&quot;:&quot;https:\\\/\\\/prt.travelblox.eu\\\/wp-content\\\/uploads\\\/sites\\\/60\\\/2023\\\/12\\\/349A0369-768x512.jpg&quot;,&quot;srcset&quot;:&quot;https:\\\/\\\/prt.travelblox.eu\\\/wp-content\\\/uploads\\\/sites\\\/60\\\/2023\\\/12\\\/349A0369-768x512.jpg 768w, https:\\\/\\\/prt.travelblox.eu\\\/wp-content\\\/uploads\\\/sites\\\/60\\\/2023\\\/12\\\/349A0369-300x200.jpg 300w, https:\\\/\\\/prt.travelblox.eu\\\/wp-content\\\/uploads\\\/sites\\\/60\\\/2023\\\/12\\\/349A0369-1024x683.jpg 1024w, https:\\\/\\\/prt.travelblox.eu\\\/wp-content\\\/uploads\\\/sites\\\/60\\\/2023\\\/12\\\/349A0369-1536x1024.jpg 1536w, https:\\\/\\\/prt.travelblox.eu\\\/wp-content\\\/uploads\\\/sites\\\/60\\\/2023\\\/12\\\/349A0369-scaled.jpg 2048w, https:\\\/\\\/prt.travelblox.eu\\\/wp-content\\\/uploads\\\/sites\\\/60\\\/2023\\\/12\\\/349A0369-18x12.jpg 18w&quot;}\">\t\t\t\t\t\t<\/div>\n\t\t\t\t\t\t\t\t\t\t\t\t<\/div>\n\t\t<\/div>\n\t<\/div>\n<\/div>\n\n\n\n\n<div class=\"tb-team tb-block align-center background-dark pattern-custom variant-none tb-collapsible-margins\" id=\"team\" style=\"background-image: url(http:\/\/prtslov.travelblox.eu\/wp-content\/uploads\/sites\/60\/2023\/11\/grunge-prt-background-e1701093203474.jpg)\">\n\t<div class=\"inner-block tb-fade-in tb-fade-in--subtle\">\n\t\t<div class=\"text-part\">\n\t\t\t<h2>Die Gesichter hinter dem Projekt<\/h2>\n\t\t\t\t<div class=\"translation-block\"><p>Unser Team besteht aus 4 Outdoor-Enthusiasten, die leidenschaftlich gerne Paddelsport und Naturreisen betreiben. Gemeinsam arbeiten wir das ganze Jahr \u00fcber am The Packraft Trail, um dir das einzigartigste Reiseerlebnis zu bieten, das hoffentlich eine <strong>lebenslange Erinnerung<\/strong> bleibt.<\/p><\/div>\n\t\t\t<\/div>\n\t<\/div>\n\t\t\t\t<div class=\"inner-block-full-width has-tb-carousel\" >\n\t\t<div class=\"tb-carousel-container\">\n\t\t\t<div class=\"entries tb-cards\" data-slider-first=\"1\">\n\t\t\t\t\t\t\t\t\t<div class=\"tb-card entry\" style=\"background-image: url('https:\/\/prt.travelblox.eu\/wp-content\/smush-webp\/sites\/60\/2023\/12\/349A0086-scaled-e1767706558789-1024x943.jpg.webp')\" data-smush-webp-fallback=\"{&quot;bg-image&quot;:&quot; url(&#039;https:\\\/\\\/prt.travelblox.eu\\\/wp-content\\\/uploads\\\/sites\\\/60\\\/2023\\\/12\\\/349A0086-scaled-e1767706558789-1024x943.jpg&#039;)&quot;}\">\n\t\t\t\t<label for=\"tb-team-read-more-block_s60__p936__team-0\" class=\"tb-team__card-label\">\n\t\t\t\t\t<div class=\"overlay\"><\/div>\n\t\t\t\t\t<div class=\"overlay overlay--extra\"><\/div>\n\t\t\t\t\t<div class=\"content\">\n\t\t\t\t\t\t<div class=\"tb-team__card-titles\">\n\t\t\t\t\t\t\t<h3>Julian<\/h3>\n\t\t\t\t\t\t\t\t\t\t\t\t\t\t\t<p>regelt alle praktischen Angelegenheiten f\u00fcr deine Reise<\/p>\n\t\t\t\t\t\t\t\t\t\t\t\t\t<\/div>\n\t\t\t\t\t\t\t\t\t\t\t\t\t<div class=\"extra-content\">\n\t\t\t\t\t\t\t\t<p>Als rastloser Weltenbummler und abenteuerlustiger Reisender bin ich immer auf der Suche nach neuen Herausforderungen, um Erfahrungen in der Welt zu sammeln. Mich in fremde Kulturen einzutauchen und sch\u00f6ne Landschaften zu erkunden, ist der Kern meiner Reiseabenteuer.<\/p>\n\t\t\t\t\t\t\t<\/div>\n\t\t\t\t\t\t\t\t\t\t\t<\/div>\n\t\t\t\t\t<input type=\"checkbox\" class=\"tb-team__card-checkbox\" id=\"tb-team-read-more-block_s60__p936__team-0\">\n\t\t\t\t<\/label>\n\t\t\t<\/div>\n\t\t\t\t\t<div class=\"tb-card entry\" style=\"background-image: url('https:\/\/prt.travelblox.eu\/wp-content\/smush-webp\/sites\/60\/2026\/01\/HannaV-scaled-e1767706528174-984x1024.jpeg.webp')\" data-smush-webp-fallback=\"{&quot;bg-image&quot;:&quot; url(&#039;https:\\\/\\\/prt.travelblox.eu\\\/wp-content\\\/uploads\\\/sites\\\/60\\\/2026\\\/01\\\/HannaV-scaled-e1767706528174-984x1024.jpeg&#039;)&quot;}\">\n\t\t\t\t<label for=\"tb-team-read-more-block_s60__p936__team-1\" class=\"tb-team__card-label\">\n\t\t\t\t\t<div class=\"overlay\"><\/div>\n\t\t\t\t\t<div class=\"overlay overlay--extra\"><\/div>\n\t\t\t\t\t<div class=\"content\">\n\t\t\t\t\t\t<div class=\"tb-team__card-titles\">\n\t\t\t\t\t\t\t<h3>Hanna<\/h3>\n\t\t\t\t\t\t\t\t\t\t\t\t\t\t\t<p>steht bereit, um Fragen zu beantworten.<\/p>\n\t\t\t\t\t\t\t\t\t\t\t\t\t<\/div>\n\t\t\t\t\t\t\t\t\t\t\t\t\t<div class=\"extra-content\">\n\t\t\t\t\t\t\t\t<p>Im Winter werde ich wahrscheinlich snowboarden, und im Sommer nehme ich mein Surfbrett f\u00fcr eine Portion Meer. Wenn ich nicht auf einem Board stehe, findest du mich vielleicht beim Kickboxen oder im Schwimmbad.<\/p>\n\t\t\t\t\t\t\t<\/div>\n\t\t\t\t\t\t\t\t\t\t\t<\/div>\n\t\t\t\t\t<input type=\"checkbox\" class=\"tb-team__card-checkbox\" id=\"tb-team-read-more-block_s60__p936__team-1\">\n\t\t\t\t<\/label>\n\t\t\t<\/div>\n\t\t\t\t\t<div class=\"tb-card entry\" style=\"background-image: url('https:\/\/prt.travelblox.eu\/wp-content\/smush-webp\/sites\/60\/2025\/09\/IMG_3197-e1767706721342.jpg.webp')\" data-smush-webp-fallback=\"{&quot;bg-image&quot;:&quot; url(&#039;https:\\\/\\\/prt.travelblox.eu\\\/wp-content\\\/uploads\\\/sites\\\/60\\\/2025\\\/09\\\/IMG_3197-e1767706721342.jpg&#039;)&quot;}\">\n\t\t\t\t<label for=\"tb-team-read-more-block_s60__p936__team-2\" class=\"tb-team__card-label\">\n\t\t\t\t\t<div class=\"overlay\"><\/div>\n\t\t\t\t\t<div class=\"overlay overlay--extra\"><\/div>\n\t\t\t\t\t<div class=\"content\">\n\t\t\t\t\t\t<div class=\"tb-team__card-titles\">\n\t\t\t\t\t\t\t<h3>Tom<\/h3>\n\t\t\t\t\t\t\t\t\t\t\t\t\t\t\t<p>sorgt f\u00fcr alle Online-Inhalte<\/p>\n\t\t\t\t\t\t\t\t\t\t\t\t\t<\/div>\n\t\t\t\t\t\t\t\t\t\t\t\t\t<div class=\"extra-content\">\n\t\t\t\t\t\t\t\t<p>Erkunden ist viel mehr als nur eine Leidenschaft. Nichts gibt mir mehr Zufriedenheit, als zu reisen und die Natur zu entdecken. Frische Luft einatmen, sich von der digitalen Welt l\u00f6sen, so lade ich meine Batterien wieder auf!<\/p>\n\t\t\t\t\t\t\t<\/div>\n\t\t\t\t\t\t\t\t\t\t\t<\/div>\n\t\t\t\t\t<input type=\"checkbox\" class=\"tb-team__card-checkbox\" id=\"tb-team-read-more-block_s60__p936__team-2\">\n\t\t\t\t<\/label>\n\t\t\t<\/div>\n\t\t\t\t\t<div class=\"tb-card entry\" style=\"background-image: url('https:\/\/prt.travelblox.eu\/wp-content\/smush-webp\/sites\/60\/2026\/01\/kerstin-1-1-e1767794938939.jpg.webp')\" data-smush-webp-fallback=\"{&quot;bg-image&quot;:&quot; url(&#039;https:\\\/\\\/prt.travelblox.eu\\\/wp-content\\\/uploads\\\/sites\\\/60\\\/2026\\\/01\\\/kerstin-1-1-e1767794938939.jpg&#039;)&quot;}\">\n\t\t\t\t<label for=\"tb-team-read-more-block_s60__p936__team-3\" class=\"tb-team__card-label\">\n\t\t\t\t\t<div class=\"overlay\"><\/div>\n\t\t\t\t\t<div class=\"overlay overlay--extra\"><\/div>\n\t\t\t\t\t<div class=\"content\">\n\t\t\t\t\t\t<div class=\"tb-team__card-titles\">\n\t\t\t\t\t\t\t<h3>Kerstin<\/h3>\n\t\t\t\t\t\t\t\t\t\t\t\t\t\t\t<p>sorgt daf\u00fcr, dass alles reibungslos l\u00e4uft<\/p>\n\t\t\t\t\t\t\t\t\t\t\t\t\t<\/div>\n\t\t\t\t\t\t\t\t\t\t\t\t\t<div class=\"extra-content\">\n\t\t\t\t\t\t\t\t<p>In der Natur f\u00fchle ich mich zu Hause. Du triffst mich auf dem Wasser oder in den Bergen. Im Sommer bin ich im Kanu, auf einem Surfbrett oder beim Wandern in den Bergen unterwegs. Im Winter sausen ich die Pisten mit meinem Snowboard hinunter.<\/p>\n\t\t\t\t\t\t\t<\/div>\n\t\t\t\t\t\t\t\t\t\t\t<\/div>\n\t\t\t\t\t<input type=\"checkbox\" class=\"tb-team__card-checkbox\" id=\"tb-team-read-more-block_s60__p936__team-3\">\n\t\t\t\t<\/label>\n\t\t\t<\/div>\n\t\t\t\t\t\t\t<\/div>\n\t\t\t\t<div class=\"tb-carousel-nav\">\n\t\t<div class=\"dots\">\n\t\t\t<div class=\"dot active\"><\/div>\n\t\t\t<div class=\"dot\"><\/div>\n\t\t\t<div class=\"dot\"><\/div>\n\t\t<\/div>\n\t\t<div class=\"arrows\">\n\t\t\t<div class=\"prev disabled\">\n\t\t\t\t<span><i class=\"fa fa-chevron-left\"><\/i><\/span>\n\t\t\t<\/div>\n\t\t\t<div class=\"next\">\n\t\t\t\t<span><i class=\"fa fa-chevron-right\"><\/i><\/span>\n\t\t\t<\/div>\n\t\t<\/div>\n\t<\/div>\n\t\t\t<\/div>\n\t<\/div>\n\t\t\t\t\t<div class=\"tb-team__extra inner-block tb-fade-in tb-fade-in--subtle\">\n\t\t\t<div class=\"text-part\">\n\t\t\t\t<h3> <\/h3>\n\t\t\t\t\t<div class=\"translation-block\"><\/div>\n\t\t\t\t\t<div class=\"tb-buttons-part\">\n\t\t\t\t\t\t\t<a href=\"https:\/\/prt.travelblox.eu\/de\/contact\/\"  target=\"\" class=\"tb-button\">\n\t\t\tKontaktiere uns\t\t<\/a>\n\t\t\t\t\t\t<\/div>\n\t\t\t<\/div>\n\t\t<\/div>\n\t<\/div>\n\n\n<div class=\"tb-colcompare tb-block align-center background-light pattern-none variant-cards tb-collapsible-margins\" id=\"colcompare\">\n\t<div class=\"inner-block tb-fade-in tb-fade-in--subtle\">\n\t\t<div class=\"text-part\">\n\t\t\t<h2>Warum mit The Packraft Trail reisen?<\/h2>\n\t\t\t\t<div class=\"translation-block\"><\/div>\n\t\t\t<\/div>\n\t<\/div>\n\t\t\t\t<div class=\"inner-block-full-width has-tb-carousel tb-justified\" >\n\t\t<div class=\"tb-carousel-container\">\n\t\t\t<div class=\"entries tb-cards\" data-slider-first=\"1\">\n\t\t\t\t\t\t\t\t\t<div class=\"tb-card entry tb-fade-in tb-fade-in--subtle\">\n\t\t\t\t<div class=\"tb-image-part\">\n\t\t\t\t\t<img src='https:\/\/prt.travelblox.eu\/wp-content\/smush-webp\/sites\/60\/2023\/10\/Copy-of-Siliquini-ThePackraftTrail-Slovenie-Travelbase-230824-6072-768x512.jpg.webp' width='768' height='512' srcset='https:\/\/prt.travelblox.eu\/wp-content\/smush-webp\/sites\/60\/2023\/10\/Copy-of-Siliquini-ThePackraftTrail-Slovenie-Travelbase-230824-6072-768x512.jpg.webp 768w, https:\/\/prt.travelblox.eu\/wp-content\/smush-webp\/sites\/60\/2023\/10\/Copy-of-Siliquini-ThePackraftTrail-Slovenie-Travelbase-230824-6072-300x200.jpg.webp 300w, https:\/\/prt.travelblox.eu\/wp-content\/smush-webp\/sites\/60\/2023\/10\/Copy-of-Siliquini-ThePackraftTrail-Slovenie-Travelbase-230824-6072-1024x683.jpg.webp 1024w, https:\/\/prt.travelblox.eu\/wp-content\/smush-webp\/sites\/60\/2023\/10\/Copy-of-Siliquini-ThePackraftTrail-Slovenie-Travelbase-230824-6072-1536x1024.jpg.webp 1536w, https:\/\/prt.travelblox.eu\/wp-content\/smush-webp\/sites\/60\/2023\/10\/Copy-of-Siliquini-ThePackraftTrail-Slovenie-Travelbase-230824-6072-18x12.jpg.webp 18w, https:\/\/prt.travelblox.eu\/wp-content\/smush-webp\/sites\/60\/2023\/10\/Copy-of-Siliquini-ThePackraftTrail-Slovenie-Travelbase-230824-6072.jpg.webp 2048w' sizes=\"auto, (max-width: 768px) 100vw, 768px\" loading='lazy' decoding='async' data-smush-webp-fallback=\"{&quot;src&quot;:&quot;https:\\\/\\\/prt.travelblox.eu\\\/wp-content\\\/uploads\\\/sites\\\/60\\\/2023\\\/10\\\/Copy-of-Siliquini-ThePackraftTrail-Slovenie-Travelbase-230824-6072-768x512.jpg&quot;,&quot;srcset&quot;:&quot;https:\\\/\\\/prt.travelblox.eu\\\/wp-content\\\/uploads\\\/sites\\\/60\\\/2023\\\/10\\\/Copy-of-Siliquini-ThePackraftTrail-Slovenie-Travelbase-230824-6072-768x512.jpg 768w, https:\\\/\\\/prt.travelblox.eu\\\/wp-content\\\/uploads\\\/sites\\\/60\\\/2023\\\/10\\\/Copy-of-Siliquini-ThePackraftTrail-Slovenie-Travelbase-230824-6072-300x200.jpg 300w, https:\\\/\\\/prt.travelblox.eu\\\/wp-content\\\/uploads\\\/sites\\\/60\\\/2023\\\/10\\\/Copy-of-Siliquini-ThePackraftTrail-Slovenie-Travelbase-230824-6072-1024x683.jpg 1024w, https:\\\/\\\/prt.travelblox.eu\\\/wp-content\\\/uploads\\\/sites\\\/60\\\/2023\\\/10\\\/Copy-of-Siliquini-ThePackraftTrail-Slovenie-Travelbase-230824-6072-1536x1024.jpg 1536w, https:\\\/\\\/prt.travelblox.eu\\\/wp-content\\\/uploads\\\/sites\\\/60\\\/2023\\\/10\\\/Copy-of-Siliquini-ThePackraftTrail-Slovenie-Travelbase-230824-6072-18x12.jpg 18w, https:\\\/\\\/prt.travelblox.eu\\\/wp-content\\\/uploads\\\/sites\\\/60\\\/2023\\\/10\\\/Copy-of-Siliquini-ThePackraftTrail-Slovenie-Travelbase-230824-6072.jpg 2048w&quot;}\">\t\t\t\t<\/div>\n\t\t\t\t<div class=\"tb-card-content text-part\">\n\t\t\t\t\t\t\t\t\t\t\t<h5> F\u00fcr alle<\/h5>\n\t\t\t\t\t\t\t\t\t\t\t\t\t\t\t\t\t<div class=\"translation-block\"><p>Du ben\u00f6tigst keine Erfahrung. Dank klarer Routen, hochwertiger Ausr\u00fcstung und der notwendigen Unterst\u00fctzung vor Ort kann jeder dieses Abenteuer in seinem eigenen Tempo meistern.<\/p><\/div>\n\t\t\t\t\t\t\t\t\t\t\t\t\t\t\t<\/div>\n\t\t\t<\/div>\n\t\t\t\t\t<div class=\"tb-card entry tb-fade-in tb-fade-in--subtle\">\n\t\t\t\t<div class=\"tb-image-part\">\n\t\t\t\t\t<img src='https:\/\/prt.travelblox.eu\/wp-content\/smush-webp\/sites\/60\/2024\/11\/PRT24-BALKAN_AxelCoquemon_Web-446-768x1152.jpg.webp' width='768' height='1152' alt='Griechenland Wandern' srcset='https:\/\/prt.travelblox.eu\/wp-content\/smush-webp\/sites\/60\/2024\/11\/PRT24-BALKAN_AxelCoquemon_Web-446-768x1152.jpg.webp 768w, https:\/\/prt.travelblox.eu\/wp-content\/smush-webp\/sites\/60\/2024\/11\/PRT24-BALKAN_AxelCoquemon_Web-446-200x300.jpg.webp 200w, https:\/\/prt.travelblox.eu\/wp-content\/smush-webp\/sites\/60\/2024\/11\/PRT24-BALKAN_AxelCoquemon_Web-446-683x1024.jpg.webp 683w, https:\/\/prt.travelblox.eu\/wp-content\/smush-webp\/sites\/60\/2024\/11\/PRT24-BALKAN_AxelCoquemon_Web-446-1024x1536.jpg.webp 1024w, https:\/\/prt.travelblox.eu\/wp-content\/smush-webp\/sites\/60\/2024\/11\/PRT24-BALKAN_AxelCoquemon_Web-446-scaled.jpg.webp 1365w, https:\/\/prt.travelblox.eu\/wp-content\/smush-webp\/sites\/60\/2024\/11\/PRT24-BALKAN_AxelCoquemon_Web-446-8x12.jpg.webp 8w' sizes=\"auto, (max-width: 768px) 100vw, 768px\" loading='lazy' decoding='async' data-smush-webp-fallback=\"{&quot;src&quot;:&quot;https:\\\/\\\/prt.travelblox.eu\\\/wp-content\\\/uploads\\\/sites\\\/60\\\/2024\\\/11\\\/PRT24-BALKAN_AxelCoquemon_Web-446-768x1152.jpg&quot;,&quot;srcset&quot;:&quot;https:\\\/\\\/prt.travelblox.eu\\\/wp-content\\\/uploads\\\/sites\\\/60\\\/2024\\\/11\\\/PRT24-BALKAN_AxelCoquemon_Web-446-768x1152.jpg 768w, https:\\\/\\\/prt.travelblox.eu\\\/wp-content\\\/uploads\\\/sites\\\/60\\\/2024\\\/11\\\/PRT24-BALKAN_AxelCoquemon_Web-446-200x300.jpg 200w, https:\\\/\\\/prt.travelblox.eu\\\/wp-content\\\/uploads\\\/sites\\\/60\\\/2024\\\/11\\\/PRT24-BALKAN_AxelCoquemon_Web-446-683x1024.jpg 683w, https:\\\/\\\/prt.travelblox.eu\\\/wp-content\\\/uploads\\\/sites\\\/60\\\/2024\\\/11\\\/PRT24-BALKAN_AxelCoquemon_Web-446-1024x1536.jpg 1024w, https:\\\/\\\/prt.travelblox.eu\\\/wp-content\\\/uploads\\\/sites\\\/60\\\/2024\\\/11\\\/PRT24-BALKAN_AxelCoquemon_Web-446-scaled.jpg 1365w, https:\\\/\\\/prt.travelblox.eu\\\/wp-content\\\/uploads\\\/sites\\\/60\\\/2024\\\/11\\\/PRT24-BALKAN_AxelCoquemon_Web-446-8x12.jpg 8w&quot;}\">\t\t\t\t<\/div>\n\t\t\t\t<div class=\"tb-card-content text-part\">\n\t\t\t\t\t\t\t\t\t\t\t<h5> Freiheit mit einem ruhigen Gewissen<\/h5>\n\t\t\t\t\t\t\t\t\t\t\t\t\t\t\t\t\t<div class=\"translation-block\"><p>Du reist selbstst\u00e4ndig oder mit erfahrenen Guides und bestimmst dein eigenes Tempo, w\u00e4hrend alles im Hintergrund gut organisiert ist. So kannst du Freiheit ohne Sorgen genie\u00dfen.<\/p><\/div>\n\t\t\t\t\t\t\t\t\t\t\t\t\t\t\t<\/div>\n\t\t\t<\/div>\n\t\t\t\t\t<div class=\"tb-card entry tb-fade-in tb-fade-in--subtle\">\n\t\t\t\t<div class=\"tb-image-part\">\n\t\t\t\t\t<img src='https:\/\/prt.travelblox.eu\/wp-content\/smush-webp\/sites\/60\/2025\/01\/Copy-of-Copy-of-Siliquini-ThePackraftTrail-Slovenie-Travelbase-230821-4229-1-e1767709365424-768x874.jpg.webp' width='768' height='874' alt='raften slowenien' srcset='https:\/\/prt.travelblox.eu\/wp-content\/smush-webp\/sites\/60\/2025\/01\/Copy-of-Copy-of-Siliquini-ThePackraftTrail-Slovenie-Travelbase-230821-4229-1-e1767709365424-768x874.jpg.webp 768w, https:\/\/prt.travelblox.eu\/wp-content\/smush-webp\/sites\/60\/2025\/01\/Copy-of-Copy-of-Siliquini-ThePackraftTrail-Slovenie-Travelbase-230821-4229-1-e1767709365424-264x300.jpg.webp 264w, https:\/\/prt.travelblox.eu\/wp-content\/smush-webp\/sites\/60\/2025\/01\/Copy-of-Copy-of-Siliquini-ThePackraftTrail-Slovenie-Travelbase-230821-4229-1-e1767709365424-900x1024.jpg.webp 900w, https:\/\/prt.travelblox.eu\/wp-content\/smush-webp\/sites\/60\/2025\/01\/Copy-of-Copy-of-Siliquini-ThePackraftTrail-Slovenie-Travelbase-230821-4229-1-e1767709365424-11x12.jpg.webp 11w, https:\/\/prt.travelblox.eu\/wp-content\/smush-webp\/sites\/60\/2025\/01\/Copy-of-Copy-of-Siliquini-ThePackraftTrail-Slovenie-Travelbase-230821-4229-1-e1767709365424.jpg.webp 1345w' sizes=\"auto, (max-width: 768px) 100vw, 768px\" loading='lazy' decoding='async' data-smush-webp-fallback=\"{&quot;src&quot;:&quot;https:\\\/\\\/prt.travelblox.eu\\\/wp-content\\\/uploads\\\/sites\\\/60\\\/2025\\\/01\\\/Copy-of-Copy-of-Siliquini-ThePackraftTrail-Slovenie-Travelbase-230821-4229-1-e1767709365424-768x874.jpg&quot;,&quot;srcset&quot;:&quot;https:\\\/\\\/prt.travelblox.eu\\\/wp-content\\\/uploads\\\/sites\\\/60\\\/2025\\\/01\\\/Copy-of-Copy-of-Siliquini-ThePackraftTrail-Slovenie-Travelbase-230821-4229-1-e1767709365424-768x874.jpg 768w, https:\\\/\\\/prt.travelblox.eu\\\/wp-content\\\/uploads\\\/sites\\\/60\\\/2025\\\/01\\\/Copy-of-Copy-of-Siliquini-ThePackraftTrail-Slovenie-Travelbase-230821-4229-1-e1767709365424-264x300.jpg 264w, https:\\\/\\\/prt.travelblox.eu\\\/wp-content\\\/uploads\\\/sites\\\/60\\\/2025\\\/01\\\/Copy-of-Copy-of-Siliquini-ThePackraftTrail-Slovenie-Travelbase-230821-4229-1-e1767709365424-900x1024.jpg 900w, https:\\\/\\\/prt.travelblox.eu\\\/wp-content\\\/uploads\\\/sites\\\/60\\\/2025\\\/01\\\/Copy-of-Copy-of-Siliquini-ThePackraftTrail-Slovenie-Travelbase-230821-4229-1-e1767709365424-11x12.jpg 11w, https:\\\/\\\/prt.travelblox.eu\\\/wp-content\\\/uploads\\\/sites\\\/60\\\/2025\\\/01\\\/Copy-of-Copy-of-Siliquini-ThePackraftTrail-Slovenie-Travelbase-230821-4229-1-e1767709365424.jpg 1345w&quot;}\">\t\t\t\t<\/div>\n\t\t\t\t<div class=\"tb-card-content text-part\">\n\t\t\t\t\t\t\t\t\t\t\t<h5> vom Wasser aus und zu Fu\u00df<\/h5>\n\t\t\t\t\t\t\t\t\t\t\t\t\t\t\t\t\t<div class=\"translation-block\"><p>Die Kombination aus Wandern und Packrafting bringt dich an Orte, die du sonst nie erreichen w\u00fcrdest. Ruhig, abgelegen und weit weg von der Masse.<\/p><\/div>\n\t\t\t\t\t\t\t\t\t\t\t\t\t\t\t<\/div>\n\t\t\t<\/div>\n\t\t\t\t\t<div class=\"tb-card entry tb-fade-in tb-fade-in--subtle\">\n\t\t\t\t<div class=\"tb-image-part\">\n\t\t\t\t\t<img src='https:\/\/prt.travelblox.eu\/wp-content\/smush-webp\/sites\/60\/2024\/11\/PRT24-BALKAN_AxelCoquemon_Web-170-768x512.jpg.webp' width='768' height='512' alt='Balkan Wandern' srcset='https:\/\/prt.travelblox.eu\/wp-content\/smush-webp\/sites\/60\/2024\/11\/PRT24-BALKAN_AxelCoquemon_Web-170-768x512.jpg.webp 768w, https:\/\/prt.travelblox.eu\/wp-content\/smush-webp\/sites\/60\/2024\/11\/PRT24-BALKAN_AxelCoquemon_Web-170-300x200.jpg.webp 300w, https:\/\/prt.travelblox.eu\/wp-content\/smush-webp\/sites\/60\/2024\/11\/PRT24-BALKAN_AxelCoquemon_Web-170-1024x683.jpg.webp 1024w, https:\/\/prt.travelblox.eu\/wp-content\/smush-webp\/sites\/60\/2024\/11\/PRT24-BALKAN_AxelCoquemon_Web-170-1536x1024.jpg.webp 1536w, https:\/\/prt.travelblox.eu\/wp-content\/smush-webp\/sites\/60\/2024\/11\/PRT24-BALKAN_AxelCoquemon_Web-170-scaled.jpg.webp 2048w, https:\/\/prt.travelblox.eu\/wp-content\/smush-webp\/sites\/60\/2024\/11\/PRT24-BALKAN_AxelCoquemon_Web-170-18x12.jpg.webp 18w' sizes=\"auto, (max-width: 768px) 100vw, 768px\" loading='lazy' decoding='async' data-smush-webp-fallback=\"{&quot;src&quot;:&quot;https:\\\/\\\/prt.travelblox.eu\\\/wp-content\\\/uploads\\\/sites\\\/60\\\/2024\\\/11\\\/PRT24-BALKAN_AxelCoquemon_Web-170-768x512.jpg&quot;,&quot;srcset&quot;:&quot;https:\\\/\\\/prt.travelblox.eu\\\/wp-content\\\/uploads\\\/sites\\\/60\\\/2024\\\/11\\\/PRT24-BALKAN_AxelCoquemon_Web-170-768x512.jpg 768w, https:\\\/\\\/prt.travelblox.eu\\\/wp-content\\\/uploads\\\/sites\\\/60\\\/2024\\\/11\\\/PRT24-BALKAN_AxelCoquemon_Web-170-300x200.jpg 300w, https:\\\/\\\/prt.travelblox.eu\\\/wp-content\\\/uploads\\\/sites\\\/60\\\/2024\\\/11\\\/PRT24-BALKAN_AxelCoquemon_Web-170-1024x683.jpg 1024w, https:\\\/\\\/prt.travelblox.eu\\\/wp-content\\\/uploads\\\/sites\\\/60\\\/2024\\\/11\\\/PRT24-BALKAN_AxelCoquemon_Web-170-1536x1024.jpg 1536w, https:\\\/\\\/prt.travelblox.eu\\\/wp-content\\\/uploads\\\/sites\\\/60\\\/2024\\\/11\\\/PRT24-BALKAN_AxelCoquemon_Web-170-scaled.jpg 2048w, https:\\\/\\\/prt.travelblox.eu\\\/wp-content\\\/uploads\\\/sites\\\/60\\\/2024\\\/11\\\/PRT24-BALKAN_AxelCoquemon_Web-170-18x12.jpg 18w&quot;}\">\t\t\t\t<\/div>\n\t\t\t\t<div class=\"tb-card-content text-part\">\n\t\t\t\t\t\t\t\t\t\t\t<h5> Lokale Verankerung und echtes Erlebnis<\/h5>\n\t\t\t\t\t\t\t\t\t\t\t\t\t\t\t\t\t<div class=\"translation-block\"><p>Jede Reise wird zusammen mit lokalen Partnern entwickelt. Das sorgt f\u00fcr ein authentisches Erlebnis, Respekt f\u00fcr die Umgebung und einen <a href=\"#impact\">positiven Einfluss<\/a> vor Ort.<\/p><\/div>\n\t\t\t\t\t\t\t\t\t\t\t\t\t\t\t<\/div>\n\t\t\t<\/div>\n\t\t\t\t\t\t\t<\/div>\n\t\t\t\t<div class=\"tb-carousel-nav\">\n\t\t<div class=\"dots\">\n\t\t\t<div class=\"dot active\"><\/div>\n\t\t\t<div class=\"dot\"><\/div>\n\t\t\t<div class=\"dot\"><\/div>\n\t\t<\/div>\n\t\t<div class=\"arrows\">\n\t\t\t<div class=\"prev disabled\">\n\t\t\t\t<span><i class=\"fa fa-chevron-left\"><\/i><\/span>\n\t\t\t<\/div>\n\t\t\t<div class=\"next\">\n\t\t\t\t<span><i class=\"fa fa-chevron-right\"><\/i><\/span>\n\t\t\t<\/div>\n\t\t<\/div>\n\t<\/div>\n\t\t\t<\/div>\n\t<\/div>\n\t\t\t<\/div>\n\n\n\n\n\n<div class=\"tb-textimage1 tb-block align-center background-light pattern-none variant-none tb-collapsible-margins\" id=\"textimage1\">\n\t<div class=\"inner-block tb-fade-in tb-fade-in--subtle\">\n\n\t\t\n\t\t<div class=\"text-part\">\n\t\t\t<h2>Der Packraft Trail, ein Konzept von Travelbase<\/h2>\n\t\t\t\t<div class=\"translation-block\"><p>Wir sind kein eigenst\u00e4ndiges Projekt, sondern Teil von <a href=\"https:\/\/travelbase.eu\/\">Travelbase<\/a>, einer erfahrenen Reiseorganisation, die j\u00e4hrlich mehr als 50.000 Menschen weltweit auf Abenteuer schickt. Mit \u00fcber 10 Jahren Erfahrung in abenteuerlichen &amp; aktiven Reisen steht Travelbase f\u00fcr eine starke Organisation, lokale Zusammenarbeit und authentische Erlebnisse.<\/p><\/div>\n\t\t\t<\/div>\n\t<\/div>\n\t<div class=\"inner-block\">\n\t\t\t\t\t\t\t\t\t<div class=\"tb-video-part\">\n\t\t\t\t\t<iframe src=\"https:\/\/iframe.mediadelivery.net\/embed\/295792\/7a5e5c1c-dce1-4bfc-8068-8b33f27934e6?autoplay=true&#038;preload=true&#038;loop=true&#038;responsive=true&#038;muted=true\" allow=\"accelerometer;gyroscope;encrypted-media;picture-in-picture;autoplay;muted;\" allowfullscreen=\"true\" style=\"border: none;\" loading=\"lazy\"><\/iframe>\t\t\t\t<\/div>\n\t\t\t\t\t\t<\/div>\n\t<\/div>\n\n\n<div class=\"tb-gallery tb-block align-center background-light pattern-none variant-grid\" id=\"gallery\">\n\t<div class=\"tb-gallery__inner\">\n\t\t<div class=\"desktop tb-has-popup-content\">\n\t\t\t\t\t\t\t<ul class=\"tb-gallery-grid\">\n\t\t\t\t\t\t\t\t\t\t\t\t\t\t\t\t\t\t<li class=\"slide\">\n\t\t\t\t\t\t\t\t<div class=\"tb-popup-trigger\">\n\t\t\t\t\t\t\t\t\t<img src='https:\/\/prt.travelblox.eu\/wp-content\/smush-webp\/sites\/60\/2023\/10\/Copy-of-Siliquini-ThePackraftTrail-Slovenie-Travelbase-230822-4430-e1756819079152.jpg.webp' width='1365' height='1457' srcset='https:\/\/prt.travelblox.eu\/wp-content\/smush-webp\/sites\/60\/2023\/10\/Copy-of-Siliquini-ThePackraftTrail-Slovenie-Travelbase-230822-4430-e1756819079152.jpg.webp 1365w, https:\/\/prt.travelblox.eu\/wp-content\/smush-webp\/sites\/60\/2023\/10\/Copy-of-Siliquini-ThePackraftTrail-Slovenie-Travelbase-230822-4430-e1756819079152-281x300.jpg.webp 281w, https:\/\/prt.travelblox.eu\/wp-content\/smush-webp\/sites\/60\/2023\/10\/Copy-of-Siliquini-ThePackraftTrail-Slovenie-Travelbase-230822-4430-e1756819079152-959x1024.jpg.webp 959w, https:\/\/prt.travelblox.eu\/wp-content\/smush-webp\/sites\/60\/2023\/10\/Copy-of-Siliquini-ThePackraftTrail-Slovenie-Travelbase-230822-4430-e1756819079152-768x820.jpg.webp 768w, https:\/\/prt.travelblox.eu\/wp-content\/smush-webp\/sites\/60\/2023\/10\/Copy-of-Siliquini-ThePackraftTrail-Slovenie-Travelbase-230822-4430-e1756819079152-11x12.jpg.webp 11w' sizes=\"auto, (max-width: 1365px) 100vw, 1365px\" loading='lazy' decoding='async' data-smush-webp-fallback=\"{&quot;src&quot;:&quot;https:\\\/\\\/prt.travelblox.eu\\\/wp-content\\\/uploads\\\/sites\\\/60\\\/2023\\\/10\\\/Copy-of-Siliquini-ThePackraftTrail-Slovenie-Travelbase-230822-4430-e1756819079152.jpg&quot;,&quot;srcset&quot;:&quot;https:\\\/\\\/prt.travelblox.eu\\\/wp-content\\\/uploads\\\/sites\\\/60\\\/2023\\\/10\\\/Copy-of-Siliquini-ThePackraftTrail-Slovenie-Travelbase-230822-4430-e1756819079152.jpg 1365w, https:\\\/\\\/prt.travelblox.eu\\\/wp-content\\\/uploads\\\/sites\\\/60\\\/2023\\\/10\\\/Copy-of-Siliquini-ThePackraftTrail-Slovenie-Travelbase-230822-4430-e1756819079152-281x300.jpg 281w, https:\\\/\\\/prt.travelblox.eu\\\/wp-content\\\/uploads\\\/sites\\\/60\\\/2023\\\/10\\\/Copy-of-Siliquini-ThePackraftTrail-Slovenie-Travelbase-230822-4430-e1756819079152-959x1024.jpg 959w, https:\\\/\\\/prt.travelblox.eu\\\/wp-content\\\/uploads\\\/sites\\\/60\\\/2023\\\/10\\\/Copy-of-Siliquini-ThePackraftTrail-Slovenie-Travelbase-230822-4430-e1756819079152-768x820.jpg 768w, https:\\\/\\\/prt.travelblox.eu\\\/wp-content\\\/uploads\\\/sites\\\/60\\\/2023\\\/10\\\/Copy-of-Siliquini-ThePackraftTrail-Slovenie-Travelbase-230822-4430-e1756819079152-11x12.jpg 11w&quot;}\">\t\t\t\t\t\t\t\t<\/div>\n\t\t\t\t\t\t\t<\/li>\n\t\t\t\t\t\t\t\t\t\t\t\t\t<li class=\"slide\">\n\t\t\t\t\t\t\t\t<div class=\"tb-popup-trigger\">\n\t\t\t\t\t\t\t\t\t<img src='https:\/\/prt.travelblox.eu\/wp-content\/smush-webp\/sites\/60\/2024\/12\/DSC00795-Grande-1024x682-1.jpeg.webp' width='1024' height='682' srcset='https:\/\/prt.travelblox.eu\/wp-content\/smush-webp\/sites\/60\/2024\/12\/DSC00795-Grande-1024x682-1.jpeg.webp 1024w, https:\/\/prt.travelblox.eu\/wp-content\/smush-webp\/sites\/60\/2024\/12\/DSC00795-Grande-1024x682-1-300x200.jpeg.webp 300w, https:\/\/prt.travelblox.eu\/wp-content\/smush-webp\/sites\/60\/2024\/12\/DSC00795-Grande-1024x682-1-768x512.jpeg.webp 768w, https:\/\/prt.travelblox.eu\/wp-content\/smush-webp\/sites\/60\/2024\/12\/DSC00795-Grande-1024x682-1-18x12.jpeg.webp 18w' sizes=\"auto, (max-width: 1024px) 100vw, 1024px\" style='object-position:50% 50%' loading='lazy' decoding='async' data-smush-webp-fallback=\"{&quot;src&quot;:&quot;https:\\\/\\\/prt.travelblox.eu\\\/wp-content\\\/uploads\\\/sites\\\/60\\\/2024\\\/12\\\/DSC00795-Grande-1024x682-1.jpeg&quot;,&quot;srcset&quot;:&quot;https:\\\/\\\/prt.travelblox.eu\\\/wp-content\\\/uploads\\\/sites\\\/60\\\/2024\\\/12\\\/DSC00795-Grande-1024x682-1.jpeg 1024w, https:\\\/\\\/prt.travelblox.eu\\\/wp-content\\\/uploads\\\/sites\\\/60\\\/2024\\\/12\\\/DSC00795-Grande-1024x682-1-300x200.jpeg 300w, https:\\\/\\\/prt.travelblox.eu\\\/wp-content\\\/uploads\\\/sites\\\/60\\\/2024\\\/12\\\/DSC00795-Grande-1024x682-1-768x512.jpeg 768w, https:\\\/\\\/prt.travelblox.eu\\\/wp-content\\\/uploads\\\/sites\\\/60\\\/2024\\\/12\\\/DSC00795-Grande-1024x682-1-18x12.jpeg 18w&quot;}\">\t\t\t\t\t\t\t\t<\/div>\n\t\t\t\t\t\t\t<\/li>\n\t\t\t\t\t\t\t\t\t\t\t\t\t<li class=\"slide\">\n\t\t\t\t\t\t\t\t<div class=\"tb-popup-trigger\">\n\t\t\t\t\t\t\t\t\t<img src='https:\/\/prt.travelblox.eu\/wp-content\/smush-webp\/sites\/60\/2023\/10\/Copy-of-Siliquini-ThePackraftTrail-Slovenie-Travelbase-230822-5232-e1697206532958.jpg.webp' width='1365' height='1150' srcset='https:\/\/prt.travelblox.eu\/wp-content\/smush-webp\/sites\/60\/2023\/10\/Copy-of-Siliquini-ThePackraftTrail-Slovenie-Travelbase-230822-5232-e1697206532958.jpg.webp 1365w, https:\/\/prt.travelblox.eu\/wp-content\/smush-webp\/sites\/60\/2023\/10\/Copy-of-Siliquini-ThePackraftTrail-Slovenie-Travelbase-230822-5232-e1697206532958-300x253.jpg.webp 300w, https:\/\/prt.travelblox.eu\/wp-content\/smush-webp\/sites\/60\/2023\/10\/Copy-of-Siliquini-ThePackraftTrail-Slovenie-Travelbase-230822-5232-e1697206532958-1024x863.jpg.webp 1024w, https:\/\/prt.travelblox.eu\/wp-content\/smush-webp\/sites\/60\/2023\/10\/Copy-of-Siliquini-ThePackraftTrail-Slovenie-Travelbase-230822-5232-e1697206532958-768x647.jpg.webp 768w, https:\/\/prt.travelblox.eu\/wp-content\/smush-webp\/sites\/60\/2023\/10\/Copy-of-Siliquini-ThePackraftTrail-Slovenie-Travelbase-230822-5232-e1697206532958-14x12.jpg.webp 14w' sizes=\"auto, (max-width: 1365px) 100vw, 1365px\" loading='lazy' decoding='async' data-smush-webp-fallback=\"{&quot;src&quot;:&quot;https:\\\/\\\/prt.travelblox.eu\\\/wp-content\\\/uploads\\\/sites\\\/60\\\/2023\\\/10\\\/Copy-of-Siliquini-ThePackraftTrail-Slovenie-Travelbase-230822-5232-e1697206532958.jpg&quot;,&quot;srcset&quot;:&quot;https:\\\/\\\/prt.travelblox.eu\\\/wp-content\\\/uploads\\\/sites\\\/60\\\/2023\\\/10\\\/Copy-of-Siliquini-ThePackraftTrail-Slovenie-Travelbase-230822-5232-e1697206532958.jpg 1365w, https:\\\/\\\/prt.travelblox.eu\\\/wp-content\\\/uploads\\\/sites\\\/60\\\/2023\\\/10\\\/Copy-of-Siliquini-ThePackraftTrail-Slovenie-Travelbase-230822-5232-e1697206532958-300x253.jpg 300w, https:\\\/\\\/prt.travelblox.eu\\\/wp-content\\\/uploads\\\/sites\\\/60\\\/2023\\\/10\\\/Copy-of-Siliquini-ThePackraftTrail-Slovenie-Travelbase-230822-5232-e1697206532958-1024x863.jpg 1024w, https:\\\/\\\/prt.travelblox.eu\\\/wp-content\\\/uploads\\\/sites\\\/60\\\/2023\\\/10\\\/Copy-of-Siliquini-ThePackraftTrail-Slovenie-Travelbase-230822-5232-e1697206532958-768x647.jpg 768w, https:\\\/\\\/prt.travelblox.eu\\\/wp-content\\\/uploads\\\/sites\\\/60\\\/2023\\\/10\\\/Copy-of-Siliquini-ThePackraftTrail-Slovenie-Travelbase-230822-5232-e1697206532958-14x12.jpg 14w&quot;}\">\t\t\t\t\t\t\t\t<\/div>\n\t\t\t\t\t\t\t<\/li>\n\t\t\t\t\t\t\t\t\t\t\t\t\t\t\t<\/ul>\n\t\t\t\t\t\t<div class=\"tb-popup tb-popup--open-clicked-image\">\n\t\t\t\t<div class=\"tb-gallery-popup\">\n\t\t\t\t\t<div class=\"tb-image-part\">\n\t\t\t\t\t\t\t\t<div class=\"inner-block-full-width has-tb-carousel tb-carousel-slider\" >\n\t\t<div class=\"tb-carousel-container\">\n\t\t\t<div class=\"entries tb-cards\" data-slider-first=\"2\">\n\t\t\t\t\t\t\t<div class=\"entry\">\n\t\t\t<div class=\"tb-image-part\">\n\t\t\t\t<figure>\n\t\t\t\t\t<img src='https:\/\/prt.travelblox.eu\/wp-content\/smush-webp\/sites\/60\/2023\/10\/Copy-of-Siliquini-ThePackraftTrail-Slovenie-Travelbase-230822-4430-e1756819079152.jpg.webp' width='1365' height='1457' srcset='https:\/\/prt.travelblox.eu\/wp-content\/smush-webp\/sites\/60\/2023\/10\/Copy-of-Siliquini-ThePackraftTrail-Slovenie-Travelbase-230822-4430-e1756819079152.jpg.webp 1365w, https:\/\/prt.travelblox.eu\/wp-content\/smush-webp\/sites\/60\/2023\/10\/Copy-of-Siliquini-ThePackraftTrail-Slovenie-Travelbase-230822-4430-e1756819079152-281x300.jpg.webp 281w, https:\/\/prt.travelblox.eu\/wp-content\/smush-webp\/sites\/60\/2023\/10\/Copy-of-Siliquini-ThePackraftTrail-Slovenie-Travelbase-230822-4430-e1756819079152-959x1024.jpg.webp 959w, https:\/\/prt.travelblox.eu\/wp-content\/smush-webp\/sites\/60\/2023\/10\/Copy-of-Siliquini-ThePackraftTrail-Slovenie-Travelbase-230822-4430-e1756819079152-768x820.jpg.webp 768w, https:\/\/prt.travelblox.eu\/wp-content\/smush-webp\/sites\/60\/2023\/10\/Copy-of-Siliquini-ThePackraftTrail-Slovenie-Travelbase-230822-4430-e1756819079152-11x12.jpg.webp 11w' sizes=\"auto, (max-width: 1365px) 100vw, 1365px\" loading='lazy' decoding='async' data-smush-webp-fallback=\"{&quot;src&quot;:&quot;https:\\\/\\\/prt.travelblox.eu\\\/wp-content\\\/uploads\\\/sites\\\/60\\\/2023\\\/10\\\/Copy-of-Siliquini-ThePackraftTrail-Slovenie-Travelbase-230822-4430-e1756819079152.jpg&quot;,&quot;srcset&quot;:&quot;https:\\\/\\\/prt.travelblox.eu\\\/wp-content\\\/uploads\\\/sites\\\/60\\\/2023\\\/10\\\/Copy-of-Siliquini-ThePackraftTrail-Slovenie-Travelbase-230822-4430-e1756819079152.jpg 1365w, https:\\\/\\\/prt.travelblox.eu\\\/wp-content\\\/uploads\\\/sites\\\/60\\\/2023\\\/10\\\/Copy-of-Siliquini-ThePackraftTrail-Slovenie-Travelbase-230822-4430-e1756819079152-281x300.jpg 281w, https:\\\/\\\/prt.travelblox.eu\\\/wp-content\\\/uploads\\\/sites\\\/60\\\/2023\\\/10\\\/Copy-of-Siliquini-ThePackraftTrail-Slovenie-Travelbase-230822-4430-e1756819079152-959x1024.jpg 959w, https:\\\/\\\/prt.travelblox.eu\\\/wp-content\\\/uploads\\\/sites\\\/60\\\/2023\\\/10\\\/Copy-of-Siliquini-ThePackraftTrail-Slovenie-Travelbase-230822-4430-e1756819079152-768x820.jpg 768w, https:\\\/\\\/prt.travelblox.eu\\\/wp-content\\\/uploads\\\/sites\\\/60\\\/2023\\\/10\\\/Copy-of-Siliquini-ThePackraftTrail-Slovenie-Travelbase-230822-4430-e1756819079152-11x12.jpg 11w&quot;}\">\t\t\t\t\t\t\t\t\t<\/figure>\n\t\t\t<\/div>\n\t\t<\/div>\n\t\t\t<div class=\"entry\">\n\t\t\t<div class=\"tb-image-part\">\n\t\t\t\t<figure>\n\t\t\t\t\t<img src='https:\/\/prt.travelblox.eu\/wp-content\/smush-webp\/sites\/60\/2024\/12\/DSC00795-Grande-1024x682-1.jpeg.webp' width='1024' height='682' srcset='https:\/\/prt.travelblox.eu\/wp-content\/smush-webp\/sites\/60\/2024\/12\/DSC00795-Grande-1024x682-1.jpeg.webp 1024w, https:\/\/prt.travelblox.eu\/wp-content\/smush-webp\/sites\/60\/2024\/12\/DSC00795-Grande-1024x682-1-300x200.jpeg.webp 300w, https:\/\/prt.travelblox.eu\/wp-content\/smush-webp\/sites\/60\/2024\/12\/DSC00795-Grande-1024x682-1-768x512.jpeg.webp 768w, https:\/\/prt.travelblox.eu\/wp-content\/smush-webp\/sites\/60\/2024\/12\/DSC00795-Grande-1024x682-1-18x12.jpeg.webp 18w' sizes=\"auto, (max-width: 1024px) 100vw, 1024px\" style='object-position:50% 50%' loading='lazy' decoding='async' data-smush-webp-fallback=\"{&quot;src&quot;:&quot;https:\\\/\\\/prt.travelblox.eu\\\/wp-content\\\/uploads\\\/sites\\\/60\\\/2024\\\/12\\\/DSC00795-Grande-1024x682-1.jpeg&quot;,&quot;srcset&quot;:&quot;https:\\\/\\\/prt.travelblox.eu\\\/wp-content\\\/uploads\\\/sites\\\/60\\\/2024\\\/12\\\/DSC00795-Grande-1024x682-1.jpeg 1024w, https:\\\/\\\/prt.travelblox.eu\\\/wp-content\\\/uploads\\\/sites\\\/60\\\/2024\\\/12\\\/DSC00795-Grande-1024x682-1-300x200.jpeg 300w, https:\\\/\\\/prt.travelblox.eu\\\/wp-content\\\/uploads\\\/sites\\\/60\\\/2024\\\/12\\\/DSC00795-Grande-1024x682-1-768x512.jpeg 768w, https:\\\/\\\/prt.travelblox.eu\\\/wp-content\\\/uploads\\\/sites\\\/60\\\/2024\\\/12\\\/DSC00795-Grande-1024x682-1-18x12.jpeg 18w&quot;}\">\t\t\t\t\t\t\t\t\t<\/figure>\n\t\t\t<\/div>\n\t\t<\/div>\n\t\t\t<div class=\"entry\">\n\t\t\t<div class=\"tb-image-part\">\n\t\t\t\t<figure>\n\t\t\t\t\t<img src='https:\/\/prt.travelblox.eu\/wp-content\/smush-webp\/sites\/60\/2023\/10\/Copy-of-Siliquini-ThePackraftTrail-Slovenie-Travelbase-230822-5232-e1697206532958.jpg.webp' width='1365' height='1150' srcset='https:\/\/prt.travelblox.eu\/wp-content\/smush-webp\/sites\/60\/2023\/10\/Copy-of-Siliquini-ThePackraftTrail-Slovenie-Travelbase-230822-5232-e1697206532958.jpg.webp 1365w, https:\/\/prt.travelblox.eu\/wp-content\/smush-webp\/sites\/60\/2023\/10\/Copy-of-Siliquini-ThePackraftTrail-Slovenie-Travelbase-230822-5232-e1697206532958-300x253.jpg.webp 300w, https:\/\/prt.travelblox.eu\/wp-content\/smush-webp\/sites\/60\/2023\/10\/Copy-of-Siliquini-ThePackraftTrail-Slovenie-Travelbase-230822-5232-e1697206532958-1024x863.jpg.webp 1024w, https:\/\/prt.travelblox.eu\/wp-content\/smush-webp\/sites\/60\/2023\/10\/Copy-of-Siliquini-ThePackraftTrail-Slovenie-Travelbase-230822-5232-e1697206532958-768x647.jpg.webp 768w, https:\/\/prt.travelblox.eu\/wp-content\/smush-webp\/sites\/60\/2023\/10\/Copy-of-Siliquini-ThePackraftTrail-Slovenie-Travelbase-230822-5232-e1697206532958-14x12.jpg.webp 14w' sizes=\"auto, (max-width: 1365px) 100vw, 1365px\" loading='lazy' decoding='async' data-smush-webp-fallback=\"{&quot;src&quot;:&quot;https:\\\/\\\/prt.travelblox.eu\\\/wp-content\\\/uploads\\\/sites\\\/60\\\/2023\\\/10\\\/Copy-of-Siliquini-ThePackraftTrail-Slovenie-Travelbase-230822-5232-e1697206532958.jpg&quot;,&quot;srcset&quot;:&quot;https:\\\/\\\/prt.travelblox.eu\\\/wp-content\\\/uploads\\\/sites\\\/60\\\/2023\\\/10\\\/Copy-of-Siliquini-ThePackraftTrail-Slovenie-Travelbase-230822-5232-e1697206532958.jpg 1365w, https:\\\/\\\/prt.travelblox.eu\\\/wp-content\\\/uploads\\\/sites\\\/60\\\/2023\\\/10\\\/Copy-of-Siliquini-ThePackraftTrail-Slovenie-Travelbase-230822-5232-e1697206532958-300x253.jpg 300w, https:\\\/\\\/prt.travelblox.eu\\\/wp-content\\\/uploads\\\/sites\\\/60\\\/2023\\\/10\\\/Copy-of-Siliquini-ThePackraftTrail-Slovenie-Travelbase-230822-5232-e1697206532958-1024x863.jpg 1024w, https:\\\/\\\/prt.travelblox.eu\\\/wp-content\\\/uploads\\\/sites\\\/60\\\/2023\\\/10\\\/Copy-of-Siliquini-ThePackraftTrail-Slovenie-Travelbase-230822-5232-e1697206532958-768x647.jpg 768w, https:\\\/\\\/prt.travelblox.eu\\\/wp-content\\\/uploads\\\/sites\\\/60\\\/2023\\\/10\\\/Copy-of-Siliquini-ThePackraftTrail-Slovenie-Travelbase-230822-5232-e1697206532958-14x12.jpg 14w&quot;}\">\t\t\t\t\t\t\t\t\t<\/figure>\n\t\t\t<\/div>\n\t\t<\/div>\n\t\t\t\t\t<\/div>\n\t\t\t\t<div class=\"tb-carousel-nav\">\n\t\t<div class=\"dots\">\n\t\t\t<div class=\"dot active\"><\/div>\n\t\t\t<div class=\"dot\"><\/div>\n\t\t\t<div class=\"dot\"><\/div>\n\t\t<\/div>\n\t\t<div class=\"arrows\">\n\t\t\t<div class=\"prev disabled\">\n\t\t\t\t<span><i class=\"fa fa-chevron-left\"><\/i><\/span>\n\t\t\t<\/div>\n\t\t\t<div class=\"next\">\n\t\t\t\t<span><i class=\"fa fa-chevron-right\"><\/i><\/span>\n\t\t\t<\/div>\n\t\t<\/div>\n\t<\/div>\n\t\t\t<\/div>\n\t<\/div>\n\t\t\t\t\t\t\t<\/div>\n\t\t\t\t<\/div>\n\t\t\t<\/div>\n\t\t<\/div>\n\t\t<div class=\"mobile\">\n\t\t\t<div class=\"tb-image-part\">\n\t\t\t\t\t\t<div class=\"inner-block-full-width has-tb-carousel tb-carousel-slider\" >\n\t\t<div class=\"tb-carousel-container\">\n\t\t\t<div class=\"entries tb-cards\" data-slider-first=\"0\">\n\t\t\t\t\t\t\t<div class=\"entry\">\n\t\t\t<div class=\"tb-image-part\">\n\t\t\t\t<figure>\n\t\t\t\t\t<img src='https:\/\/prt.travelblox.eu\/wp-content\/smush-webp\/sites\/60\/2023\/10\/Copy-of-Siliquini-ThePackraftTrail-Slovenie-Travelbase-230822-4430-e1756819079152-768x820.jpg.webp' width='768' height='820' srcset='https:\/\/prt.travelblox.eu\/wp-content\/smush-webp\/sites\/60\/2023\/10\/Copy-of-Siliquini-ThePackraftTrail-Slovenie-Travelbase-230822-4430-e1756819079152-768x820.jpg.webp 768w, https:\/\/prt.travelblox.eu\/wp-content\/smush-webp\/sites\/60\/2023\/10\/Copy-of-Siliquini-ThePackraftTrail-Slovenie-Travelbase-230822-4430-e1756819079152-281x300.jpg.webp 281w, https:\/\/prt.travelblox.eu\/wp-content\/smush-webp\/sites\/60\/2023\/10\/Copy-of-Siliquini-ThePackraftTrail-Slovenie-Travelbase-230822-4430-e1756819079152-959x1024.jpg.webp 959w, https:\/\/prt.travelblox.eu\/wp-content\/smush-webp\/sites\/60\/2023\/10\/Copy-of-Siliquini-ThePackraftTrail-Slovenie-Travelbase-230822-4430-e1756819079152-11x12.jpg.webp 11w, https:\/\/prt.travelblox.eu\/wp-content\/smush-webp\/sites\/60\/2023\/10\/Copy-of-Siliquini-ThePackraftTrail-Slovenie-Travelbase-230822-4430-e1756819079152.jpg.webp 1365w' sizes=\"auto, (max-width: 768px) 100vw, 768px\" loading='lazy' decoding='async' data-smush-webp-fallback=\"{&quot;src&quot;:&quot;https:\\\/\\\/prt.travelblox.eu\\\/wp-content\\\/uploads\\\/sites\\\/60\\\/2023\\\/10\\\/Copy-of-Siliquini-ThePackraftTrail-Slovenie-Travelbase-230822-4430-e1756819079152-768x820.jpg&quot;,&quot;srcset&quot;:&quot;https:\\\/\\\/prt.travelblox.eu\\\/wp-content\\\/uploads\\\/sites\\\/60\\\/2023\\\/10\\\/Copy-of-Siliquini-ThePackraftTrail-Slovenie-Travelbase-230822-4430-e1756819079152-768x820.jpg 768w, https:\\\/\\\/prt.travelblox.eu\\\/wp-content\\\/uploads\\\/sites\\\/60\\\/2023\\\/10\\\/Copy-of-Siliquini-ThePackraftTrail-Slovenie-Travelbase-230822-4430-e1756819079152-281x300.jpg 281w, https:\\\/\\\/prt.travelblox.eu\\\/wp-content\\\/uploads\\\/sites\\\/60\\\/2023\\\/10\\\/Copy-of-Siliquini-ThePackraftTrail-Slovenie-Travelbase-230822-4430-e1756819079152-959x1024.jpg 959w, https:\\\/\\\/prt.travelblox.eu\\\/wp-content\\\/uploads\\\/sites\\\/60\\\/2023\\\/10\\\/Copy-of-Siliquini-ThePackraftTrail-Slovenie-Travelbase-230822-4430-e1756819079152-11x12.jpg 11w, https:\\\/\\\/prt.travelblox.eu\\\/wp-content\\\/uploads\\\/sites\\\/60\\\/2023\\\/10\\\/Copy-of-Siliquini-ThePackraftTrail-Slovenie-Travelbase-230822-4430-e1756819079152.jpg 1365w&quot;}\">\t\t\t\t\t\t\t\t\t<\/figure>\n\t\t\t<\/div>\n\t\t<\/div>\n\t\t\t<div class=\"entry\">\n\t\t\t<div class=\"tb-image-part\">\n\t\t\t\t<figure>\n\t\t\t\t\t<img src='https:\/\/prt.travelblox.eu\/wp-content\/smush-webp\/sites\/60\/2024\/12\/DSC00795-Grande-1024x682-1-768x512.jpeg.webp' width='768' height='512' srcset='https:\/\/prt.travelblox.eu\/wp-content\/smush-webp\/sites\/60\/2024\/12\/DSC00795-Grande-1024x682-1-768x512.jpeg.webp 768w, https:\/\/prt.travelblox.eu\/wp-content\/smush-webp\/sites\/60\/2024\/12\/DSC00795-Grande-1024x682-1-300x200.jpeg.webp 300w, https:\/\/prt.travelblox.eu\/wp-content\/smush-webp\/sites\/60\/2024\/12\/DSC00795-Grande-1024x682-1-18x12.jpeg.webp 18w, https:\/\/prt.travelblox.eu\/wp-content\/smush-webp\/sites\/60\/2024\/12\/DSC00795-Grande-1024x682-1.jpeg.webp 1024w' sizes=\"auto, (max-width: 768px) 100vw, 768px\" style='object-position:50% 50%' loading='lazy' decoding='async' data-smush-webp-fallback=\"{&quot;src&quot;:&quot;https:\\\/\\\/prt.travelblox.eu\\\/wp-content\\\/uploads\\\/sites\\\/60\\\/2024\\\/12\\\/DSC00795-Grande-1024x682-1-768x512.jpeg&quot;,&quot;srcset&quot;:&quot;https:\\\/\\\/prt.travelblox.eu\\\/wp-content\\\/uploads\\\/sites\\\/60\\\/2024\\\/12\\\/DSC00795-Grande-1024x682-1-768x512.jpeg 768w, https:\\\/\\\/prt.travelblox.eu\\\/wp-content\\\/uploads\\\/sites\\\/60\\\/2024\\\/12\\\/DSC00795-Grande-1024x682-1-300x200.jpeg 300w, https:\\\/\\\/prt.travelblox.eu\\\/wp-content\\\/uploads\\\/sites\\\/60\\\/2024\\\/12\\\/DSC00795-Grande-1024x682-1-18x12.jpeg 18w, https:\\\/\\\/prt.travelblox.eu\\\/wp-content\\\/uploads\\\/sites\\\/60\\\/2024\\\/12\\\/DSC00795-Grande-1024x682-1.jpeg 1024w&quot;}\">\t\t\t\t\t\t\t\t\t<\/figure>\n\t\t\t<\/div>\n\t\t<\/div>\n\t\t\t<div class=\"entry\">\n\t\t\t<div class=\"tb-image-part\">\n\t\t\t\t<figure>\n\t\t\t\t\t<img src='https:\/\/prt.travelblox.eu\/wp-content\/smush-webp\/sites\/60\/2023\/10\/Copy-of-Siliquini-ThePackraftTrail-Slovenie-Travelbase-230822-5232-e1697206532958-768x647.jpg.webp' width='768' height='647' srcset='https:\/\/prt.travelblox.eu\/wp-content\/smush-webp\/sites\/60\/2023\/10\/Copy-of-Siliquini-ThePackraftTrail-Slovenie-Travelbase-230822-5232-e1697206532958-768x647.jpg.webp 768w, https:\/\/prt.travelblox.eu\/wp-content\/smush-webp\/sites\/60\/2023\/10\/Copy-of-Siliquini-ThePackraftTrail-Slovenie-Travelbase-230822-5232-e1697206532958-300x253.jpg.webp 300w, https:\/\/prt.travelblox.eu\/wp-content\/smush-webp\/sites\/60\/2023\/10\/Copy-of-Siliquini-ThePackraftTrail-Slovenie-Travelbase-230822-5232-e1697206532958-1024x863.jpg.webp 1024w, https:\/\/prt.travelblox.eu\/wp-content\/smush-webp\/sites\/60\/2023\/10\/Copy-of-Siliquini-ThePackraftTrail-Slovenie-Travelbase-230822-5232-e1697206532958-14x12.jpg.webp 14w, https:\/\/prt.travelblox.eu\/wp-content\/smush-webp\/sites\/60\/2023\/10\/Copy-of-Siliquini-ThePackraftTrail-Slovenie-Travelbase-230822-5232-e1697206532958.jpg.webp 1365w' sizes=\"auto, (max-width: 768px) 100vw, 768px\" loading='lazy' decoding='async' data-smush-webp-fallback=\"{&quot;src&quot;:&quot;https:\\\/\\\/prt.travelblox.eu\\\/wp-content\\\/uploads\\\/sites\\\/60\\\/2023\\\/10\\\/Copy-of-Siliquini-ThePackraftTrail-Slovenie-Travelbase-230822-5232-e1697206532958-768x647.jpg&quot;,&quot;srcset&quot;:&quot;https:\\\/\\\/prt.travelblox.eu\\\/wp-content\\\/uploads\\\/sites\\\/60\\\/2023\\\/10\\\/Copy-of-Siliquini-ThePackraftTrail-Slovenie-Travelbase-230822-5232-e1697206532958-768x647.jpg 768w, https:\\\/\\\/prt.travelblox.eu\\\/wp-content\\\/uploads\\\/sites\\\/60\\\/2023\\\/10\\\/Copy-of-Siliquini-ThePackraftTrail-Slovenie-Travelbase-230822-5232-e1697206532958-300x253.jpg 300w, https:\\\/\\\/prt.travelblox.eu\\\/wp-content\\\/uploads\\\/sites\\\/60\\\/2023\\\/10\\\/Copy-of-Siliquini-ThePackraftTrail-Slovenie-Travelbase-230822-5232-e1697206532958-1024x863.jpg 1024w, https:\\\/\\\/prt.travelblox.eu\\\/wp-content\\\/uploads\\\/sites\\\/60\\\/2023\\\/10\\\/Copy-of-Siliquini-ThePackraftTrail-Slovenie-Travelbase-230822-5232-e1697206532958-14x12.jpg 14w, https:\\\/\\\/prt.travelblox.eu\\\/wp-content\\\/uploads\\\/sites\\\/60\\\/2023\\\/10\\\/Copy-of-Siliquini-ThePackraftTrail-Slovenie-Travelbase-230822-5232-e1697206532958.jpg 1365w&quot;}\">\t\t\t\t\t\t\t\t\t<\/figure>\n\t\t\t<\/div>\n\t\t<\/div>\n\t\t\t\t\t<\/div>\n\t\t\t\t<div class=\"tb-carousel-nav\">\n\t\t<div class=\"dots\">\n\t\t\t<div class=\"dot active\"><\/div>\n\t\t\t<div class=\"dot\"><\/div>\n\t\t\t<div class=\"dot\"><\/div>\n\t\t<\/div>\n\t\t<div class=\"arrows\">\n\t\t\t<div class=\"prev disabled\">\n\t\t\t\t<span><i class=\"fa fa-chevron-left\"><\/i><\/span>\n\t\t\t<\/div>\n\t\t\t<div class=\"next\">\n\t\t\t\t<span><i class=\"fa fa-chevron-right\"><\/i><\/span>\n\t\t\t<\/div>\n\t\t<\/div>\n\t<\/div>\n\t\t\t<\/div>\n\t<\/div>\n\t\t\t\t\t<\/div>\n\t\t<\/div>\n\t<\/div>\n<\/div>\n\n\n\n<div class=\"tb-textimage2 tb-block align-left background-light pattern-none variant-text_first tb-collapsible-margins\" id=\"impact\">\n\t<div class=\"inner-block tb-fade-in\">\n\n\t\t\n\t\t\t\t<div class=\"tb-columns\">\n\t\t\t<div class=\"tb-column\">\n\t\t\t\t<div class=\"tb-text-part\">\n\t\t\t\t\t<h2>Reisen mit positiver Auswirkung<\/h2>\n\t\t\t\t\t\t<div class=\"translation-block tb-wysiwyg-part\"><p>Bei DER PACKRAFT TRAIL glauben wir an Reisen mit einem positiven Einfluss.<\/p><p>\u00dcber unsere eigene <a href=\"https:\/\/butterfly-foundation.org\/nl\/\">Butterfly Foundation<\/a> unterst\u00fctzen wir Dutzende von sozialen und \u00f6kologischen Projekten weltweit.<\/p><p>J\u00e4hrlich organisieren wir selbst Flussreinigungen, aber wir arbeiten auch an allen Reisezielen mit verschiedenen lokalen Organisationen zusammen, die in ihrer Region einen Unterschied machen wollen.<\/p><p>Wenn du eine Reise mit uns buchst, unterst\u00fctzt du Projekte, die wirklich einen Unterschied machen.<\/p><\/div>\n\t\t\t\t\t\t\t\t\t\t\t<div class=\"tb-buttons-part\">\n\t\t\t\t\t\t\t\t<a href=\"https:\/\/butterfly-foundation.org\/\"  target=\"_blank\" class=\"tb-button\">\n\t\t\tEntdecke die Butterfly Foundation\t\t<\/a>\n\t\t\t\t\t\t\t\t\t\t<a href=\"https:\/\/thepackrafttrail.com\/impact\/\"  target=\"\" class=\"tb-buttonlink\">\n\t\t\tLies mehr \u00fcber unseren Einfluss.\t\t<\/a>\n\t\t\t\t\t\t\t<\/div>\n\t\t\t\t<\/div>\n\t\t\t<\/div>\n\t\t\t<div class=\"tb-column\">\n\t\t\t\t\t\t\t\t\t\t\t\t\t\t\t<div class=\"tb-video-part\">\n\t\t\t\t\t\t\t<iframe src=\"https:\/\/iframe.mediadelivery.net\/embed\/295792\/01f5f1ec-432e-4cc6-8f6f-cccac8211c22?autoplay=true&#038;preload=true&#038;loop=true&#038;responsive=true&#038;muted=true\" allow=\"accelerometer;gyroscope;encrypted-media;picture-in-picture;autoplay;muted;\" allowfullscreen=\"true\" style=\"border: none;\" loading=\"lazy\"><\/iframe>\t\t\t\t\t\t<\/div>\n\t\t\t\t\t\t\t\t\t\t\t\t<\/div>\n\t\t<\/div>\n\t<\/div>\n<\/div>","protected":false},"excerpt":{"rendered":"","protected":false},"author":48,"featured_media":229,"parent":0,"menu_order":0,"comment_status":"closed","ping_status":"closed","template":"","meta":{"_acf_changed":false,"inline_featured_image":false,"footnotes":""},"class_list":["post-936","page","type-page","status-publish","has-post-thumbnail","hentry"],"acf":{"page_package_ids":"","is_main_package_page":false,"additional_linked_packages":[],"feed_page_to_atlas":true},"_links":{"self":[{"href":"https:\/\/prt.travelblox.eu\/de\/wp-json\/wp\/v2\/pages\/936","targetHints":{"allow":["GET"]}}],"collection":[{"href":"https:\/\/prt.travelblox.eu\/de\/wp-json\/wp\/v2\/pages"}],"about":[{"href":"https:\/\/prt.travelblox.eu\/de\/wp-json\/wp\/v2\/types\/page"}],"author":[{"embeddable":true,"href":"https:\/\/prt.travelblox.eu\/de\/wp-json\/wp\/v2\/users\/48"}],"replies":[{"embeddable":true,"href":"https:\/\/prt.travelblox.eu\/de\/wp-json\/wp\/v2\/comments?post=936"}],"version-history":[{"count":50,"href":"https:\/\/prt.travelblox.eu\/de\/wp-json\/wp\/v2\/pages\/936\/revisions"}],"predecessor-version":[{"id":5036,"href":"https:\/\/prt.travelblox.eu\/de\/wp-json\/wp\/v2\/pages\/936\/revisions\/5036"}],"wp:featuredmedia":[{"embeddable":true,"href":"https:\/\/prt.travelblox.eu\/de\/wp-json\/wp\/v2\/media\/229"}],"wp:attachment":[{"href":"https:\/\/prt.travelblox.eu\/de\/wp-json\/wp\/v2\/media?parent=936"}],"curies":[{"name":"wp","href":"https:\/\/api.w.org\/{rel}","templated":true}]}}